{"id":6586,"date":"2026-09-03T13:16:14","date_gmt":"2026-09-03T13:16:14","guid":{"rendered":"https:\/\/cinemadautomne.fr\/?page_id=6586"},"modified":"2026-09-03T13:25:04","modified_gmt":"2026-09-03T13:25:04","slug":"jeudi-24-septembre-une-rencontre-regionale-professionnelle-dediee-aux-decors-de-cinema","status":"publish","type":"page","link":"https:\/\/cinemadautomne.fr\/?page_id=6586","title":{"rendered":"Jeudi 24 septembre : une rencontre r\u00e9gionale professionnelle d\u00e9di\u00e9e aux d\u00e9cors de cin\u00e9ma"},"content":{"rendered":"\n<figure class=\"wp-block-image aligncenter size-large\"><a href=\"https:\/\/cinemadautomne.fr\/wp-content\/uploads\/2026\/09\/Festival-Cinema-DIci-09137-1.jpg\"><img fetchpriority=\"high\" decoding=\"async\" width=\"960\" height=\"640\" src=\"https:\/\/cinemadautomne.fr\/wp-content\/uploads\/2026\/09\/Festival-Cinema-DIci-09137-1-960x640.jpg\" alt=\"\" class=\"wp-image-6590\" style=\"aspect-ratio:4\/3;object-fit:cover\" srcset=\"https:\/\/cinemadautomne.fr\/wp-content\/uploads\/2026\/09\/Festival-Cinema-DIci-09137-1-960x640.jpg 960w, https:\/\/cinemadautomne.fr\/wp-content\/uploads\/2026\/09\/Festival-Cinema-DIci-09137-1-595x397.jpg 595w, https:\/\/cinemadautomne.fr\/wp-content\/uploads\/2026\/09\/Festival-Cinema-DIci-09137-1-768x512.jpg 768w, https:\/\/cinemadautomne.fr\/wp-content\/uploads\/2026\/09\/Festival-Cinema-DIci-09137-1-1536x1024.jpg 1536w, https:\/\/cinemadautomne.fr\/wp-content\/uploads\/2026\/09\/Festival-Cinema-DIci-09137-1.jpg 1600w\" sizes=\"(max-width: 960px) 100vw, 960px\" \/><\/a><\/figure>\n\n\n\n<h2 class=\"wp-block-heading has-ast-global-color-1-color has-text-color has-link-color wp-elements-033e91297c08ffad01db3607511bb480\">Paysages, territoires et d\u00e9cors de cin\u00e9ma<\/h2>\n\n\n\n<p class=\"has-black-color has-text-color has-link-color wp-elements-40986225f1114200ce46995a56bc994a\">Le festival est avant tout une histoire d\u2019affection singuli\u00e8re : celle qui unit un territoire aux paysages profond\u00e9ment <strong>cin\u00e9-g\u00e9niques<\/strong>, celles et ceux qui y imaginent, produisent et font vivre des films \u2014 qu\u2019ils viennent d\u2019ici ou d\u2019ailleurs \u2014 et un public curieux, enthousiaste et chaleureux.<\/p>\n\n\n\n<div class=\"wp-block-media-text is-stacked-on-mobile\"><figure class=\"wp-block-media-text__media\"><img decoding=\"async\" width=\"960\" height=\"640\" src=\"https:\/\/cinemadautomne.fr\/wp-content\/uploads\/2026\/09\/Festival-Cinema-DIci-09186-960x640.jpg\" alt=\"\" class=\"wp-image-6587 size-full\" srcset=\"https:\/\/cinemadautomne.fr\/wp-content\/uploads\/2026\/09\/Festival-Cinema-DIci-09186-960x640.jpg 960w, https:\/\/cinemadautomne.fr\/wp-content\/uploads\/2026\/09\/Festival-Cinema-DIci-09186-595x397.jpg 595w, https:\/\/cinemadautomne.fr\/wp-content\/uploads\/2026\/09\/Festival-Cinema-DIci-09186-768x512.jpg 768w, https:\/\/cinemadautomne.fr\/wp-content\/uploads\/2026\/09\/Festival-Cinema-DIci-09186-1536x1024.jpg 1536w, https:\/\/cinemadautomne.fr\/wp-content\/uploads\/2026\/09\/Festival-Cinema-DIci-09186.jpg 1600w\" sizes=\"(max-width: 960px) 100vw, 960px\" \/><\/figure><div class=\"wp-block-media-text__content\">\n<p class=\"has-black-color has-text-color has-link-color wp-elements-c07e0cc3940c9fb726545981d3110152\">Cette journ\u00e9e sera consacr\u00e9e aux \u00e9changes entre <strong>\u00e9lus, technicien\u00b7nes des collectivit\u00e9s territoriales, offices de tourisme, professionnel\u00b7les de l\u2019audiovisuel et du cin\u00e9ma, bureaux d\u2019accueil de tournages, auteur\u00b7rices, \u00e9tudiant\u00b7es<\/strong> et acteurs du territoire.<\/p>\n<\/div><\/div>\n\n\n\n<p><\/p>\n\n\n\n<p class=\"has-black-color has-text-color has-link-color wp-elements-82e0bc15a273f50a2409c1458debc421\">Un temps de r\u00e9flexion et de partage autour de plusieurs questions essentielles :<br><strong>Comment choisir et valoriser des d\u00e9cors de cin\u00e9ma ? Comment accueillir des tournages ? Quelles retomb\u00e9es sociales, \u00e9conomiques et touristiques peuvent-ils g\u00e9n\u00e9rer pour nos territoires ?<\/strong><\/p>\n\n\n\n<p class=\"has-black-color has-text-color has-link-color wp-elements-dbfe4d9cba62a2ad12e14fd394472e6c\">Cette rencontre sera \u00e9galement l\u2019occasion de mettre en lumi\u00e8re un invit\u00e9 exceptionnel, v\u00e9ritable d\u00e9cor de cin\u00e9ma \u00e0 ciel ouvert : le <strong>Canal du Midi<\/strong>, site embl\u00e9matique et star discr\u00e8te de nombreux r\u00e9cits film\u00e9s.<\/p>\n\n\n\n<div class=\"wp-block-media-text has-media-on-the-right is-stacked-on-mobile\"><div class=\"wp-block-media-text__content\">\n<p class=\"has-text-align-center has-ast-global-color-1-color has-text-color has-link-color has-medium-font-size wp-elements-096d5e51efa04937a7c031660aaa32d2\"><strong>Inscriptions avant le 18 septembre \u00e0 contact@cinemadautomne.fr.<\/strong><\/p>\n<\/div><figure class=\"wp-block-media-text__media\"><img decoding=\"async\" width=\"960\" height=\"1079\" src=\"https:\/\/cinemadautomne.fr\/wp-content\/uploads\/2026\/09\/Rencontres-professionnelles-Festival-Cinema-dIci-960x1079.png\" alt=\"\" class=\"wp-image-6591 size-full\" srcset=\"https:\/\/cinemadautomne.fr\/wp-content\/uploads\/2026\/09\/Rencontres-professionnelles-Festival-Cinema-dIci-960x1079.png 960w, https:\/\/cinemadautomne.fr\/wp-content\/uploads\/2026\/09\/Rencontres-professionnelles-Festival-Cinema-dIci-595x669.png 595w, https:\/\/cinemadautomne.fr\/wp-content\/uploads\/2026\/09\/Rencontres-professionnelles-Festival-Cinema-dIci-768x863.png 768w, https:\/\/cinemadautomne.fr\/wp-content\/uploads\/2026\/09\/Rencontres-professionnelles-Festival-Cinema-dIci.png 1240w\" sizes=\"(max-width: 960px) 100vw, 960px\" \/><\/figure><\/div>\n<!-- AddThis Advanced Settings generic via filter on the_content --><!-- AddThis Share Buttons generic via filter on the_content -->","protected":false},"excerpt":{"rendered":"<p>Paysages, territoires et d\u00e9cors de cin\u00e9ma Le festival est avant tout une histoire d\u2019affection singuli\u00e8re : celle qui unit un [&hellip;]<!-- AddThis Advanced Settings generic via filter on get_the_excerpt --><!-- AddThis Share Buttons generic via filter on get_the_excerpt --><\/p>\n","protected":false},"author":4,"featured_media":0,"parent":6019,"menu_order":2,"comment_status":"closed","ping_status":"closed","template":"","meta":{"site-sidebar-layout":"default","site-content-layout":"","ast-site-content-layout":"default","site-content-style":"default","site-sidebar-style":"default","ast-global-header-display":"","ast-banner-title-visibility":"","ast-main-header-display":"","ast-hfb-above-header-display":"","ast-hfb-below-header-display":"","ast-hfb-mobile-header-display":"","site-post-title":"","ast-breadcrumbs-content":"","ast-featured-img":"","footer-sml-layout":"","theme-transparent-header-meta":"","adv-header-id-meta":"","stick-header-meta":"","header-above-stick-meta":"","header-main-stick-meta":"","header-below-stick-meta":"","astra-migrate-meta-layouts":"default","ast-page-background-enabled":"default","ast-page-background-meta":{"desktop":{"background-color":"var(--ast-global-color-5)","background-image":"","background-repeat":"repeat","background-position":"center center","background-size":"auto","background-attachment":"scroll","background-type":"","background-media":"","overlay-type":"","overlay-color":"","overlay-opacity":"","overlay-gradient":""},"tablet":{"background-color":"","background-image":"","background-repeat":"repeat","background-position":"center center","background-size":"auto","background-attachment":"scroll","background-type":"","background-media":"","overlay-type":"","overlay-color":"","overlay-opacity":"","overlay-gradient":""},"mobile":{"background-color":"","background-image":"","background-repeat":"repeat","background-position":"center center","background-size":"auto","background-attachment":"scroll","background-type":"","background-media":"","overlay-type":"","overlay-color":"","overlay-opacity":"","overlay-gradient":""}},"ast-content-background-meta":{"desktop":{"background-color":"var(--ast-global-color-4)","background-image":"","background-repeat":"repeat","background-position":"center center","background-size":"auto","background-attachment":"scroll","background-type":"","background-media":"","overlay-type":"","overlay-color":"","overlay-opacity":"","overlay-gradient":""},"tablet":{"background-color":"var(--ast-global-color-4)","background-image":"","background-repeat":"repeat","background-position":"center center","background-size":"auto","background-attachment":"scroll","background-type":"","background-media":"","overlay-type":"","overlay-color":"","overlay-opacity":"","overlay-gradient":""},"mobile":{"background-color":"var(--ast-global-color-4)","background-image":"","background-repeat":"repeat","background-position":"center center","background-size":"auto","background-attachment":"scroll","background-type":"","background-media":"","overlay-type":"","overlay-color":"","overlay-opacity":"","overlay-gradient":""}},"footnotes":""},"class_list":["post-6586","page","type-page","status-publish","hentry"],"yoast_head":"<!-- This site is optimized with the Yoast SEO plugin v25.5 - https:\/\/yoast.com\/wordpress\/plugins\/seo\/ -->\n<title>Jeudi 24 septembre : une rencontre r\u00e9gionale professionnelle d\u00e9di\u00e9e aux d\u00e9cors de cin\u00e9ma - Festival Cin\u00e9ma d&#039;ici<\/title>\n<meta name=\"robots\" content=\"index, follow, max-snippet:-1, max-image-preview:large, max-video-preview:-1\" \/>\n<link rel=\"canonical\" href=\"https:\/\/cinemadautomne.fr\/?page_id=6586\" \/>\n<meta property=\"og:locale\" content=\"fr_FR\" \/>\n<meta property=\"og:type\" content=\"article\" \/>\n<meta property=\"og:title\" content=\"Jeudi 24 septembre : une rencontre r\u00e9gionale professionnelle d\u00e9di\u00e9e aux d\u00e9cors de cin\u00e9ma - Festival Cin\u00e9ma d&#039;ici\" \/>\n<meta property=\"og:description\" content=\"Paysages, territoires et d\u00e9cors de cin\u00e9ma Le festival est avant tout une histoire d\u2019affection singuli\u00e8re : celle qui unit un [&hellip;]\" \/>\n<meta property=\"og:url\" content=\"https:\/\/cinemadautomne.fr\/?page_id=6586\" \/>\n<meta property=\"og:site_name\" content=\"Festival Cin\u00e9ma d&#039;ici\" \/>\n<meta property=\"article:publisher\" content=\"https:\/\/www.facebook.com\/cinemadautomne\" \/>\n<meta property=\"article:modified_time\" content=\"2026-09-03T13:25:04+00:00\" \/>\n<meta property=\"og:image\" content=\"https:\/\/cinemadautomne.fr\/wp-content\/uploads\/2026\/09\/Festival-Cinema-DIci-09137-1.jpg\" \/>\n\t<meta property=\"og:image:width\" content=\"1600\" \/>\n\t<meta property=\"og:image:height\" content=\"1067\" \/>\n\t<meta property=\"og:image:type\" content=\"image\/jpeg\" \/>\n<meta name=\"twitter:card\" content=\"summary_large_image\" \/>\n<meta name=\"twitter:label1\" content=\"Dur\u00e9e de lecture estim\u00e9e\" \/>\n\t<meta name=\"twitter:data1\" content=\"2 minutes\" \/>\n<script type=\"application\/ld+json\" class=\"yoast-schema-graph\">{\"@context\":\"https:\/\/schema.org\",\"@graph\":[{\"@type\":\"WebPage\",\"@id\":\"https:\/\/cinemadautomne.fr\/?page_id=6586\",\"url\":\"https:\/\/cinemadautomne.fr\/?page_id=6586\",\"name\":\"Jeudi 24 septembre : une rencontre r\u00e9gionale professionnelle d\u00e9di\u00e9e aux d\u00e9cors de cin\u00e9ma - Festival Cin\u00e9ma d&#039;ici\",\"isPartOf\":{\"@id\":\"https:\/\/cinemadautomne.fr\/#website\"},\"primaryImageOfPage\":{\"@id\":\"https:\/\/cinemadautomne.fr\/?page_id=6586#primaryimage\"},\"image\":{\"@id\":\"https:\/\/cinemadautomne.fr\/?page_id=6586#primaryimage\"},\"thumbnailUrl\":\"https:\/\/cinemadautomne.fr\/wp-content\/uploads\/2026\/09\/Festival-Cinema-DIci-09137-1-960x640.jpg\",\"datePublished\":\"2026-09-03T13:16:14+00:00\",\"dateModified\":\"2026-09-03T13:25:04+00:00\",\"breadcrumb\":{\"@id\":\"https:\/\/cinemadautomne.fr\/?page_id=6586#breadcrumb\"},\"inLanguage\":\"fr-FR\",\"potentialAction\":[{\"@type\":\"ReadAction\",\"target\":[\"https:\/\/cinemadautomne.fr\/?page_id=6586\"]}]},{\"@type\":\"ImageObject\",\"inLanguage\":\"fr-FR\",\"@id\":\"https:\/\/cinemadautomne.fr\/?page_id=6586#primaryimage\",\"url\":\"https:\/\/cinemadautomne.fr\/wp-content\/uploads\/2026\/09\/Festival-Cinema-DIci-09137-1.jpg\",\"contentUrl\":\"https:\/\/cinemadautomne.fr\/wp-content\/uploads\/2026\/09\/Festival-Cinema-DIci-09137-1.jpg\",\"width\":1600,\"height\":1067},{\"@type\":\"BreadcrumbList\",\"@id\":\"https:\/\/cinemadautomne.fr\/?page_id=6586#breadcrumb\",\"itemListElement\":[{\"@type\":\"ListItem\",\"position\":1,\"name\":\"Accueil\",\"item\":\"https:\/\/cinemadautomne.fr\/\"},{\"@type\":\"ListItem\",\"position\":2,\"name\":\"Programmation\",\"item\":\"https:\/\/cinemadautomne.fr\/?page_id=6019\"},{\"@type\":\"ListItem\",\"position\":3,\"name\":\"Jeudi 24 septembre : une rencontre r\u00e9gionale professionnelle d\u00e9di\u00e9e aux d\u00e9cors de cin\u00e9ma\"}]},{\"@type\":\"WebSite\",\"@id\":\"https:\/\/cinemadautomne.fr\/#website\",\"url\":\"https:\/\/cinemadautomne.fr\/\",\"name\":\"Festival Cin\u00e9ma d'ici\",\"description\":\"du 23 au 27 septembre \u00e0 Castelnaudary\",\"publisher\":{\"@id\":\"https:\/\/cinemadautomne.fr\/#organization\"},\"potentialAction\":[{\"@type\":\"SearchAction\",\"target\":{\"@type\":\"EntryPoint\",\"urlTemplate\":\"https:\/\/cinemadautomne.fr\/?s={search_term_string}\"},\"query-input\":{\"@type\":\"PropertyValueSpecification\",\"valueRequired\":true,\"valueName\":\"search_term_string\"}}],\"inLanguage\":\"fr-FR\"},{\"@type\":\"Organization\",\"@id\":\"https:\/\/cinemadautomne.fr\/#organization\",\"name\":\"Festival Cin\u00e9ma d'ici\",\"url\":\"https:\/\/cinemadautomne.fr\/\",\"logo\":{\"@type\":\"ImageObject\",\"inLanguage\":\"fr-FR\",\"@id\":\"https:\/\/cinemadautomne.fr\/#\/schema\/logo\/image\/\",\"url\":\"https:\/\/cinemadautomne.fr\/wp-content\/uploads\/2021\/09\/CinemaDAutomnedivers_LogoFinal_03LieDeVin_RVB_Plan-de-travail-1-e1631457910433.jpg\",\"contentUrl\":\"https:\/\/cinemadautomne.fr\/wp-content\/uploads\/2021\/09\/CinemaDAutomnedivers_LogoFinal_03LieDeVin_RVB_Plan-de-travail-1-e1631457910433.jpg\",\"width\":350,\"height\":223,\"caption\":\"Festival Cin\u00e9ma d'ici\"},\"image\":{\"@id\":\"https:\/\/cinemadautomne.fr\/#\/schema\/logo\/image\/\"},\"sameAs\":[\"https:\/\/www.facebook.com\/cinemadautomne\",\"https:\/\/www.instagram.com\/festivalcineautomne\/\"]}]}<\/script>\n<!-- \/ Yoast SEO plugin. -->","yoast_head_json":{"title":"Jeudi 24 septembre : une rencontre r\u00e9gionale professionnelle d\u00e9di\u00e9e aux d\u00e9cors de cin\u00e9ma - Festival Cin\u00e9ma d&#039;ici","robots":{"index":"index","follow":"follow","max-snippet":"max-snippet:-1","max-image-preview":"max-image-preview:large","max-video-preview":"max-video-preview:-1"},"canonical":"https:\/\/cinemadautomne.fr\/?page_id=6586","og_locale":"fr_FR","og_type":"article","og_title":"Jeudi 24 septembre : une rencontre r\u00e9gionale professionnelle d\u00e9di\u00e9e aux d\u00e9cors de cin\u00e9ma - Festival Cin\u00e9ma d&#039;ici","og_description":"Paysages, territoires et d\u00e9cors de cin\u00e9ma Le festival est avant tout une histoire d\u2019affection singuli\u00e8re : celle qui unit un [&hellip;]","og_url":"https:\/\/cinemadautomne.fr\/?page_id=6586","og_site_name":"Festival Cin\u00e9ma d&#039;ici","article_publisher":"https:\/\/www.facebook.com\/cinemadautomne","article_modified_time":"2026-09-03T13:25:04+00:00","og_image":[{"width":1600,"height":1067,"url":"https:\/\/cinemadautomne.fr\/wp-content\/uploads\/2026\/09\/Festival-Cinema-DIci-09137-1.jpg","type":"image\/jpeg"}],"twitter_card":"summary_large_image","twitter_misc":{"Dur\u00e9e de lecture estim\u00e9e":"2 minutes"},"schema":{"@context":"https:\/\/schema.org","@graph":[{"@type":"WebPage","@id":"https:\/\/cinemadautomne.fr\/?page_id=6586","url":"https:\/\/cinemadautomne.fr\/?page_id=6586","name":"Jeudi 24 septembre : une rencontre r\u00e9gionale professionnelle d\u00e9di\u00e9e aux d\u00e9cors de cin\u00e9ma - Festival Cin\u00e9ma d&#039;ici","isPartOf":{"@id":"https:\/\/cinemadautomne.fr\/#website"},"primaryImageOfPage":{"@id":"https:\/\/cinemadautomne.fr\/?page_id=6586#primaryimage"},"image":{"@id":"https:\/\/cinemadautomne.fr\/?page_id=6586#primaryimage"},"thumbnailUrl":"https:\/\/cinemadautomne.fr\/wp-content\/uploads\/2026\/09\/Festival-Cinema-DIci-09137-1-960x640.jpg","datePublished":"2026-09-03T13:16:14+00:00","dateModified":"2026-09-03T13:25:04+00:00","breadcrumb":{"@id":"https:\/\/cinemadautomne.fr\/?page_id=6586#breadcrumb"},"inLanguage":"fr-FR","potentialAction":[{"@type":"ReadAction","target":["https:\/\/cinemadautomne.fr\/?page_id=6586"]}]},{"@type":"ImageObject","inLanguage":"fr-FR","@id":"https:\/\/cinemadautomne.fr\/?page_id=6586#primaryimage","url":"https:\/\/cinemadautomne.fr\/wp-content\/uploads\/2026\/09\/Festival-Cinema-DIci-09137-1.jpg","contentUrl":"https:\/\/cinemadautomne.fr\/wp-content\/uploads\/2026\/09\/Festival-Cinema-DIci-09137-1.jpg","width":1600,"height":1067},{"@type":"BreadcrumbList","@id":"https:\/\/cinemadautomne.fr\/?page_id=6586#breadcrumb","itemListElement":[{"@type":"ListItem","position":1,"name":"Accueil","item":"https:\/\/cinemadautomne.fr\/"},{"@type":"ListItem","position":2,"name":"Programmation","item":"https:\/\/cinemadautomne.fr\/?page_id=6019"},{"@type":"ListItem","position":3,"name":"Jeudi 24 septembre : une rencontre r\u00e9gionale professionnelle d\u00e9di\u00e9e aux d\u00e9cors de cin\u00e9ma"}]},{"@type":"WebSite","@id":"https:\/\/cinemadautomne.fr\/#website","url":"https:\/\/cinemadautomne.fr\/","name":"Festival Cin\u00e9ma d'ici","description":"du 23 au 27 septembre \u00e0 Castelnaudary","publisher":{"@id":"https:\/\/cinemadautomne.fr\/#organization"},"potentialAction":[{"@type":"SearchAction","target":{"@type":"EntryPoint","urlTemplate":"https:\/\/cinemadautomne.fr\/?s={search_term_string}"},"query-input":{"@type":"PropertyValueSpecification","valueRequired":true,"valueName":"search_term_string"}}],"inLanguage":"fr-FR"},{"@type":"Organization","@id":"https:\/\/cinemadautomne.fr\/#organization","name":"Festival Cin\u00e9ma d'ici","url":"https:\/\/cinemadautomne.fr\/","logo":{"@type":"ImageObject","inLanguage":"fr-FR","@id":"https:\/\/cinemadautomne.fr\/#\/schema\/logo\/image\/","url":"https:\/\/cinemadautomne.fr\/wp-content\/uploads\/2021\/09\/CinemaDAutomnedivers_LogoFinal_03LieDeVin_RVB_Plan-de-travail-1-e1631457910433.jpg","contentUrl":"https:\/\/cinemadautomne.fr\/wp-content\/uploads\/2021\/09\/CinemaDAutomnedivers_LogoFinal_03LieDeVin_RVB_Plan-de-travail-1-e1631457910433.jpg","width":350,"height":223,"caption":"Festival Cin\u00e9ma d'ici"},"image":{"@id":"https:\/\/cinemadautomne.fr\/#\/schema\/logo\/image\/"},"sameAs":["https:\/\/www.facebook.com\/cinemadautomne","https:\/\/www.instagram.com\/festivalcineautomne\/"]}]}},"_links":{"self":[{"href":"https:\/\/cinemadautomne.fr\/index.php?rest_route=\/wp\/v2\/pages\/6586","targetHints":{"allow":["GET"]}}],"collection":[{"href":"https:\/\/cinemadautomne.fr\/index.php?rest_route=\/wp\/v2\/pages"}],"about":[{"href":"https:\/\/cinemadautomne.fr\/index.php?rest_route=\/wp\/v2\/types\/page"}],"author":[{"embeddable":true,"href":"https:\/\/cinemadautomne.fr\/index.php?rest_route=\/wp\/v2\/users\/4"}],"replies":[{"embeddable":true,"href":"https:\/\/cinemadautomne.fr\/index.php?rest_route=%2Fwp%2Fv2%2Fcomments&post=6586"}],"version-history":[{"count":3,"href":"https:\/\/cinemadautomne.fr\/index.php?rest_route=\/wp\/v2\/pages\/6586\/revisions"}],"predecessor-version":[{"id":6596,"href":"https:\/\/cinemadautomne.fr\/index.php?rest_route=\/wp\/v2\/pages\/6586\/revisions\/6596"}],"up":[{"embeddable":true,"href":"https:\/\/cinemadautomne.fr\/index.php?rest_route=\/wp\/v2\/pages\/6019"}],"wp:attachment":[{"href":"https:\/\/cinemadautomne.fr\/index.php?rest_route=%2Fwp%2Fv2%2Fmedia&parent=6586"}],"curies":[{"name":"wp","href":"https:\/\/api.w.org\/{rel}","templated":true}]}}