{"id":6548,"date":"2026-09-03T07:30:12","date_gmt":"2026-09-03T07:30:12","guid":{"rendered":"https:\/\/cinemadautomne.fr\/?page_id=6548"},"modified":"2026-09-03T13:23:11","modified_gmt":"2026-09-03T13:23:11","slug":"exposition-photos-ulrich-lebeuf","status":"publish","type":"page","link":"https:\/\/cinemadautomne.fr\/?page_id=6548","title":{"rendered":"Exposition photos &#8211; La m\u00e9moire du Cin\u00e9ma par Ulrich Lebeuf"},"content":{"rendered":"\t\t<div data-elementor-type=\"wp-page\" data-elementor-id=\"6548\" class=\"elementor elementor-6548\">\n\t\t\t\t<div class=\"elementor-element elementor-element-f932ad9 e-flex e-con-boxed e-con e-parent\" data-id=\"f932ad9\" data-element_type=\"container\">\n\t\t\t\t\t<div class=\"e-con-inner\">\n\t\t\t\t<div class=\"elementor-element elementor-element-c42306e elementor-widget elementor-widget-heading\" data-id=\"c42306e\" data-element_type=\"widget\" data-widget_type=\"heading.default\">\n\t\t\t\t\t<h2 class=\"elementor-heading-title elementor-size-default\">Exposition d'u<strong>LRICH LEBEUF - La Maison de ma r\u00e9gion \u00e0 Carcassonne<\/strong><\/h2>\t\t\t\t<\/div>\n\t\t\t\t\t<\/div>\n\t\t\t\t<\/div>\n\t\t<div class=\"elementor-element elementor-element-509784c e-flex e-con-boxed e-con e-parent\" data-id=\"509784c\" data-element_type=\"container\">\n\t\t\t\t\t<div class=\"e-con-inner\">\n\t\t\t\t<div class=\"elementor-element elementor-element-d12d8ec elementor-widget elementor-widget-text-editor\" data-id=\"d12d8ec\" data-element_type=\"widget\" data-widget_type=\"text-editor.default\">\n\t\t\t\t\t\t\t\t\t<p><strong>Photographe de plateau \u2014 La m\u00e9moire du cin\u00e9ma<\/strong><\/p>\t\t\t\t\t\t\t\t<\/div>\n\t\t\t\t\t<\/div>\n\t\t\t\t<\/div>\n\t\t<div class=\"elementor-element elementor-element-a4ef5c4 e-flex e-con-boxed e-con e-parent\" data-id=\"a4ef5c4\" data-element_type=\"container\">\n\t\t\t\t\t<div class=\"e-con-inner\">\n\t\t\t\t<div class=\"elementor-element elementor-element-890884f elementor-widget elementor-widget-image\" data-id=\"890884f\" data-element_type=\"widget\" data-widget_type=\"image.default\">\n\t\t\t\t\t\t\t\t\t\t\t\t\t\t\t<img fetchpriority=\"high\" decoding=\"async\" width=\"595\" height=\"852\" src=\"https:\/\/cinemadautomne.fr\/wp-content\/uploads\/2026\/09\/MMR_CARCASSONNE_EXPO_PHOTOS-CINEMA_FLYER_HD_page-0001-595x852.jpg\" class=\"attachment-medium size-medium wp-image-6556\" alt=\"Exposition photos - La m\u00e9moire du cin\u00e9ma\" srcset=\"https:\/\/cinemadautomne.fr\/wp-content\/uploads\/2026\/09\/MMR_CARCASSONNE_EXPO_PHOTOS-CINEMA_FLYER_HD_page-0001-595x852.jpg 595w, https:\/\/cinemadautomne.fr\/wp-content\/uploads\/2026\/09\/MMR_CARCASSONNE_EXPO_PHOTOS-CINEMA_FLYER_HD_page-0001-768x1100.jpg 768w, https:\/\/cinemadautomne.fr\/wp-content\/uploads\/2026\/09\/MMR_CARCASSONNE_EXPO_PHOTOS-CINEMA_FLYER_HD_page-0001.jpg 860w\" sizes=\"(max-width: 595px) 100vw, 595px\" \/>\t\t\t\t\t\t\t\t\t\t\t\t\t\t\t<\/div>\n\t\t\t\t\t<\/div>\n\t\t\t\t<\/div>\n\t\t<div class=\"elementor-element elementor-element-558989e e-flex e-con-boxed e-con e-parent\" data-id=\"558989e\" data-element_type=\"container\">\n\t\t\t\t\t<div class=\"e-con-inner\">\n\t\t\t\t<div class=\"elementor-element elementor-element-76af2a1 elementor-widget elementor-widget-text-editor\" data-id=\"76af2a1\" data-element_type=\"widget\" data-widget_type=\"text-editor.default\">\n\t\t\t\t\t\t\t\t\t<p class=\"has-ast-global-color-8-color has-text-color has-link-color\">Le cin\u00e9ma se fabrique aussi dans les silences, entre deux prises, dans un regard, un geste ou une lumi\u00e8re.<\/p>\n<p class=\"has-ast-global-color-8-color has-text-color has-link-color\">Photographe et directeur artistique du festival MAP \u00e0 Toulouse, <strong>Ulrich Lebeuf<\/strong> partage depuis des ann\u00e9es son exp\u00e9rience avec de nouvelles g\u00e9n\u00e9rations de photographes.<\/p>\n<p class=\"has-ast-global-color-8-color has-text-color has-link-color\">Son autre regard se construit au c\u0153ur des tournages, au plus pr\u00e8s de celles et ceux qui fabriquent les films.<\/p>\n<p class=\"has-ast-global-color-8-color has-text-color has-link-color\">Silencieux t\u00e9moin, il saisit les gestes, les regards, les lumi\u00e8res et les instants suspendus.<\/p>\n<p class=\"has-ast-global-color-8-color has-text-color has-link-color\">Ses photographies d\u00e9passent le simple souvenir du \u00ab making-of \u00bb pour devenir une v\u00e9ritable \u00e9criture sensible.<\/p>\n<p class=\"has-ast-global-color-8-color has-text-color has-link-color\">Elles d\u00e9voilent la po\u00e9sie fragile de la cr\u00e9ation, l\u00e0 o\u00f9 les histoires prennent forme.<\/p>\n<p class=\"has-ast-global-color-8-color has-text-color has-link-color\">Chaque image rend hommage aux acteurs, aux techniciens et \u00e0 tous les artisans du septi\u00e8me art.<\/p>\n<p class=\"has-ast-global-color-8-color has-text-color has-link-color\">Entre rigueur, \u00e9motion et lumi\u00e8re, son objectif r\u00e9v\u00e8le l\u2019humanit\u00e9 cach\u00e9e derri\u00e8re la mise en sc\u00e8ne.<\/p>\n<p class=\"has-ast-global-color-8-color has-text-color has-link-color\"><strong>Une fen\u00eatre intime sur la magie d\u2019un film en train de na\u00eetre.<\/strong><\/p>\n<p><\/p>\n<p class=\"has-ast-global-color-8-color has-text-color has-link-color\">Chaque photographie devient alors une histoire dans l\u2019histoire, une trace pr\u00e9cieuse de la m\u00e9moire du cin\u00e9ma.<\/p>\t\t\t\t\t\t\t\t<\/div>\n\t\t\t\t\t<\/div>\n\t\t\t\t<\/div>\n\t\t<div class=\"elementor-element elementor-element-dfa8e81 e-grid e-con-boxed e-con e-parent\" data-id=\"dfa8e81\" data-element_type=\"container\">\n\t\t\t\t\t<div class=\"e-con-inner\">\n\t\t\t\t<div class=\"elementor-element elementor-element-a1e9d93 elementor-widget elementor-widget-image\" data-id=\"a1e9d93\" data-element_type=\"widget\" data-widget_type=\"image.default\">\n\t\t\t\t\t\t\t\t\t\t\t\t\t\t\t<img decoding=\"async\" width=\"960\" height=\"720\" src=\"https:\/\/cinemadautomne.fr\/wp-content\/uploads\/2026\/09\/Expo-Carcassonne-01-960x720.jpeg\" class=\"attachment-large size-large wp-image-6581\" alt=\"\" srcset=\"https:\/\/cinemadautomne.fr\/wp-content\/uploads\/2026\/09\/Expo-Carcassonne-01-960x720.jpeg 960w, https:\/\/cinemadautomne.fr\/wp-content\/uploads\/2026\/09\/Expo-Carcassonne-01-595x446.jpeg 595w, https:\/\/cinemadautomne.fr\/wp-content\/uploads\/2026\/09\/Expo-Carcassonne-01-768x576.jpeg 768w, https:\/\/cinemadautomne.fr\/wp-content\/uploads\/2026\/09\/Expo-Carcassonne-01-1536x1152.jpeg 1536w, https:\/\/cinemadautomne.fr\/wp-content\/uploads\/2026\/09\/Expo-Carcassonne-01.jpeg 1600w\" sizes=\"(max-width: 960px) 100vw, 960px\" \/>\t\t\t\t\t\t\t\t\t\t\t\t\t\t\t<\/div>\n\t\t\t\t<div class=\"elementor-element elementor-element-bdc4a82 elementor-widget elementor-widget-image\" data-id=\"bdc4a82\" data-element_type=\"widget\" data-widget_type=\"image.default\">\n\t\t\t\t\t\t\t\t\t\t\t\t\t\t\t<img decoding=\"async\" width=\"960\" height=\"720\" src=\"https:\/\/cinemadautomne.fr\/wp-content\/uploads\/2026\/09\/Expo-Carcassonne-02-960x720.jpeg\" class=\"attachment-large size-large wp-image-6582\" alt=\"\" srcset=\"https:\/\/cinemadautomne.fr\/wp-content\/uploads\/2026\/09\/Expo-Carcassonne-02-960x720.jpeg 960w, https:\/\/cinemadautomne.fr\/wp-content\/uploads\/2026\/09\/Expo-Carcassonne-02-595x446.jpeg 595w, https:\/\/cinemadautomne.fr\/wp-content\/uploads\/2026\/09\/Expo-Carcassonne-02-768x576.jpeg 768w, https:\/\/cinemadautomne.fr\/wp-content\/uploads\/2026\/09\/Expo-Carcassonne-02-1536x1152.jpeg 1536w, https:\/\/cinemadautomne.fr\/wp-content\/uploads\/2026\/09\/Expo-Carcassonne-02.jpeg 2048w\" sizes=\"(max-width: 960px) 100vw, 960px\" \/>\t\t\t\t\t\t\t\t\t\t\t\t\t\t\t<\/div>\n\t\t\t\t\t<\/div>\n\t\t\t\t<\/div>\n\t\t<div class=\"elementor-element elementor-element-1e0360b e-flex e-con-boxed e-con e-parent\" data-id=\"1e0360b\" data-element_type=\"container\">\n\t\t\t\t\t<div class=\"e-con-inner\">\n\t\t\t\t<div class=\"elementor-element elementor-element-5798fd7 elementor-widget elementor-widget-text-editor\" data-id=\"5798fd7\" data-element_type=\"widget\" data-widget_type=\"text-editor.default\">\n\t\t\t\t\t\t\t\t\t<h3 class=\"has-ast-global-color-8-color has-text-color has-link-color\"><strong>Maison de Ma R\u00e9gion<\/strong><\/h3>\n<p><!-- \/wp:paragraph --><!-- wp:paragraph {\"style\":{\"elements\":{\"link\":{\"color\":{\"text\":\"var:preset|color|ast-global-color-8\"}}}},\"textColor\":\"ast-global-color-8\"} --><\/p>\n<p class=\"has-ast-global-color-8-color has-text-color has-link-color\"><strong>5 rue Aim\u00e9 Ramond \u2014 Carcassonne<\/strong><\/p>\n<p><!-- \/wp:paragraph --><!-- wp:paragraph {\"style\":{\"elements\":{\"link\":{\"color\":{\"text\":\"var:preset|color|ast-global-color-8\"}}}},\"textColor\":\"ast-global-color-8\"} --><\/p>\n<p class=\"has-ast-global-color-8-color has-text-color has-link-color\">Ouvert du lundi au vendredi<br \/>8h30 \u2192 12h \/ 13h30 \u2192 17h<\/p>\n<p><!-- \/wp:paragraph --><\/p>\t\t\t\t\t\t\t\t<\/div>\n\t\t\t\t\t<\/div>\n\t\t\t\t<\/div>\n\t\t<div class=\"elementor-element elementor-element-34ae2cc e-flex e-con-boxed e-con e-parent\" data-id=\"34ae2cc\" data-element_type=\"container\">\n\t\t\t\t\t<div class=\"e-con-inner\">\n\t\t\t\t\t<\/div>\n\t\t\t\t<\/div>\n\t\t\t\t<\/div>\n\t\t<!-- AddThis Advanced Settings generic via filter on the_content --><!-- AddThis Share Buttons generic via filter on the_content -->","protected":false},"excerpt":{"rendered":"<p>Exposition d&rsquo;uLRICH LEBEUF &#8211; La Maison de ma r\u00e9gion \u00e0 Carcassonne Photographe de plateau \u2014 La m\u00e9moire du cin\u00e9ma Le [&hellip;]<!-- AddThis Advanced Settings generic via filter on get_the_excerpt --><!-- AddThis Share Buttons generic via filter on get_the_excerpt --><\/p>\n","protected":false},"author":4,"featured_media":0,"parent":6019,"menu_order":1,"comment_status":"closed","ping_status":"closed","template":"","meta":{"site-sidebar-layout":"no-sidebar","site-content-layout":"","ast-site-content-layout":"normal-width-container","site-content-style":"default","site-sidebar-style":"default","ast-global-header-display":"","ast-banner-title-visibility":"","ast-main-header-display":"","ast-hfb-above-header-display":"","ast-hfb-below-header-display":"","ast-hfb-mobile-header-display":"","site-post-title":"disabled","ast-breadcrumbs-content":"","ast-featured-img":"disabled","footer-sml-layout":"","theme-transparent-header-meta":"","adv-header-id-meta":"","stick-header-meta":"","header-above-stick-meta":"","header-main-stick-meta":"","header-below-stick-meta":"","astra-migrate-meta-layouts":"default","ast-page-background-enabled":"default","ast-page-background-meta":{"desktop":{"background-color":"var(--ast-global-color-5)","background-image":"","background-repeat":"repeat","background-position":"center center","background-size":"auto","background-attachment":"scroll","background-type":"","background-media":"","overlay-type":"","overlay-color":"","overlay-opacity":"","overlay-gradient":""},"tablet":{"background-color":"","background-image":"","background-repeat":"repeat","background-position":"center center","background-size":"auto","background-attachment":"scroll","background-type":"","background-media":"","overlay-type":"","overlay-color":"","overlay-opacity":"","overlay-gradient":""},"mobile":{"background-color":"","background-image":"","background-repeat":"repeat","background-position":"center center","background-size":"auto","background-attachment":"scroll","background-type":"","background-media":"","overlay-type":"","overlay-color":"","overlay-opacity":"","overlay-gradient":""}},"ast-content-background-meta":{"desktop":{"background-color":"var(--ast-global-color-4)","background-image":"","background-repeat":"repeat","background-position":"center center","background-size":"auto","background-attachment":"scroll","background-type":"","background-media":"","overlay-type":"","overlay-color":"","overlay-opacity":"","overlay-gradient":""},"tablet":{"background-color":"var(--ast-global-color-4)","background-image":"","background-repeat":"repeat","background-position":"center center","background-size":"auto","background-attachment":"scroll","background-type":"","background-media":"","overlay-type":"","overlay-color":"","overlay-opacity":"","overlay-gradient":""},"mobile":{"background-color":"var(--ast-global-color-4)","background-image":"","background-repeat":"repeat","background-position":"center center","background-size":"auto","background-attachment":"scroll","background-type":"","background-media":"","overlay-type":"","overlay-color":"","overlay-opacity":"","overlay-gradient":""}},"footnotes":""},"class_list":["post-6548","page","type-page","status-publish","hentry"],"yoast_head":"<!-- This site is optimized with the Yoast SEO plugin v25.5 - https:\/\/yoast.com\/wordpress\/plugins\/seo\/ -->\n<title>Exposition photos - La m\u00e9moire du Cin\u00e9ma par Ulrich Lebeuf - Festival Cin\u00e9ma d&#039;ici<\/title>\n<meta name=\"robots\" content=\"index, follow, max-snippet:-1, max-image-preview:large, max-video-preview:-1\" \/>\n<link rel=\"canonical\" href=\"https:\/\/cinemadautomne.fr\/?page_id=6548\" \/>\n<meta property=\"og:locale\" content=\"fr_FR\" \/>\n<meta property=\"og:type\" content=\"article\" \/>\n<meta property=\"og:title\" content=\"Exposition photos - La m\u00e9moire du Cin\u00e9ma par Ulrich Lebeuf - Festival Cin\u00e9ma d&#039;ici\" \/>\n<meta property=\"og:description\" content=\"Exposition d&rsquo;uLRICH LEBEUF &#8211; La Maison de ma r\u00e9gion \u00e0 Carcassonne Photographe de plateau \u2014 La m\u00e9moire du cin\u00e9ma Le [&hellip;]\" \/>\n<meta property=\"og:url\" content=\"https:\/\/cinemadautomne.fr\/?page_id=6548\" \/>\n<meta property=\"og:site_name\" content=\"Festival Cin\u00e9ma d&#039;ici\" \/>\n<meta property=\"article:publisher\" content=\"https:\/\/www.facebook.com\/cinemadautomne\" \/>\n<meta property=\"article:modified_time\" content=\"2026-09-03T13:23:11+00:00\" \/>\n<meta property=\"og:image\" content=\"https:\/\/cinemadautomne.fr\/wp-content\/uploads\/2026\/09\/MMR_CARCASSONNE_EXPO_PHOTOS-CINEMA_FLYER_HD_page-0001.jpg\" \/>\n\t<meta property=\"og:image:width\" content=\"860\" \/>\n\t<meta property=\"og:image:height\" content=\"1232\" \/>\n\t<meta property=\"og:image:type\" content=\"image\/jpeg\" \/>\n<meta name=\"twitter:card\" content=\"summary_large_image\" \/>\n<meta name=\"twitter:label1\" content=\"Dur\u00e9e de lecture estim\u00e9e\" \/>\n\t<meta name=\"twitter:data1\" content=\"2 minutes\" \/>\n<script type=\"application\/ld+json\" class=\"yoast-schema-graph\">{\"@context\":\"https:\/\/schema.org\",\"@graph\":[{\"@type\":\"WebPage\",\"@id\":\"https:\/\/cinemadautomne.fr\/?page_id=6548\",\"url\":\"https:\/\/cinemadautomne.fr\/?page_id=6548\",\"name\":\"Exposition photos - La m\u00e9moire du Cin\u00e9ma par Ulrich Lebeuf - Festival Cin\u00e9ma d&#039;ici\",\"isPartOf\":{\"@id\":\"https:\/\/cinemadautomne.fr\/#website\"},\"primaryImageOfPage\":{\"@id\":\"https:\/\/cinemadautomne.fr\/?page_id=6548#primaryimage\"},\"image\":{\"@id\":\"https:\/\/cinemadautomne.fr\/?page_id=6548#primaryimage\"},\"thumbnailUrl\":\"https:\/\/cinemadautomne.fr\/wp-content\/uploads\/2026\/09\/MMR_CARCASSONNE_EXPO_PHOTOS-CINEMA_FLYER_HD_page-0001-595x852.jpg\",\"datePublished\":\"2026-09-03T07:30:12+00:00\",\"dateModified\":\"2026-09-03T13:23:11+00:00\",\"breadcrumb\":{\"@id\":\"https:\/\/cinemadautomne.fr\/?page_id=6548#breadcrumb\"},\"inLanguage\":\"fr-FR\",\"potentialAction\":[{\"@type\":\"ReadAction\",\"target\":[\"https:\/\/cinemadautomne.fr\/?page_id=6548\"]}]},{\"@type\":\"ImageObject\",\"inLanguage\":\"fr-FR\",\"@id\":\"https:\/\/cinemadautomne.fr\/?page_id=6548#primaryimage\",\"url\":\"https:\/\/cinemadautomne.fr\/wp-content\/uploads\/2026\/09\/MMR_CARCASSONNE_EXPO_PHOTOS-CINEMA_FLYER_HD_page-0001.jpg\",\"contentUrl\":\"https:\/\/cinemadautomne.fr\/wp-content\/uploads\/2026\/09\/MMR_CARCASSONNE_EXPO_PHOTOS-CINEMA_FLYER_HD_page-0001.jpg\",\"width\":860,\"height\":1232,\"caption\":\"Exposition photos - La m\u00e9moire du cin\u00e9ma\"},{\"@type\":\"BreadcrumbList\",\"@id\":\"https:\/\/cinemadautomne.fr\/?page_id=6548#breadcrumb\",\"itemListElement\":[{\"@type\":\"ListItem\",\"position\":1,\"name\":\"Accueil\",\"item\":\"https:\/\/cinemadautomne.fr\/\"},{\"@type\":\"ListItem\",\"position\":2,\"name\":\"Programmation\",\"item\":\"https:\/\/cinemadautomne.fr\/?page_id=6019\"},{\"@type\":\"ListItem\",\"position\":3,\"name\":\"Exposition photos &#8211; La m\u00e9moire du Cin\u00e9ma par Ulrich Lebeuf\"}]},{\"@type\":\"WebSite\",\"@id\":\"https:\/\/cinemadautomne.fr\/#website\",\"url\":\"https:\/\/cinemadautomne.fr\/\",\"name\":\"Festival Cin\u00e9ma d'ici\",\"description\":\"du 23 au 27 septembre \u00e0 Castelnaudary\",\"publisher\":{\"@id\":\"https:\/\/cinemadautomne.fr\/#organization\"},\"potentialAction\":[{\"@type\":\"SearchAction\",\"target\":{\"@type\":\"EntryPoint\",\"urlTemplate\":\"https:\/\/cinemadautomne.fr\/?s={search_term_string}\"},\"query-input\":{\"@type\":\"PropertyValueSpecification\",\"valueRequired\":true,\"valueName\":\"search_term_string\"}}],\"inLanguage\":\"fr-FR\"},{\"@type\":\"Organization\",\"@id\":\"https:\/\/cinemadautomne.fr\/#organization\",\"name\":\"Festival Cin\u00e9ma d'ici\",\"url\":\"https:\/\/cinemadautomne.fr\/\",\"logo\":{\"@type\":\"ImageObject\",\"inLanguage\":\"fr-FR\",\"@id\":\"https:\/\/cinemadautomne.fr\/#\/schema\/logo\/image\/\",\"url\":\"https:\/\/cinemadautomne.fr\/wp-content\/uploads\/2021\/09\/CinemaDAutomnedivers_LogoFinal_03LieDeVin_RVB_Plan-de-travail-1-e1631457910433.jpg\",\"contentUrl\":\"https:\/\/cinemadautomne.fr\/wp-content\/uploads\/2021\/09\/CinemaDAutomnedivers_LogoFinal_03LieDeVin_RVB_Plan-de-travail-1-e1631457910433.jpg\",\"width\":350,\"height\":223,\"caption\":\"Festival Cin\u00e9ma d'ici\"},\"image\":{\"@id\":\"https:\/\/cinemadautomne.fr\/#\/schema\/logo\/image\/\"},\"sameAs\":[\"https:\/\/www.facebook.com\/cinemadautomne\",\"https:\/\/www.instagram.com\/festivalcineautomne\/\"]}]}<\/script>\n<!-- \/ Yoast SEO plugin. -->","yoast_head_json":{"title":"Exposition photos - La m\u00e9moire du Cin\u00e9ma par Ulrich Lebeuf - Festival Cin\u00e9ma d&#039;ici","robots":{"index":"index","follow":"follow","max-snippet":"max-snippet:-1","max-image-preview":"max-image-preview:large","max-video-preview":"max-video-preview:-1"},"canonical":"https:\/\/cinemadautomne.fr\/?page_id=6548","og_locale":"fr_FR","og_type":"article","og_title":"Exposition photos - La m\u00e9moire du Cin\u00e9ma par Ulrich Lebeuf - Festival Cin\u00e9ma d&#039;ici","og_description":"Exposition d&rsquo;uLRICH LEBEUF &#8211; La Maison de ma r\u00e9gion \u00e0 Carcassonne Photographe de plateau \u2014 La m\u00e9moire du cin\u00e9ma Le [&hellip;]","og_url":"https:\/\/cinemadautomne.fr\/?page_id=6548","og_site_name":"Festival Cin\u00e9ma d&#039;ici","article_publisher":"https:\/\/www.facebook.com\/cinemadautomne","article_modified_time":"2026-09-03T13:23:11+00:00","og_image":[{"width":860,"height":1232,"url":"https:\/\/cinemadautomne.fr\/wp-content\/uploads\/2026\/09\/MMR_CARCASSONNE_EXPO_PHOTOS-CINEMA_FLYER_HD_page-0001.jpg","type":"image\/jpeg"}],"twitter_card":"summary_large_image","twitter_misc":{"Dur\u00e9e de lecture estim\u00e9e":"2 minutes"},"schema":{"@context":"https:\/\/schema.org","@graph":[{"@type":"WebPage","@id":"https:\/\/cinemadautomne.fr\/?page_id=6548","url":"https:\/\/cinemadautomne.fr\/?page_id=6548","name":"Exposition photos - La m\u00e9moire du Cin\u00e9ma par Ulrich Lebeuf - Festival Cin\u00e9ma d&#039;ici","isPartOf":{"@id":"https:\/\/cinemadautomne.fr\/#website"},"primaryImageOfPage":{"@id":"https:\/\/cinemadautomne.fr\/?page_id=6548#primaryimage"},"image":{"@id":"https:\/\/cinemadautomne.fr\/?page_id=6548#primaryimage"},"thumbnailUrl":"https:\/\/cinemadautomne.fr\/wp-content\/uploads\/2026\/09\/MMR_CARCASSONNE_EXPO_PHOTOS-CINEMA_FLYER_HD_page-0001-595x852.jpg","datePublished":"2026-09-03T07:30:12+00:00","dateModified":"2026-09-03T13:23:11+00:00","breadcrumb":{"@id":"https:\/\/cinemadautomne.fr\/?page_id=6548#breadcrumb"},"inLanguage":"fr-FR","potentialAction":[{"@type":"ReadAction","target":["https:\/\/cinemadautomne.fr\/?page_id=6548"]}]},{"@type":"ImageObject","inLanguage":"fr-FR","@id":"https:\/\/cinemadautomne.fr\/?page_id=6548#primaryimage","url":"https:\/\/cinemadautomne.fr\/wp-content\/uploads\/2026\/09\/MMR_CARCASSONNE_EXPO_PHOTOS-CINEMA_FLYER_HD_page-0001.jpg","contentUrl":"https:\/\/cinemadautomne.fr\/wp-content\/uploads\/2026\/09\/MMR_CARCASSONNE_EXPO_PHOTOS-CINEMA_FLYER_HD_page-0001.jpg","width":860,"height":1232,"caption":"Exposition photos - La m\u00e9moire du cin\u00e9ma"},{"@type":"BreadcrumbList","@id":"https:\/\/cinemadautomne.fr\/?page_id=6548#breadcrumb","itemListElement":[{"@type":"ListItem","position":1,"name":"Accueil","item":"https:\/\/cinemadautomne.fr\/"},{"@type":"ListItem","position":2,"name":"Programmation","item":"https:\/\/cinemadautomne.fr\/?page_id=6019"},{"@type":"ListItem","position":3,"name":"Exposition photos &#8211; La m\u00e9moire du Cin\u00e9ma par Ulrich Lebeuf"}]},{"@type":"WebSite","@id":"https:\/\/cinemadautomne.fr\/#website","url":"https:\/\/cinemadautomne.fr\/","name":"Festival Cin\u00e9ma d'ici","description":"du 23 au 27 septembre \u00e0 Castelnaudary","publisher":{"@id":"https:\/\/cinemadautomne.fr\/#organization"},"potentialAction":[{"@type":"SearchAction","target":{"@type":"EntryPoint","urlTemplate":"https:\/\/cinemadautomne.fr\/?s={search_term_string}"},"query-input":{"@type":"PropertyValueSpecification","valueRequired":true,"valueName":"search_term_string"}}],"inLanguage":"fr-FR"},{"@type":"Organization","@id":"https:\/\/cinemadautomne.fr\/#organization","name":"Festival Cin\u00e9ma d'ici","url":"https:\/\/cinemadautomne.fr\/","logo":{"@type":"ImageObject","inLanguage":"fr-FR","@id":"https:\/\/cinemadautomne.fr\/#\/schema\/logo\/image\/","url":"https:\/\/cinemadautomne.fr\/wp-content\/uploads\/2021\/09\/CinemaDAutomnedivers_LogoFinal_03LieDeVin_RVB_Plan-de-travail-1-e1631457910433.jpg","contentUrl":"https:\/\/cinemadautomne.fr\/wp-content\/uploads\/2021\/09\/CinemaDAutomnedivers_LogoFinal_03LieDeVin_RVB_Plan-de-travail-1-e1631457910433.jpg","width":350,"height":223,"caption":"Festival Cin\u00e9ma d'ici"},"image":{"@id":"https:\/\/cinemadautomne.fr\/#\/schema\/logo\/image\/"},"sameAs":["https:\/\/www.facebook.com\/cinemadautomne","https:\/\/www.instagram.com\/festivalcineautomne\/"]}]}},"_links":{"self":[{"href":"https:\/\/cinemadautomne.fr\/index.php?rest_route=\/wp\/v2\/pages\/6548","targetHints":{"allow":["GET"]}}],"collection":[{"href":"https:\/\/cinemadautomne.fr\/index.php?rest_route=\/wp\/v2\/pages"}],"about":[{"href":"https:\/\/cinemadautomne.fr\/index.php?rest_route=\/wp\/v2\/types\/page"}],"author":[{"embeddable":true,"href":"https:\/\/cinemadautomne.fr\/index.php?rest_route=\/wp\/v2\/users\/4"}],"replies":[{"embeddable":true,"href":"https:\/\/cinemadautomne.fr\/index.php?rest_route=%2Fwp%2Fv2%2Fcomments&post=6548"}],"version-history":[{"count":16,"href":"https:\/\/cinemadautomne.fr\/index.php?rest_route=\/wp\/v2\/pages\/6548\/revisions"}],"predecessor-version":[{"id":6585,"href":"https:\/\/cinemadautomne.fr\/index.php?rest_route=\/wp\/v2\/pages\/6548\/revisions\/6585"}],"up":[{"embeddable":true,"href":"https:\/\/cinemadautomne.fr\/index.php?rest_route=\/wp\/v2\/pages\/6019"}],"wp:attachment":[{"href":"https:\/\/cinemadautomne.fr\/index.php?rest_route=%2Fwp%2Fv2%2Fmedia&parent=6548"}],"curies":[{"name":"wp","href":"https:\/\/api.w.org\/{rel}","templated":true}]}}