{"id":6508,"date":"2026-09-02T09:15:29","date_gmt":"2026-09-02T09:15:29","guid":{"rendered":"https:\/\/cinemadautomne.fr\/?page_id=6508"},"modified":"2026-09-02T09:22:57","modified_gmt":"2026-09-02T09:22:57","slug":"leurope-sengage-pour-le-festival-cinema-dici-loccitanie-sur-grand-ecran","status":"publish","type":"page","link":"https:\/\/cinemadautomne.fr\/?page_id=6508","title":{"rendered":"L&rsquo;europe s&rsquo;engage pour le Festival Cin\u00e9ma d&rsquo;Ici &#8211; L&rsquo;Occitanie sur grand \u00e9cran"},"content":{"rendered":"\n<figure class=\"wp-block-image size-large\"><a href=\"https:\/\/cinemadautomne.fr\/wp-content\/uploads\/2026\/09\/Bloc-LOGO-LEADER-21-27-GAL-PETR-aout-2026-HD-scaled.png\"><img fetchpriority=\"high\" decoding=\"async\" width=\"960\" height=\"60\" src=\"https:\/\/cinemadautomne.fr\/wp-content\/uploads\/2026\/09\/Bloc-LOGO-LEADER-21-27-GAL-PETR-aout-2026-HD-960x60.png\" alt=\"Logos partenaires festival Cin\u00e9ma d'Ici\" class=\"wp-image-6503\" srcset=\"https:\/\/cinemadautomne.fr\/wp-content\/uploads\/2026\/09\/Bloc-LOGO-LEADER-21-27-GAL-PETR-aout-2026-HD-960x60.png 960w, https:\/\/cinemadautomne.fr\/wp-content\/uploads\/2026\/09\/Bloc-LOGO-LEADER-21-27-GAL-PETR-aout-2026-HD-595x37.png 595w, https:\/\/cinemadautomne.fr\/wp-content\/uploads\/2026\/09\/Bloc-LOGO-LEADER-21-27-GAL-PETR-aout-2026-HD-768x48.png 768w, https:\/\/cinemadautomne.fr\/wp-content\/uploads\/2026\/09\/Bloc-LOGO-LEADER-21-27-GAL-PETR-aout-2026-HD-1536x96.png 1536w, https:\/\/cinemadautomne.fr\/wp-content\/uploads\/2026\/09\/Bloc-LOGO-LEADER-21-27-GAL-PETR-aout-2026-HD-2048x129.png 2048w\" sizes=\"(max-width: 960px) 100vw, 960px\" \/><\/a><\/figure>\n\n\n\n<p class=\"has-ast-global-color-8-color has-text-color has-link-color wp-elements-cbaa873cc5aa31e8d79b2266a4c97709\">Le festival <strong>Cin\u00e9ma d\u2019Ici \u2013 L\u2019Occitanie sur grand \u00e9cran<\/strong> est cofinanc\u00e9 par l\u2019Union europ\u00e9enne. Ce soutien contribue au d\u00e9velLe festival <strong>Cin\u00e9ma d\u2019Ici \u2013 L\u2019Occitanie sur grand \u00e9cran<\/strong> est cofinanc\u00e9 par l\u2019Union europ\u00e9enne. Ce soutien contribue au d\u00e9veloppement d\u2019un projet culturel ancr\u00e9 dans le territoire, favorisant la cr\u00e9ation cin\u00e9matographique r\u00e9gionale, l\u2019\u00e9ducation \u00e0 l\u2019image, la participation des publics, l\u2019innovation artistique, la structuration de la fili\u00e8re audiovisuelle et la transition \u00e9cologique de la manifestation.oppement d\u2019un projet culturel ancr\u00e9 dans le territoire, favorisant la cr\u00e9ation cin\u00e9matographique r\u00e9gionale, l\u2019\u00e9ducation \u00e0 l\u2019image, la participation des publics, l\u2019innovation artistique, la structuration de la fili\u00e8re audiovisuelle et la transition \u00e9cologique de la manifestation.<\/p>\n\n\n\n<h3 class=\"wp-block-heading\">Les principaux axes de travail soutenus par le financement europ\u00e9en<\/h3>\n\n\n\n<p class=\"has-ast-global-color-8-color has-text-color has-link-color wp-elements-d56f62ce611be9a1491c376cd8eafff8\">Le financement europ\u00e9en a permis de consolider et de d\u00e9velopper plusieurs axes strurants Festival Cin\u00e9ma d\u2019Ici :<\/p>\n\n\n\n<ul class=\"wp-block-list\">\n<li class=\"has-ast-global-color-8-color has-text-color has-link-color wp-elements-0281d7e2154b35c894e34ee9ba463b19\"><strong>Renforcement de l\u2019identit\u00e9 artistique et territoriale<\/strong> : valorisation du cin\u00e9ma li\u00e9 \u00e0 l\u2019Occitanie, de ses artistes, techniciens, \u0153uvres et patrimoines, tout en favorisant la d\u00e9couverte de formes cin\u00e9matographiques diversifi\u00e9es.<\/li>\n\n\n\n<li class=\"has-ast-global-color-8-color has-text-color has-link-color wp-elements-e97a0175f368ab7294e8c18f0a11dfdc\"><strong>D\u00e9veloppement de la m\u00e9diation et de l\u2019\u00e9ducation \u00e0 l\u2019image<\/strong> : multiplication des rencontres, ateliers, s\u00e9ances scolaires et actions avec les jeunes et les structures enfance-jeunesse du territoire.<\/li>\n\n\n\n<li class=\"has-ast-global-color-8-color has-text-color has-link-color wp-elements-f06e01e69500489f5fabdb1b6de98772\"><strong>\u00c9largissement et renouvellement des publics<\/strong> : d\u00e9veloppement d\u2019actions hors les murs, participatives et interg\u00e9n\u00e9rationnelles, et mise en place d\u2019une d\u00e9marche d\u2019observation et d\u2019enqu\u00eate afin de mieux conna\u00eetre les publics et leurs pratiques.<\/li>\n\n\n\n<li class=\"has-ast-global-color-8-color has-text-color has-link-color wp-elements-944376e2e20277a77b51bae89844987d\"><strong>Structuration de la fili\u00e8re audiovisuelle r\u00e9gionale<\/strong> : cr\u00e9ation de rencontres professionnelles et mise en relation des r\u00e9alisateurs, producteurs, techniciens, institutions, collectivit\u00e9s et acteurs touristiques.<\/li>\n\n\n\n<li class=\"has-ast-global-color-8-color has-text-color has-link-color wp-elements-6ef5f53342ea56ef17220757e8ffc62a\"><strong>Innovation et ouverture \u00e0 de nouvelles pratiques<\/strong> : d\u00e9veloppement de propositions associant cin\u00e9ma, musique, arts visuels, r\u00e9alit\u00e9 virtuelle et cr\u00e9ation participative, notamment avec le projet <strong>Kino Canal<\/strong>.<\/li>\n\n\n\n<li class=\"has-ast-global-color-8-color has-text-color has-link-color wp-elements-d409c9d3a39868bcd5e86e5568725efd\"><strong>Renforcement de l\u2019ancrage territorial et de l\u2019attractivit\u00e9<\/strong> : valorisation du territoire, de ses lieux patrimoniaux et du Canal du Midi, en lien avec les acteurs locaux et les enjeux de cin\u00e9-tourisme.<\/li>\n\n\n\n<li class=\"has-ast-global-color-8-color has-text-color has-link-color wp-elements-fca9581bf1ab49eaffb660dd88a9efcd\"><strong>Transition \u00e9cologique de la manifestation<\/strong> : mise en place progressive d\u2019actions concr\u00e8tes concernant les mobilit\u00e9s, le tri, la restauration locale, les circuits courts et l\u2019\u00e9coresponsabilit\u00e9 de l\u2019organisation.<\/li>\n<\/ul>\n<!-- AddThis Advanced Settings generic via filter on the_content --><!-- AddThis Share Buttons generic via filter on the_content -->","protected":false},"excerpt":{"rendered":"<p>Le festival Cin\u00e9ma d\u2019Ici \u2013 L\u2019Occitanie sur grand \u00e9cran est cofinanc\u00e9 par l\u2019Union europ\u00e9enne. Ce soutien contribue au d\u00e9velLe festival [&hellip;]<!-- AddThis Advanced Settings generic via filter on get_the_excerpt --><!-- AddThis Share Buttons generic via filter on get_the_excerpt --><\/p>\n","protected":false},"author":4,"featured_media":0,"parent":5092,"menu_order":1,"comment_status":"closed","ping_status":"closed","template":"","meta":{"site-sidebar-layout":"default","site-content-layout":"","ast-site-content-layout":"default","site-content-style":"default","site-sidebar-style":"default","ast-global-header-display":"","ast-banner-title-visibility":"","ast-main-header-display":"","ast-hfb-above-header-display":"","ast-hfb-below-header-display":"","ast-hfb-mobile-header-display":"","site-post-title":"","ast-breadcrumbs-content":"","ast-featured-img":"","footer-sml-layout":"","theme-transparent-header-meta":"","adv-header-id-meta":"","stick-header-meta":"","header-above-stick-meta":"","header-main-stick-meta":"","header-below-stick-meta":"","astra-migrate-meta-layouts":"default","ast-page-background-enabled":"default","ast-page-background-meta":{"desktop":{"background-color":"var(--ast-global-color-5)","background-image":"","background-repeat":"repeat","background-position":"center center","background-size":"auto","background-attachment":"scroll","background-type":"","background-media":"","overlay-type":"","overlay-color":"","overlay-opacity":"","overlay-gradient":""},"tablet":{"background-color":"","background-image":"","background-repeat":"repeat","background-position":"center center","background-size":"auto","background-attachment":"scroll","background-type":"","background-media":"","overlay-type":"","overlay-color":"","overlay-opacity":"","overlay-gradient":""},"mobile":{"background-color":"","background-image":"","background-repeat":"repeat","background-position":"center center","background-size":"auto","background-attachment":"scroll","background-type":"","background-media":"","overlay-type":"","overlay-color":"","overlay-opacity":"","overlay-gradient":""}},"ast-content-background-meta":{"desktop":{"background-color":"var(--ast-global-color-4)","background-image":"","background-repeat":"repeat","background-position":"center center","background-size":"auto","background-attachment":"scroll","background-type":"","background-media":"","overlay-type":"","overlay-color":"","overlay-opacity":"","overlay-gradient":""},"tablet":{"background-color":"var(--ast-global-color-4)","background-image":"","background-repeat":"repeat","background-position":"center center","background-size":"auto","background-attachment":"scroll","background-type":"","background-media":"","overlay-type":"","overlay-color":"","overlay-opacity":"","overlay-gradient":""},"mobile":{"background-color":"var(--ast-global-color-4)","background-image":"","background-repeat":"repeat","background-position":"center center","background-size":"auto","background-attachment":"scroll","background-type":"","background-media":"","overlay-type":"","overlay-color":"","overlay-opacity":"","overlay-gradient":""}},"footnotes":""},"class_list":["post-6508","page","type-page","status-publish","hentry"],"yoast_head":"<!-- This site is optimized with the Yoast SEO plugin v25.5 - https:\/\/yoast.com\/wordpress\/plugins\/seo\/ -->\n<title>L&#039;europe s&#039;engage pour le Festival Cin\u00e9ma d&#039;Ici - L&#039;Occitanie sur grand \u00e9cran - Festival Cin\u00e9ma d&#039;ici<\/title>\n<meta name=\"robots\" content=\"index, follow, max-snippet:-1, max-image-preview:large, max-video-preview:-1\" \/>\n<link rel=\"canonical\" href=\"https:\/\/cinemadautomne.fr\/?page_id=6508\" \/>\n<meta property=\"og:locale\" content=\"fr_FR\" \/>\n<meta property=\"og:type\" content=\"article\" \/>\n<meta property=\"og:title\" content=\"L&#039;europe s&#039;engage pour le Festival Cin\u00e9ma d&#039;Ici - L&#039;Occitanie sur grand \u00e9cran - Festival Cin\u00e9ma d&#039;ici\" \/>\n<meta property=\"og:description\" content=\"Le festival Cin\u00e9ma d\u2019Ici \u2013 L\u2019Occitanie sur grand \u00e9cran est cofinanc\u00e9 par l\u2019Union europ\u00e9enne. Ce soutien contribue au d\u00e9velLe festival [&hellip;]\" \/>\n<meta property=\"og:url\" content=\"https:\/\/cinemadautomne.fr\/?page_id=6508\" \/>\n<meta property=\"og:site_name\" content=\"Festival Cin\u00e9ma d&#039;ici\" \/>\n<meta property=\"article:publisher\" content=\"https:\/\/www.facebook.com\/cinemadautomne\" \/>\n<meta property=\"article:modified_time\" content=\"2026-09-02T09:22:57+00:00\" \/>\n<meta property=\"og:image\" content=\"https:\/\/cinemadautomne.fr\/wp-content\/uploads\/2026\/09\/Bloc-LOGO-LEADER-21-27-GAL-PETR-aout-2026-HD-scaled.png\" \/>\n\t<meta property=\"og:image:width\" content=\"2560\" \/>\n\t<meta property=\"og:image:height\" content=\"161\" \/>\n\t<meta property=\"og:image:type\" content=\"image\/png\" \/>\n<meta name=\"twitter:card\" content=\"summary_large_image\" \/>\n<meta name=\"twitter:label1\" content=\"Dur\u00e9e de lecture estim\u00e9e\" \/>\n\t<meta name=\"twitter:data1\" content=\"2 minutes\" \/>\n<script type=\"application\/ld+json\" class=\"yoast-schema-graph\">{\"@context\":\"https:\/\/schema.org\",\"@graph\":[{\"@type\":\"WebPage\",\"@id\":\"https:\/\/cinemadautomne.fr\/?page_id=6508\",\"url\":\"https:\/\/cinemadautomne.fr\/?page_id=6508\",\"name\":\"L'europe s'engage pour le Festival Cin\u00e9ma d'Ici - L'Occitanie sur grand \u00e9cran - Festival Cin\u00e9ma d&#039;ici\",\"isPartOf\":{\"@id\":\"https:\/\/cinemadautomne.fr\/#website\"},\"primaryImageOfPage\":{\"@id\":\"https:\/\/cinemadautomne.fr\/?page_id=6508#primaryimage\"},\"image\":{\"@id\":\"https:\/\/cinemadautomne.fr\/?page_id=6508#primaryimage\"},\"thumbnailUrl\":\"https:\/\/cinemadautomne.fr\/wp-content\/uploads\/2026\/09\/Bloc-LOGO-LEADER-21-27-GAL-PETR-aout-2026-HD-960x60.png\",\"datePublished\":\"2026-09-02T09:15:29+00:00\",\"dateModified\":\"2026-09-02T09:22:57+00:00\",\"breadcrumb\":{\"@id\":\"https:\/\/cinemadautomne.fr\/?page_id=6508#breadcrumb\"},\"inLanguage\":\"fr-FR\",\"potentialAction\":[{\"@type\":\"ReadAction\",\"target\":[\"https:\/\/cinemadautomne.fr\/?page_id=6508\"]}]},{\"@type\":\"ImageObject\",\"inLanguage\":\"fr-FR\",\"@id\":\"https:\/\/cinemadautomne.fr\/?page_id=6508#primaryimage\",\"url\":\"https:\/\/cinemadautomne.fr\/wp-content\/uploads\/2026\/09\/Bloc-LOGO-LEADER-21-27-GAL-PETR-aout-2026-HD-scaled.png\",\"contentUrl\":\"https:\/\/cinemadautomne.fr\/wp-content\/uploads\/2026\/09\/Bloc-LOGO-LEADER-21-27-GAL-PETR-aout-2026-HD-scaled.png\",\"width\":2560,\"height\":161,\"caption\":\"Logos partenaires festival Cin\u00e9ma d'Ici\"},{\"@type\":\"BreadcrumbList\",\"@id\":\"https:\/\/cinemadautomne.fr\/?page_id=6508#breadcrumb\",\"itemListElement\":[{\"@type\":\"ListItem\",\"position\":1,\"name\":\"Accueil\",\"item\":\"https:\/\/cinemadautomne.fr\/\"},{\"@type\":\"ListItem\",\"position\":2,\"name\":\"Partenaires\",\"item\":\"https:\/\/cinemadautomne.fr\/?page_id=5092\"},{\"@type\":\"ListItem\",\"position\":3,\"name\":\"L&rsquo;europe s&rsquo;engage pour le Festival Cin\u00e9ma d&rsquo;Ici &#8211; L&rsquo;Occitanie sur grand \u00e9cran\"}]},{\"@type\":\"WebSite\",\"@id\":\"https:\/\/cinemadautomne.fr\/#website\",\"url\":\"https:\/\/cinemadautomne.fr\/\",\"name\":\"Festival Cin\u00e9ma d'ici\",\"description\":\"du 23 au 27 septembre \u00e0 Castelnaudary\",\"publisher\":{\"@id\":\"https:\/\/cinemadautomne.fr\/#organization\"},\"potentialAction\":[{\"@type\":\"SearchAction\",\"target\":{\"@type\":\"EntryPoint\",\"urlTemplate\":\"https:\/\/cinemadautomne.fr\/?s={search_term_string}\"},\"query-input\":{\"@type\":\"PropertyValueSpecification\",\"valueRequired\":true,\"valueName\":\"search_term_string\"}}],\"inLanguage\":\"fr-FR\"},{\"@type\":\"Organization\",\"@id\":\"https:\/\/cinemadautomne.fr\/#organization\",\"name\":\"Festival Cin\u00e9ma d'ici\",\"url\":\"https:\/\/cinemadautomne.fr\/\",\"logo\":{\"@type\":\"ImageObject\",\"inLanguage\":\"fr-FR\",\"@id\":\"https:\/\/cinemadautomne.fr\/#\/schema\/logo\/image\/\",\"url\":\"https:\/\/cinemadautomne.fr\/wp-content\/uploads\/2021\/09\/CinemaDAutomnedivers_LogoFinal_03LieDeVin_RVB_Plan-de-travail-1-e1631457910433.jpg\",\"contentUrl\":\"https:\/\/cinemadautomne.fr\/wp-content\/uploads\/2021\/09\/CinemaDAutomnedivers_LogoFinal_03LieDeVin_RVB_Plan-de-travail-1-e1631457910433.jpg\",\"width\":350,\"height\":223,\"caption\":\"Festival Cin\u00e9ma d'ici\"},\"image\":{\"@id\":\"https:\/\/cinemadautomne.fr\/#\/schema\/logo\/image\/\"},\"sameAs\":[\"https:\/\/www.facebook.com\/cinemadautomne\",\"https:\/\/www.instagram.com\/festivalcineautomne\/\"]}]}<\/script>\n<!-- \/ Yoast SEO plugin. -->","yoast_head_json":{"title":"L'europe s'engage pour le Festival Cin\u00e9ma d'Ici - L'Occitanie sur grand \u00e9cran - Festival Cin\u00e9ma d&#039;ici","robots":{"index":"index","follow":"follow","max-snippet":"max-snippet:-1","max-image-preview":"max-image-preview:large","max-video-preview":"max-video-preview:-1"},"canonical":"https:\/\/cinemadautomne.fr\/?page_id=6508","og_locale":"fr_FR","og_type":"article","og_title":"L'europe s'engage pour le Festival Cin\u00e9ma d'Ici - L'Occitanie sur grand \u00e9cran - Festival Cin\u00e9ma d&#039;ici","og_description":"Le festival Cin\u00e9ma d\u2019Ici \u2013 L\u2019Occitanie sur grand \u00e9cran est cofinanc\u00e9 par l\u2019Union europ\u00e9enne. Ce soutien contribue au d\u00e9velLe festival [&hellip;]","og_url":"https:\/\/cinemadautomne.fr\/?page_id=6508","og_site_name":"Festival Cin\u00e9ma d&#039;ici","article_publisher":"https:\/\/www.facebook.com\/cinemadautomne","article_modified_time":"2026-09-02T09:22:57+00:00","og_image":[{"width":2560,"height":161,"url":"https:\/\/cinemadautomne.fr\/wp-content\/uploads\/2026\/09\/Bloc-LOGO-LEADER-21-27-GAL-PETR-aout-2026-HD-scaled.png","type":"image\/png"}],"twitter_card":"summary_large_image","twitter_misc":{"Dur\u00e9e de lecture estim\u00e9e":"2 minutes"},"schema":{"@context":"https:\/\/schema.org","@graph":[{"@type":"WebPage","@id":"https:\/\/cinemadautomne.fr\/?page_id=6508","url":"https:\/\/cinemadautomne.fr\/?page_id=6508","name":"L'europe s'engage pour le Festival Cin\u00e9ma d'Ici - L'Occitanie sur grand \u00e9cran - Festival Cin\u00e9ma d&#039;ici","isPartOf":{"@id":"https:\/\/cinemadautomne.fr\/#website"},"primaryImageOfPage":{"@id":"https:\/\/cinemadautomne.fr\/?page_id=6508#primaryimage"},"image":{"@id":"https:\/\/cinemadautomne.fr\/?page_id=6508#primaryimage"},"thumbnailUrl":"https:\/\/cinemadautomne.fr\/wp-content\/uploads\/2026\/09\/Bloc-LOGO-LEADER-21-27-GAL-PETR-aout-2026-HD-960x60.png","datePublished":"2026-09-02T09:15:29+00:00","dateModified":"2026-09-02T09:22:57+00:00","breadcrumb":{"@id":"https:\/\/cinemadautomne.fr\/?page_id=6508#breadcrumb"},"inLanguage":"fr-FR","potentialAction":[{"@type":"ReadAction","target":["https:\/\/cinemadautomne.fr\/?page_id=6508"]}]},{"@type":"ImageObject","inLanguage":"fr-FR","@id":"https:\/\/cinemadautomne.fr\/?page_id=6508#primaryimage","url":"https:\/\/cinemadautomne.fr\/wp-content\/uploads\/2026\/09\/Bloc-LOGO-LEADER-21-27-GAL-PETR-aout-2026-HD-scaled.png","contentUrl":"https:\/\/cinemadautomne.fr\/wp-content\/uploads\/2026\/09\/Bloc-LOGO-LEADER-21-27-GAL-PETR-aout-2026-HD-scaled.png","width":2560,"height":161,"caption":"Logos partenaires festival Cin\u00e9ma d'Ici"},{"@type":"BreadcrumbList","@id":"https:\/\/cinemadautomne.fr\/?page_id=6508#breadcrumb","itemListElement":[{"@type":"ListItem","position":1,"name":"Accueil","item":"https:\/\/cinemadautomne.fr\/"},{"@type":"ListItem","position":2,"name":"Partenaires","item":"https:\/\/cinemadautomne.fr\/?page_id=5092"},{"@type":"ListItem","position":3,"name":"L&rsquo;europe s&rsquo;engage pour le Festival Cin\u00e9ma d&rsquo;Ici &#8211; L&rsquo;Occitanie sur grand \u00e9cran"}]},{"@type":"WebSite","@id":"https:\/\/cinemadautomne.fr\/#website","url":"https:\/\/cinemadautomne.fr\/","name":"Festival Cin\u00e9ma d'ici","description":"du 23 au 27 septembre \u00e0 Castelnaudary","publisher":{"@id":"https:\/\/cinemadautomne.fr\/#organization"},"potentialAction":[{"@type":"SearchAction","target":{"@type":"EntryPoint","urlTemplate":"https:\/\/cinemadautomne.fr\/?s={search_term_string}"},"query-input":{"@type":"PropertyValueSpecification","valueRequired":true,"valueName":"search_term_string"}}],"inLanguage":"fr-FR"},{"@type":"Organization","@id":"https:\/\/cinemadautomne.fr\/#organization","name":"Festival Cin\u00e9ma d'ici","url":"https:\/\/cinemadautomne.fr\/","logo":{"@type":"ImageObject","inLanguage":"fr-FR","@id":"https:\/\/cinemadautomne.fr\/#\/schema\/logo\/image\/","url":"https:\/\/cinemadautomne.fr\/wp-content\/uploads\/2021\/09\/CinemaDAutomnedivers_LogoFinal_03LieDeVin_RVB_Plan-de-travail-1-e1631457910433.jpg","contentUrl":"https:\/\/cinemadautomne.fr\/wp-content\/uploads\/2021\/09\/CinemaDAutomnedivers_LogoFinal_03LieDeVin_RVB_Plan-de-travail-1-e1631457910433.jpg","width":350,"height":223,"caption":"Festival Cin\u00e9ma d'ici"},"image":{"@id":"https:\/\/cinemadautomne.fr\/#\/schema\/logo\/image\/"},"sameAs":["https:\/\/www.facebook.com\/cinemadautomne","https:\/\/www.instagram.com\/festivalcineautomne\/"]}]}},"_links":{"self":[{"href":"https:\/\/cinemadautomne.fr\/index.php?rest_route=\/wp\/v2\/pages\/6508","targetHints":{"allow":["GET"]}}],"collection":[{"href":"https:\/\/cinemadautomne.fr\/index.php?rest_route=\/wp\/v2\/pages"}],"about":[{"href":"https:\/\/cinemadautomne.fr\/index.php?rest_route=\/wp\/v2\/types\/page"}],"author":[{"embeddable":true,"href":"https:\/\/cinemadautomne.fr\/index.php?rest_route=\/wp\/v2\/users\/4"}],"replies":[{"embeddable":true,"href":"https:\/\/cinemadautomne.fr\/index.php?rest_route=%2Fwp%2Fv2%2Fcomments&post=6508"}],"version-history":[{"count":1,"href":"https:\/\/cinemadautomne.fr\/index.php?rest_route=\/wp\/v2\/pages\/6508\/revisions"}],"predecessor-version":[{"id":6509,"href":"https:\/\/cinemadautomne.fr\/index.php?rest_route=\/wp\/v2\/pages\/6508\/revisions\/6509"}],"up":[{"embeddable":true,"href":"https:\/\/cinemadautomne.fr\/index.php?rest_route=\/wp\/v2\/pages\/5092"}],"wp:attachment":[{"href":"https:\/\/cinemadautomne.fr\/index.php?rest_route=%2Fwp%2Fv2%2Fmedia&parent=6508"}],"curies":[{"name":"wp","href":"https:\/\/api.w.org\/{rel}","templated":true}]}}