{"id":6019,"date":"2025-09-11T15:46:01","date_gmt":"2025-09-11T15:46:01","guid":{"rendered":"https:\/\/cinemadautomne.fr\/?page_id=6019"},"modified":"2025-09-24T14:01:25","modified_gmt":"2025-09-24T14:01:25","slug":"programmation","status":"publish","type":"page","link":"https:\/\/cinemadautomne.fr\/?page_id=6019","title":{"rendered":"Programmation"},"content":{"rendered":"\t\t<div data-elementor-type=\"wp-page\" data-elementor-id=\"6019\" class=\"elementor elementor-6019\">\n\t\t\t\t<div class=\"elementor-element elementor-element-edbf35a e-flex e-con-boxed e-con e-parent\" data-id=\"edbf35a\" data-element_type=\"container\" data-settings=\"{&quot;shape_divider_top&quot;:&quot;mountains&quot;}\">\n\t\t\t\t\t<div class=\"e-con-inner\">\n\t\t\t\t<div class=\"elementor-shape elementor-shape-top\" aria-hidden=\"true\" data-negative=\"false\">\n\t\t\t<svg xmlns=\"http:\/\/www.w3.org\/2000\/svg\" viewBox=\"0 0 1000 100\" preserveAspectRatio=\"none\">\n\t<path class=\"elementor-shape-fill\" opacity=\"0.33\" d=\"M473,67.3c-203.9,88.3-263.1-34-320.3,0C66,119.1,0,59.7,0,59.7V0h1000v59.7 c0,0-62.1,26.1-94.9,29.3c-32.8,3.3-62.8-12.3-75.8-22.1C806,49.6,745.3,8.7,694.9,4.7S492.4,59,473,67.3z\"\/>\n\t<path class=\"elementor-shape-fill\" opacity=\"0.66\" d=\"M734,67.3c-45.5,0-77.2-23.2-129.1-39.1c-28.6-8.7-150.3-10.1-254,39.1 s-91.7-34.4-149.2,0C115.7,118.3,0,39.8,0,39.8V0h1000v36.5c0,0-28.2-18.5-92.1-18.5C810.2,18.1,775.7,67.3,734,67.3z\"\/>\n\t<path class=\"elementor-shape-fill\" d=\"M766.1,28.9c-200-57.5-266,65.5-395.1,19.5C242,1.8,242,5.4,184.8,20.6C128,35.8,132.3,44.9,89.9,52.5C28.6,63.7,0,0,0,0 h1000c0,0-9.9,40.9-83.6,48.1S829.6,47,766.1,28.9z\"\/>\n<\/svg>\t\t<\/div>\n\t\t\t\t<div class=\"elementor-element elementor-element-0bda936 elementor-widget elementor-widget-spacer\" data-id=\"0bda936\" data-element_type=\"widget\" data-widget_type=\"spacer.default\">\n\t\t\t\t\t\t\t<div class=\"elementor-spacer\">\n\t\t\t<div class=\"elementor-spacer-inner\"><\/div>\n\t\t<\/div>\n\t\t\t\t\t\t<\/div>\n\t\t\t\t<div class=\"elementor-element elementor-element-0ce5160 elementor-widget elementor-widget-heading\" data-id=\"0ce5160\" data-element_type=\"widget\" data-widget_type=\"heading.default\">\n\t\t\t\t\t<h2 class=\"elementor-heading-title elementor-size-default\">programmation<\/h2>\t\t\t\t<\/div>\n\t\t\t\t<div class=\"elementor-element elementor-element-1a7336c elementor-widget-divider--view-line elementor-widget elementor-widget-divider\" data-id=\"1a7336c\" data-element_type=\"widget\" data-widget_type=\"divider.default\">\n\t\t\t\t\t\t\t<div class=\"elementor-divider\">\n\t\t\t<span class=\"elementor-divider-separator\">\n\t\t\t\t\t\t<\/span>\n\t\t<\/div>\n\t\t\t\t\t\t<\/div>\n\t\t\t\t<div class=\"elementor-element elementor-element-5f9c68d elementor-widget elementor-widget-image\" data-id=\"5f9c68d\" data-element_type=\"widget\" data-widget_type=\"image.default\">\n\t\t\t\t\t\t\t\t\t\t\t\t\t\t\t<img fetchpriority=\"high\" decoding=\"async\" width=\"960\" height=\"365\" src=\"https:\/\/cinemadautomne.fr\/wp-content\/uploads\/2025\/09\/CinemaD_ici_Bandeau2025_A3_Propositions1_03-1-960x365.jpg\" class=\"attachment-large size-large wp-image-6327\" alt=\"Programme Festival Cin\u00e9ma d&#039;Ici 2025\" srcset=\"https:\/\/cinemadautomne.fr\/wp-content\/uploads\/2025\/09\/CinemaD_ici_Bandeau2025_A3_Propositions1_03-1-960x365.jpg 960w, https:\/\/cinemadautomne.fr\/wp-content\/uploads\/2025\/09\/CinemaD_ici_Bandeau2025_A3_Propositions1_03-1-595x226.jpg 595w, https:\/\/cinemadautomne.fr\/wp-content\/uploads\/2025\/09\/CinemaD_ici_Bandeau2025_A3_Propositions1_03-1-768x292.jpg 768w, https:\/\/cinemadautomne.fr\/wp-content\/uploads\/2025\/09\/CinemaD_ici_Bandeau2025_A3_Propositions1_03-1-1536x584.jpg 1536w, https:\/\/cinemadautomne.fr\/wp-content\/uploads\/2025\/09\/CinemaD_ici_Bandeau2025_A3_Propositions1_03-1.jpg 1640w\" sizes=\"(max-width: 960px) 100vw, 960px\" \/>\t\t\t\t\t\t\t\t\t\t\t\t\t\t\t<\/div>\n\t\t\t\t<div class=\"elementor-element elementor-element-8159849 elementor-widget elementor-widget-text-editor\" data-id=\"8159849\" data-element_type=\"widget\" data-widget_type=\"text-editor.default\">\n\t\t\t\t\t\t\t\t\t<p>Le festival Cin\u00e9ma d&rsquo;Ici, c&rsquo;est <strong>5 jours de projections et rencontres<\/strong>.<\/p><p>D\u00e9couvrez sans plus attendre le programme de cette 12\u00e8me \u00e9dition !<\/p>\t\t\t\t\t\t\t\t<\/div>\n\t\t\t\t<div class=\"elementor-element elementor-element-e4e94a3 elementor-widget elementor-widget-button\" data-id=\"e4e94a3\" data-element_type=\"widget\" data-widget_type=\"button.default\">\n\t\t\t\t\t\t\t\t\t\t<a class=\"elementor-button elementor-button-link elementor-size-sm\" href=\"https:\/\/cinemadautomne.fr\/wp-content\/uploads\/2025\/09\/Programme-Fetsival-Cinema-dIci-2025.pdf\" target=\"_blank\">\n\t\t\t\t\t\t<span class=\"elementor-button-content-wrapper\">\n\t\t\t\t\t\t\t\t\t<span class=\"elementor-button-text\">T\u00c9L\u00c9CHARGER LE PROGRAMME<\/span>\n\t\t\t\t\t<\/span>\n\t\t\t\t\t<\/a>\n\t\t\t\t\t\t\t\t<\/div>\n\t\t\t\t\t<\/div>\n\t\t\t\t<\/div>\n\t\t<div class=\"elementor-element elementor-element-1c6c2be e-flex e-con-boxed e-con e-parent\" data-id=\"1c6c2be\" data-element_type=\"container\">\n\t\t\t\t\t<div class=\"e-con-inner\">\n\t\t\t\t<div class=\"elementor-element elementor-element-7c3466b elementor-widget elementor-widget-n-accordion\" data-id=\"7c3466b\" data-element_type=\"widget\" data-settings=\"{&quot;default_state&quot;:&quot;all_collapsed&quot;,&quot;max_items_expended&quot;:&quot;one&quot;,&quot;n_accordion_animation_duration&quot;:{&quot;unit&quot;:&quot;ms&quot;,&quot;size&quot;:400,&quot;sizes&quot;:[]}}\" data-widget_type=\"nested-accordion.default\">\n\t\t\t\t\t\t\t<div class=\"e-n-accordion\" aria-label=\"Accordion. Open links with Enter or Space, close with Escape, and navigate with Arrow Keys\">\n\t\t\t\t\t\t<details id=\"e-n-accordion-item-1300\" class=\"e-n-accordion-item\" >\n\t\t\t\t<summary class=\"e-n-accordion-item-title\" data-accordion-index=\"1\" tabindex=\"0\" aria-expanded=\"false\" aria-controls=\"e-n-accordion-item-1300\" >\n\t\t\t\t\t<span class='e-n-accordion-item-title-header'><h3 class=\"e-n-accordion-item-title-text\"> MERCREDI 24 SEPTEMBRE <\/h3><\/span>\n\t\t\t\t\t\t\t<span class='e-n-accordion-item-title-icon'>\n\t\t\t<span class='e-opened' ><svg aria-hidden=\"true\" class=\"e-font-icon-svg e-fas-minus\" viewBox=\"0 0 448 512\" xmlns=\"http:\/\/www.w3.org\/2000\/svg\"><path d=\"M416 208H32c-17.67 0-32 14.33-32 32v32c0 17.67 14.33 32 32 32h384c17.67 0 32-14.33 32-32v-32c0-17.67-14.33-32-32-32z\"><\/path><\/svg><\/span>\n\t\t\t<span class='e-closed'><svg aria-hidden=\"true\" class=\"e-font-icon-svg e-fas-plus\" viewBox=\"0 0 448 512\" xmlns=\"http:\/\/www.w3.org\/2000\/svg\"><path d=\"M416 208H272V64c0-17.67-14.33-32-32-32h-32c-17.67 0-32 14.33-32 32v144H32c-17.67 0-32 14.33-32 32v32c0 17.67 14.33 32 32 32h144v144c0 17.67 14.33 32 32 32h32c17.67 0 32-14.33 32-32V304h144c17.67 0 32-14.33 32-32v-32c0-17.67-14.33-32-32-32z\"><\/path><\/svg><\/span>\n\t\t<\/span>\n\n\t\t\t\t\t\t<\/summary>\n\t\t\t\t<div role=\"region\" aria-labelledby=\"e-n-accordion-item-1300\" class=\"elementor-element elementor-element-26283db e-flex e-con-boxed e-con e-child\" data-id=\"26283db\" data-element_type=\"container\" data-settings=\"{&quot;shape_divider_top&quot;:&quot;mountains&quot;}\">\n\t\t\t\t\t<div class=\"e-con-inner\">\n\t\t\t\t<div class=\"elementor-shape elementor-shape-top\" aria-hidden=\"true\" data-negative=\"false\">\n\t\t\t<svg xmlns=\"http:\/\/www.w3.org\/2000\/svg\" viewBox=\"0 0 1000 100\" preserveAspectRatio=\"none\">\n\t<path class=\"elementor-shape-fill\" opacity=\"0.33\" d=\"M473,67.3c-203.9,88.3-263.1-34-320.3,0C66,119.1,0,59.7,0,59.7V0h1000v59.7 c0,0-62.1,26.1-94.9,29.3c-32.8,3.3-62.8-12.3-75.8-22.1C806,49.6,745.3,8.7,694.9,4.7S492.4,59,473,67.3z\"\/>\n\t<path class=\"elementor-shape-fill\" opacity=\"0.66\" d=\"M734,67.3c-45.5,0-77.2-23.2-129.1-39.1c-28.6-8.7-150.3-10.1-254,39.1 s-91.7-34.4-149.2,0C115.7,118.3,0,39.8,0,39.8V0h1000v36.5c0,0-28.2-18.5-92.1-18.5C810.2,18.1,775.7,67.3,734,67.3z\"\/>\n\t<path class=\"elementor-shape-fill\" d=\"M766.1,28.9c-200-57.5-266,65.5-395.1,19.5C242,1.8,242,5.4,184.8,20.6C128,35.8,132.3,44.9,89.9,52.5C28.6,63.7,0,0,0,0 h1000c0,0-9.9,40.9-83.6,48.1S829.6,47,766.1,28.9z\"\/>\n<\/svg>\t\t<\/div>\n\t\t\t\t<div class=\"elementor-element elementor-element-16fdf33 elementor-widget elementor-widget-spacer\" data-id=\"16fdf33\" data-element_type=\"widget\" data-widget_type=\"spacer.default\">\n\t\t\t\t\t\t\t<div class=\"elementor-spacer\">\n\t\t\t<div class=\"elementor-spacer-inner\"><\/div>\n\t\t<\/div>\n\t\t\t\t\t\t<\/div>\n\t\t\t\t<div class=\"elementor-element elementor-element-15d75f3 elementor-widget elementor-widget-heading\" data-id=\"15d75f3\" data-element_type=\"widget\" data-widget_type=\"heading.default\">\n\t\t\t\t\t<h3 class=\"elementor-heading-title elementor-size-default\">\u00e0 13h50 : RESTITUTION DE FILMS D'ATELIERS<\/h3>\t\t\t\t<\/div>\n\t\t\t\t<div class=\"elementor-element elementor-element-3699721 elementor-widget elementor-widget-text-editor\" data-id=\"3699721\" data-element_type=\"widget\" data-widget_type=\"text-editor.default\">\n\t\t\t\t\t\t\t\t\t<h5><span style=\"color: #ff9900;\"><strong>S\u00e9ance offerte<\/strong><\/span><\/h5>\t\t\t\t\t\t\t\t<\/div>\n\t\t\t\t<div class=\"elementor-element elementor-element-afb4572 elementor-position-right elementor-vertical-align-middle elementor-widget elementor-widget-image-box\" data-id=\"afb4572\" data-element_type=\"widget\" data-widget_type=\"image-box.default\">\n\t\t\t\t\t<div class=\"elementor-image-box-wrapper\"><figure class=\"elementor-image-box-img\"><img decoding=\"async\" width=\"1143\" height=\"1550\" src=\"https:\/\/cinemadautomne.fr\/wp-content\/uploads\/2025\/09\/Capture-decran-2025-09-05-a-09.35.25.png\" class=\"attachment-full size-full wp-image-6022\" alt=\"\" \/><\/figure><div class=\"elementor-image-box-content\"><h4 class=\"elementor-image-box-title\">9 courts-m\u00e9trages. Dur\u00e9e 1h<\/h4><p class=\"elementor-image-box-description\">Les ateliers de r\u00e9alisation permettent \u00e0 tous, quel que soit l\u2019\u00e2ge, de d\u00e9couvrir les \u00e9tapes de cr\u00e9ation d\u2019un film, de l\u2019\u00e9criture du sc\u00e9nario \u00e0 la prise de vue et la captation sonore. Chaque technique demande une approche particuli\u00e8re, et la projection sur grand \u00e9cran valorise l\u2019ing\u00e9niosit\u00e9, la pers\u00e9v\u00e9rance et la cr\u00e9ativit\u00e9 des jeunes, capables d\u2019aboutir \u00e0 un r\u00e9sultat souvent \u00e9tonnant. Avec la participation de l\u2019\u00e9cole Prosper Estieu, Kovisuel et la Classe \u00e0 horaires am\u00e9nag\u00e9s cin\u00e9ma du coll\u00e8ge des Fontanilles.<\/p><\/div><\/div>\t\t\t\t<\/div>\n\t\t\t\t<div class=\"elementor-element elementor-element-41e3abf elementor-widget-divider--separator-type-pattern elementor-widget-divider--view-line elementor-widget elementor-widget-divider\" data-id=\"41e3abf\" data-element_type=\"widget\" data-widget_type=\"divider.default\">\n\t\t\t\t\t\t\t<div class=\"elementor-divider\" style=\"--divider-pattern-url: url(&quot;data:image\/svg+xml,%3Csvg xmlns=&#039;http:\/\/www.w3.org\/2000\/svg&#039; preserveAspectRatio=&#039;none&#039; overflow=&#039;visible&#039; height=&#039;100%&#039; viewBox=&#039;0 0 24 24&#039; fill=&#039;none&#039; stroke=&#039;black&#039; stroke-width=&#039;1&#039; stroke-linecap=&#039;square&#039; stroke-miterlimit=&#039;10&#039;%3E%3Cpath d=&#039;M0,21c3.3,0,8.3-0.9,15.7-7.1c6.6-5.4,4.4-9.3,2.4-10.3c-3.4-1.8-7.7,1.3-7.3,8.8C11.2,20,17.1,21,24,21&#039;\/%3E%3C\/svg%3E&quot;);\">\n\t\t\t<span class=\"elementor-divider-separator\">\n\t\t\t\t\t\t<\/span>\n\t\t<\/div>\n\t\t\t\t\t\t<\/div>\n\t\t\t\t<div class=\"elementor-element elementor-element-e77fcf5 elementor-widget elementor-widget-heading\" data-id=\"e77fcf5\" data-element_type=\"widget\" data-widget_type=\"heading.default\">\n\t\t\t\t\t<h3 class=\"elementor-heading-title elementor-size-default\">\u00e0 15h00 : TERRA WILLY<\/h3>\t\t\t\t<\/div>\n\t\t\t\t<div class=\"elementor-element elementor-element-32add8d elementor-widget elementor-widget-text-editor\" data-id=\"32add8d\" data-element_type=\"widget\" data-widget_type=\"text-editor.default\">\n\t\t\t\t\t\t\t\t\t<h5><span style=\"color: #ff9900;\"><strong>25 ans de TAT<\/strong><\/span><\/h5>\t\t\t\t\t\t\t\t<\/div>\n\t\t\t\t<div class=\"elementor-element elementor-element-a12f997 elementor-position-right elementor-vertical-align-middle elementor-widget elementor-widget-image-box\" data-id=\"a12f997\" data-element_type=\"widget\" data-widget_type=\"image-box.default\">\n\t\t\t\t\t<div class=\"elementor-image-box-wrapper\"><figure class=\"elementor-image-box-img\"><img decoding=\"async\" width=\"1200\" height=\"1600\" src=\"https:\/\/cinemadautomne.fr\/wp-content\/uploads\/2025\/09\/5826325.jpg\" class=\"attachment-full size-full wp-image-6021\" alt=\"\" srcset=\"https:\/\/cinemadautomne.fr\/wp-content\/uploads\/2025\/09\/5826325.jpg 1200w, https:\/\/cinemadautomne.fr\/wp-content\/uploads\/2025\/09\/5826325-595x793.jpg 595w, https:\/\/cinemadautomne.fr\/wp-content\/uploads\/2025\/09\/5826325-960x1280.jpg 960w, https:\/\/cinemadautomne.fr\/wp-content\/uploads\/2025\/09\/5826325-480x640.jpg 480w, https:\/\/cinemadautomne.fr\/wp-content\/uploads\/2025\/09\/5826325-768x1024.jpg 768w, https:\/\/cinemadautomne.fr\/wp-content\/uploads\/2025\/09\/5826325-1152x1536.jpg 1152w\" sizes=\"(max-width: 1200px) 100vw, 1200px\" \/><\/figure><div class=\"elementor-image-box-content\"><h4 class=\"elementor-image-box-title\">Film d'aventure, animation d'Eric Tosti. Dur\u00e9e 1h30. <\/h4><p class=\"elementor-image-box-description\">Suite \u00e0 la destruction de leur vaisseau, le jeune Willy est s\u00e9par\u00e9 de ses parents avec lesquels il voyageait dans l'espace. Sa capsule de secours atterrit sur une plan\u00e8te sauvage et inexplor\u00e9e. Avec l'aide de Buck, un robot de survie, il va devoir tenir jusqu'\u00e0 l'arriv\u00e9e d'une mission de sauvetage. En attendant, Willy, Buck et Flash, une cr\u00e9ature extra-terrestre avec laquelle ils se sont li\u00e9s d'amiti\u00e9, partent \u00e0 la d\u00e9couverte de la plan\u00e8te, de sa faune, sa flore\u2026 mais aussi de ses dangers.<\/p><\/div><\/div>\t\t\t\t<\/div>\n\t\t\t\t<div class=\"elementor-element elementor-element-237d65e elementor-widget-divider--separator-type-pattern elementor-widget-divider--view-line elementor-widget elementor-widget-divider\" data-id=\"237d65e\" data-element_type=\"widget\" data-widget_type=\"divider.default\">\n\t\t\t\t\t\t\t<div class=\"elementor-divider\" style=\"--divider-pattern-url: url(&quot;data:image\/svg+xml,%3Csvg xmlns=&#039;http:\/\/www.w3.org\/2000\/svg&#039; preserveAspectRatio=&#039;none&#039; overflow=&#039;visible&#039; height=&#039;100%&#039; viewBox=&#039;0 0 24 24&#039; fill=&#039;none&#039; stroke=&#039;black&#039; stroke-width=&#039;1&#039; stroke-linecap=&#039;square&#039; stroke-miterlimit=&#039;10&#039;%3E%3Cpath d=&#039;M0,21c3.3,0,8.3-0.9,15.7-7.1c6.6-5.4,4.4-9.3,2.4-10.3c-3.4-1.8-7.7,1.3-7.3,8.8C11.2,20,17.1,21,24,21&#039;\/%3E%3C\/svg%3E&quot;);\">\n\t\t\t<span class=\"elementor-divider-separator\">\n\t\t\t\t\t\t<\/span>\n\t\t<\/div>\n\t\t\t\t\t\t<\/div>\n\t\t\t\t<div class=\"elementor-element elementor-element-c57f6a3 elementor-widget elementor-widget-heading\" data-id=\"c57f6a3\" data-element_type=\"widget\" data-widget_type=\"heading.default\">\n\t\t\t\t\t<h3 class=\"elementor-heading-title elementor-size-default\">\u00e0 18h30 : ECRAN MON AMOUR<\/h3>\t\t\t\t<\/div>\n\t\t\t\t<div class=\"elementor-element elementor-element-a54d5bc elementor-widget elementor-widget-text-editor\" data-id=\"a54d5bc\" data-element_type=\"widget\" data-widget_type=\"text-editor.default\">\n\t\t\t\t\t\t\t\t\t<h5><span style=\"color: #ff9900;\"><strong>S\u00e9ance offerte<\/strong><\/span><\/h5>\t\t\t\t\t\t\t\t<\/div>\n\t\t\t\t<div class=\"elementor-element elementor-element-a521c95 elementor-position-right elementor-vertical-align-middle elementor-widget elementor-widget-image-box\" data-id=\"a521c95\" data-element_type=\"widget\" data-widget_type=\"image-box.default\">\n\t\t\t\t\t<div class=\"elementor-image-box-wrapper\"><figure class=\"elementor-image-box-img\"><img loading=\"lazy\" decoding=\"async\" width=\"533\" height=\"800\" src=\"https:\/\/cinemadautomne.fr\/wp-content\/uploads\/2025\/09\/EmA_Roques-IMG_0706-web-533x800-1.jpeg\" class=\"attachment-full size-full wp-image-6044\" alt=\"\" \/><\/figure><div class=\"elementor-image-box-content\"><h4 class=\"elementor-image-box-title\"> Spectacle de Guillaume Hoenig. Dur\u00e9e 1h.<\/h4><p class=\"elementor-image-box-description\">\u00c0 mi-chemin entre la conf\u00e9rence gesticul\u00e9e et l\u2019attraction de th\u00e9\u00e2tre forain, \u201c\u00c9cran mon amour\u201d nous embarque dans les coulisses des studios de cin\u00e9ma et nous d\u00e9voile trucs et astuces utilis\u00e9s pour nous captiver. \u201c\u00c9cran mon amour\u201d est un spectacle pr\u00e9sent\u00e9 par Guillaume Hoenig, chef op\u00e9rateur sp\u00e9cialis\u00e9 dans les effets sp\u00e9ciaux, qui nous montre comment le langage cin\u00e9matographique et l\u2019image anim\u00e9e ont \u00e9volu\u00e9 pour nous faire ressentir des \u00e9motions fortes.<\/p><\/div><\/div>\t\t\t\t<\/div>\n\t\t\t\t<div class=\"elementor-element elementor-element-3d9811b elementor-widget-divider--separator-type-pattern elementor-widget-divider--view-line elementor-widget elementor-widget-divider\" data-id=\"3d9811b\" data-element_type=\"widget\" data-widget_type=\"divider.default\">\n\t\t\t\t\t\t\t<div class=\"elementor-divider\" style=\"--divider-pattern-url: url(&quot;data:image\/svg+xml,%3Csvg xmlns=&#039;http:\/\/www.w3.org\/2000\/svg&#039; preserveAspectRatio=&#039;none&#039; overflow=&#039;visible&#039; height=&#039;100%&#039; viewBox=&#039;0 0 24 24&#039; fill=&#039;none&#039; stroke=&#039;black&#039; stroke-width=&#039;1&#039; stroke-linecap=&#039;square&#039; stroke-miterlimit=&#039;10&#039;%3E%3Cpath d=&#039;M0,21c3.3,0,8.3-0.9,15.7-7.1c6.6-5.4,4.4-9.3,2.4-10.3c-3.4-1.8-7.7,1.3-7.3,8.8C11.2,20,17.1,21,24,21&#039;\/%3E%3C\/svg%3E&quot;);\">\n\t\t\t<span class=\"elementor-divider-separator\">\n\t\t\t\t\t\t<\/span>\n\t\t<\/div>\n\t\t\t\t\t\t<\/div>\n\t\t\t\t<div class=\"elementor-element elementor-element-86e3852 elementor-widget elementor-widget-heading\" data-id=\"86e3852\" data-element_type=\"widget\" data-widget_type=\"heading.default\">\n\t\t\t\t\t<h3 class=\"elementor-heading-title elementor-size-default\">\u00e0 20h40 : SUR LES CHEMINS NOIRS<\/h3>\t\t\t\t<\/div>\n\t\t\t\t<div class=\"elementor-element elementor-element-214a83f elementor-position-left elementor-vertical-align-middle elementor-widget elementor-widget-image-box\" data-id=\"214a83f\" data-element_type=\"widget\" data-widget_type=\"image-box.default\">\n\t\t\t\t\t<div class=\"elementor-image-box-wrapper\"><figure class=\"elementor-image-box-img\"><img loading=\"lazy\" decoding=\"async\" width=\"301\" height=\"307\" src=\"https:\/\/cinemadautomne.fr\/wp-content\/uploads\/2025\/09\/Capture-decran-2025-09-05-a-10.41.48.png\" class=\"attachment-full size-full wp-image-6064\" alt=\"\" \/><\/figure><div class=\"elementor-image-box-content\"><h3 class=\"elementor-image-box-title\">En pr\u00e9sence du r\u00e9alisateur Denis Imbert<\/h3><\/div><\/div>\t\t\t\t<\/div>\n\t\t\t\t<div class=\"elementor-element elementor-element-622d9f5 elementor-position-right elementor-vertical-align-middle elementor-widget elementor-widget-image-box\" data-id=\"622d9f5\" data-element_type=\"widget\" data-widget_type=\"image-box.default\">\n\t\t\t\t\t<div class=\"elementor-image-box-wrapper\"><figure class=\"elementor-image-box-img\"><img loading=\"lazy\" decoding=\"async\" width=\"1177\" height=\"1600\" src=\"https:\/\/cinemadautomne.fr\/wp-content\/uploads\/2025\/09\/sur-les-chemins-noirs.jpg\" class=\"attachment-full size-full wp-image-6045\" alt=\"\" srcset=\"https:\/\/cinemadautomne.fr\/wp-content\/uploads\/2025\/09\/sur-les-chemins-noirs.jpg 1177w, https:\/\/cinemadautomne.fr\/wp-content\/uploads\/2025\/09\/sur-les-chemins-noirs-595x809.jpg 595w, https:\/\/cinemadautomne.fr\/wp-content\/uploads\/2025\/09\/sur-les-chemins-noirs-960x1305.jpg 960w, https:\/\/cinemadautomne.fr\/wp-content\/uploads\/2025\/09\/sur-les-chemins-noirs-768x1044.jpg 768w, https:\/\/cinemadautomne.fr\/wp-content\/uploads\/2025\/09\/sur-les-chemins-noirs-1130x1536.jpg 1130w\" sizes=\"(max-width: 1177px) 100vw, 1177px\" \/><\/figure><div class=\"elementor-image-box-content\"><h4 class=\"elementor-image-box-title\">Drame de Denis Imbert. Dur\u00e9e 1h34.<\/h4><p class=\"elementor-image-box-description\">Librement inspir\u00e9 de Sur les chemins noirs de Sylvain Tesson (2016).\n\nUn soir d'ivresse, Pierre, \u00e9crivain explorateur, fait une chute de plusieurs \u00e9tages. Cet accident le plonge dans un coma profond. Sur son lit d'h\u00f4pital, revenu \u00e0 la vie, il se fait la promesse de traverser la France \u00e0 pied du Mercantour au Cotentin. Un voyage unique et hors du temps \u00e0 la rencontre de l'hyper-ruralit\u00e9, de la beaut\u00e9 de la France et de la renaissance de soi.<\/p><\/div><\/div>\t\t\t\t<\/div>\n\t\t\t\t<div class=\"elementor-element elementor-element-727a592 elementor-widget elementor-widget-text-editor\" data-id=\"727a592\" data-element_type=\"widget\" data-widget_type=\"text-editor.default\">\n\t\t\t\t\t\t\t\t\t<p>Pr\u00e9c\u00e9d\u00e9 du court-m\u00e9trage SANS LES MAINS (ensav).<br \/><span style=\"color: #800000;\"><em><span class=\"a_GcMg font-feature-liga-off font-feature-clig-off font-feature-calt-off text-decoration-none text-strikethrough-none\">Il n&rsquo;est jamais trop tard pour apprendre \u00e0 faire du v\u00e9lo sans les mains !<\/span><\/em><\/span><\/p>\t\t\t\t\t\t\t\t<\/div>\n\t\t\t\t<div class=\"elementor-element elementor-element-b55086a elementor-widget-divider--separator-type-pattern elementor-widget-divider--view-line elementor-widget elementor-widget-divider\" data-id=\"b55086a\" data-element_type=\"widget\" data-widget_type=\"divider.default\">\n\t\t\t\t\t\t\t<div class=\"elementor-divider\" style=\"--divider-pattern-url: url(&quot;data:image\/svg+xml,%3Csvg xmlns=&#039;http:\/\/www.w3.org\/2000\/svg&#039; preserveAspectRatio=&#039;none&#039; overflow=&#039;visible&#039; height=&#039;100%&#039; viewBox=&#039;0 0 24 24&#039; fill=&#039;none&#039; stroke=&#039;black&#039; stroke-width=&#039;1&#039; stroke-linecap=&#039;square&#039; stroke-miterlimit=&#039;10&#039;%3E%3Cpath d=&#039;M0,21c3.3,0,8.3-0.9,15.7-7.1c6.6-5.4,4.4-9.3,2.4-10.3c-3.4-1.8-7.7,1.3-7.3,8.8C11.2,20,17.1,21,24,21&#039;\/%3E%3C\/svg%3E&quot;);\">\n\t\t\t<span class=\"elementor-divider-separator\">\n\t\t\t\t\t\t<\/span>\n\t\t<\/div>\n\t\t\t\t\t\t<\/div>\n\t\t\t\t\t<\/div>\n\t\t\t\t<\/div>\n\t\t\t\t\t<\/details>\n\t\t\t\t\t\t<details id=\"e-n-accordion-item-1301\" class=\"e-n-accordion-item\" >\n\t\t\t\t<summary class=\"e-n-accordion-item-title\" data-accordion-index=\"2\" tabindex=\"-1\" aria-expanded=\"false\" aria-controls=\"e-n-accordion-item-1301\" >\n\t\t\t\t\t<span class='e-n-accordion-item-title-header'><h3 class=\"e-n-accordion-item-title-text\"> JEUDI 25 SEPTEMBRE <\/h3><\/span>\n\t\t\t\t\t\t\t<span class='e-n-accordion-item-title-icon'>\n\t\t\t<span class='e-opened' ><svg aria-hidden=\"true\" class=\"e-font-icon-svg e-fas-minus\" viewBox=\"0 0 448 512\" xmlns=\"http:\/\/www.w3.org\/2000\/svg\"><path d=\"M416 208H32c-17.67 0-32 14.33-32 32v32c0 17.67 14.33 32 32 32h384c17.67 0 32-14.33 32-32v-32c0-17.67-14.33-32-32-32z\"><\/path><\/svg><\/span>\n\t\t\t<span class='e-closed'><svg aria-hidden=\"true\" class=\"e-font-icon-svg e-fas-plus\" viewBox=\"0 0 448 512\" xmlns=\"http:\/\/www.w3.org\/2000\/svg\"><path d=\"M416 208H272V64c0-17.67-14.33-32-32-32h-32c-17.67 0-32 14.33-32 32v144H32c-17.67 0-32 14.33-32 32v32c0 17.67 14.33 32 32 32h144v144c0 17.67 14.33 32 32 32h32c17.67 0 32-14.33 32-32V304h144c17.67 0 32-14.33 32-32v-32c0-17.67-14.33-32-32-32z\"><\/path><\/svg><\/span>\n\t\t<\/span>\n\n\t\t\t\t\t\t<\/summary>\n\t\t\t\t<div role=\"region\" aria-labelledby=\"e-n-accordion-item-1301\" class=\"elementor-element elementor-element-c330e79 e-con-full e-flex e-con e-child\" data-id=\"c330e79\" data-element_type=\"container\" data-settings=\"{&quot;shape_divider_top&quot;:&quot;mountains&quot;}\">\n\t\t\t\t<div class=\"elementor-shape elementor-shape-top\" aria-hidden=\"true\" data-negative=\"false\">\n\t\t\t<svg xmlns=\"http:\/\/www.w3.org\/2000\/svg\" viewBox=\"0 0 1000 100\" preserveAspectRatio=\"none\">\n\t<path class=\"elementor-shape-fill\" opacity=\"0.33\" d=\"M473,67.3c-203.9,88.3-263.1-34-320.3,0C66,119.1,0,59.7,0,59.7V0h1000v59.7 c0,0-62.1,26.1-94.9,29.3c-32.8,3.3-62.8-12.3-75.8-22.1C806,49.6,745.3,8.7,694.9,4.7S492.4,59,473,67.3z\"\/>\n\t<path class=\"elementor-shape-fill\" opacity=\"0.66\" d=\"M734,67.3c-45.5,0-77.2-23.2-129.1-39.1c-28.6-8.7-150.3-10.1-254,39.1 s-91.7-34.4-149.2,0C115.7,118.3,0,39.8,0,39.8V0h1000v36.5c0,0-28.2-18.5-92.1-18.5C810.2,18.1,775.7,67.3,734,67.3z\"\/>\n\t<path class=\"elementor-shape-fill\" d=\"M766.1,28.9c-200-57.5-266,65.5-395.1,19.5C242,1.8,242,5.4,184.8,20.6C128,35.8,132.3,44.9,89.9,52.5C28.6,63.7,0,0,0,0 h1000c0,0-9.9,40.9-83.6,48.1S829.6,47,766.1,28.9z\"\/>\n<\/svg>\t\t<\/div>\n\t\t\t\t<div class=\"elementor-element elementor-element-4349f0c elementor-widget elementor-widget-spacer\" data-id=\"4349f0c\" data-element_type=\"widget\" data-widget_type=\"spacer.default\">\n\t\t\t\t\t\t\t<div class=\"elementor-spacer\">\n\t\t\t<div class=\"elementor-spacer-inner\"><\/div>\n\t\t<\/div>\n\t\t\t\t\t\t<\/div>\n\t\t\t\t<div class=\"elementor-element elementor-element-2fe43d9 elementor-widget elementor-widget-heading\" data-id=\"2fe43d9\" data-element_type=\"widget\" data-widget_type=\"heading.default\">\n\t\t\t\t\t<h3 class=\"elementor-heading-title elementor-size-default\">\u00e0 13h50 : SE SOUVENIR DES TOURNESOLS<\/h3>\t\t\t\t<\/div>\n\t\t\t\t<div class=\"elementor-element elementor-element-04c3509 elementor-position-right elementor-vertical-align-middle elementor-widget elementor-widget-image-box\" data-id=\"04c3509\" data-element_type=\"widget\" data-widget_type=\"image-box.default\">\n\t\t\t\t\t<div class=\"elementor-image-box-wrapper\"><figure class=\"elementor-image-box-img\"><img loading=\"lazy\" decoding=\"async\" width=\"1200\" height=\"1600\" src=\"https:\/\/cinemadautomne.fr\/wp-content\/uploads\/2025\/09\/c35f35d4f549f9e748cd0e217464395e.jpg\" class=\"attachment-full size-full wp-image-6055\" alt=\"\" srcset=\"https:\/\/cinemadautomne.fr\/wp-content\/uploads\/2025\/09\/c35f35d4f549f9e748cd0e217464395e.jpg 1200w, https:\/\/cinemadautomne.fr\/wp-content\/uploads\/2025\/09\/c35f35d4f549f9e748cd0e217464395e-595x793.jpg 595w, https:\/\/cinemadautomne.fr\/wp-content\/uploads\/2025\/09\/c35f35d4f549f9e748cd0e217464395e-960x1280.jpg 960w, https:\/\/cinemadautomne.fr\/wp-content\/uploads\/2025\/09\/c35f35d4f549f9e748cd0e217464395e-480x640.jpg 480w, https:\/\/cinemadautomne.fr\/wp-content\/uploads\/2025\/09\/c35f35d4f549f9e748cd0e217464395e-768x1024.jpg 768w, https:\/\/cinemadautomne.fr\/wp-content\/uploads\/2025\/09\/c35f35d4f549f9e748cd0e217464395e-1152x1536.jpg 1152w\" sizes=\"(max-width: 1200px) 100vw, 1200px\" \/><\/figure><div class=\"elementor-image-box-content\"><h4 class=\"elementor-image-box-title\">Documentaire de Sandrine Mercier et Juan Gordillo Hildago. Dur\u00e9e 1h27.<\/h4><p class=\"elementor-image-box-description\">Partir ou rester ? C'est le dilemme d'Ana\u00efs, 17 ans, profond\u00e9ment attach\u00e9e \u00e0 son Gers natal dans le Sud-Ouest de la France et \u00e0 ses amis de la fanfare. Son bac en poche, elle devra quitter sa famille et la vie \u00e0 la campagne. Au fil de ce dernier \u00e9t\u00e9, Ana\u00efs prend conscience de ce qu'elle aime et doit laisser derri\u00e8re elle : la musique, les f\u00eates de village, la beaut\u00e9 des champs de tournesols... Mais comment avoir un avenir en pleine \u00ab diagonale du vide \u00bb ?<\/p><\/div><\/div>\t\t\t\t<\/div>\n\t\t\t\t<div class=\"elementor-element elementor-element-a095455 elementor-widget-divider--separator-type-pattern elementor-widget-divider--view-line elementor-widget elementor-widget-divider\" data-id=\"a095455\" data-element_type=\"widget\" data-widget_type=\"divider.default\">\n\t\t\t\t\t\t\t<div class=\"elementor-divider\" style=\"--divider-pattern-url: url(&quot;data:image\/svg+xml,%3Csvg xmlns=&#039;http:\/\/www.w3.org\/2000\/svg&#039; preserveAspectRatio=&#039;none&#039; overflow=&#039;visible&#039; height=&#039;100%&#039; viewBox=&#039;0 0 24 24&#039; fill=&#039;none&#039; stroke=&#039;black&#039; stroke-width=&#039;1&#039; stroke-linecap=&#039;square&#039; stroke-miterlimit=&#039;10&#039;%3E%3Cpath d=&#039;M0,21c3.3,0,8.3-0.9,15.7-7.1c6.6-5.4,4.4-9.3,2.4-10.3c-3.4-1.8-7.7,1.3-7.3,8.8C11.2,20,17.1,21,24,21&#039;\/%3E%3C\/svg%3E&quot;);\">\n\t\t\t<span class=\"elementor-divider-separator\">\n\t\t\t\t\t\t<\/span>\n\t\t<\/div>\n\t\t\t\t\t\t<\/div>\n\t\t\t\t<div class=\"elementor-element elementor-element-e3a93da elementor-widget elementor-widget-heading\" data-id=\"e3a93da\" data-element_type=\"widget\" data-widget_type=\"heading.default\">\n\t\t\t\t\t<h3 class=\"elementor-heading-title elementor-size-default\">\u00e0 18h00 : VIVANT PARMI LES VIVANTS<\/h3>\t\t\t\t<\/div>\n\t\t\t\t<div class=\"elementor-element elementor-element-0a6b333 elementor-position-left elementor-vertical-align-middle elementor-widget elementor-widget-image-box\" data-id=\"0a6b333\" data-element_type=\"widget\" data-widget_type=\"image-box.default\">\n\t\t\t\t\t<div class=\"elementor-image-box-wrapper\"><figure class=\"elementor-image-box-img\"><img loading=\"lazy\" decoding=\"async\" width=\"294\" height=\"295\" src=\"https:\/\/cinemadautomne.fr\/wp-content\/uploads\/2025\/09\/Capture-decran-2025-09-05-a-18.34.42.png\" class=\"attachment-full size-full wp-image-6143\" alt=\"\" \/><\/figure><div class=\"elementor-image-box-content\"><h3 class=\"elementor-image-box-title\">En la pr\u00e9sence du r\u00e9alisateur Sylv\u00e8re Petit<\/h3><\/div><\/div>\t\t\t\t<\/div>\n\t\t\t\t<div class=\"elementor-element elementor-element-d5eab6d elementor-position-right elementor-vertical-align-middle elementor-widget elementor-widget-image-box\" data-id=\"d5eab6d\" data-element_type=\"widget\" data-widget_type=\"image-box.default\">\n\t\t\t\t\t<div class=\"elementor-image-box-wrapper\"><figure class=\"elementor-image-box-img\"><img loading=\"lazy\" decoding=\"async\" width=\"194\" height=\"259\" src=\"https:\/\/cinemadautomne.fr\/wp-content\/uploads\/2025\/09\/vivant.jpg\" class=\"attachment-full size-full wp-image-6056\" alt=\"\" \/><\/figure><div class=\"elementor-image-box-content\"><h4 class=\"elementor-image-box-title\">Documentaire de Sylv\u00e8re Petit. Dur\u00e9e 1h34.<\/h4><p class=\"elementor-image-box-description\">Avec les philosophes Vinciane Despret et Baptiste Morizot, Sylv\u00e8re Petit propose de sortir de l'entresoi de notre esp\u00e8ce pour imaginer, le temps d'un film, faire soci\u00e9t\u00e9 avec l'ensemble des vivants. Vers une politique inter-esp\u00e8ce, une \"\u00e9thopolitique\" ? Et \u00e0 travers l'\u00e9thologie qui le passionne, Sylv\u00e8re Petit questionne \u00e9galement le cin\u00e9ma.<\/p><\/div><\/div>\t\t\t\t<\/div>\n\t\t\t\t<div class=\"elementor-element elementor-element-fb834f3 elementor-widget-divider--separator-type-pattern elementor-widget-divider--view-line elementor-widget elementor-widget-divider\" data-id=\"fb834f3\" data-element_type=\"widget\" data-widget_type=\"divider.default\">\n\t\t\t\t\t\t\t<div class=\"elementor-divider\" style=\"--divider-pattern-url: url(&quot;data:image\/svg+xml,%3Csvg xmlns=&#039;http:\/\/www.w3.org\/2000\/svg&#039; preserveAspectRatio=&#039;none&#039; overflow=&#039;visible&#039; height=&#039;100%&#039; viewBox=&#039;0 0 24 24&#039; fill=&#039;none&#039; stroke=&#039;black&#039; stroke-width=&#039;1&#039; stroke-linecap=&#039;square&#039; stroke-miterlimit=&#039;10&#039;%3E%3Cpath d=&#039;M0,21c3.3,0,8.3-0.9,15.7-7.1c6.6-5.4,4.4-9.3,2.4-10.3c-3.4-1.8-7.7,1.3-7.3,8.8C11.2,20,17.1,21,24,21&#039;\/%3E%3C\/svg%3E&quot;);\">\n\t\t\t<span class=\"elementor-divider-separator\">\n\t\t\t\t\t\t<\/span>\n\t\t<\/div>\n\t\t\t\t\t\t<\/div>\n\t\t\t\t<div class=\"elementor-element elementor-element-1247ef9 elementor-widget elementor-widget-heading\" data-id=\"1247ef9\" data-element_type=\"widget\" data-widget_type=\"heading.default\">\n\t\t\t\t\t<h3 class=\"elementor-heading-title elementor-size-default\">\u00e0 20h40 : ANGE<\/h3>\t\t\t\t<\/div>\n\t\t\t\t<div class=\"elementor-element elementor-element-e713003 elementor-position-right elementor-vertical-align-middle elementor-widget elementor-widget-image-box\" data-id=\"e713003\" data-element_type=\"widget\" data-widget_type=\"image-box.default\">\n\t\t\t\t\t<div class=\"elementor-image-box-wrapper\"><figure class=\"elementor-image-box-img\"><img loading=\"lazy\" decoding=\"async\" width=\"1200\" height=\"1600\" src=\"https:\/\/cinemadautomne.fr\/wp-content\/uploads\/2025\/09\/ange.jpg\" class=\"attachment-full size-full wp-image-6057\" alt=\"\" srcset=\"https:\/\/cinemadautomne.fr\/wp-content\/uploads\/2025\/09\/ange.jpg 1200w, https:\/\/cinemadautomne.fr\/wp-content\/uploads\/2025\/09\/ange-595x793.jpg 595w, https:\/\/cinemadautomne.fr\/wp-content\/uploads\/2025\/09\/ange-960x1280.jpg 960w, https:\/\/cinemadautomne.fr\/wp-content\/uploads\/2025\/09\/ange-480x640.jpg 480w, https:\/\/cinemadautomne.fr\/wp-content\/uploads\/2025\/09\/ange-768x1024.jpg 768w, https:\/\/cinemadautomne.fr\/wp-content\/uploads\/2025\/09\/ange-1152x1536.jpg 1152w\" sizes=\"(max-width: 1200px) 100vw, 1200px\" \/><\/figure><div class=\"elementor-image-box-content\"><h4 class=\"elementor-image-box-title\">Drame de Tony Gatlif. Dur\u00e9e 1h37.<\/h4><p class=\"elementor-image-box-description\">Ce film est pr\u00e9sent\u00e9 au Cin\u00e9ma de la plage au Festival de Cannes 2025. Ange, voyageur solitaire et ethnologue de profession, doit pour rembourser sa dette, mettre le cap sur les bords de la M\u00e9diterran\u00e9e. Alors qu'il a pris les routes au volant de son vieux van telle n'est pas sa surprise quand il retrouve cach\u00e9e dans le coffre sa fille de 17 ans dont il vient \u00e0 peine d'apprendre l'existence. <\/p><\/div><\/div>\t\t\t\t<\/div>\n\t\t\t\t<div class=\"elementor-element elementor-element-5ac2eb9 elementor-widget elementor-widget-text-editor\" data-id=\"5ac2eb9\" data-element_type=\"widget\" data-widget_type=\"text-editor.default\">\n\t\t\t\t\t\t\t\t\t<p>Pr\u00e9c\u00e9d\u00e9 du court-m\u00e9trage BERCEUSE (ensav).<br \/><em><span class=\"a_GcMg font-feature-liga-off font-feature-clig-off font-feature-calt-off text-decoration-none text-strikethrough-none\" style=\"color: #800000;\">Un puzzle sans rebord, en apesanteur dans le bleu d&rsquo;une po\u00e9sie murmur\u00e9e \u00e0 notre oreille<\/span><\/em><\/p>\t\t\t\t\t\t\t\t<\/div>\n\t\t\t\t<div class=\"elementor-element elementor-element-a9389b3 elementor-position-right elementor-vertical-align-middle elementor-widget elementor-widget-image-box\" data-id=\"a9389b3\" data-element_type=\"widget\" data-widget_type=\"image-box.default\">\n\t\t\t\t\t<div class=\"elementor-image-box-wrapper\"><figure class=\"elementor-image-box-img\"><img decoding=\"async\" src=\"https:\/\/cinemadautomne.fr\/wp-content\/uploads\/2025\/09\/Concert_Sikania_2509.jpg\" class=\"attachment-full size-full wp-image-6074\" alt=\"\" \/><\/figure><div class=\"elementor-image-box-content\"><h4 class=\"elementor-image-box-title\">Pr\u00e9c\u00e9d\u00e9 \u00e0 partir de 19h du concert de SIKANIA organis\u00e9 par la m\u00e9diath\u00e8que Georges Canguilhem - Gratuit<\/h4><p class=\"elementor-image-box-description\">Sikania joue un r\u00e9pertoire de compositions originales et chants traditionnels siciliens (chant de travail, chants sacr\u00e9s et d'amour).\nLe trio s\u2019accorde pour entrem\u00ealer les fils de la tradition orale, de la polyphonie, du jazz et de l\u2019improvisation.\nLeurs chansons expriment les influences musicales tr\u00e8s riches de la Sicile, une ile aux carrefour des cultures m\u00e9diterran\u00e9ennes.<\/p><\/div><\/div>\t\t\t\t<\/div>\n\t\t\t\t<div class=\"elementor-element elementor-element-9fa751c elementor-widget-divider--separator-type-pattern elementor-widget-divider--view-line elementor-widget elementor-widget-divider\" data-id=\"9fa751c\" data-element_type=\"widget\" data-widget_type=\"divider.default\">\n\t\t\t\t\t\t\t<div class=\"elementor-divider\" style=\"--divider-pattern-url: url(&quot;data:image\/svg+xml,%3Csvg xmlns=&#039;http:\/\/www.w3.org\/2000\/svg&#039; preserveAspectRatio=&#039;none&#039; overflow=&#039;visible&#039; height=&#039;100%&#039; viewBox=&#039;0 0 24 24&#039; fill=&#039;none&#039; stroke=&#039;black&#039; stroke-width=&#039;1&#039; stroke-linecap=&#039;square&#039; stroke-miterlimit=&#039;10&#039;%3E%3Cpath d=&#039;M0,21c3.3,0,8.3-0.9,15.7-7.1c6.6-5.4,4.4-9.3,2.4-10.3c-3.4-1.8-7.7,1.3-7.3,8.8C11.2,20,17.1,21,24,21&#039;\/%3E%3C\/svg%3E&quot;);\">\n\t\t\t<span class=\"elementor-divider-separator\">\n\t\t\t\t\t\t<\/span>\n\t\t<\/div>\n\t\t\t\t\t\t<\/div>\n\t\t\t\t<\/div>\n\t\t\t\t\t<\/details>\n\t\t\t\t\t\t<details id=\"e-n-accordion-item-1302\" class=\"e-n-accordion-item\" >\n\t\t\t\t<summary class=\"e-n-accordion-item-title\" data-accordion-index=\"3\" tabindex=\"-1\" aria-expanded=\"false\" aria-controls=\"e-n-accordion-item-1302\" >\n\t\t\t\t\t<span class='e-n-accordion-item-title-header'><h3 class=\"e-n-accordion-item-title-text\"> VENDREDI 26 SEPTEMBRE <\/h3><\/span>\n\t\t\t\t\t\t\t<span class='e-n-accordion-item-title-icon'>\n\t\t\t<span class='e-opened' ><svg aria-hidden=\"true\" class=\"e-font-icon-svg e-fas-minus\" viewBox=\"0 0 448 512\" xmlns=\"http:\/\/www.w3.org\/2000\/svg\"><path d=\"M416 208H32c-17.67 0-32 14.33-32 32v32c0 17.67 14.33 32 32 32h384c17.67 0 32-14.33 32-32v-32c0-17.67-14.33-32-32-32z\"><\/path><\/svg><\/span>\n\t\t\t<span class='e-closed'><svg aria-hidden=\"true\" class=\"e-font-icon-svg e-fas-plus\" viewBox=\"0 0 448 512\" xmlns=\"http:\/\/www.w3.org\/2000\/svg\"><path d=\"M416 208H272V64c0-17.67-14.33-32-32-32h-32c-17.67 0-32 14.33-32 32v144H32c-17.67 0-32 14.33-32 32v32c0 17.67 14.33 32 32 32h144v144c0 17.67 14.33 32 32 32h32c17.67 0 32-14.33 32-32V304h144c17.67 0 32-14.33 32-32v-32c0-17.67-14.33-32-32-32z\"><\/path><\/svg><\/span>\n\t\t<\/span>\n\n\t\t\t\t\t\t<\/summary>\n\t\t\t\t<div role=\"region\" aria-labelledby=\"e-n-accordion-item-1302\" class=\"elementor-element elementor-element-e69b33d e-con-full e-flex e-con e-child\" data-id=\"e69b33d\" data-element_type=\"container\" data-settings=\"{&quot;shape_divider_top&quot;:&quot;mountains&quot;}\">\n\t\t\t\t<div class=\"elementor-shape elementor-shape-top\" aria-hidden=\"true\" data-negative=\"false\">\n\t\t\t<svg xmlns=\"http:\/\/www.w3.org\/2000\/svg\" viewBox=\"0 0 1000 100\" preserveAspectRatio=\"none\">\n\t<path class=\"elementor-shape-fill\" opacity=\"0.33\" d=\"M473,67.3c-203.9,88.3-263.1-34-320.3,0C66,119.1,0,59.7,0,59.7V0h1000v59.7 c0,0-62.1,26.1-94.9,29.3c-32.8,3.3-62.8-12.3-75.8-22.1C806,49.6,745.3,8.7,694.9,4.7S492.4,59,473,67.3z\"\/>\n\t<path class=\"elementor-shape-fill\" opacity=\"0.66\" d=\"M734,67.3c-45.5,0-77.2-23.2-129.1-39.1c-28.6-8.7-150.3-10.1-254,39.1 s-91.7-34.4-149.2,0C115.7,118.3,0,39.8,0,39.8V0h1000v36.5c0,0-28.2-18.5-92.1-18.5C810.2,18.1,775.7,67.3,734,67.3z\"\/>\n\t<path class=\"elementor-shape-fill\" d=\"M766.1,28.9c-200-57.5-266,65.5-395.1,19.5C242,1.8,242,5.4,184.8,20.6C128,35.8,132.3,44.9,89.9,52.5C28.6,63.7,0,0,0,0 h1000c0,0-9.9,40.9-83.6,48.1S829.6,47,766.1,28.9z\"\/>\n<\/svg>\t\t<\/div>\n\t\t\t\t<div class=\"elementor-element elementor-element-2cfa9b8 elementor-widget elementor-widget-spacer\" data-id=\"2cfa9b8\" data-element_type=\"widget\" data-widget_type=\"spacer.default\">\n\t\t\t\t\t\t\t<div class=\"elementor-spacer\">\n\t\t\t<div class=\"elementor-spacer-inner\"><\/div>\n\t\t<\/div>\n\t\t\t\t\t\t<\/div>\n\t\t\t\t<div class=\"elementor-element elementor-element-dcafde8 elementor-widget elementor-widget-heading\" data-id=\"dcafde8\" data-element_type=\"widget\" data-widget_type=\"heading.default\">\n\t\t\t\t\t<h3 class=\"elementor-heading-title elementor-size-default\">\u00e0 13h50 : ALLAH N'EST PAS OBLIGE<\/h3>\t\t\t\t<\/div>\n\t\t\t\t<div class=\"elementor-element elementor-element-400d149 elementor-widget elementor-widget-text-editor\" data-id=\"400d149\" data-element_type=\"widget\" data-widget_type=\"text-editor.default\">\n\t\t\t\t\t\t\t\t\t<h5><span style=\"color: #ff9900;\"><strong>en AVANT-PREMIERE<\/strong><\/span><\/h5>\t\t\t\t\t\t\t\t<\/div>\n\t\t\t\t<div class=\"elementor-element elementor-element-5e888ef elementor-position-right elementor-vertical-align-middle elementor-widget elementor-widget-image-box\" data-id=\"5e888ef\" data-element_type=\"widget\" data-widget_type=\"image-box.default\">\n\t\t\t\t\t<div class=\"elementor-image-box-wrapper\"><figure class=\"elementor-image-box-img\"><img loading=\"lazy\" decoding=\"async\" width=\"724\" height=\"1024\" src=\"https:\/\/cinemadautomne.fr\/wp-content\/uploads\/2025\/09\/allah-n-est-pas-oblige.jpg\" class=\"attachment-full size-full wp-image-6078\" alt=\"\" srcset=\"https:\/\/cinemadautomne.fr\/wp-content\/uploads\/2025\/09\/allah-n-est-pas-oblige.jpg 724w, https:\/\/cinemadautomne.fr\/wp-content\/uploads\/2025\/09\/allah-n-est-pas-oblige-595x842.jpg 595w\" sizes=\"(max-width: 724px) 100vw, 724px\" \/><\/figure><div class=\"elementor-image-box-content\"><h4 class=\"elementor-image-box-title\">Film d'animation, drame de Zaven Najjar<\/h4><p class=\"elementor-image-box-description\">Birahima, orphelin guin\u00e9en d'une dizaine d'ann\u00e9es, raconte avec ironie comment il est pr\u00e9cipit\u00e9 dans la guerre en tentant de rejoindre sa tante au Lib\u00e9ria. Yacouba, un homme douteux, le convainc de devenir enfant soldat, tandis qu'il devient grigriman et f\u00e9ticheur parmi les combattants. Balad\u00e9 entre les factions ennemies, Birahima grandit en acc\u00e9l\u00e9r\u00e9 et apprend \u00e0 se m\u00e9fier des histoires qu'on lui raconte.<\/p><\/div><\/div>\t\t\t\t<\/div>\n\t\t\t\t<div class=\"elementor-element elementor-element-8595e75 elementor-widget-divider--separator-type-pattern elementor-widget-divider--view-line elementor-widget elementor-widget-divider\" data-id=\"8595e75\" data-element_type=\"widget\" data-widget_type=\"divider.default\">\n\t\t\t\t\t\t\t<div class=\"elementor-divider\" style=\"--divider-pattern-url: url(&quot;data:image\/svg+xml,%3Csvg xmlns=&#039;http:\/\/www.w3.org\/2000\/svg&#039; preserveAspectRatio=&#039;none&#039; overflow=&#039;visible&#039; height=&#039;100%&#039; viewBox=&#039;0 0 24 24&#039; fill=&#039;none&#039; stroke=&#039;black&#039; stroke-width=&#039;1&#039; stroke-linecap=&#039;square&#039; stroke-miterlimit=&#039;10&#039;%3E%3Cpath d=&#039;M0,21c3.3,0,8.3-0.9,15.7-7.1c6.6-5.4,4.4-9.3,2.4-10.3c-3.4-1.8-7.7,1.3-7.3,8.8C11.2,20,17.1,21,24,21&#039;\/%3E%3C\/svg%3E&quot;);\">\n\t\t\t<span class=\"elementor-divider-separator\">\n\t\t\t\t\t\t<\/span>\n\t\t<\/div>\n\t\t\t\t\t\t<\/div>\n\t\t\t\t<div class=\"elementor-element elementor-element-900f25a elementor-widget elementor-widget-heading\" data-id=\"900f25a\" data-element_type=\"widget\" data-widget_type=\"heading.default\">\n\t\t\t\t\t<h3 class=\"elementor-heading-title elementor-size-default\">\u00e0 15h50 : UN NOUVEAU SOUFFLE, LA REPONSE DE LA BERGERE, BELLOC<\/h3>\t\t\t\t<\/div>\n\t\t\t\t<div class=\"elementor-element elementor-element-60d0cca elementor-position-left elementor-vertical-align-middle elementor-widget elementor-widget-image-box\" data-id=\"60d0cca\" data-element_type=\"widget\" data-widget_type=\"image-box.default\">\n\t\t\t\t\t<div class=\"elementor-image-box-wrapper\"><figure class=\"elementor-image-box-img\"><img loading=\"lazy\" decoding=\"async\" width=\"374\" height=\"212\" src=\"https:\/\/cinemadautomne.fr\/wp-content\/uploads\/2025\/09\/Capture-decran-2025-09-05-a-11.52.12.png\" class=\"attachment-full size-full wp-image-6080\" alt=\"\" \/><\/figure><div class=\"elementor-image-box-content\"><h3 class=\"elementor-image-box-title\">En pr\u00e9sence des r\u00e9alisatrices Sandra Ducasse et Jeanne Bourgon<\/h3><\/div><\/div>\t\t\t\t<\/div>\n\t\t\t\t<div class=\"elementor-element elementor-element-8afb4f7 elementor-position-right elementor-vertical-align-middle elementor-widget elementor-widget-image-box\" data-id=\"8afb4f7\" data-element_type=\"widget\" data-widget_type=\"image-box.default\">\n\t\t\t\t\t<div class=\"elementor-image-box-wrapper\"><figure class=\"elementor-image-box-img\"><img loading=\"lazy\" decoding=\"async\" width=\"337\" height=\"477\" src=\"https:\/\/cinemadautomne.fr\/wp-content\/uploads\/2025\/09\/rdb.png\" class=\"attachment-full size-full wp-image-6079\" alt=\"\" \/><\/figure><div class=\"elementor-image-box-content\"><h4 class=\"elementor-image-box-title\">Documentaires de Sandra Ducasse et Jeanne Bourgon. Dur\u00e9e 1h26.<\/h4><p class=\"elementor-image-box-description\">UN NOUVEAU SOUFFLE : Sabine est productrice de plantes aromatiques et m\u00e9dicinales depuis onze ans. Elle aime ce m\u00e9tier qui lui donne tant. Mais aujourd\u2019hui, elle est \u00e9puis\u00e9e. Elle cherche un nouveau souffle\u2026\nLA REPONSE DE LA BERGERE : Avant de devenir berg\u00e8re vers Carcassonne, Manon \u00e9tait v\u00e9g\u00e9tarienne et vivait en ville, dans le nord de la France. Engag\u00e9e contre la souffrance animale, la berg\u00e8re \u00e9l\u00e8ve ses brebis du mieux qu\u2019elle peut, s\u2019investissant pour les accompagner jusqu\u2019\u00e0 leur dernier souffle. La jeune femme a pour projet, avec d\u2019autres \u00e9leveurs et \u00e9leveuses de l\u2019Aude, de cr\u00e9er un abattoir mobile. Mais comment peut-on \u00e9lever et tuer des animaux que l\u2019on aime ?Face \u00e0 ces interrogations, Manon nous apporte une r\u00e9ponse nourrie de ses r\u00e9flexions sur notre rapport \u00e0 la nature, aux animaux, \u00e0 la consommation, \u00e0 la vie et \u00e0 la mort.\nBELLOC : Fred et \u00c9milie, la petite quarantaine, sont install\u00e9s depuis 5 ans en Ari\u00e8ge. Avant ils \u00e9taient... monitrice d'\u00e9quitation et \u00e9lagueur-grimpeur. Ils vivent modestement dans un joyeux bordel dans leur mobil home face aux Pyr\u00e9n\u00e9es. Avec quelques ch\u00e8vres, Emilie fait du fromage, tandis que Fred \u00e9l\u00e8ve des moutons. En parall\u00e8le, ils tentent l'\u00e9levage de vaches, un vieux r\u00eave d'\u00c9milie.<\/p><\/div><\/div>\t\t\t\t<\/div>\n\t\t\t\t<div class=\"elementor-element elementor-element-fe673be elementor-widget-divider--separator-type-pattern elementor-widget-divider--view-line elementor-widget elementor-widget-divider\" data-id=\"fe673be\" data-element_type=\"widget\" data-widget_type=\"divider.default\">\n\t\t\t\t\t\t\t<div class=\"elementor-divider\" style=\"--divider-pattern-url: url(&quot;data:image\/svg+xml,%3Csvg xmlns=&#039;http:\/\/www.w3.org\/2000\/svg&#039; preserveAspectRatio=&#039;none&#039; overflow=&#039;visible&#039; height=&#039;100%&#039; viewBox=&#039;0 0 24 24&#039; fill=&#039;none&#039; stroke=&#039;black&#039; stroke-width=&#039;1&#039; stroke-linecap=&#039;square&#039; stroke-miterlimit=&#039;10&#039;%3E%3Cpath d=&#039;M0,21c3.3,0,8.3-0.9,15.7-7.1c6.6-5.4,4.4-9.3,2.4-10.3c-3.4-1.8-7.7,1.3-7.3,8.8C11.2,20,17.1,21,24,21&#039;\/%3E%3C\/svg%3E&quot;);\">\n\t\t\t<span class=\"elementor-divider-separator\">\n\t\t\t\t\t\t<\/span>\n\t\t<\/div>\n\t\t\t\t\t\t<\/div>\n\t\t\t\t<div class=\"elementor-element elementor-element-089452b elementor-widget elementor-widget-heading\" data-id=\"089452b\" data-element_type=\"widget\" data-widget_type=\"heading.default\">\n\t\t\t\t\t<h3 class=\"elementor-heading-title elementor-size-default\">\u00e0 18h30 : LES SONS SONT LES SENS DES IMAGES<\/h3>\t\t\t\t<\/div>\n\t\t\t\t<div class=\"elementor-element elementor-element-507da72 elementor-widget elementor-widget-text-editor\" data-id=\"507da72\" data-element_type=\"widget\" data-widget_type=\"text-editor.default\">\n\t\t\t\t\t\t\t\t\t<h5><span style=\"color: #ff9900;\"><strong>S\u00e9ance offerte<\/strong><\/span><\/h5>\t\t\t\t\t\t\t\t<\/div>\n\t\t\t\t<div class=\"elementor-element elementor-element-b0952cb elementor-position-left elementor-vertical-align-middle elementor-widget elementor-widget-image-box\" data-id=\"b0952cb\" data-element_type=\"widget\" data-widget_type=\"image-box.default\">\n\t\t\t\t\t<div class=\"elementor-image-box-wrapper\"><figure class=\"elementor-image-box-img\"><img loading=\"lazy\" decoding=\"async\" width=\"274\" height=\"274\" src=\"https:\/\/cinemadautomne.fr\/wp-content\/uploads\/2025\/09\/Capture-decran-2025-09-05-a-11.55.50.png\" class=\"attachment-full size-full wp-image-6081\" alt=\"\" \/><\/figure><div class=\"elementor-image-box-content\"><h3 class=\"elementor-image-box-title\">En la pr\u00e9sence de Christophe Heral, compositeur et designer sonore<\/h3><p class=\"elementor-image-box-description\">La relation entre musique et cin\u00e9ma est profonde : \ndepuis le muet, elle renforce l\u2019\u00e9motion, guide le \nspectateur et donne une identit\u00e9 \u00e0 l\u2019histoire.\n Christophe H\u00e9ral, compositeur et sound designer \nfran\u00e7ais, s\u2019est illustr\u00e9 dans la musique de films, \nd\u2019animation et surtout de jeux vid\u00e9o. Il a d\u00e9but\u00e9 avec le studio Folimage avant de marquer le jeu vid\u00e9o par des musiques expressives et originales, m\u00ealant orchestre, voix et exp\u00e9rimentations sonores. Son style, reconnu pour sa cr\u00e9ativit\u00e9 et son humour musical, soutient autant l\u2019\u00e9motion que l\u2019action.<\/p><\/div><\/div>\t\t\t\t<\/div>\n\t\t\t\t<div class=\"elementor-element elementor-element-7c2d103 elementor-position-right elementor-vertical-align-middle elementor-widget elementor-widget-image-box\" data-id=\"7c2d103\" data-element_type=\"widget\" data-widget_type=\"image-box.default\">\n\t\t\t\t\t<div class=\"elementor-image-box-wrapper\"><figure class=\"elementor-image-box-img\"><img loading=\"lazy\" decoding=\"async\" width=\"800\" height=\"600\" src=\"https:\/\/cinemadautomne.fr\/wp-content\/uploads\/2025\/09\/la_queue_de_la_souris_2.jpg\" class=\"attachment-full size-full wp-image-6082\" alt=\"\" srcset=\"https:\/\/cinemadautomne.fr\/wp-content\/uploads\/2025\/09\/la_queue_de_la_souris_2.jpg 800w, https:\/\/cinemadautomne.fr\/wp-content\/uploads\/2025\/09\/la_queue_de_la_souris_2-595x446.jpg 595w, https:\/\/cinemadautomne.fr\/wp-content\/uploads\/2025\/09\/la_queue_de_la_souris_2-768x576.jpg 768w\" sizes=\"(max-width: 800px) 100vw, 800px\" \/><\/figure><div class=\"elementor-image-box-content\"><h4 class=\"elementor-image-box-title\">Master class. Dur\u00e9e 1h30.<\/h4><p class=\"elementor-image-box-description\">Cette master class proposera une immersion dans le processus cr\u00e9atif de Christophe H\u00e9ral autour de plusieurs films d\u2019animation (L\u2019\u00cele de Black M\u00f3r, Le Voyage du Prince, K\u00e9rity la maison des contes, La Queue de la souris, P\u00e9riph\u00e9ria\u2026). Accessible \u00e0 tous, elle m\u00ealera extraits et \u00e9changes pour mettre en lumi\u00e8re son travail avec des r\u00e9alisateurs comme Jean-Fran\u00e7ois Laguionie. On y d\u00e9couvrira comment les sons et les \u00e9motions se sculptent en interaction avec l\u2019image, une v\u00e9ritable \u201cpalette invisible\u201d qui enrichit le r\u00e9cit.<\/p><\/div><\/div>\t\t\t\t<\/div>\n\t\t\t\t<div class=\"elementor-element elementor-element-744e5d9 elementor-widget-divider--separator-type-pattern elementor-widget-divider--view-line elementor-widget elementor-widget-divider\" data-id=\"744e5d9\" data-element_type=\"widget\" data-widget_type=\"divider.default\">\n\t\t\t\t\t\t\t<div class=\"elementor-divider\" style=\"--divider-pattern-url: url(&quot;data:image\/svg+xml,%3Csvg xmlns=&#039;http:\/\/www.w3.org\/2000\/svg&#039; preserveAspectRatio=&#039;none&#039; overflow=&#039;visible&#039; height=&#039;100%&#039; viewBox=&#039;0 0 24 24&#039; fill=&#039;none&#039; stroke=&#039;black&#039; stroke-width=&#039;1&#039; stroke-linecap=&#039;square&#039; stroke-miterlimit=&#039;10&#039;%3E%3Cpath d=&#039;M0,21c3.3,0,8.3-0.9,15.7-7.1c6.6-5.4,4.4-9.3,2.4-10.3c-3.4-1.8-7.7,1.3-7.3,8.8C11.2,20,17.1,21,24,21&#039;\/%3E%3C\/svg%3E&quot;);\">\n\t\t\t<span class=\"elementor-divider-separator\">\n\t\t\t\t\t\t<\/span>\n\t\t<\/div>\n\t\t\t\t\t\t<\/div>\n\t\t\t\t<div class=\"elementor-element elementor-element-15748ec elementor-widget elementor-widget-heading\" data-id=\"15748ec\" data-element_type=\"widget\" data-widget_type=\"heading.default\">\n\t\t\t\t\t<h3 class=\"elementor-heading-title elementor-size-default\">\u00e0 20h40 : BELLE ENFANT<\/h3>\t\t\t\t<\/div>\n\t\t\t\t<div class=\"elementor-element elementor-element-a27ef74 elementor-position-left elementor-vertical-align-middle elementor-widget elementor-widget-image-box\" data-id=\"a27ef74\" data-element_type=\"widget\" data-widget_type=\"image-box.default\">\n\t\t\t\t\t<div class=\"elementor-image-box-wrapper\"><figure class=\"elementor-image-box-img\"><img loading=\"lazy\" decoding=\"async\" width=\"310\" height=\"420\" src=\"https:\/\/cinemadautomne.fr\/wp-content\/uploads\/2025\/09\/marinebohin.jpg\" class=\"attachment-full size-full wp-image-6242\" alt=\"\" \/><\/figure><div class=\"elementor-image-box-content\"><h3 class=\"elementor-image-box-title\">En la pr\u00e9sence de l'actrice principale, Marine Bohin<\/h3><\/div><\/div>\t\t\t\t<\/div>\n\t\t\t\t<div class=\"elementor-element elementor-element-98669fa elementor-position-right elementor-vertical-align-middle elementor-widget elementor-widget-image-box\" data-id=\"98669fa\" data-element_type=\"widget\" data-widget_type=\"image-box.default\">\n\t\t\t\t\t<div class=\"elementor-image-box-wrapper\"><figure class=\"elementor-image-box-img\"><img loading=\"lazy\" decoding=\"async\" width=\"767\" height=\"1080\" src=\"https:\/\/cinemadautomne.fr\/wp-content\/uploads\/2025\/09\/belle-enfant.jpg\" class=\"attachment-full size-full wp-image-6243\" alt=\"\" srcset=\"https:\/\/cinemadautomne.fr\/wp-content\/uploads\/2025\/09\/belle-enfant.jpg 767w, https:\/\/cinemadautomne.fr\/wp-content\/uploads\/2025\/09\/belle-enfant-595x838.jpg 595w\" sizes=\"(max-width: 767px) 100vw, 767px\" \/><\/figure><div class=\"elementor-image-box-content\"><h4 class=\"elementor-image-box-title\">Com\u00e9die dramatique de Jim. Dur\u00e9e 1h42.<\/h4><p class=\"elementor-image-box-description\">\u00c9mily, jeune femme fantasque qui peine \u00e0 devenir adulte, s'est d\u00e9tach\u00e9e de sa famille dysfonctionnelle depuis longtemps. Lorsqu'elle apprend la tentative de suicide de sa m\u00e8re, \u00c9mily d\u00e9cide de la rejoindre avec ses soeurs, en Italie... mais d\u00e9couvre que tout ceci n'\u00e9tait qu'une mise en sc\u00e8ne, destin\u00e9e \u00e0 les rassembler dans une belle villa face \u00e0 la mer. Furieuse, Emily s'enfuit dans G\u00eanes o\u00f9 elle rencontre l'\u00e9trange Gabin, qui va l'aider \u00e0 affronter les secrets de cette famille pas comme les autres.<\/p><\/div><\/div>\t\t\t\t<\/div>\n\t\t\t\t<div class=\"elementor-element elementor-element-eb92903 elementor-widget elementor-widget-text-editor\" data-id=\"eb92903\" data-element_type=\"widget\" data-widget_type=\"text-editor.default\">\n\t\t\t\t\t\t\t\t\t<p>Pr\u00e9c\u00e9d\u00e9 du court-m\u00e9trage <span class=\"a_GcMg font-feature-liga-off font-feature-clig-off font-feature-calt-off text-decoration-none text-strikethrough-none\">GELEE DESIR<\/span> (ensav).<br \/><span style=\"color: #800000;\"><em>Un triangle amoureux in\u00e9dit, attendrissant comme une gel\u00e9e anglaise.<\/em><\/span><\/p>\t\t\t\t\t\t\t\t<\/div>\n\t\t\t\t<div class=\"elementor-element elementor-element-27b06fc elementor-widget-divider--separator-type-pattern elementor-widget-divider--view-line elementor-widget elementor-widget-divider\" data-id=\"27b06fc\" data-element_type=\"widget\" data-widget_type=\"divider.default\">\n\t\t\t\t\t\t\t<div class=\"elementor-divider\" style=\"--divider-pattern-url: url(&quot;data:image\/svg+xml,%3Csvg xmlns=&#039;http:\/\/www.w3.org\/2000\/svg&#039; preserveAspectRatio=&#039;none&#039; overflow=&#039;visible&#039; height=&#039;100%&#039; viewBox=&#039;0 0 24 24&#039; fill=&#039;none&#039; stroke=&#039;black&#039; stroke-width=&#039;1&#039; stroke-linecap=&#039;square&#039; stroke-miterlimit=&#039;10&#039;%3E%3Cpath d=&#039;M0,21c3.3,0,8.3-0.9,15.7-7.1c6.6-5.4,4.4-9.3,2.4-10.3c-3.4-1.8-7.7,1.3-7.3,8.8C11.2,20,17.1,21,24,21&#039;\/%3E%3C\/svg%3E&quot;);\">\n\t\t\t<span class=\"elementor-divider-separator\">\n\t\t\t\t\t\t<\/span>\n\t\t<\/div>\n\t\t\t\t\t\t<\/div>\n\t\t\t\t<\/div>\n\t\t\t\t\t<\/details>\n\t\t\t\t\t\t<details id=\"e-n-accordion-item-1303\" class=\"e-n-accordion-item\" >\n\t\t\t\t<summary class=\"e-n-accordion-item-title\" data-accordion-index=\"4\" tabindex=\"-1\" aria-expanded=\"false\" aria-controls=\"e-n-accordion-item-1303\" >\n\t\t\t\t\t<span class='e-n-accordion-item-title-header'><h3 class=\"e-n-accordion-item-title-text\"> SAMEDI 27 SEPTEMBRE <\/h3><\/span>\n\t\t\t\t\t\t\t<span class='e-n-accordion-item-title-icon'>\n\t\t\t<span class='e-opened' ><svg aria-hidden=\"true\" class=\"e-font-icon-svg e-fas-minus\" viewBox=\"0 0 448 512\" xmlns=\"http:\/\/www.w3.org\/2000\/svg\"><path d=\"M416 208H32c-17.67 0-32 14.33-32 32v32c0 17.67 14.33 32 32 32h384c17.67 0 32-14.33 32-32v-32c0-17.67-14.33-32-32-32z\"><\/path><\/svg><\/span>\n\t\t\t<span class='e-closed'><svg aria-hidden=\"true\" class=\"e-font-icon-svg e-fas-plus\" viewBox=\"0 0 448 512\" xmlns=\"http:\/\/www.w3.org\/2000\/svg\"><path d=\"M416 208H272V64c0-17.67-14.33-32-32-32h-32c-17.67 0-32 14.33-32 32v144H32c-17.67 0-32 14.33-32 32v32c0 17.67 14.33 32 32 32h144v144c0 17.67 14.33 32 32 32h32c17.67 0 32-14.33 32-32V304h144c17.67 0 32-14.33 32-32v-32c0-17.67-14.33-32-32-32z\"><\/path><\/svg><\/span>\n\t\t<\/span>\n\n\t\t\t\t\t\t<\/summary>\n\t\t\t\t<div role=\"region\" aria-labelledby=\"e-n-accordion-item-1303\" class=\"elementor-element elementor-element-18c1120 e-flex e-con-boxed e-con e-child\" data-id=\"18c1120\" data-element_type=\"container\" data-settings=\"{&quot;shape_divider_top&quot;:&quot;mountains&quot;}\">\n\t\t\t\t\t<div class=\"e-con-inner\">\n\t\t\t\t<div class=\"elementor-shape elementor-shape-top\" aria-hidden=\"true\" data-negative=\"false\">\n\t\t\t<svg xmlns=\"http:\/\/www.w3.org\/2000\/svg\" viewBox=\"0 0 1000 100\" preserveAspectRatio=\"none\">\n\t<path class=\"elementor-shape-fill\" opacity=\"0.33\" d=\"M473,67.3c-203.9,88.3-263.1-34-320.3,0C66,119.1,0,59.7,0,59.7V0h1000v59.7 c0,0-62.1,26.1-94.9,29.3c-32.8,3.3-62.8-12.3-75.8-22.1C806,49.6,745.3,8.7,694.9,4.7S492.4,59,473,67.3z\"\/>\n\t<path class=\"elementor-shape-fill\" opacity=\"0.66\" d=\"M734,67.3c-45.5,0-77.2-23.2-129.1-39.1c-28.6-8.7-150.3-10.1-254,39.1 s-91.7-34.4-149.2,0C115.7,118.3,0,39.8,0,39.8V0h1000v36.5c0,0-28.2-18.5-92.1-18.5C810.2,18.1,775.7,67.3,734,67.3z\"\/>\n\t<path class=\"elementor-shape-fill\" d=\"M766.1,28.9c-200-57.5-266,65.5-395.1,19.5C242,1.8,242,5.4,184.8,20.6C128,35.8,132.3,44.9,89.9,52.5C28.6,63.7,0,0,0,0 h1000c0,0-9.9,40.9-83.6,48.1S829.6,47,766.1,28.9z\"\/>\n<\/svg>\t\t<\/div>\n\t\t\t\t<div class=\"elementor-element elementor-element-b65e547 elementor-widget elementor-widget-spacer\" data-id=\"b65e547\" data-element_type=\"widget\" data-widget_type=\"spacer.default\">\n\t\t\t\t\t\t\t<div class=\"elementor-spacer\">\n\t\t\t<div class=\"elementor-spacer-inner\"><\/div>\n\t\t<\/div>\n\t\t\t\t\t\t<\/div>\n\t\t\t\t<div class=\"elementor-element elementor-element-8708bbd elementor-widget elementor-widget-heading\" data-id=\"8708bbd\" data-element_type=\"widget\" data-widget_type=\"heading.default\">\n\t\t\t\t\t<h3 class=\"elementor-heading-title elementor-size-default\">\u00e0 11h : MUSIQUE, SONS ET JEUX VIDEOS<\/h3>\t\t\t\t<\/div>\n\t\t\t\t<div class=\"elementor-element elementor-element-512a55f elementor-widget elementor-widget-text-editor\" data-id=\"512a55f\" data-element_type=\"widget\" data-widget_type=\"text-editor.default\">\n\t\t\t\t\t\t\t\t\t<h5><span style=\"color: #ff9900;\"><strong>S\u00e9ance offerte<\/strong><\/span><\/h5>\t\t\t\t\t\t\t\t<\/div>\n\t\t\t\t<div class=\"elementor-element elementor-element-21f5c48 elementor-position-left elementor-vertical-align-middle elementor-widget elementor-widget-image-box\" data-id=\"21f5c48\" data-element_type=\"widget\" data-widget_type=\"image-box.default\">\n\t\t\t\t\t<div class=\"elementor-image-box-wrapper\"><figure class=\"elementor-image-box-img\"><img loading=\"lazy\" decoding=\"async\" width=\"274\" height=\"274\" src=\"https:\/\/cinemadautomne.fr\/wp-content\/uploads\/2025\/09\/Capture-decran-2025-09-05-a-11.55.50.png\" class=\"attachment-full size-full wp-image-6081\" alt=\"\" \/><\/figure><div class=\"elementor-image-box-content\"><h3 class=\"elementor-image-box-title\">En la pr\u00e9sence de Christophe Heral, compositeur et designer sonore<\/h3><p class=\"elementor-image-box-description\">La relation entre musique et cin\u00e9ma est profonde : \ndepuis le muet, elle renforce l\u2019\u00e9motion, guide le \nspectateur et donne une identit\u00e9 \u00e0 l\u2019histoire.\n Christophe H\u00e9ral, compositeur et sound designer \nfran\u00e7ais, s\u2019est illustr\u00e9 dans la musique de films, \nd\u2019animation et surtout de jeux vid\u00e9o. Il a d\u00e9but\u00e9 avec le studio Folimage avant de marquer le jeu vid\u00e9o par des musiques expressives et originales, m\u00ealant orchestre, voix et exp\u00e9rimentations sonores. Son style, reconnu pour sa cr\u00e9ativit\u00e9 et son humour musical, soutient autant l\u2019\u00e9motion que l\u2019action.<\/p><\/div><\/div>\t\t\t\t<\/div>\n\t\t\t\t<div class=\"elementor-element elementor-element-e0a062e elementor-position-right elementor-vertical-align-middle elementor-widget elementor-widget-image-box\" data-id=\"e0a062e\" data-element_type=\"widget\" data-widget_type=\"image-box.default\">\n\t\t\t\t\t<div class=\"elementor-image-box-wrapper\"><figure class=\"elementor-image-box-img\"><img loading=\"lazy\" decoding=\"async\" width=\"464\" height=\"608\" src=\"https:\/\/cinemadautomne.fr\/wp-content\/uploads\/2025\/09\/rayman.webp\" class=\"attachment-full size-full wp-image-6150\" alt=\"\" \/><\/figure><div class=\"elementor-image-box-content\"><h4 class=\"elementor-image-box-title\">Master class. Dur\u00e9e 1h30.<\/h4><p class=\"elementor-image-box-description\">Christophe H\u00e9ral a compos\u00e9 pour des jeux Ubisoft embl\u00e9matiques : Beyond Good & Evil, Rayman Origins, Rayman Legends, Tintin et le Secret de la Licorne, et travaille aujourd\u2019hui sur Beyond Good & Evil 2 et Wild. Pour lui, cr\u00e9er un habillage sonore est un travail d\u2019\u00e9quipe : la musique sert-elle seulement l\u2019image, souligne-t-elle une \u00e9motion, ou doit-elle \u00eatre modulable et interactive, propre au jeu vid\u00e9o ? Autant de questions auxquelles il r\u00e9pondra lors de cette conf\u00e9rence, en explorant son univers sonore artistique.<\/p><\/div><\/div>\t\t\t\t<\/div>\n\t\t\t\t<div class=\"elementor-element elementor-element-1287251 elementor-widget-divider--separator-type-pattern elementor-widget-divider--view-line elementor-widget elementor-widget-divider\" data-id=\"1287251\" data-element_type=\"widget\" data-widget_type=\"divider.default\">\n\t\t\t\t\t\t\t<div class=\"elementor-divider\" style=\"--divider-pattern-url: url(&quot;data:image\/svg+xml,%3Csvg xmlns=&#039;http:\/\/www.w3.org\/2000\/svg&#039; preserveAspectRatio=&#039;none&#039; overflow=&#039;visible&#039; height=&#039;100%&#039; viewBox=&#039;0 0 24 24&#039; fill=&#039;none&#039; stroke=&#039;black&#039; stroke-width=&#039;1&#039; stroke-linecap=&#039;square&#039; stroke-miterlimit=&#039;10&#039;%3E%3Cpath d=&#039;M0,21c3.3,0,8.3-0.9,15.7-7.1c6.6-5.4,4.4-9.3,2.4-10.3c-3.4-1.8-7.7,1.3-7.3,8.8C11.2,20,17.1,21,24,21&#039;\/%3E%3C\/svg%3E&quot;);\">\n\t\t\t<span class=\"elementor-divider-separator\">\n\t\t\t\t\t\t<\/span>\n\t\t<\/div>\n\t\t\t\t\t\t<\/div>\n\t\t\t\t<div class=\"elementor-element elementor-element-c049730 elementor-widget elementor-widget-heading\" data-id=\"c049730\" data-element_type=\"widget\" data-widget_type=\"heading.default\">\n\t\t\t\t\t<h3 class=\"elementor-heading-title elementor-size-default\">\u00e0 13h50 : SELECTION POINTE COURTE<\/h3>\t\t\t\t<\/div>\n\t\t\t\t<div class=\"elementor-element elementor-element-ffe3b84 elementor-widget elementor-widget-text-editor\" data-id=\"ffe3b84\" data-element_type=\"widget\" data-widget_type=\"text-editor.default\">\n\t\t\t\t\t\t\t\t\t<h5><span style=\"color: #ff9900;\"><strong>Programme de court-m\u00e9trages en comp\u00e9tition. Dur\u00e9e 1h13.<\/strong><\/span><\/h5>\t\t\t\t\t\t\t\t<\/div>\n\t\t\t\t<div class=\"elementor-element elementor-element-c279329 elementor-position-right elementor-vertical-align-middle elementor-widget elementor-widget-image-box\" data-id=\"c279329\" data-element_type=\"widget\" data-widget_type=\"image-box.default\">\n\t\t\t\t\t<div class=\"elementor-image-box-wrapper\"><figure class=\"elementor-image-box-img\"><img loading=\"lazy\" decoding=\"async\" width=\"1280\" height=\"720\" src=\"https:\/\/cinemadautomne.fr\/wp-content\/uploads\/2025\/09\/comosi.jpg\" class=\"attachment-full size-full wp-image-6118\" alt=\"\" srcset=\"https:\/\/cinemadautomne.fr\/wp-content\/uploads\/2025\/09\/comosi.jpg 1280w, https:\/\/cinemadautomne.fr\/wp-content\/uploads\/2025\/09\/comosi-595x335.jpg 595w, https:\/\/cinemadautomne.fr\/wp-content\/uploads\/2025\/09\/comosi-960x540.jpg 960w, https:\/\/cinemadautomne.fr\/wp-content\/uploads\/2025\/09\/comosi-768x432.jpg 768w\" sizes=\"(max-width: 1280px) 100vw, 1280px\" \/><\/figure><div class=\"elementor-image-box-content\"><h4 class=\"elementor-image-box-title\">Como si la tierra se las hubiera tragado<\/h4><p class=\"elementor-image-box-description\">Olivia, une jeune femme qui vit \u00e0 l\u2019\u00e9tranger, retourne dans sa ville natale, au Mexique, dans l\u2019espoir de renouer avec son pass\u00e9. Mais la violence dont elle a \u00e9t\u00e9 t\u00e9moin dans son enfance ne s\u2019est pas att\u00e9nu\u00e9e, et ce voyage ravive des souvenirs avec lesquels il lui est impossible de se r\u00e9concilier.<\/p><\/div><\/div>\t\t\t\t<\/div>\n\t\t\t\t<div class=\"elementor-element elementor-element-223756e elementor-position-right elementor-vertical-align-middle elementor-widget elementor-widget-image-box\" data-id=\"223756e\" data-element_type=\"widget\" data-widget_type=\"image-box.default\">\n\t\t\t\t\t<div class=\"elementor-image-box-wrapper\"><figure class=\"elementor-image-box-img\"><img loading=\"lazy\" decoding=\"async\" width=\"1920\" height=\"1080\" src=\"https:\/\/cinemadautomne.fr\/wp-content\/uploads\/2025\/09\/ete-96.jpg\" class=\"attachment-full size-full wp-image-6119\" alt=\"\" srcset=\"https:\/\/cinemadautomne.fr\/wp-content\/uploads\/2025\/09\/ete-96.jpg 1920w, https:\/\/cinemadautomne.fr\/wp-content\/uploads\/2025\/09\/ete-96-595x335.jpg 595w, https:\/\/cinemadautomne.fr\/wp-content\/uploads\/2025\/09\/ete-96-960x540.jpg 960w, https:\/\/cinemadautomne.fr\/wp-content\/uploads\/2025\/09\/ete-96-768x432.jpg 768w, https:\/\/cinemadautomne.fr\/wp-content\/uploads\/2025\/09\/ete-96-1536x864.jpg 1536w\" sizes=\"(max-width: 1920px) 100vw, 1920px\" \/><\/figure><div class=\"elementor-image-box-content\"><h4 class=\"elementor-image-box-title\">\u00e9t\u00e9 96<\/h4><p class=\"elementor-image-box-description\">L\u2019e\u0301ternel pique-nique du 15 aou\u0302t sur l\u2019i\u0302le Callot. Mais cette anne\u0301e, Paul, sa famille, leurs amis, se retrouvent pie\u0301ge\u0301s par la mare\u0301e. Paul, bouleverse\u0301, coince\u0301 entre le monde des adultes et celui des enfants, prend conscience de son individualite\u0301.<\/p><\/div><\/div>\t\t\t\t<\/div>\n\t\t\t\t<div class=\"elementor-element elementor-element-c13b676 elementor-position-right elementor-vertical-align-middle elementor-widget elementor-widget-image-box\" data-id=\"c13b676\" data-element_type=\"widget\" data-widget_type=\"image-box.default\">\n\t\t\t\t\t<div class=\"elementor-image-box-wrapper\"><figure class=\"elementor-image-box-img\"><img loading=\"lazy\" decoding=\"async\" width=\"1365\" height=\"678\" src=\"https:\/\/cinemadautomne.fr\/wp-content\/uploads\/2025\/09\/gigi.jpg\" class=\"attachment-full size-full wp-image-6120\" alt=\"\" srcset=\"https:\/\/cinemadautomne.fr\/wp-content\/uploads\/2025\/09\/gigi.jpg 1365w, https:\/\/cinemadautomne.fr\/wp-content\/uploads\/2025\/09\/gigi-595x296.jpg 595w, https:\/\/cinemadautomne.fr\/wp-content\/uploads\/2025\/09\/gigi-960x477.jpg 960w, https:\/\/cinemadautomne.fr\/wp-content\/uploads\/2025\/09\/gigi-768x381.jpg 768w\" sizes=\"(max-width: 1365px) 100vw, 1365px\" \/><\/figure><div class=\"elementor-image-box-content\"><h4 class=\"elementor-image-box-title\">Gigi<\/h4><p class=\"elementor-image-box-description\">De la petite sir\u00e8ne tourment\u00e9e \u00e0 la femme \u00e9panouie qu\u2019elle est aujourd\u2019hui, Gigi nous raconte son parcours de transition avec humour et sensibilit\u00e9.<\/p><\/div><\/div>\t\t\t\t<\/div>\n\t\t\t\t<div class=\"elementor-element elementor-element-d2c923e elementor-position-right elementor-vertical-align-middle elementor-widget elementor-widget-image-box\" data-id=\"d2c923e\" data-element_type=\"widget\" data-widget_type=\"image-box.default\">\n\t\t\t\t\t<div class=\"elementor-image-box-wrapper\"><figure class=\"elementor-image-box-img\"><img loading=\"lazy\" decoding=\"async\" width=\"1024\" height=\"503\" src=\"https:\/\/cinemadautomne.fr\/wp-content\/uploads\/2025\/09\/entretien-deborah-chang-2-1024x503-1.jpg\" class=\"attachment-full size-full wp-image-6121\" alt=\"\" srcset=\"https:\/\/cinemadautomne.fr\/wp-content\/uploads\/2025\/09\/entretien-deborah-chang-2-1024x503-1.jpg 1024w, https:\/\/cinemadautomne.fr\/wp-content\/uploads\/2025\/09\/entretien-deborah-chang-2-1024x503-1-595x292.jpg 595w, https:\/\/cinemadautomne.fr\/wp-content\/uploads\/2025\/09\/entretien-deborah-chang-2-1024x503-1-960x472.jpg 960w, https:\/\/cinemadautomne.fr\/wp-content\/uploads\/2025\/09\/entretien-deborah-chang-2-1024x503-1-768x377.jpg 768w\" sizes=\"(max-width: 1024px) 100vw, 1024px\" \/><\/figure><div class=\"elementor-image-box-content\"><h4 class=\"elementor-image-box-title\">Les Noeuds du destin<\/h4><p class=\"elementor-image-box-description\">Je m\u2019appelle De\u0301borah Chang, je suis ne\u0301e le 29 mars 2000 en re\u0301gion parisienne. Je me souviens qu\u2019e\u0301tant petite, on nous confondait souvent, ma grande s\u0153ur et moi, pour des jumelles. Je suis ne\u0301e pendant la pe\u0301riode ou\u0300 la politique de l\u2019enfant unique e\u0301tait en vigueur en Chine. A\u0300 travers le te\u0301moignage de ma me\u0300re, j\u2019en de\u0301couvre davantage sur cette loi.<\/p><\/div><\/div>\t\t\t\t<\/div>\n\t\t\t\t<div class=\"elementor-element elementor-element-3cd6ac9 elementor-position-right elementor-vertical-align-middle elementor-widget elementor-widget-image-box\" data-id=\"3cd6ac9\" data-element_type=\"widget\" data-widget_type=\"image-box.default\">\n\t\t\t\t\t<div class=\"elementor-image-box-wrapper\"><figure class=\"elementor-image-box-img\"><img loading=\"lazy\" decoding=\"async\" width=\"400\" height=\"216\" src=\"https:\/\/cinemadautomne.fr\/wp-content\/uploads\/2025\/09\/Papillon.jpg\" class=\"attachment-full size-full wp-image-6123\" alt=\"\" \/><\/figure><div class=\"elementor-image-box-content\"><h4 class=\"elementor-image-box-title\">Papillon<\/h4><p class=\"elementor-image-box-description\">Dans la mer, un homme nage. Au fur et \u00e0 mesure de sa progression les souvenirs remontent \u00e0 la surface. De sa petite enfance \u00e0 sa vie d\u2019homme, tous ses souvenirs sont li\u00e9s \u00e0 l\u2019eau. Certains sont heureux, d\u2019autres glorieux, d\u2019autres traumatiques. Cette histoire sera celle de sa derni\u00e8re nage.<\/p><\/div><\/div>\t\t\t\t<\/div>\n\t\t\t\t<div class=\"elementor-element elementor-element-effe809 elementor-position-right elementor-vertical-align-middle elementor-widget elementor-widget-image-box\" data-id=\"effe809\" data-element_type=\"widget\" data-widget_type=\"image-box.default\">\n\t\t\t\t\t<div class=\"elementor-image-box-wrapper\"><figure class=\"elementor-image-box-img\"><img loading=\"lazy\" decoding=\"async\" width=\"346\" height=\"146\" src=\"https:\/\/cinemadautomne.fr\/wp-content\/uploads\/2025\/09\/veuillez-ne-pas.jpg\" class=\"attachment-full size-full wp-image-6124\" alt=\"\" \/><\/figure><div class=\"elementor-image-box-content\"><h4 class=\"elementor-image-box-title\">Veuillez ne pas tenter d'ouvrir les portes<\/h4><p class=\"elementor-image-box-description\">Un train, immobilis\u00e9, de nuit, en pleine campagne. Un accident semble s\u2019\u00eatre produit. Les passagers ont \u00e9t\u00e9 \u00e9vacu\u00e9s, l\u2019enqu\u00eate est close, le trafic va reprendre lorsqu\u2019un sp\u00e9cialiste parvient sur les lieux. Il a quinze minutes pour reconstituer les circonstances de l\u2019accident et aboutir \u00e0 sa propre conclusion.<\/p><\/div><\/div>\t\t\t\t<\/div>\n\t\t\t\t<div class=\"elementor-element elementor-element-2f33c10 elementor-widget-divider--separator-type-pattern elementor-widget-divider--view-line elementor-widget elementor-widget-divider\" data-id=\"2f33c10\" data-element_type=\"widget\" data-widget_type=\"divider.default\">\n\t\t\t\t\t\t\t<div class=\"elementor-divider\" style=\"--divider-pattern-url: url(&quot;data:image\/svg+xml,%3Csvg xmlns=&#039;http:\/\/www.w3.org\/2000\/svg&#039; preserveAspectRatio=&#039;none&#039; overflow=&#039;visible&#039; height=&#039;100%&#039; viewBox=&#039;0 0 24 24&#039; fill=&#039;none&#039; stroke=&#039;black&#039; stroke-width=&#039;1&#039; stroke-linecap=&#039;square&#039; stroke-miterlimit=&#039;10&#039;%3E%3Cpath d=&#039;M0,21c3.3,0,8.3-0.9,15.7-7.1c6.6-5.4,4.4-9.3,2.4-10.3c-3.4-1.8-7.7,1.3-7.3,8.8C11.2,20,17.1,21,24,21&#039;\/%3E%3C\/svg%3E&quot;);\">\n\t\t\t<span class=\"elementor-divider-separator\">\n\t\t\t\t\t\t<\/span>\n\t\t<\/div>\n\t\t\t\t\t\t<\/div>\n\t\t\t\t<div class=\"elementor-element elementor-element-80f80fd elementor-widget elementor-widget-heading\" data-id=\"80f80fd\" data-element_type=\"widget\" data-widget_type=\"heading.default\">\n\t\t\t\t\t<h3 class=\"elementor-heading-title elementor-size-default\">\u00e0 15h50 : MARCEL ET MONSIEUR PAGNOL<\/h3>\t\t\t\t<\/div>\n\t\t\t\t<div class=\"elementor-element elementor-element-5de8d6a elementor-widget elementor-widget-text-editor\" data-id=\"5de8d6a\" data-element_type=\"widget\" data-widget_type=\"text-editor.default\">\n\t\t\t\t\t\t\t\t\t<h5><span style=\"color: #ff9900;\"><strong>en AVANT-PREMIERE<\/strong><\/span><\/h5>\t\t\t\t\t\t\t\t<\/div>\n\t\t\t\t<div class=\"elementor-element elementor-element-cd90cd6 elementor-position-left elementor-vertical-align-middle elementor-widget elementor-widget-image-box\" data-id=\"cd90cd6\" data-element_type=\"widget\" data-widget_type=\"image-box.default\">\n\t\t\t\t\t<div class=\"elementor-image-box-wrapper\"><figure class=\"elementor-image-box-img\"><img loading=\"lazy\" decoding=\"async\" width=\"300\" height=\"304\" src=\"https:\/\/cinemadautomne.fr\/wp-content\/uploads\/2025\/09\/Capture-decran-2025-09-05-a-14.43.04.png\" class=\"attachment-full size-full wp-image-6091\" alt=\"\" \/><\/figure><div class=\"elementor-image-box-content\"><h3 class=\"elementor-image-box-title\">En la pr\u00e9sence de Thierry Garcia, imitateur, doubleur.<\/h3><\/div><\/div>\t\t\t\t<\/div>\n\t\t\t\t<div class=\"elementor-element elementor-element-32851d1 elementor-position-right elementor-vertical-align-middle elementor-widget elementor-widget-image-box\" data-id=\"32851d1\" data-element_type=\"widget\" data-widget_type=\"image-box.default\">\n\t\t\t\t\t<div class=\"elementor-image-box-wrapper\"><figure class=\"elementor-image-box-img\"><img loading=\"lazy\" decoding=\"async\" width=\"225\" height=\"300\" src=\"https:\/\/cinemadautomne.fr\/wp-content\/uploads\/2025\/09\/pagnol.jpeg\" class=\"attachment-full size-full wp-image-6092\" alt=\"\" \/><\/figure><div class=\"elementor-image-box-content\"><h4 class=\"elementor-image-box-title\">Film d'Animation, Biopic de Sylvain Chomet<\/h4><p class=\"elementor-image-box-description\">A l'apog\u00e9e de sa gloire, Marcel Pagnol re\u00e7oit la commande d'une r\u00e9dactrice en chef d'un grand magazine f\u00e9minin pour l'\u00e9criture d'un feuilleton litt\u00e9raire, dans lequel il pourra raconter son enfance, sa Provence, ses premi\u00e8res amours... En r\u00e9digeant les premiers feuillets, l'enfant qu'il a \u00e9t\u00e9 autrefois, le petit Marcel, lui appara\u00eet soudain. Ainsi, ses souvenirs ressurgissent au fil des mots : l'arriv\u00e9e du cin\u00e9ma parlant, le premier grand studio de cin\u00e9ma, son attachement aux acteurs, l'exp\u00e9rience de l'\u00e9criture. Le plus grand conteur de tous les temps devient alors le h\u00e9ros de sa propre histoire.<\/p><\/div><\/div>\t\t\t\t<\/div>\n\t\t\t\t<div class=\"elementor-element elementor-element-4d0e757 elementor-widget-divider--separator-type-pattern elementor-widget-divider--view-line elementor-widget elementor-widget-divider\" data-id=\"4d0e757\" data-element_type=\"widget\" data-widget_type=\"divider.default\">\n\t\t\t\t\t\t\t<div class=\"elementor-divider\" style=\"--divider-pattern-url: url(&quot;data:image\/svg+xml,%3Csvg xmlns=&#039;http:\/\/www.w3.org\/2000\/svg&#039; preserveAspectRatio=&#039;none&#039; overflow=&#039;visible&#039; height=&#039;100%&#039; viewBox=&#039;0 0 24 24&#039; fill=&#039;none&#039; stroke=&#039;black&#039; stroke-width=&#039;1&#039; stroke-linecap=&#039;square&#039; stroke-miterlimit=&#039;10&#039;%3E%3Cpath d=&#039;M0,21c3.3,0,8.3-0.9,15.7-7.1c6.6-5.4,4.4-9.3,2.4-10.3c-3.4-1.8-7.7,1.3-7.3,8.8C11.2,20,17.1,21,24,21&#039;\/%3E%3C\/svg%3E&quot;);\">\n\t\t\t<span class=\"elementor-divider-separator\">\n\t\t\t\t\t\t<\/span>\n\t\t<\/div>\n\t\t\t\t\t\t<\/div>\n\t\t\t\t<div class=\"elementor-element elementor-element-42ce3b1 elementor-widget elementor-widget-heading\" data-id=\"42ce3b1\" data-element_type=\"widget\" data-widget_type=\"heading.default\">\n\t\t\t\t\t<h3 class=\"elementor-heading-title elementor-size-default\">\u00e0 18h30 : BAL CINE<\/h3>\t\t\t\t<\/div>\n\t\t\t\t<div class=\"elementor-element elementor-element-9d769ed elementor-widget elementor-widget-text-editor\" data-id=\"9d769ed\" data-element_type=\"widget\" data-widget_type=\"text-editor.default\">\n\t\t\t\t\t\t\t\t\t<h5><span style=\"color: #ff9900;\"><strong>Sur le parvis du cin\u00e9ma &#8211; GRATUIT<\/strong><\/span><\/h5>\t\t\t\t\t\t\t\t<\/div>\n\t\t\t\t<div class=\"elementor-element elementor-element-d367669 elementor-position-right elementor-vertical-align-middle elementor-widget elementor-widget-image-box\" data-id=\"d367669\" data-element_type=\"widget\" data-widget_type=\"image-box.default\">\n\t\t\t\t\t<div class=\"elementor-image-box-wrapper\"><figure class=\"elementor-image-box-img\"><img loading=\"lazy\" decoding=\"async\" width=\"1565\" height=\"657\" src=\"https:\/\/cinemadautomne.fr\/wp-content\/uploads\/2025\/09\/balcine.png\" class=\"attachment-full size-full wp-image-6109\" alt=\"\" srcset=\"https:\/\/cinemadautomne.fr\/wp-content\/uploads\/2025\/09\/balcine.png 1565w, https:\/\/cinemadautomne.fr\/wp-content\/uploads\/2025\/09\/balcine-595x250.png 595w, https:\/\/cinemadautomne.fr\/wp-content\/uploads\/2025\/09\/balcine-960x403.png 960w, https:\/\/cinemadautomne.fr\/wp-content\/uploads\/2025\/09\/balcine-768x322.png 768w, https:\/\/cinemadautomne.fr\/wp-content\/uploads\/2025\/09\/balcine-1536x645.png 1536w\" sizes=\"(max-width: 1565px) 100vw, 1565px\" \/><\/figure><div class=\"elementor-image-box-content\"><h4 class=\"elementor-image-box-title\">Des danses \u00e0 voir et \u00e0 danser. Compagnie Myriam Naisy \/ L\u2019h\u00e9lice.<\/h4><p class=\"elementor-image-box-description\">Si vous aimez le cin\u00e9ma ... Si vous aimez la danse ... Si vous aimez la musique\u2026 Alors \u2026 Rendez-vous au Bal Cin\u00e9\nUn moment festif \u00e0 partager de 7 \u00e0 97 ans, sous la forme d\u2019un Bal anim\u00e9 par Myriam Naisy et les danseurs de la Compagnie CMN \/ L'h\u00e9lice : Salima Nouid\u00e9, Audrey Hector, Claire Massias, Nicolas Maye.\nSur des c\u00e9l\u00e8bres musiques de films, ce Bal Cin\u00e9 convoque notre m\u00e9moire collective et nous redonne des effluves d\u2019images marquantes de r\u00e9alisateurs comme Jacques Tati et ses sublimes bruitages, l\u2019incontournable chef d\u2019\u0153uvre musical de Miles Davis dans Ascenseur pour l\u2019\u00e9chafaud, la rencontre amoureuse et le d\u00e9sir dans In the Mood for Love, l\u2019amiti\u00e9 au bord de la Route 66 dans Bagdad Caf\u00e9, l\u2019\u00e9nergie d\u00e9jant\u00e9e de Kusturica dans Underground, et l\u2019univers musical rock des Blues Brothers.\nDes danses \u00e0 voir, interpr\u00e9t\u00e9es par les danseurs de la Compagnie, et des danses \u00e0 danser apprises sur le vif par le public guid\u00e9 par Myriam Naisy.<\/p><\/div><\/div>\t\t\t\t<\/div>\n\t\t\t\t<div class=\"elementor-element elementor-element-1c6faf2 elementor-widget elementor-widget-text-editor\" data-id=\"1c6faf2\" data-element_type=\"widget\" data-widget_type=\"text-editor.default\">\n\t\t\t\t\t\t\t\t\t<p><span style=\"text-decoration: underline;\"><strong>Suivi d&rsquo;un APERO-DINATOIRE offert par la ville de Castelnaudary<\/strong><\/span><\/p>\t\t\t\t\t\t\t\t<\/div>\n\t\t\t\t<div class=\"elementor-element elementor-element-0dbc49c elementor-widget-divider--separator-type-pattern elementor-widget-divider--view-line elementor-widget elementor-widget-divider\" data-id=\"0dbc49c\" data-element_type=\"widget\" data-widget_type=\"divider.default\">\n\t\t\t\t\t\t\t<div class=\"elementor-divider\" style=\"--divider-pattern-url: url(&quot;data:image\/svg+xml,%3Csvg xmlns=&#039;http:\/\/www.w3.org\/2000\/svg&#039; preserveAspectRatio=&#039;none&#039; overflow=&#039;visible&#039; height=&#039;100%&#039; viewBox=&#039;0 0 24 24&#039; fill=&#039;none&#039; stroke=&#039;black&#039; stroke-width=&#039;1&#039; stroke-linecap=&#039;square&#039; stroke-miterlimit=&#039;10&#039;%3E%3Cpath d=&#039;M0,21c3.3,0,8.3-0.9,15.7-7.1c6.6-5.4,4.4-9.3,2.4-10.3c-3.4-1.8-7.7,1.3-7.3,8.8C11.2,20,17.1,21,24,21&#039;\/%3E%3C\/svg%3E&quot;);\">\n\t\t\t<span class=\"elementor-divider-separator\">\n\t\t\t\t\t\t<\/span>\n\t\t<\/div>\n\t\t\t\t\t\t<\/div>\n\t\t\t\t<div class=\"elementor-element elementor-element-76d7cec elementor-widget elementor-widget-heading\" data-id=\"76d7cec\" data-element_type=\"widget\" data-widget_type=\"heading.default\">\n\t\t\t\t\t<h3 class=\"elementor-heading-title elementor-size-default\">\u00e0 20h40 : CLASSE MOYENNE<\/h3>\t\t\t\t<\/div>\n\t\t\t\t<div class=\"elementor-element elementor-element-fce23d7 elementor-position-right elementor-vertical-align-middle elementor-widget elementor-widget-image-box\" data-id=\"fce23d7\" data-element_type=\"widget\" data-widget_type=\"image-box.default\">\n\t\t\t\t\t<div class=\"elementor-image-box-wrapper\"><figure class=\"elementor-image-box-img\"><img loading=\"lazy\" decoding=\"async\" width=\"1175\" height=\"1600\" src=\"https:\/\/cinemadautomne.fr\/wp-content\/uploads\/2025\/09\/classemoyenne.jpg\" class=\"attachment-full size-full wp-image-6110\" alt=\"\" srcset=\"https:\/\/cinemadautomne.fr\/wp-content\/uploads\/2025\/09\/classemoyenne.jpg 1175w, https:\/\/cinemadautomne.fr\/wp-content\/uploads\/2025\/09\/classemoyenne-595x810.jpg 595w, https:\/\/cinemadautomne.fr\/wp-content\/uploads\/2025\/09\/classemoyenne-960x1307.jpg 960w, https:\/\/cinemadautomne.fr\/wp-content\/uploads\/2025\/09\/classemoyenne-768x1046.jpg 768w, https:\/\/cinemadautomne.fr\/wp-content\/uploads\/2025\/09\/classemoyenne-1128x1536.jpg 1128w\" sizes=\"(max-width: 1175px) 100vw, 1175px\" \/><\/figure><div class=\"elementor-image-box-content\"><h4 class=\"elementor-image-box-title\">Com\u00e9die d'Antony Cordier. Dur\u00e9e 1h35.<\/h4><p class=\"elementor-image-box-description\">Mehdi a pr\u00e9vu de passer un \u00e9t\u00e9 tranquille dans la somptueuse demeure de ses beaux-parents. Mais d\u00e8s son arriv\u00e9e, un conflit \u00e9clate entre la famille de sa fianc\u00e9e et le couple de gardiens de la villa. Comme Mehdi est issu d'un milieu modeste, il pense pouvoir mener les n\u00e9gociations entre les deux parties et ramener tout le monde \u00e0 la raison. Pourtant, tout s'envenime...<\/p><\/div><\/div>\t\t\t\t<\/div>\n\t\t\t\t<div class=\"elementor-element elementor-element-be2f4d2 elementor-widget elementor-widget-text-editor\" data-id=\"be2f4d2\" data-element_type=\"widget\" data-widget_type=\"text-editor.default\">\n\t\t\t\t\t\t\t\t\t<p>Pr\u00e9c\u00e9d\u00e9 du court-m\u00e9trage <span class=\"a_GcMg font-feature-liga-off font-feature-clig-off font-feature-calt-off text-decoration-none text-strikethrough-none\">THE HIPPOPOTAMUS IN THE ROOM<\/span>\u00a0(ensav).<br \/><em><span class=\"a_GcMg font-feature-liga-off font-feature-clig-off font-feature-calt-off text-decoration-none text-strikethrough-none\" style=\"color: #800000;\">Dans le huis-clos d&rsquo;un appartement, il est l\u00e0 au milieu de la pi\u00e8ce. Comment s&rsquo;en d\u00e9barrasser ? <\/span><\/em><\/p>\t\t\t\t\t\t\t\t<\/div>\n\t\t\t\t<div class=\"elementor-element elementor-element-bfdb631 elementor-widget-divider--separator-type-pattern elementor-widget-divider--view-line elementor-widget elementor-widget-divider\" data-id=\"bfdb631\" data-element_type=\"widget\" data-widget_type=\"divider.default\">\n\t\t\t\t\t\t\t<div class=\"elementor-divider\" style=\"--divider-pattern-url: url(&quot;data:image\/svg+xml,%3Csvg xmlns=&#039;http:\/\/www.w3.org\/2000\/svg&#039; preserveAspectRatio=&#039;none&#039; overflow=&#039;visible&#039; height=&#039;100%&#039; viewBox=&#039;0 0 24 24&#039; fill=&#039;none&#039; stroke=&#039;black&#039; stroke-width=&#039;1&#039; stroke-linecap=&#039;square&#039; stroke-miterlimit=&#039;10&#039;%3E%3Cpath d=&#039;M0,21c3.3,0,8.3-0.9,15.7-7.1c6.6-5.4,4.4-9.3,2.4-10.3c-3.4-1.8-7.7,1.3-7.3,8.8C11.2,20,17.1,21,24,21&#039;\/%3E%3C\/svg%3E&quot;);\">\n\t\t\t<span class=\"elementor-divider-separator\">\n\t\t\t\t\t\t<\/span>\n\t\t<\/div>\n\t\t\t\t\t\t<\/div>\n\t\t\t\t\t<\/div>\n\t\t\t\t<\/div>\n\t\t\t\t\t<\/details>\n\t\t\t\t\t\t<details id=\"e-n-accordion-item-1304\" class=\"e-n-accordion-item\" >\n\t\t\t\t<summary class=\"e-n-accordion-item-title\" data-accordion-index=\"5\" tabindex=\"-1\" aria-expanded=\"false\" aria-controls=\"e-n-accordion-item-1304\" >\n\t\t\t\t\t<span class='e-n-accordion-item-title-header'><h3 class=\"e-n-accordion-item-title-text\"> DIMANCHE 28 SEPTEMBRE <\/h3><\/span>\n\t\t\t\t\t\t\t<span class='e-n-accordion-item-title-icon'>\n\t\t\t<span class='e-opened' ><svg aria-hidden=\"true\" class=\"e-font-icon-svg e-fas-minus\" viewBox=\"0 0 448 512\" xmlns=\"http:\/\/www.w3.org\/2000\/svg\"><path d=\"M416 208H32c-17.67 0-32 14.33-32 32v32c0 17.67 14.33 32 32 32h384c17.67 0 32-14.33 32-32v-32c0-17.67-14.33-32-32-32z\"><\/path><\/svg><\/span>\n\t\t\t<span class='e-closed'><svg aria-hidden=\"true\" class=\"e-font-icon-svg e-fas-plus\" viewBox=\"0 0 448 512\" xmlns=\"http:\/\/www.w3.org\/2000\/svg\"><path d=\"M416 208H272V64c0-17.67-14.33-32-32-32h-32c-17.67 0-32 14.33-32 32v144H32c-17.67 0-32 14.33-32 32v32c0 17.67 14.33 32 32 32h144v144c0 17.67 14.33 32 32 32h32c17.67 0 32-14.33 32-32V304h144c17.67 0 32-14.33 32-32v-32c0-17.67-14.33-32-32-32z\"><\/path><\/svg><\/span>\n\t\t<\/span>\n\n\t\t\t\t\t\t<\/summary>\n\t\t\t\t<div role=\"region\" aria-labelledby=\"e-n-accordion-item-1304\" class=\"elementor-element elementor-element-7823c63 e-flex e-con-boxed e-con e-child\" data-id=\"7823c63\" data-element_type=\"container\" data-settings=\"{&quot;shape_divider_top&quot;:&quot;mountains&quot;}\">\n\t\t\t\t\t<div class=\"e-con-inner\">\n\t\t\t\t<div class=\"elementor-shape elementor-shape-top\" aria-hidden=\"true\" data-negative=\"false\">\n\t\t\t<svg xmlns=\"http:\/\/www.w3.org\/2000\/svg\" viewBox=\"0 0 1000 100\" preserveAspectRatio=\"none\">\n\t<path class=\"elementor-shape-fill\" opacity=\"0.33\" d=\"M473,67.3c-203.9,88.3-263.1-34-320.3,0C66,119.1,0,59.7,0,59.7V0h1000v59.7 c0,0-62.1,26.1-94.9,29.3c-32.8,3.3-62.8-12.3-75.8-22.1C806,49.6,745.3,8.7,694.9,4.7S492.4,59,473,67.3z\"\/>\n\t<path class=\"elementor-shape-fill\" opacity=\"0.66\" d=\"M734,67.3c-45.5,0-77.2-23.2-129.1-39.1c-28.6-8.7-150.3-10.1-254,39.1 s-91.7-34.4-149.2,0C115.7,118.3,0,39.8,0,39.8V0h1000v36.5c0,0-28.2-18.5-92.1-18.5C810.2,18.1,775.7,67.3,734,67.3z\"\/>\n\t<path class=\"elementor-shape-fill\" d=\"M766.1,28.9c-200-57.5-266,65.5-395.1,19.5C242,1.8,242,5.4,184.8,20.6C128,35.8,132.3,44.9,89.9,52.5C28.6,63.7,0,0,0,0 h1000c0,0-9.9,40.9-83.6,48.1S829.6,47,766.1,28.9z\"\/>\n<\/svg>\t\t<\/div>\n\t\t\t\t<div class=\"elementor-element elementor-element-8ac2443 elementor-widget elementor-widget-spacer\" data-id=\"8ac2443\" data-element_type=\"widget\" data-widget_type=\"spacer.default\">\n\t\t\t\t\t\t\t<div class=\"elementor-spacer\">\n\t\t\t<div class=\"elementor-spacer-inner\"><\/div>\n\t\t<\/div>\n\t\t\t\t\t\t<\/div>\n\t\t\t\t<div class=\"elementor-element elementor-element-988ac6b elementor-widget elementor-widget-heading\" data-id=\"988ac6b\" data-element_type=\"widget\" data-widget_type=\"heading.default\">\n\t\t\t\t\t<h3 class=\"elementor-heading-title elementor-size-default\">\u00e0 11h : PIL<\/h3>\t\t\t\t<\/div>\n\t\t\t\t<div class=\"elementor-element elementor-element-6f01de8 elementor-position-left elementor-vertical-align-middle elementor-widget elementor-widget-image-box\" data-id=\"6f01de8\" data-element_type=\"widget\" data-widget_type=\"image-box.default\">\n\t\t\t\t\t<div class=\"elementor-image-box-wrapper\"><figure class=\"elementor-image-box-img\"><img loading=\"lazy\" decoding=\"async\" width=\"224\" height=\"226\" src=\"https:\/\/cinemadautomne.fr\/wp-content\/uploads\/2025\/09\/Capture-decran-2025-09-05-a-16.58.17.png\" class=\"attachment-full size-full wp-image-6111\" alt=\"\" \/><\/figure><div class=\"elementor-image-box-content\"><h3 class=\"elementor-image-box-title\">En la pr\u00e9sence du r\u00e9alisateur Julien Fournet<\/h3><\/div><\/div>\t\t\t\t<\/div>\n\t\t\t\t<div class=\"elementor-element elementor-element-9ca40e1 elementor-position-right elementor-vertical-align-middle elementor-widget elementor-widget-image-box\" data-id=\"9ca40e1\" data-element_type=\"widget\" data-widget_type=\"image-box.default\">\n\t\t\t\t\t<div class=\"elementor-image-box-wrapper\"><figure class=\"elementor-image-box-img\"><img loading=\"lazy\" decoding=\"async\" width=\"1180\" height=\"1600\" src=\"https:\/\/cinemadautomne.fr\/wp-content\/uploads\/2025\/09\/pil.jpg\" class=\"attachment-full size-full wp-image-6112\" alt=\"\" srcset=\"https:\/\/cinemadautomne.fr\/wp-content\/uploads\/2025\/09\/pil.jpg 1180w, https:\/\/cinemadautomne.fr\/wp-content\/uploads\/2025\/09\/pil-595x807.jpg 595w, https:\/\/cinemadautomne.fr\/wp-content\/uploads\/2025\/09\/pil-960x1302.jpg 960w, https:\/\/cinemadautomne.fr\/wp-content\/uploads\/2025\/09\/pil-768x1041.jpg 768w, https:\/\/cinemadautomne.fr\/wp-content\/uploads\/2025\/09\/pil-1133x1536.jpg 1133w\" sizes=\"(max-width: 1180px) 100vw, 1180px\" \/><\/figure><div class=\"elementor-image-box-content\"><h4 class=\"elementor-image-box-title\">Film d'aventure, Animation de Julien Fournet. Dur\u00e9e 1h29. D\u00e8s 6 ans<\/h4><p class=\"elementor-image-box-description\">Pil, une petite orpheline, vit dans les rues de la cit\u00e9 de Roc-en-Brume. Avec ses trois fouines apprivois\u00e9es, elle survit en allant chiper de la nourriture dans le ch\u00e2teau du sinistre r\u00e9gent Tristain, qui usurpe le tr\u00f4ne. Un beau jour, pour \u00e9chapper aux gardes qui la poursuivent, Pil se d\u00e9guise en enfilant une robe de princesse. La voil\u00e0 alors embarqu\u00e9e malgr\u00e9 elle dans une qu\u00eate folle et d\u00e9lirante pour sauver Roland, l'h\u00e9ritier du tr\u00f4ne victime d'un enchantement et transform\u00e9 en... chapoul (moiti\u00e9 chat, moiti\u00e9 poule). Une aventure qui va bouleverser tout le royaume et apprendre \u00e0 Pil que la noblesse peut se trouver en chacun de nous.<\/p><\/div><\/div>\t\t\t\t<\/div>\n\t\t\t\t<div class=\"elementor-element elementor-element-df5efe1 elementor-widget elementor-widget-text-editor\" data-id=\"df5efe1\" data-element_type=\"widget\" data-widget_type=\"text-editor.default\">\n\t\t\t\t\t\t\t\t\t<p><strong><span class=\"a_GcMg font-feature-liga-off font-feature-clig-off font-feature-calt-off text-decoration-none text-strikethrough-none\">Participez au jeu de piste organis\u00e9 pendant le festival des Jeux d\u2019Arius le samedi 27 septembre \u00e0 partir de 14h (rendez-vous \u00e0 la Halle aux grains), et gagnez votre place pour cette s\u00e9ance ! Et de nombreux autres cadeaux.<\/span><\/strong><\/p>\t\t\t\t\t\t\t\t<\/div>\n\t\t\t\t<div class=\"elementor-element elementor-element-a6fa0c4 elementor-widget-divider--separator-type-pattern elementor-widget-divider--view-line elementor-widget elementor-widget-divider\" data-id=\"a6fa0c4\" data-element_type=\"widget\" data-widget_type=\"divider.default\">\n\t\t\t\t\t\t\t<div class=\"elementor-divider\" style=\"--divider-pattern-url: url(&quot;data:image\/svg+xml,%3Csvg xmlns=&#039;http:\/\/www.w3.org\/2000\/svg&#039; preserveAspectRatio=&#039;none&#039; overflow=&#039;visible&#039; height=&#039;100%&#039; viewBox=&#039;0 0 24 24&#039; fill=&#039;none&#039; stroke=&#039;black&#039; stroke-width=&#039;1&#039; stroke-linecap=&#039;square&#039; stroke-miterlimit=&#039;10&#039;%3E%3Cpath d=&#039;M0,21c3.3,0,8.3-0.9,15.7-7.1c6.6-5.4,4.4-9.3,2.4-10.3c-3.4-1.8-7.7,1.3-7.3,8.8C11.2,20,17.1,21,24,21&#039;\/%3E%3C\/svg%3E&quot;);\">\n\t\t\t<span class=\"elementor-divider-separator\">\n\t\t\t\t\t\t<\/span>\n\t\t<\/div>\n\t\t\t\t\t\t<\/div>\n\t\t\t\t<div class=\"elementor-element elementor-element-8eb1000 elementor-widget elementor-widget-heading\" data-id=\"8eb1000\" data-element_type=\"widget\" data-widget_type=\"heading.default\">\n\t\t\t\t\t<h3 class=\"elementor-heading-title elementor-size-default\">\u00e0 11h10 : ANIMO RIGOLO<\/h3>\t\t\t\t<\/div>\n\t\t\t\t<div class=\"elementor-element elementor-element-28ce93b elementor-position-left elementor-vertical-align-middle elementor-widget elementor-widget-image-box\" data-id=\"28ce93b\" data-element_type=\"widget\" data-widget_type=\"image-box.default\">\n\t\t\t\t\t<div class=\"elementor-image-box-wrapper\"><figure class=\"elementor-image-box-img\"><img loading=\"lazy\" decoding=\"async\" width=\"221\" height=\"218\" src=\"https:\/\/cinemadautomne.fr\/wp-content\/uploads\/2025\/09\/Capture-decran-2025-09-05-a-17.04.49.png\" class=\"attachment-full size-full wp-image-6113\" alt=\"\" \/><\/figure><div class=\"elementor-image-box-content\"><h3 class=\"elementor-image-box-title\">En la pr\u00e9sence de la r\u00e9alisatrice Linda Yi<\/h3><\/div><\/div>\t\t\t\t<\/div>\n\t\t\t\t<div class=\"elementor-element elementor-element-698a14a elementor-position-right elementor-vertical-align-middle elementor-widget elementor-widget-image-box\" data-id=\"698a14a\" data-element_type=\"widget\" data-widget_type=\"image-box.default\">\n\t\t\t\t\t<div class=\"elementor-image-box-wrapper\"><figure class=\"elementor-image-box-img\"><img loading=\"lazy\" decoding=\"async\" width=\"1896\" height=\"2560\" src=\"https:\/\/cinemadautomne.fr\/wp-content\/uploads\/2025\/09\/Affiche-ANIMO-RIGOLO-OK-scaled-1.jpg\" class=\"attachment-full size-full wp-image-6114\" alt=\"\" srcset=\"https:\/\/cinemadautomne.fr\/wp-content\/uploads\/2025\/09\/Affiche-ANIMO-RIGOLO-OK-scaled-1.jpg 1896w, https:\/\/cinemadautomne.fr\/wp-content\/uploads\/2025\/09\/Affiche-ANIMO-RIGOLO-OK-scaled-1-595x803.jpg 595w, https:\/\/cinemadautomne.fr\/wp-content\/uploads\/2025\/09\/Affiche-ANIMO-RIGOLO-OK-scaled-1-960x1296.jpg 960w, https:\/\/cinemadautomne.fr\/wp-content\/uploads\/2025\/09\/Affiche-ANIMO-RIGOLO-OK-scaled-1-768x1037.jpg 768w, https:\/\/cinemadautomne.fr\/wp-content\/uploads\/2025\/09\/Affiche-ANIMO-RIGOLO-OK-scaled-1-1138x1536.jpg 1138w, https:\/\/cinemadautomne.fr\/wp-content\/uploads\/2025\/09\/Affiche-ANIMO-RIGOLO-OK-scaled-1-1517x2048.jpg 1517w\" sizes=\"(max-width: 1896px) 100vw, 1896px\" \/><\/figure><div class=\"elementor-image-box-content\"><h4 class=\"elementor-image-box-title\">Animation, Famille. 40 Minutes. D\u00e8s 3 ans.<\/h4><p class=\"elementor-image-box-description\">Pr\u00e9historiques ou domestiques, rigolos ou ramollos, minuscules ou noctambules, ces animaux-l\u00e0 font un sacr\u00e9 gala ! Programme de 3 courts m\u00e9trages :Bellysaurus de Philip Watts : Dans la for\u00eat, petits et gros dinosaures se r\u00e9galent de succulentes baies. Mais quand le plus gros d\u00e9cide de manger la plus petite, la solidarit\u00e9 se met en marche et tout ce petit monde finira par cohabiter joyeusement !Foxtale d'Alexandra Allen : Les oiseaux n'ont laiss\u00e9 qu'une seule cerise sur l'arbre... Comment se rassasier quand on est un petit renard affam\u00e9 ?... R\u00e9ponse : il faut compter sur un plus petit que soi, quitte \u00e0 partager sa maigre pitance !Zoobox de Myriam Schott et Linda Yi : Les eaux montent... il est temps pour toutes les esp\u00e8ces d'animaux d'embarquer sur de grands bateaux ! Kerala, une enfant kangourou impatiente et curieuse attend son tour. Elle est tr\u00e8s excit\u00e9e \u00e0 l'id\u00e9e de d\u00e9couvrir ses compagnons de voyage. Mais une fois \u00e0 bord, elle ne trouve plus ses parents... Elle est alors recueillie par une famille d'ornithorynques, ses anciens voisins. Malgr\u00e9 l'interdiction de quitter leur box, l'envie de retrouver ses parents est trop forte. Elle part \u00e0 leur recherche et dans sa qu\u00eate, elle va rencontrer de nouveaux amis et bien s\u00fbr, la famille sera \u00e0 nouveau r\u00e9unie !<\/p><\/div><\/div>\t\t\t\t<\/div>\n\t\t\t\t<div class=\"elementor-element elementor-element-35a2596 elementor-widget-divider--separator-type-pattern elementor-widget-divider--view-line elementor-widget elementor-widget-divider\" data-id=\"35a2596\" data-element_type=\"widget\" data-widget_type=\"divider.default\">\n\t\t\t\t\t\t\t<div class=\"elementor-divider\" style=\"--divider-pattern-url: url(&quot;data:image\/svg+xml,%3Csvg xmlns=&#039;http:\/\/www.w3.org\/2000\/svg&#039; preserveAspectRatio=&#039;none&#039; overflow=&#039;visible&#039; height=&#039;100%&#039; viewBox=&#039;0 0 24 24&#039; fill=&#039;none&#039; stroke=&#039;black&#039; stroke-width=&#039;1&#039; stroke-linecap=&#039;square&#039; stroke-miterlimit=&#039;10&#039;%3E%3Cpath d=&#039;M0,21c3.3,0,8.3-0.9,15.7-7.1c6.6-5.4,4.4-9.3,2.4-10.3c-3.4-1.8-7.7,1.3-7.3,8.8C11.2,20,17.1,21,24,21&#039;\/%3E%3C\/svg%3E&quot;);\">\n\t\t\t<span class=\"elementor-divider-separator\">\n\t\t\t\t\t\t<\/span>\n\t\t<\/div>\n\t\t\t\t\t\t<\/div>\n\t\t\t\t<div class=\"elementor-element elementor-element-083514a elementor-widget elementor-widget-heading\" data-id=\"083514a\" data-element_type=\"widget\" data-widget_type=\"heading.default\">\n\t\t\t\t\t<h3 class=\"elementor-heading-title elementor-size-default\">\u00e0 13h50 : Y'A PAS DE RESEAU<\/h3>\t\t\t\t<\/div>\n\t\t\t\t<div class=\"elementor-element elementor-element-b84a491 elementor-position-right elementor-vertical-align-middle elementor-widget elementor-widget-image-box\" data-id=\"b84a491\" data-element_type=\"widget\" data-widget_type=\"image-box.default\">\n\t\t\t\t\t<div class=\"elementor-image-box-wrapper\"><figure class=\"elementor-image-box-img\"><img loading=\"lazy\" decoding=\"async\" width=\"1200\" height=\"1600\" src=\"https:\/\/cinemadautomne.fr\/wp-content\/uploads\/2025\/09\/ya-pas-de-reseau.jpg\" class=\"attachment-full size-full wp-image-6244\" alt=\"\" srcset=\"https:\/\/cinemadautomne.fr\/wp-content\/uploads\/2025\/09\/ya-pas-de-reseau.jpg 1200w, https:\/\/cinemadautomne.fr\/wp-content\/uploads\/2025\/09\/ya-pas-de-reseau-595x793.jpg 595w, https:\/\/cinemadautomne.fr\/wp-content\/uploads\/2025\/09\/ya-pas-de-reseau-960x1280.jpg 960w, https:\/\/cinemadautomne.fr\/wp-content\/uploads\/2025\/09\/ya-pas-de-reseau-480x640.jpg 480w, https:\/\/cinemadautomne.fr\/wp-content\/uploads\/2025\/09\/ya-pas-de-reseau-768x1024.jpg 768w, https:\/\/cinemadautomne.fr\/wp-content\/uploads\/2025\/09\/ya-pas-de-reseau-1152x1536.jpg 1152w\" sizes=\"(max-width: 1200px) 100vw, 1200px\" \/><\/figure><div class=\"elementor-image-box-content\"><h4 class=\"elementor-image-box-title\">Com\u00e9die de Edouard Pluvieux<\/h4><p class=\"elementor-image-box-description\">Jonas et Gabi, 9 et 11 ans, passent le week-end avec leurs parents dans un gite isol\u00e9 au milieu d'une for\u00eat. A peine arriv\u00e9s, les deux enfants d\u00e9cident de faire le mur, seuls en pleine nature, et vont surprendre deux malfrats aussi stupides que dangereux en train de faire exploser une antenne relais pour couper le r\u00e9seau. Se lance alors une course poursuite effr\u00e9n\u00e9e o\u00f9 pour leur \u00e9chapper, les deux enfants vont devoir transformer leur g\u00eete en une v\u00e9ritable forteresse de pi\u00e8ges et obstacles. <\/p><\/div><\/div>\t\t\t\t<\/div>\n\t\t\t\t<div class=\"elementor-element elementor-element-5730cb6 elementor-widget-divider--separator-type-pattern elementor-widget-divider--view-line elementor-widget elementor-widget-divider\" data-id=\"5730cb6\" data-element_type=\"widget\" data-widget_type=\"divider.default\">\n\t\t\t\t\t\t\t<div class=\"elementor-divider\" style=\"--divider-pattern-url: url(&quot;data:image\/svg+xml,%3Csvg xmlns=&#039;http:\/\/www.w3.org\/2000\/svg&#039; preserveAspectRatio=&#039;none&#039; overflow=&#039;visible&#039; height=&#039;100%&#039; viewBox=&#039;0 0 24 24&#039; fill=&#039;none&#039; stroke=&#039;black&#039; stroke-width=&#039;1&#039; stroke-linecap=&#039;square&#039; stroke-miterlimit=&#039;10&#039;%3E%3Cpath d=&#039;M0,21c3.3,0,8.3-0.9,15.7-7.1c6.6-5.4,4.4-9.3,2.4-10.3c-3.4-1.8-7.7,1.3-7.3,8.8C11.2,20,17.1,21,24,21&#039;\/%3E%3C\/svg%3E&quot;);\">\n\t\t\t<span class=\"elementor-divider-separator\">\n\t\t\t\t\t\t<\/span>\n\t\t<\/div>\n\t\t\t\t\t\t<\/div>\n\t\t\t\t<div class=\"elementor-element elementor-element-9d80b0d elementor-widget elementor-widget-heading\" data-id=\"9d80b0d\" data-element_type=\"widget\" data-widget_type=\"heading.default\">\n\t\t\t\t\t<h3 class=\"elementor-heading-title elementor-size-default\">\u00e0 15h50 : L'HOMME QUI VU L'OURS QUI A VU L'HOMME<\/h3>\t\t\t\t<\/div>\n\t\t\t\t<div class=\"elementor-element elementor-element-8308db9 elementor-position-right elementor-vertical-align-middle elementor-widget elementor-widget-image-box\" data-id=\"8308db9\" data-element_type=\"widget\" data-widget_type=\"image-box.default\">\n\t\t\t\t\t<div class=\"elementor-image-box-wrapper\"><figure class=\"elementor-image-box-img\"><img loading=\"lazy\" decoding=\"async\" width=\"1200\" height=\"1600\" src=\"https:\/\/cinemadautomne.fr\/wp-content\/uploads\/2025\/09\/lhomme-qui-a-vu.jpg\" class=\"attachment-full size-full wp-image-6128\" alt=\"\" srcset=\"https:\/\/cinemadautomne.fr\/wp-content\/uploads\/2025\/09\/lhomme-qui-a-vu.jpg 1200w, https:\/\/cinemadautomne.fr\/wp-content\/uploads\/2025\/09\/lhomme-qui-a-vu-595x793.jpg 595w, https:\/\/cinemadautomne.fr\/wp-content\/uploads\/2025\/09\/lhomme-qui-a-vu-960x1280.jpg 960w, https:\/\/cinemadautomne.fr\/wp-content\/uploads\/2025\/09\/lhomme-qui-a-vu-480x640.jpg 480w, https:\/\/cinemadautomne.fr\/wp-content\/uploads\/2025\/09\/lhomme-qui-a-vu-768x1024.jpg 768w, https:\/\/cinemadautomne.fr\/wp-content\/uploads\/2025\/09\/lhomme-qui-a-vu-1152x1536.jpg 1152w\" sizes=\"(max-width: 1200px) 100vw, 1200px\" \/><\/figure><div class=\"elementor-image-box-content\"><h4 class=\"elementor-image-box-title\">Com\u00e9die de Pierre Richard. Dur\u00e9e 1h28.<\/h4><p class=\"elementor-image-box-description\">Gr\u00e9goire et Michel ne sont pas de la m\u00eame g\u00e9n\u00e9ration mais ils sont unis par l'amiti\u00e9, l'amour de la nature et une grande affection pour un ours \u00e9chapp\u00e9 d'un cirque.<\/p><\/div><\/div>\t\t\t\t<\/div>\n\t\t\t\t<div class=\"elementor-element elementor-element-9fef173 elementor-widget elementor-widget-text-editor\" data-id=\"9fef173\" data-element_type=\"widget\" data-widget_type=\"text-editor.default\">\n\t\t\t\t\t\t\t\t\t<p>Pr\u00e9c\u00e9d\u00e9 du court-m\u00e9trage <span class=\"a_GcMg font-feature-liga-off font-feature-clig-off font-feature-calt-off text-decoration-none text-strikethrough-none\">CE QUE JE NE POURRAIS VOUS DIRE<\/span> (ensav).<br \/><span style=\"color: #800000;\"><em><span class=\"a_GcMg font-feature-liga-off font-feature-clig-off font-feature-calt-off text-decoration-none text-strikethrough-none\">Que reste-t-il de papy ? C&rsquo;est la question que pose Violette Gleizer. Face aux silences de sa grand-m\u00e8re, des images subsistent malgr\u00e9 tout.<\/span><\/em><\/span><\/p>\t\t\t\t\t\t\t\t<\/div>\n\t\t\t\t<div class=\"elementor-element elementor-element-c3b6608 elementor-widget-divider--separator-type-pattern elementor-widget-divider--view-line elementor-widget elementor-widget-divider\" data-id=\"c3b6608\" data-element_type=\"widget\" data-widget_type=\"divider.default\">\n\t\t\t\t\t\t\t<div class=\"elementor-divider\" style=\"--divider-pattern-url: url(&quot;data:image\/svg+xml,%3Csvg xmlns=&#039;http:\/\/www.w3.org\/2000\/svg&#039; preserveAspectRatio=&#039;none&#039; overflow=&#039;visible&#039; height=&#039;100%&#039; viewBox=&#039;0 0 24 24&#039; fill=&#039;none&#039; stroke=&#039;black&#039; stroke-width=&#039;1&#039; stroke-linecap=&#039;square&#039; stroke-miterlimit=&#039;10&#039;%3E%3Cpath d=&#039;M0,21c3.3,0,8.3-0.9,15.7-7.1c6.6-5.4,4.4-9.3,2.4-10.3c-3.4-1.8-7.7,1.3-7.3,8.8C11.2,20,17.1,21,24,21&#039;\/%3E%3C\/svg%3E&quot;);\">\n\t\t\t<span class=\"elementor-divider-separator\">\n\t\t\t\t\t\t<\/span>\n\t\t<\/div>\n\t\t\t\t\t\t<\/div>\n\t\t\t\t<div class=\"elementor-element elementor-element-49d0444 elementor-widget elementor-widget-heading\" data-id=\"49d0444\" data-element_type=\"widget\" data-widget_type=\"heading.default\">\n\t\t\t\t\t<h3 class=\"elementor-heading-title elementor-size-default\">\u00e0 18h : DITES LUI QUE JE L'AIME<\/h3>\t\t\t\t<\/div>\n\t\t\t\t<div class=\"elementor-element elementor-element-c338ca1 elementor-widget elementor-widget-text-editor\" data-id=\"c338ca1\" data-element_type=\"widget\" data-widget_type=\"text-editor.default\">\n\t\t\t\t\t\t\t\t\t<h5><span style=\"color: #ff9900;\"><strong>AVANT-PREMIERE<\/strong><\/span><\/h5>\t\t\t\t\t\t\t\t<\/div>\n\t\t\t\t<div class=\"elementor-element elementor-element-ac54b1b elementor-position-right elementor-vertical-align-middle elementor-widget elementor-widget-image-box\" data-id=\"ac54b1b\" data-element_type=\"widget\" data-widget_type=\"image-box.default\">\n\t\t\t\t\t<div class=\"elementor-image-box-wrapper\"><figure class=\"elementor-image-box-img\"><img loading=\"lazy\" decoding=\"async\" width=\"1200\" height=\"1600\" src=\"https:\/\/cinemadautomne.fr\/wp-content\/uploads\/2025\/09\/ditesluique.jpg\" class=\"attachment-full size-full wp-image-6129\" alt=\"\" srcset=\"https:\/\/cinemadautomne.fr\/wp-content\/uploads\/2025\/09\/ditesluique.jpg 1200w, https:\/\/cinemadautomne.fr\/wp-content\/uploads\/2025\/09\/ditesluique-595x793.jpg 595w, https:\/\/cinemadautomne.fr\/wp-content\/uploads\/2025\/09\/ditesluique-960x1280.jpg 960w, https:\/\/cinemadautomne.fr\/wp-content\/uploads\/2025\/09\/ditesluique-480x640.jpg 480w, https:\/\/cinemadautomne.fr\/wp-content\/uploads\/2025\/09\/ditesluique-768x1024.jpg 768w, https:\/\/cinemadautomne.fr\/wp-content\/uploads\/2025\/09\/ditesluique-1152x1536.jpg 1152w\" sizes=\"(max-width: 1200px) 100vw, 1200px\" \/><\/figure><div class=\"elementor-image-box-content\"><h4 class=\"elementor-image-box-title\">Com\u00e9die dramatique de Romane Bohringer. Dur\u00e9e 1h32.<\/h4><p class=\"elementor-image-box-description\">Romane d\u00e9cide d'adapter pour le cin\u00e9ma le livre de Cl\u00e9mentine Autain consacr\u00e9 \u00e0 sa m\u00e8re. Ce projet va l'obliger \u00e0 se confronter \u00e0 son pass\u00e9 et \u00e0 sa propre m\u00e8re qui l'a abandonn\u00e9e quand elle avait neuf mois.<\/p><\/div><\/div>\t\t\t\t<\/div>\n\t\t\t\t<div class=\"elementor-element elementor-element-490f649 elementor-widget elementor-widget-text-editor\" data-id=\"490f649\" data-element_type=\"widget\" data-widget_type=\"text-editor.default\">\n\t\t\t\t\t\t\t\t\t<p>Pr\u00e9c\u00e9d\u00e9 du court-m\u00e9trage LES LEVRES BLEUES (ensav).<br \/><span style=\"color: #800000;\"><em>Et si la couleur de l&rsquo;Amour, c&rsquo;\u00e9tait le bleu ?<\/em><\/span><\/p>\t\t\t\t\t\t\t\t<\/div>\n\t\t\t\t<div class=\"elementor-element elementor-element-634dbed elementor-widget-divider--separator-type-pattern elementor-widget-divider--view-line elementor-widget elementor-widget-divider\" data-id=\"634dbed\" data-element_type=\"widget\" data-widget_type=\"divider.default\">\n\t\t\t\t\t\t\t<div class=\"elementor-divider\" style=\"--divider-pattern-url: url(&quot;data:image\/svg+xml,%3Csvg xmlns=&#039;http:\/\/www.w3.org\/2000\/svg&#039; preserveAspectRatio=&#039;none&#039; overflow=&#039;visible&#039; height=&#039;100%&#039; viewBox=&#039;0 0 24 24&#039; fill=&#039;none&#039; stroke=&#039;black&#039; stroke-width=&#039;1&#039; stroke-linecap=&#039;square&#039; stroke-miterlimit=&#039;10&#039;%3E%3Cpath d=&#039;M0,21c3.3,0,8.3-0.9,15.7-7.1c6.6-5.4,4.4-9.3,2.4-10.3c-3.4-1.8-7.7,1.3-7.3,8.8C11.2,20,17.1,21,24,21&#039;\/%3E%3C\/svg%3E&quot;);\">\n\t\t\t<span class=\"elementor-divider-separator\">\n\t\t\t\t\t\t<\/span>\n\t\t<\/div>\n\t\t\t\t\t\t<\/div>\n\t\t\t\t<div class=\"elementor-element elementor-element-fd9be4f elementor-widget elementor-widget-heading\" data-id=\"fd9be4f\" data-element_type=\"widget\" data-widget_type=\"heading.default\">\n\t\t\t\t\t<h3 class=\"elementor-heading-title elementor-size-default\">\u00e0 20h40 : LA FEMME CACHEE<\/h3>\t\t\t\t<\/div>\n\t\t\t\t<div class=\"elementor-element elementor-element-330c96b elementor-widget elementor-widget-text-editor\" data-id=\"330c96b\" data-element_type=\"widget\" data-widget_type=\"text-editor.default\">\n\t\t\t\t\t\t\t\t\t<h5><span style=\"color: #ff9900;\"><strong>AVANT-PREMIERE en pr\u00e9sence de membres de l&rsquo;\u00e9quipe du film.<\/strong><\/span><\/h5>\t\t\t\t\t\t\t\t<\/div>\n\t\t\t\t<div class=\"elementor-element elementor-element-a81144e elementor-position-right elementor-vertical-align-middle elementor-widget elementor-widget-image-box\" data-id=\"a81144e\" data-element_type=\"widget\" data-widget_type=\"image-box.default\">\n\t\t\t\t\t<div class=\"elementor-image-box-wrapper\"><figure class=\"elementor-image-box-img\"><img loading=\"lazy\" decoding=\"async\" width=\"1108\" height=\"1600\" src=\"https:\/\/cinemadautomne.fr\/wp-content\/uploads\/2025\/09\/femmecachee.jpg\" class=\"attachment-full size-full wp-image-6130\" alt=\"\" srcset=\"https:\/\/cinemadautomne.fr\/wp-content\/uploads\/2025\/09\/femmecachee.jpg 1108w, https:\/\/cinemadautomne.fr\/wp-content\/uploads\/2025\/09\/femmecachee-595x859.jpg 595w, https:\/\/cinemadautomne.fr\/wp-content\/uploads\/2025\/09\/femmecachee-960x1386.jpg 960w, https:\/\/cinemadautomne.fr\/wp-content\/uploads\/2025\/09\/femmecachee-768x1109.jpg 768w, https:\/\/cinemadautomne.fr\/wp-content\/uploads\/2025\/09\/femmecachee-1064x1536.jpg 1064w\" sizes=\"(max-width: 1108px) 100vw, 1108px\" \/><\/figure><div class=\"elementor-image-box-content\"><h4 class=\"elementor-image-box-title\">Drame de Bachir Bensaddek. Dur\u00e9e 1h41.<\/h4><p class=\"elementor-image-box-description\">Six ans apr\u00e8s un premier enfant, Halima, qui a fui la France en mentant sur son pass\u00e9, est de nouveau enceinte. Son \u00e9tat alerte Sylvain, son mari, et L\u00e9a, sa fille. L'urgence d'affronter son pass\u00e9 s'impose \u00e0 Halima et elle avoue ses mensonges \u00e0 Sylvain. Ils partent en France o\u00f9 elle renoue avec sa famille (ses parents Wassila et Boussa\u00e2d, son fr\u00e8re Malik et ses deux soeurs Ka\u00efna et Nasserine...) tout en se faisant aspirer par son enfance bless\u00e9e, que personne \u00e0 part elle ne semble vouloir \u00e9voquer...<\/p><\/div><\/div>\t\t\t\t<\/div>\n\t\t\t\t<div class=\"elementor-element elementor-element-39dd099 elementor-widget-divider--separator-type-pattern elementor-widget-divider--view-line elementor-widget elementor-widget-divider\" data-id=\"39dd099\" data-element_type=\"widget\" data-widget_type=\"divider.default\">\n\t\t\t\t\t\t\t<div class=\"elementor-divider\" style=\"--divider-pattern-url: url(&quot;data:image\/svg+xml,%3Csvg xmlns=&#039;http:\/\/www.w3.org\/2000\/svg&#039; preserveAspectRatio=&#039;none&#039; overflow=&#039;visible&#039; height=&#039;100%&#039; viewBox=&#039;0 0 24 24&#039; fill=&#039;none&#039; stroke=&#039;black&#039; stroke-width=&#039;1&#039; stroke-linecap=&#039;square&#039; stroke-miterlimit=&#039;10&#039;%3E%3Cpath d=&#039;M0,21c3.3,0,8.3-0.9,15.7-7.1c6.6-5.4,4.4-9.3,2.4-10.3c-3.4-1.8-7.7,1.3-7.3,8.8C11.2,20,17.1,21,24,21&#039;\/%3E%3C\/svg%3E&quot;);\">\n\t\t\t<span class=\"elementor-divider-separator\">\n\t\t\t\t\t\t<\/span>\n\t\t<\/div>\n\t\t\t\t\t\t<\/div>\n\t\t\t\t\t<\/div>\n\t\t\t\t<\/div>\n\t\t\t\t\t<\/details>\n\t\t\t\t\t<\/div>\n\t\t\t\t\t\t<\/div>\n\t\t\t\t\t<\/div>\n\t\t\t\t<\/div>\n\t\t\t\t<\/div>\n\t\t<!-- AddThis Advanced Settings generic via filter on the_content --><!-- AddThis Share Buttons generic via filter on the_content -->","protected":false},"excerpt":{"rendered":"<p>programmation Le festival Cin\u00e9ma d&rsquo;Ici, c&rsquo;est 5 jours de projections et rencontres. D\u00e9couvrez sans plus attendre le programme de cette [&hellip;]<!-- AddThis Advanced Settings generic via filter on get_the_excerpt --><!-- AddThis Share Buttons generic via filter on get_the_excerpt --><\/p>\n","protected":false},"author":1,"featured_media":6307,"parent":0,"menu_order":0,"comment_status":"closed","ping_status":"closed","template":"","meta":{"site-sidebar-layout":"no-sidebar","site-content-layout":"","ast-site-content-layout":"full-width-container","site-content-style":"default","site-sidebar-style":"default","ast-global-header-display":"","ast-banner-title-visibility":"","ast-main-header-display":"","ast-hfb-above-header-display":"","ast-hfb-below-header-display":"","ast-hfb-mobile-header-display":"","site-post-title":"disabled","ast-breadcrumbs-content":"","ast-featured-img":"disabled","footer-sml-layout":"","theme-transparent-header-meta":"","adv-header-id-meta":"","stick-header-meta":"","header-above-stick-meta":"","header-main-stick-meta":"","header-below-stick-meta":"","astra-migrate-meta-layouts":"default","ast-page-background-enabled":"default","ast-page-background-meta":{"desktop":{"background-color":"var(--ast-global-color-5)","background-image":"","background-repeat":"repeat","background-position":"center center","background-size":"auto","background-attachment":"scroll","background-type":"","background-media":"","overlay-type":"","overlay-color":"","overlay-opacity":"","overlay-gradient":""},"tablet":{"background-color":"","background-image":"","background-repeat":"repeat","background-position":"center center","background-size":"auto","background-attachment":"scroll","background-type":"","background-media":"","overlay-type":"","overlay-color":"","overlay-opacity":"","overlay-gradient":""},"mobile":{"background-color":"","background-image":"","background-repeat":"repeat","background-position":"center center","background-size":"auto","background-attachment":"scroll","background-type":"","background-media":"","overlay-type":"","overlay-color":"","overlay-opacity":"","overlay-gradient":""}},"ast-content-background-meta":{"desktop":{"background-color":"var(--ast-global-color-4)","background-image":"","background-repeat":"repeat","background-position":"center center","background-size":"auto","background-attachment":"scroll","background-type":"","background-media":"","overlay-type":"","overlay-color":"","overlay-opacity":"","overlay-gradient":""},"tablet":{"background-color":"var(--ast-global-color-4)","background-image":"","background-repeat":"repeat","background-position":"center center","background-size":"auto","background-attachment":"scroll","background-type":"","background-media":"","overlay-type":"","overlay-color":"","overlay-opacity":"","overlay-gradient":""},"mobile":{"background-color":"var(--ast-global-color-4)","background-image":"","background-repeat":"repeat","background-position":"center center","background-size":"auto","background-attachment":"scroll","background-type":"","background-media":"","overlay-type":"","overlay-color":"","overlay-opacity":"","overlay-gradient":""}},"footnotes":""},"class_list":["post-6019","page","type-page","status-publish","has-post-thumbnail","hentry"],"yoast_head":"<!-- This site is optimized with the Yoast SEO plugin v25.5 - https:\/\/yoast.com\/wordpress\/plugins\/seo\/ -->\n<title>Programmation - Festival Cin\u00e9ma d&#039;ici<\/title>\n<meta name=\"robots\" content=\"index, follow, max-snippet:-1, max-image-preview:large, max-video-preview:-1\" \/>\n<link rel=\"canonical\" href=\"https:\/\/cinemadautomne.fr\/?page_id=6019\" \/>\n<meta property=\"og:locale\" content=\"fr_FR\" \/>\n<meta property=\"og:type\" content=\"article\" \/>\n<meta property=\"og:title\" content=\"Programmation - Festival Cin\u00e9ma d&#039;ici\" \/>\n<meta property=\"og:description\" content=\"programmation Le festival Cin\u00e9ma d&rsquo;Ici, c&rsquo;est 5 jours de projections et rencontres. D\u00e9couvrez sans plus attendre le programme de cette [&hellip;]\" \/>\n<meta property=\"og:url\" content=\"https:\/\/cinemadautomne.fr\/?page_id=6019\" \/>\n<meta property=\"og:site_name\" content=\"Festival Cin\u00e9ma d&#039;ici\" \/>\n<meta property=\"article:publisher\" content=\"https:\/\/www.facebook.com\/cinemadautomne\" \/>\n<meta property=\"article:modified_time\" content=\"2025-09-24T14:01:25+00:00\" \/>\n<meta property=\"og:image\" content=\"https:\/\/cinemadautomne.fr\/wp-content\/uploads\/2025\/09\/Festival-Cinema-DIci-13-09-25-08783.jpg\" \/>\n\t<meta property=\"og:image:width\" content=\"1600\" \/>\n\t<meta property=\"og:image:height\" content=\"1067\" \/>\n\t<meta property=\"og:image:type\" content=\"image\/jpeg\" \/>\n<meta name=\"twitter:card\" content=\"summary_large_image\" \/>\n<meta name=\"twitter:label1\" content=\"Dur\u00e9e de lecture estim\u00e9e\" \/>\n\t<meta name=\"twitter:data1\" content=\"46 minutes\" \/>\n<script type=\"application\/ld+json\" class=\"yoast-schema-graph\">{\"@context\":\"https:\/\/schema.org\",\"@graph\":[{\"@type\":\"WebPage\",\"@id\":\"https:\/\/cinemadautomne.fr\/?page_id=6019\",\"url\":\"https:\/\/cinemadautomne.fr\/?page_id=6019\",\"name\":\"Programmation - Festival Cin\u00e9ma d&#039;ici\",\"isPartOf\":{\"@id\":\"https:\/\/cinemadautomne.fr\/#website\"},\"primaryImageOfPage\":{\"@id\":\"https:\/\/cinemadautomne.fr\/?page_id=6019#primaryimage\"},\"image\":{\"@id\":\"https:\/\/cinemadautomne.fr\/?page_id=6019#primaryimage\"},\"thumbnailUrl\":\"https:\/\/cinemadautomne.fr\/wp-content\/uploads\/2025\/09\/Festival-Cinema-DIci-13-09-25-08783.jpg\",\"datePublished\":\"2025-09-11T15:46:01+00:00\",\"dateModified\":\"2025-09-24T14:01:25+00:00\",\"breadcrumb\":{\"@id\":\"https:\/\/cinemadautomne.fr\/?page_id=6019#breadcrumb\"},\"inLanguage\":\"fr-FR\",\"potentialAction\":[{\"@type\":\"ReadAction\",\"target\":[\"https:\/\/cinemadautomne.fr\/?page_id=6019\"]}]},{\"@type\":\"ImageObject\",\"inLanguage\":\"fr-FR\",\"@id\":\"https:\/\/cinemadautomne.fr\/?page_id=6019#primaryimage\",\"url\":\"https:\/\/cinemadautomne.fr\/wp-content\/uploads\/2025\/09\/Festival-Cinema-DIci-13-09-25-08783.jpg\",\"contentUrl\":\"https:\/\/cinemadautomne.fr\/wp-content\/uploads\/2025\/09\/Festival-Cinema-DIci-13-09-25-08783.jpg\",\"width\":1600,\"height\":1067,\"caption\":\"Programmation du festival Cin\u00e9ma d'Ici\"},{\"@type\":\"BreadcrumbList\",\"@id\":\"https:\/\/cinemadautomne.fr\/?page_id=6019#breadcrumb\",\"itemListElement\":[{\"@type\":\"ListItem\",\"position\":1,\"name\":\"Accueil\",\"item\":\"https:\/\/cinemadautomne.fr\/\"},{\"@type\":\"ListItem\",\"position\":2,\"name\":\"Programmation\"}]},{\"@type\":\"WebSite\",\"@id\":\"https:\/\/cinemadautomne.fr\/#website\",\"url\":\"https:\/\/cinemadautomne.fr\/\",\"name\":\"Festival Cin\u00e9ma d'ici\",\"description\":\"du 24 au 28 septembre \u00e0 Castelnaudary\",\"publisher\":{\"@id\":\"https:\/\/cinemadautomne.fr\/#organization\"},\"potentialAction\":[{\"@type\":\"SearchAction\",\"target\":{\"@type\":\"EntryPoint\",\"urlTemplate\":\"https:\/\/cinemadautomne.fr\/?s={search_term_string}\"},\"query-input\":{\"@type\":\"PropertyValueSpecification\",\"valueRequired\":true,\"valueName\":\"search_term_string\"}}],\"inLanguage\":\"fr-FR\"},{\"@type\":\"Organization\",\"@id\":\"https:\/\/cinemadautomne.fr\/#organization\",\"name\":\"Festival Cin\u00e9ma d'ici\",\"url\":\"https:\/\/cinemadautomne.fr\/\",\"logo\":{\"@type\":\"ImageObject\",\"inLanguage\":\"fr-FR\",\"@id\":\"https:\/\/cinemadautomne.fr\/#\/schema\/logo\/image\/\",\"url\":\"https:\/\/cinemadautomne.fr\/wp-content\/uploads\/2021\/09\/CinemaDAutomnedivers_LogoFinal_03LieDeVin_RVB_Plan-de-travail-1-e1631457910433.jpg\",\"contentUrl\":\"https:\/\/cinemadautomne.fr\/wp-content\/uploads\/2021\/09\/CinemaDAutomnedivers_LogoFinal_03LieDeVin_RVB_Plan-de-travail-1-e1631457910433.jpg\",\"width\":350,\"height\":223,\"caption\":\"Festival Cin\u00e9ma d'ici\"},\"image\":{\"@id\":\"https:\/\/cinemadautomne.fr\/#\/schema\/logo\/image\/\"},\"sameAs\":[\"https:\/\/www.facebook.com\/cinemadautomne\",\"https:\/\/www.instagram.com\/festivalcineautomne\/\"]}]}<\/script>\n<!-- \/ Yoast SEO plugin. -->","yoast_head_json":{"title":"Programmation - Festival Cin\u00e9ma d&#039;ici","robots":{"index":"index","follow":"follow","max-snippet":"max-snippet:-1","max-image-preview":"max-image-preview:large","max-video-preview":"max-video-preview:-1"},"canonical":"https:\/\/cinemadautomne.fr\/?page_id=6019","og_locale":"fr_FR","og_type":"article","og_title":"Programmation - Festival Cin\u00e9ma d&#039;ici","og_description":"programmation Le festival Cin\u00e9ma d&rsquo;Ici, c&rsquo;est 5 jours de projections et rencontres. D\u00e9couvrez sans plus attendre le programme de cette [&hellip;]","og_url":"https:\/\/cinemadautomne.fr\/?page_id=6019","og_site_name":"Festival Cin\u00e9ma d&#039;ici","article_publisher":"https:\/\/www.facebook.com\/cinemadautomne","article_modified_time":"2025-09-24T14:01:25+00:00","og_image":[{"width":1600,"height":1067,"url":"https:\/\/cinemadautomne.fr\/wp-content\/uploads\/2025\/09\/Festival-Cinema-DIci-13-09-25-08783.jpg","type":"image\/jpeg"}],"twitter_card":"summary_large_image","twitter_misc":{"Dur\u00e9e de lecture estim\u00e9e":"46 minutes"},"schema":{"@context":"https:\/\/schema.org","@graph":[{"@type":"WebPage","@id":"https:\/\/cinemadautomne.fr\/?page_id=6019","url":"https:\/\/cinemadautomne.fr\/?page_id=6019","name":"Programmation - Festival Cin\u00e9ma d&#039;ici","isPartOf":{"@id":"https:\/\/cinemadautomne.fr\/#website"},"primaryImageOfPage":{"@id":"https:\/\/cinemadautomne.fr\/?page_id=6019#primaryimage"},"image":{"@id":"https:\/\/cinemadautomne.fr\/?page_id=6019#primaryimage"},"thumbnailUrl":"https:\/\/cinemadautomne.fr\/wp-content\/uploads\/2025\/09\/Festival-Cinema-DIci-13-09-25-08783.jpg","datePublished":"2025-09-11T15:46:01+00:00","dateModified":"2025-09-24T14:01:25+00:00","breadcrumb":{"@id":"https:\/\/cinemadautomne.fr\/?page_id=6019#breadcrumb"},"inLanguage":"fr-FR","potentialAction":[{"@type":"ReadAction","target":["https:\/\/cinemadautomne.fr\/?page_id=6019"]}]},{"@type":"ImageObject","inLanguage":"fr-FR","@id":"https:\/\/cinemadautomne.fr\/?page_id=6019#primaryimage","url":"https:\/\/cinemadautomne.fr\/wp-content\/uploads\/2025\/09\/Festival-Cinema-DIci-13-09-25-08783.jpg","contentUrl":"https:\/\/cinemadautomne.fr\/wp-content\/uploads\/2025\/09\/Festival-Cinema-DIci-13-09-25-08783.jpg","width":1600,"height":1067,"caption":"Programmation du festival Cin\u00e9ma d'Ici"},{"@type":"BreadcrumbList","@id":"https:\/\/cinemadautomne.fr\/?page_id=6019#breadcrumb","itemListElement":[{"@type":"ListItem","position":1,"name":"Accueil","item":"https:\/\/cinemadautomne.fr\/"},{"@type":"ListItem","position":2,"name":"Programmation"}]},{"@type":"WebSite","@id":"https:\/\/cinemadautomne.fr\/#website","url":"https:\/\/cinemadautomne.fr\/","name":"Festival Cin\u00e9ma d'ici","description":"du 24 au 28 septembre \u00e0 Castelnaudary","publisher":{"@id":"https:\/\/cinemadautomne.fr\/#organization"},"potentialAction":[{"@type":"SearchAction","target":{"@type":"EntryPoint","urlTemplate":"https:\/\/cinemadautomne.fr\/?s={search_term_string}"},"query-input":{"@type":"PropertyValueSpecification","valueRequired":true,"valueName":"search_term_string"}}],"inLanguage":"fr-FR"},{"@type":"Organization","@id":"https:\/\/cinemadautomne.fr\/#organization","name":"Festival Cin\u00e9ma d'ici","url":"https:\/\/cinemadautomne.fr\/","logo":{"@type":"ImageObject","inLanguage":"fr-FR","@id":"https:\/\/cinemadautomne.fr\/#\/schema\/logo\/image\/","url":"https:\/\/cinemadautomne.fr\/wp-content\/uploads\/2021\/09\/CinemaDAutomnedivers_LogoFinal_03LieDeVin_RVB_Plan-de-travail-1-e1631457910433.jpg","contentUrl":"https:\/\/cinemadautomne.fr\/wp-content\/uploads\/2021\/09\/CinemaDAutomnedivers_LogoFinal_03LieDeVin_RVB_Plan-de-travail-1-e1631457910433.jpg","width":350,"height":223,"caption":"Festival Cin\u00e9ma d'ici"},"image":{"@id":"https:\/\/cinemadautomne.fr\/#\/schema\/logo\/image\/"},"sameAs":["https:\/\/www.facebook.com\/cinemadautomne","https:\/\/www.instagram.com\/festivalcineautomne\/"]}]}},"_links":{"self":[{"href":"https:\/\/cinemadautomne.fr\/index.php?rest_route=\/wp\/v2\/pages\/6019","targetHints":{"allow":["GET"]}}],"collection":[{"href":"https:\/\/cinemadautomne.fr\/index.php?rest_route=\/wp\/v2\/pages"}],"about":[{"href":"https:\/\/cinemadautomne.fr\/index.php?rest_route=\/wp\/v2\/types\/page"}],"author":[{"embeddable":true,"href":"https:\/\/cinemadautomne.fr\/index.php?rest_route=\/wp\/v2\/users\/1"}],"replies":[{"embeddable":true,"href":"https:\/\/cinemadautomne.fr\/index.php?rest_route=%2Fwp%2Fv2%2Fcomments&post=6019"}],"version-history":[{"count":143,"href":"https:\/\/cinemadautomne.fr\/index.php?rest_route=\/wp\/v2\/pages\/6019\/revisions"}],"predecessor-version":[{"id":6338,"href":"https:\/\/cinemadautomne.fr\/index.php?rest_route=\/wp\/v2\/pages\/6019\/revisions\/6338"}],"wp:featuredmedia":[{"embeddable":true,"href":"https:\/\/cinemadautomne.fr\/index.php?rest_route=\/wp\/v2\/media\/6307"}],"wp:attachment":[{"href":"https:\/\/cinemadautomne.fr\/index.php?rest_route=%2Fwp%2Fv2%2Fmedia&parent=6019"}],"curies":[{"name":"wp","href":"https:\/\/api.w.org\/{rel}","templated":true}]}}