{"id":5974,"date":"2025-07-31T13:16:45","date_gmt":"2025-07-31T13:16:45","guid":{"rendered":"https:\/\/cinemadautomne.fr\/?page_id=5974"},"modified":"2025-09-10T15:50:33","modified_gmt":"2025-09-10T15:50:33","slug":"rencontre-regionale-dediee-au-decors-de-cinema-jeudi-25-septembre-2025-a-castelnaudary","status":"publish","type":"page","link":"https:\/\/cinemadautomne.fr\/?page_id=5974","title":{"rendered":"Rencontre r\u00e9gionale d\u00e9di\u00e9e au D\u00e9cors de Cin\u00e9ma"},"content":{"rendered":"\t\t<div data-elementor-type=\"wp-page\" data-elementor-id=\"5974\" class=\"elementor elementor-5974\">\n\t\t\t\t<div class=\"elementor-element elementor-element-212bb4a e-flex e-con-boxed e-con e-parent\" data-id=\"212bb4a\" data-element_type=\"container\">\n\t\t\t\t\t<div class=\"e-con-inner\">\n\t\t\t\t<div class=\"elementor-element elementor-element-866248e elementor-widget elementor-widget-heading\" data-id=\"866248e\" data-element_type=\"widget\" data-widget_type=\"heading.default\">\n\t\t\t\t\t<h2 class=\"elementor-heading-title elementor-size-default\">LE JEUDI 25 septembre 2025<\/h2>\t\t\t\t<\/div>\n\t\t\t\t\t<\/div>\n\t\t\t\t<\/div>\n\t\t<div class=\"elementor-element elementor-element-028ee40 e-con-full e-flex e-con e-parent\" data-id=\"028ee40\" data-element_type=\"container\">\n\t\t\t\t<div class=\"elementor-element elementor-element-de8f0ee elementor-widget elementor-widget-image\" data-id=\"de8f0ee\" data-element_type=\"widget\" data-widget_type=\"image.default\">\n\t\t\t\t\t\t\t\t\t\t\t\t\t\t\t<img fetchpriority=\"high\" decoding=\"async\" width=\"960\" height=\"640\" src=\"https:\/\/cinemadautomne.fr\/wp-content\/uploads\/2025\/07\/1-960x640.jpg\" class=\"attachment-large size-large wp-image-5975\" alt=\"\" srcset=\"https:\/\/cinemadautomne.fr\/wp-content\/uploads\/2025\/07\/1-960x640.jpg 960w, https:\/\/cinemadautomne.fr\/wp-content\/uploads\/2025\/07\/1-595x397.jpg 595w, https:\/\/cinemadautomne.fr\/wp-content\/uploads\/2025\/07\/1-768x512.jpg 768w, https:\/\/cinemadautomne.fr\/wp-content\/uploads\/2025\/07\/1-1536x1024.jpg 1536w, https:\/\/cinemadautomne.fr\/wp-content\/uploads\/2025\/07\/1.jpg 1800w\" sizes=\"(max-width: 960px) 100vw, 960px\" \/>\t\t\t\t\t\t\t\t\t\t\t\t\t\t\t<\/div>\n\t\t\t\t<\/div>\n\t\t<div class=\"elementor-element elementor-element-69799b6 e-flex e-con-boxed e-con e-parent\" data-id=\"69799b6\" data-element_type=\"container\">\n\t\t\t\t\t<div class=\"e-con-inner\">\n\t\t\t\t<div class=\"elementor-element elementor-element-4c64dd9 elementor-widget elementor-widget-heading\" data-id=\"4c64dd9\" data-element_type=\"widget\" data-widget_type=\"heading.default\">\n\t\t\t\t\t<h2 class=\"elementor-heading-title elementor-size-default\"><a href=\"https:\/\/cinemadautomne.fr\/wp-content\/uploads\/2025\/07\/Cinema-dici-Journee-Pro-Save-the-date.pdf\">Demandez le programmme en cliquant ICI!<\/a><\/h2>\t\t\t\t<\/div>\n\t\t\t\t\t<\/div>\n\t\t\t\t<\/div>\n\t\t<div class=\"elementor-element elementor-element-a911d67 e-flex e-con-boxed e-con e-parent\" data-id=\"a911d67\" data-element_type=\"container\">\n\t\t\t\t\t<div class=\"e-con-inner\">\n\t\t\t\t<div class=\"elementor-element elementor-element-d2c190d elementor-widget elementor-widget-heading\" data-id=\"d2c190d\" data-element_type=\"widget\" data-widget_type=\"heading.default\">\n\t\t\t\t\t<h2 class=\"elementor-heading-title elementor-size-default\"><p style=\"text-indent:-18.0pt\">\n\n<\/p><p class=\"MsoNormal\" style=\"margin-bottom:0cm;line-height:150%\"><b>Accueillir un tournage dans sa ville \/ son village avec Occitanie Films<\/b><\/p><p class=\"MsoNormal\" style=\"margin-bottom:0cm;line-height:150%\"><a href=\"https:\/\/my.weezevent.com\/accueiltournage\">Inscrivez-vous ici<\/a> <\/p><br><p class=\"MsoNormal\" style=\"margin-bottom:0cm;line-height:150%\"><b>L'atelier tournage et Biodiversit\u00e9<\/b><\/p><p class=\"MsoNormal\" style=\"margin-bottom:0cm;line-height:150%\"><a href=\"https:\/\/my.weezevent.com\/atelier-tournage-et-biodiversite-castelnaudary\">Inscrivez-vous ici<\/a> <\/p><br><p class=\"MsoNormal\" style=\"margin-bottom:0cm;line-height:150%\"><b>Rencontre R\u00e9gionale d\u00e9di\u00e9e aux d\u00e9cors de cin\u00e9ma : tables rondes th\u00e9matiques<\/b><\/p><p class=\"MsoNormal\" style=\"margin-bottom:0cm;line-height:150%\"><a href=\"https:\/\/my.weezevent.com\/rencontre-regionale-dediee-aux-decors-de-cinema-1\">Inscrivez-vous ici<\/a> <\/p><p style=\"text-indent:-18.0pt\">\n\n<\/p><\/h2>\t\t\t\t<\/div>\n\t\t\t\t\t<\/div>\n\t\t\t\t<\/div>\n\t\t\t\t<\/div>\n\t\t<!-- AddThis Advanced Settings generic via filter on the_content --><!-- AddThis Share Buttons generic via filter on the_content -->","protected":false},"excerpt":{"rendered":"<p>LE JEUDI 25 septembre 2025 Demandez le programmme en cliquant ICI! Accueillir un tournage dans sa ville \/ son village [&hellip;]<!-- AddThis Advanced Settings generic via filter on get_the_excerpt --><!-- AddThis Share Buttons generic via filter on get_the_excerpt --><\/p>\n","protected":false},"author":2,"featured_media":0,"parent":5084,"menu_order":0,"comment_status":"closed","ping_status":"closed","template":"","meta":{"site-sidebar-layout":"default","site-content-layout":"","ast-site-content-layout":"default","site-content-style":"default","site-sidebar-style":"default","ast-global-header-display":"","ast-banner-title-visibility":"","ast-main-header-display":"","ast-hfb-above-header-display":"","ast-hfb-below-header-display":"","ast-hfb-mobile-header-display":"","site-post-title":"","ast-breadcrumbs-content":"","ast-featured-img":"","footer-sml-layout":"","theme-transparent-header-meta":"","adv-header-id-meta":"","stick-header-meta":"","header-above-stick-meta":"","header-main-stick-meta":"","header-below-stick-meta":"","astra-migrate-meta-layouts":"default","ast-page-background-enabled":"default","ast-page-background-meta":{"desktop":{"background-color":"var(--ast-global-color-5)","background-image":"","background-repeat":"repeat","background-position":"center center","background-size":"auto","background-attachment":"scroll","background-type":"","background-media":"","overlay-type":"","overlay-color":"","overlay-opacity":"","overlay-gradient":""},"tablet":{"background-color":"","background-image":"","background-repeat":"repeat","background-position":"center center","background-size":"auto","background-attachment":"scroll","background-type":"","background-media":"","overlay-type":"","overlay-color":"","overlay-opacity":"","overlay-gradient":""},"mobile":{"background-color":"","background-image":"","background-repeat":"repeat","background-position":"center center","background-size":"auto","background-attachment":"scroll","background-type":"","background-media":"","overlay-type":"","overlay-color":"","overlay-opacity":"","overlay-gradient":""}},"ast-content-background-meta":{"desktop":{"background-color":"var(--ast-global-color-4)","background-image":"","background-repeat":"repeat","background-position":"center center","background-size":"auto","background-attachment":"scroll","background-type":"","background-media":"","overlay-type":"","overlay-color":"","overlay-opacity":"","overlay-gradient":""},"tablet":{"background-color":"var(--ast-global-color-4)","background-image":"","background-repeat":"repeat","background-position":"center center","background-size":"auto","background-attachment":"scroll","background-type":"","background-media":"","overlay-type":"","overlay-color":"","overlay-opacity":"","overlay-gradient":""},"mobile":{"background-color":"var(--ast-global-color-4)","background-image":"","background-repeat":"repeat","background-position":"center center","background-size":"auto","background-attachment":"scroll","background-type":"","background-media":"","overlay-type":"","overlay-color":"","overlay-opacity":"","overlay-gradient":""}},"footnotes":""},"class_list":["post-5974","page","type-page","status-publish","hentry"],"yoast_head":"<!-- This site is optimized with the Yoast SEO plugin v25.5 - https:\/\/yoast.com\/wordpress\/plugins\/seo\/ -->\n<title>Rencontre r\u00e9gionale d\u00e9di\u00e9e au D\u00e9cors de Cin\u00e9ma - Festival Cin\u00e9ma d&#039;ici<\/title>\n<meta name=\"description\" content=\"L&#039;Occitanie est devenue une destination pris\u00e9e des productions fran\u00e7aises et internationales, aussi bien pour les s\u00e9ries quotidiennes que pour les fictions cin\u00e9matographiques.Pourtant, quand on repr\u00e9sente une collectivit\u00e9 locale, la perspective d&#039;accueillir une \u00e9quipe de tournage sur son territoire peut inqui\u00e9ter : autorisations, r\u00e9glementations, impacts sur la population et sur le paysage...Le festival \u00ab Cin\u00e9ma d&#039;ici - l&#039;Occitanie sur grand \u00e9cran \u00bb vous invite \u00e0 participer \u00e0 une journ\u00e9e de rencontres s\u2019adressant sp\u00e9cifiquement aux \u00e9lu\u00b7es et technicien\u00b7nes des collectivit\u00e9s territoriales avec l&#039;objectif de les outiller pour leur permettre d&#039;envisager sereinement l&#039;accueil de tournages.Au programme : retour d\u2019exp\u00e9rience, ateliers, conf\u00e9rences\u2026\" \/>\n<meta name=\"robots\" content=\"index, follow, max-snippet:-1, max-image-preview:large, max-video-preview:-1\" \/>\n<link rel=\"canonical\" href=\"https:\/\/cinemadautomne.fr\/?page_id=5974\" \/>\n<meta property=\"og:locale\" content=\"fr_FR\" \/>\n<meta property=\"og:type\" content=\"article\" \/>\n<meta property=\"og:title\" content=\"Rencontre r\u00e9gionale d\u00e9di\u00e9e au D\u00e9cors de Cin\u00e9ma - Festival Cin\u00e9ma d&#039;ici\" \/>\n<meta property=\"og:description\" content=\"L&#039;Occitanie est devenue une destination pris\u00e9e des productions fran\u00e7aises et internationales, aussi bien pour les s\u00e9ries quotidiennes que pour les fictions cin\u00e9matographiques.Pourtant, quand on repr\u00e9sente une collectivit\u00e9 locale, la perspective d&#039;accueillir une \u00e9quipe de tournage sur son territoire peut inqui\u00e9ter : autorisations, r\u00e9glementations, impacts sur la population et sur le paysage...Le festival \u00ab Cin\u00e9ma d&#039;ici - l&#039;Occitanie sur grand \u00e9cran \u00bb vous invite \u00e0 participer \u00e0 une journ\u00e9e de rencontres s\u2019adressant sp\u00e9cifiquement aux \u00e9lu\u00b7es et technicien\u00b7nes des collectivit\u00e9s territoriales avec l&#039;objectif de les outiller pour leur permettre d&#039;envisager sereinement l&#039;accueil de tournages.Au programme : retour d\u2019exp\u00e9rience, ateliers, conf\u00e9rences\u2026\" \/>\n<meta property=\"og:url\" content=\"https:\/\/cinemadautomne.fr\/?page_id=5974\" \/>\n<meta property=\"og:site_name\" content=\"Festival Cin\u00e9ma d&#039;ici\" \/>\n<meta property=\"article:publisher\" content=\"https:\/\/www.facebook.com\/cinemadautomne\" \/>\n<meta property=\"article:modified_time\" content=\"2025-09-10T15:50:33+00:00\" \/>\n<meta property=\"og:image\" content=\"https:\/\/cinemadautomne.fr\/wp-content\/uploads\/2025\/07\/1.jpg\" \/>\n\t<meta property=\"og:image:width\" content=\"1800\" \/>\n\t<meta property=\"og:image:height\" content=\"1200\" \/>\n\t<meta property=\"og:image:type\" content=\"image\/jpeg\" \/>\n<meta name=\"twitter:card\" content=\"summary_large_image\" \/>\n<meta name=\"twitter:label1\" content=\"Dur\u00e9e de lecture estim\u00e9e\" \/>\n\t<meta name=\"twitter:data1\" content=\"1 minute\" \/>\n<script type=\"application\/ld+json\" class=\"yoast-schema-graph\">{\"@context\":\"https:\/\/schema.org\",\"@graph\":[{\"@type\":\"WebPage\",\"@id\":\"https:\/\/cinemadautomne.fr\/?page_id=5974\",\"url\":\"https:\/\/cinemadautomne.fr\/?page_id=5974\",\"name\":\"Rencontre r\u00e9gionale d\u00e9di\u00e9e au D\u00e9cors de Cin\u00e9ma - Festival Cin\u00e9ma d&#039;ici\",\"isPartOf\":{\"@id\":\"https:\/\/cinemadautomne.fr\/#website\"},\"primaryImageOfPage\":{\"@id\":\"https:\/\/cinemadautomne.fr\/?page_id=5974#primaryimage\"},\"image\":{\"@id\":\"https:\/\/cinemadautomne.fr\/?page_id=5974#primaryimage\"},\"thumbnailUrl\":\"https:\/\/cinemadautomne.fr\/wp-content\/uploads\/2025\/07\/1-960x640.jpg\",\"datePublished\":\"2025-07-31T13:16:45+00:00\",\"dateModified\":\"2025-09-10T15:50:33+00:00\",\"description\":\"L'Occitanie est devenue une destination pris\u00e9e des productions fran\u00e7aises et internationales, aussi bien pour les s\u00e9ries quotidiennes que pour les fictions cin\u00e9matographiques.Pourtant, quand on repr\u00e9sente une collectivit\u00e9 locale, la perspective d'accueillir une \u00e9quipe de tournage sur son territoire peut inqui\u00e9ter : autorisations, r\u00e9glementations, impacts sur la population et sur le paysage...Le festival \u00ab Cin\u00e9ma d'ici - l'Occitanie sur grand \u00e9cran \u00bb vous invite \u00e0 participer \u00e0 une journ\u00e9e de rencontres s\u2019adressant sp\u00e9cifiquement aux \u00e9lu\u00b7es et technicien\u00b7nes des collectivit\u00e9s territoriales avec l'objectif de les outiller pour leur permettre d'envisager sereinement l'accueil de tournages.Au programme : retour d\u2019exp\u00e9rience, ateliers, conf\u00e9rences\u2026\",\"breadcrumb\":{\"@id\":\"https:\/\/cinemadautomne.fr\/?page_id=5974#breadcrumb\"},\"inLanguage\":\"fr-FR\",\"potentialAction\":[{\"@type\":\"ReadAction\",\"target\":[\"https:\/\/cinemadautomne.fr\/?page_id=5974\"]}]},{\"@type\":\"ImageObject\",\"inLanguage\":\"fr-FR\",\"@id\":\"https:\/\/cinemadautomne.fr\/?page_id=5974#primaryimage\",\"url\":\"https:\/\/cinemadautomne.fr\/wp-content\/uploads\/2025\/07\/1.jpg\",\"contentUrl\":\"https:\/\/cinemadautomne.fr\/wp-content\/uploads\/2025\/07\/1.jpg\",\"width\":1800,\"height\":1200},{\"@type\":\"BreadcrumbList\",\"@id\":\"https:\/\/cinemadautomne.fr\/?page_id=5974#breadcrumb\",\"itemListElement\":[{\"@type\":\"ListItem\",\"position\":1,\"name\":\"Accueil\",\"item\":\"https:\/\/cinemadautomne.fr\/\"},{\"@type\":\"ListItem\",\"position\":2,\"name\":\"\u00c9dition 2025\",\"item\":\"https:\/\/cinemadautomne.fr\/?page_id=5084\"},{\"@type\":\"ListItem\",\"position\":3,\"name\":\"Rencontre r\u00e9gionale d\u00e9di\u00e9e au D\u00e9cors de Cin\u00e9ma\"}]},{\"@type\":\"WebSite\",\"@id\":\"https:\/\/cinemadautomne.fr\/#website\",\"url\":\"https:\/\/cinemadautomne.fr\/\",\"name\":\"Festival Cin\u00e9ma d'ici\",\"description\":\"du 24 au 28 septembre \u00e0 Castelnaudary\",\"publisher\":{\"@id\":\"https:\/\/cinemadautomne.fr\/#organization\"},\"potentialAction\":[{\"@type\":\"SearchAction\",\"target\":{\"@type\":\"EntryPoint\",\"urlTemplate\":\"https:\/\/cinemadautomne.fr\/?s={search_term_string}\"},\"query-input\":{\"@type\":\"PropertyValueSpecification\",\"valueRequired\":true,\"valueName\":\"search_term_string\"}}],\"inLanguage\":\"fr-FR\"},{\"@type\":\"Organization\",\"@id\":\"https:\/\/cinemadautomne.fr\/#organization\",\"name\":\"Festival Cin\u00e9ma d'ici\",\"url\":\"https:\/\/cinemadautomne.fr\/\",\"logo\":{\"@type\":\"ImageObject\",\"inLanguage\":\"fr-FR\",\"@id\":\"https:\/\/cinemadautomne.fr\/#\/schema\/logo\/image\/\",\"url\":\"https:\/\/cinemadautomne.fr\/wp-content\/uploads\/2021\/09\/CinemaDAutomnedivers_LogoFinal_03LieDeVin_RVB_Plan-de-travail-1-e1631457910433.jpg\",\"contentUrl\":\"https:\/\/cinemadautomne.fr\/wp-content\/uploads\/2021\/09\/CinemaDAutomnedivers_LogoFinal_03LieDeVin_RVB_Plan-de-travail-1-e1631457910433.jpg\",\"width\":350,\"height\":223,\"caption\":\"Festival Cin\u00e9ma d'ici\"},\"image\":{\"@id\":\"https:\/\/cinemadautomne.fr\/#\/schema\/logo\/image\/\"},\"sameAs\":[\"https:\/\/www.facebook.com\/cinemadautomne\",\"https:\/\/www.instagram.com\/festivalcineautomne\/\"]}]}<\/script>\n<!-- \/ Yoast SEO plugin. -->","yoast_head_json":{"title":"Rencontre r\u00e9gionale d\u00e9di\u00e9e au D\u00e9cors de Cin\u00e9ma - Festival Cin\u00e9ma d&#039;ici","description":"L'Occitanie est devenue une destination pris\u00e9e des productions fran\u00e7aises et internationales, aussi bien pour les s\u00e9ries quotidiennes que pour les fictions cin\u00e9matographiques.Pourtant, quand on repr\u00e9sente une collectivit\u00e9 locale, la perspective d'accueillir une \u00e9quipe de tournage sur son territoire peut inqui\u00e9ter : autorisations, r\u00e9glementations, impacts sur la population et sur le paysage...Le festival \u00ab Cin\u00e9ma d'ici - l'Occitanie sur grand \u00e9cran \u00bb vous invite \u00e0 participer \u00e0 une journ\u00e9e de rencontres s\u2019adressant sp\u00e9cifiquement aux \u00e9lu\u00b7es et technicien\u00b7nes des collectivit\u00e9s territoriales avec l'objectif de les outiller pour leur permettre d'envisager sereinement l'accueil de tournages.Au programme : retour d\u2019exp\u00e9rience, ateliers, conf\u00e9rences\u2026","robots":{"index":"index","follow":"follow","max-snippet":"max-snippet:-1","max-image-preview":"max-image-preview:large","max-video-preview":"max-video-preview:-1"},"canonical":"https:\/\/cinemadautomne.fr\/?page_id=5974","og_locale":"fr_FR","og_type":"article","og_title":"Rencontre r\u00e9gionale d\u00e9di\u00e9e au D\u00e9cors de Cin\u00e9ma - Festival Cin\u00e9ma d&#039;ici","og_description":"L'Occitanie est devenue une destination pris\u00e9e des productions fran\u00e7aises et internationales, aussi bien pour les s\u00e9ries quotidiennes que pour les fictions cin\u00e9matographiques.Pourtant, quand on repr\u00e9sente une collectivit\u00e9 locale, la perspective d'accueillir une \u00e9quipe de tournage sur son territoire peut inqui\u00e9ter : autorisations, r\u00e9glementations, impacts sur la population et sur le paysage...Le festival \u00ab Cin\u00e9ma d'ici - l'Occitanie sur grand \u00e9cran \u00bb vous invite \u00e0 participer \u00e0 une journ\u00e9e de rencontres s\u2019adressant sp\u00e9cifiquement aux \u00e9lu\u00b7es et technicien\u00b7nes des collectivit\u00e9s territoriales avec l'objectif de les outiller pour leur permettre d'envisager sereinement l'accueil de tournages.Au programme : retour d\u2019exp\u00e9rience, ateliers, conf\u00e9rences\u2026","og_url":"https:\/\/cinemadautomne.fr\/?page_id=5974","og_site_name":"Festival Cin\u00e9ma d&#039;ici","article_publisher":"https:\/\/www.facebook.com\/cinemadautomne","article_modified_time":"2025-09-10T15:50:33+00:00","og_image":[{"width":1800,"height":1200,"url":"https:\/\/cinemadautomne.fr\/wp-content\/uploads\/2025\/07\/1.jpg","type":"image\/jpeg"}],"twitter_card":"summary_large_image","twitter_misc":{"Dur\u00e9e de lecture estim\u00e9e":"1 minute"},"schema":{"@context":"https:\/\/schema.org","@graph":[{"@type":"WebPage","@id":"https:\/\/cinemadautomne.fr\/?page_id=5974","url":"https:\/\/cinemadautomne.fr\/?page_id=5974","name":"Rencontre r\u00e9gionale d\u00e9di\u00e9e au D\u00e9cors de Cin\u00e9ma - Festival Cin\u00e9ma d&#039;ici","isPartOf":{"@id":"https:\/\/cinemadautomne.fr\/#website"},"primaryImageOfPage":{"@id":"https:\/\/cinemadautomne.fr\/?page_id=5974#primaryimage"},"image":{"@id":"https:\/\/cinemadautomne.fr\/?page_id=5974#primaryimage"},"thumbnailUrl":"https:\/\/cinemadautomne.fr\/wp-content\/uploads\/2025\/07\/1-960x640.jpg","datePublished":"2025-07-31T13:16:45+00:00","dateModified":"2025-09-10T15:50:33+00:00","description":"L'Occitanie est devenue une destination pris\u00e9e des productions fran\u00e7aises et internationales, aussi bien pour les s\u00e9ries quotidiennes que pour les fictions cin\u00e9matographiques.Pourtant, quand on repr\u00e9sente une collectivit\u00e9 locale, la perspective d'accueillir une \u00e9quipe de tournage sur son territoire peut inqui\u00e9ter : autorisations, r\u00e9glementations, impacts sur la population et sur le paysage...Le festival \u00ab Cin\u00e9ma d'ici - l'Occitanie sur grand \u00e9cran \u00bb vous invite \u00e0 participer \u00e0 une journ\u00e9e de rencontres s\u2019adressant sp\u00e9cifiquement aux \u00e9lu\u00b7es et technicien\u00b7nes des collectivit\u00e9s territoriales avec l'objectif de les outiller pour leur permettre d'envisager sereinement l'accueil de tournages.Au programme : retour d\u2019exp\u00e9rience, ateliers, conf\u00e9rences\u2026","breadcrumb":{"@id":"https:\/\/cinemadautomne.fr\/?page_id=5974#breadcrumb"},"inLanguage":"fr-FR","potentialAction":[{"@type":"ReadAction","target":["https:\/\/cinemadautomne.fr\/?page_id=5974"]}]},{"@type":"ImageObject","inLanguage":"fr-FR","@id":"https:\/\/cinemadautomne.fr\/?page_id=5974#primaryimage","url":"https:\/\/cinemadautomne.fr\/wp-content\/uploads\/2025\/07\/1.jpg","contentUrl":"https:\/\/cinemadautomne.fr\/wp-content\/uploads\/2025\/07\/1.jpg","width":1800,"height":1200},{"@type":"BreadcrumbList","@id":"https:\/\/cinemadautomne.fr\/?page_id=5974#breadcrumb","itemListElement":[{"@type":"ListItem","position":1,"name":"Accueil","item":"https:\/\/cinemadautomne.fr\/"},{"@type":"ListItem","position":2,"name":"\u00c9dition 2025","item":"https:\/\/cinemadautomne.fr\/?page_id=5084"},{"@type":"ListItem","position":3,"name":"Rencontre r\u00e9gionale d\u00e9di\u00e9e au D\u00e9cors de Cin\u00e9ma"}]},{"@type":"WebSite","@id":"https:\/\/cinemadautomne.fr\/#website","url":"https:\/\/cinemadautomne.fr\/","name":"Festival Cin\u00e9ma d'ici","description":"du 24 au 28 septembre \u00e0 Castelnaudary","publisher":{"@id":"https:\/\/cinemadautomne.fr\/#organization"},"potentialAction":[{"@type":"SearchAction","target":{"@type":"EntryPoint","urlTemplate":"https:\/\/cinemadautomne.fr\/?s={search_term_string}"},"query-input":{"@type":"PropertyValueSpecification","valueRequired":true,"valueName":"search_term_string"}}],"inLanguage":"fr-FR"},{"@type":"Organization","@id":"https:\/\/cinemadautomne.fr\/#organization","name":"Festival Cin\u00e9ma d'ici","url":"https:\/\/cinemadautomne.fr\/","logo":{"@type":"ImageObject","inLanguage":"fr-FR","@id":"https:\/\/cinemadautomne.fr\/#\/schema\/logo\/image\/","url":"https:\/\/cinemadautomne.fr\/wp-content\/uploads\/2021\/09\/CinemaDAutomnedivers_LogoFinal_03LieDeVin_RVB_Plan-de-travail-1-e1631457910433.jpg","contentUrl":"https:\/\/cinemadautomne.fr\/wp-content\/uploads\/2021\/09\/CinemaDAutomnedivers_LogoFinal_03LieDeVin_RVB_Plan-de-travail-1-e1631457910433.jpg","width":350,"height":223,"caption":"Festival Cin\u00e9ma d'ici"},"image":{"@id":"https:\/\/cinemadautomne.fr\/#\/schema\/logo\/image\/"},"sameAs":["https:\/\/www.facebook.com\/cinemadautomne","https:\/\/www.instagram.com\/festivalcineautomne\/"]}]}},"_links":{"self":[{"href":"https:\/\/cinemadautomne.fr\/index.php?rest_route=\/wp\/v2\/pages\/5974","targetHints":{"allow":["GET"]}}],"collection":[{"href":"https:\/\/cinemadautomne.fr\/index.php?rest_route=\/wp\/v2\/pages"}],"about":[{"href":"https:\/\/cinemadautomne.fr\/index.php?rest_route=\/wp\/v2\/types\/page"}],"author":[{"embeddable":true,"href":"https:\/\/cinemadautomne.fr\/index.php?rest_route=\/wp\/v2\/users\/2"}],"replies":[{"embeddable":true,"href":"https:\/\/cinemadautomne.fr\/index.php?rest_route=%2Fwp%2Fv2%2Fcomments&post=5974"}],"version-history":[{"count":19,"href":"https:\/\/cinemadautomne.fr\/index.php?rest_route=\/wp\/v2\/pages\/5974\/revisions"}],"predecessor-version":[{"id":6018,"href":"https:\/\/cinemadautomne.fr\/index.php?rest_route=\/wp\/v2\/pages\/5974\/revisions\/6018"}],"up":[{"embeddable":true,"href":"https:\/\/cinemadautomne.fr\/index.php?rest_route=\/wp\/v2\/pages\/5084"}],"wp:attachment":[{"href":"https:\/\/cinemadautomne.fr\/index.php?rest_route=%2Fwp%2Fv2%2Fmedia&parent=5974"}],"curies":[{"name":"wp","href":"https:\/\/api.w.org\/{rel}","templated":true}]}}