{"id":5096,"date":"2025-04-27T10:46:48","date_gmt":"2025-04-27T10:46:48","guid":{"rendered":"https:\/\/cinemadautomne.fr\/?page_id=5096"},"modified":"2025-09-14T13:44:02","modified_gmt":"2025-09-14T13:44:02","slug":"venir-au-festival-2","status":"publish","type":"page","link":"https:\/\/cinemadautomne.fr\/?page_id=5096","title":{"rendered":"Venir au festival"},"content":{"rendered":"\t\t<div data-elementor-type=\"wp-page\" data-elementor-id=\"5096\" class=\"elementor elementor-5096\">\n\t\t\t\t<div class=\"elementor-element elementor-element-9faedb6 e-con-full e-flex e-con e-parent\" data-id=\"9faedb6\" data-element_type=\"container\">\n\t\t\t\t<div class=\"elementor-element elementor-element-f684b1c elementor-widget elementor-widget-image\" data-id=\"f684b1c\" data-element_type=\"widget\" data-widget_type=\"image.default\">\n\t\t\t\t\t\t\t\t\t\t\t\t\t\t\t<img fetchpriority=\"high\" decoding=\"async\" width=\"1640\" height=\"624\" src=\"https:\/\/cinemadautomne.fr\/wp-content\/uploads\/2025\/07\/CinemaDici_Bandeau2025_A3_Propositions1_03.jpg\" class=\"attachment-full size-full wp-image-5606\" alt=\"\" srcset=\"https:\/\/cinemadautomne.fr\/wp-content\/uploads\/2025\/07\/CinemaDici_Bandeau2025_A3_Propositions1_03.jpg 1640w, https:\/\/cinemadautomne.fr\/wp-content\/uploads\/2025\/07\/CinemaDici_Bandeau2025_A3_Propositions1_03-595x226.jpg 595w, https:\/\/cinemadautomne.fr\/wp-content\/uploads\/2025\/07\/CinemaDici_Bandeau2025_A3_Propositions1_03-960x365.jpg 960w, https:\/\/cinemadautomne.fr\/wp-content\/uploads\/2025\/07\/CinemaDici_Bandeau2025_A3_Propositions1_03-768x292.jpg 768w, https:\/\/cinemadautomne.fr\/wp-content\/uploads\/2025\/07\/CinemaDici_Bandeau2025_A3_Propositions1_03-1536x584.jpg 1536w\" sizes=\"(max-width: 1640px) 100vw, 1640px\" \/>\t\t\t\t\t\t\t\t\t\t\t\t\t\t\t<\/div>\n\t\t\t\t<\/div>\n\t\t<div class=\"elementor-element elementor-element-74b6b09 e-con-full e-flex e-con e-parent\" data-id=\"74b6b09\" data-element_type=\"container\" data-settings=\"{&quot;shape_divider_top&quot;:&quot;mountains&quot;}\">\n\t\t\t\t<div class=\"elementor-shape elementor-shape-top\" aria-hidden=\"true\" data-negative=\"false\">\n\t\t\t<svg xmlns=\"http:\/\/www.w3.org\/2000\/svg\" viewBox=\"0 0 1000 100\" preserveAspectRatio=\"none\">\n\t<path class=\"elementor-shape-fill\" opacity=\"0.33\" d=\"M473,67.3c-203.9,88.3-263.1-34-320.3,0C66,119.1,0,59.7,0,59.7V0h1000v59.7 c0,0-62.1,26.1-94.9,29.3c-32.8,3.3-62.8-12.3-75.8-22.1C806,49.6,745.3,8.7,694.9,4.7S492.4,59,473,67.3z\"\/>\n\t<path class=\"elementor-shape-fill\" opacity=\"0.66\" d=\"M734,67.3c-45.5,0-77.2-23.2-129.1-39.1c-28.6-8.7-150.3-10.1-254,39.1 s-91.7-34.4-149.2,0C115.7,118.3,0,39.8,0,39.8V0h1000v36.5c0,0-28.2-18.5-92.1-18.5C810.2,18.1,775.7,67.3,734,67.3z\"\/>\n\t<path class=\"elementor-shape-fill\" d=\"M766.1,28.9c-200-57.5-266,65.5-395.1,19.5C242,1.8,242,5.4,184.8,20.6C128,35.8,132.3,44.9,89.9,52.5C28.6,63.7,0,0,0,0 h1000c0,0-9.9,40.9-83.6,48.1S829.6,47,766.1,28.9z\"\/>\n<\/svg>\t\t<\/div>\n\t\t\t\t<div class=\"elementor-element elementor-element-17d39de elementor-widget elementor-widget-heading\" data-id=\"17d39de\" data-element_type=\"widget\" data-widget_type=\"heading.default\">\n\t\t\t\t\t<h2 class=\"elementor-heading-title elementor-size-default\">VENIR au Festival Cin\u00e9ma d\u2019Ici<\/h2>\t\t\t\t<\/div>\n\t\t\t\t<\/div>\n\t\t<div class=\"elementor-element elementor-element-576948a0 e-flex e-con-boxed e-con e-parent\" data-id=\"576948a0\" data-element_type=\"container\">\n\t\t\t\t\t<div class=\"e-con-inner\">\n\t\t\t\t<div class=\"elementor-element elementor-element-1c161111 elementor-widget elementor-widget-text-editor\" data-id=\"1c161111\" data-element_type=\"widget\" data-widget_type=\"text-editor.default\">\n\t\t\t\t\t\t\t\t\t<p>Le <strong>Festival Cin\u00e9ma d\u2019Ici<\/strong> se d\u00e9roule \u00e0 Castelnaudary, au c\u0153ur du Lauragais, dans la salle de cin\u00e9ma partenaire :<\/p><p><!-- \/wp:paragraph --><!-- wp:paragraph --><\/p><p><strong>Cin\u00e9ma V\u00e9o Castelnaudary<\/strong><br \/>31 Boulevard Lapasset<br \/>11400 Castelnaudary<\/p><p><!-- \/wp:paragraph --><!-- wp:group {\"layout\":{\"type\":\"flex\",\"flexWrap\":\"nowrap\"}} --><\/p><div class=\"wp-block-group\"><p><!-- wp:image {\"id\":5269,\"width\":\"39px\",\"height\":\"auto\",\"scale\":\"contain\",\"sizeSlug\":\"full\",\"linkDestination\":\"media\",\"className\":\"is-style-default\"} --><\/p><figure class=\"wp-block-image size-full is-resized is-style-default\"><a href=\"https:\/\/cinemadautomne.fr\/wp-content\/uploads\/2025\/06\/front-car.png\"><img decoding=\"async\" width=\"512\" height=\"512\" class=\"wp-image-5269\" style=\"object-fit: contain; width: 39px; height: auto;\" src=\"https:\/\/cinemadautomne.fr\/wp-content\/uploads\/2025\/06\/front-car.png\" alt=\"ic\u00f4ne de voiture noir et blanc\" \/><\/a><\/figure><p><!-- \/wp:image --><!-- wp:heading --><\/p><h2 class=\"wp-block-heading\">En voiture<\/h2><p><!-- \/wp:heading --><\/p><\/div><p><!-- \/wp:group --><!-- wp:paragraph --><\/p><p>Le cin\u00e9ma est situ\u00e9 en centre-ville, facilement accessible depuis la <strong>D6113<\/strong> (ancienne RN113).<br \/>Un <strong>parking gratuit<\/strong> est disponible sur place ainsi que dans les rues adjacentes.<\/p><p><!-- \/wp:paragraph --><!-- wp:group {\"layout\":{\"type\":\"flex\",\"flexWrap\":\"nowrap\"}} --><\/p><div class=\"wp-block-group\"><p><!-- wp:image {\"id\":5268,\"width\":\"43px\",\"height\":\"auto\",\"sizeSlug\":\"full\",\"linkDestination\":\"media\"} --><\/p><figure class=\"wp-block-image size-full is-resized\"><a href=\"https:\/\/cinemadautomne.fr\/wp-content\/uploads\/2025\/06\/train.png\"><img decoding=\"async\" width=\"512\" height=\"512\" class=\"wp-image-5268\" style=\"width: 43px; height: auto;\" src=\"https:\/\/cinemadautomne.fr\/wp-content\/uploads\/2025\/06\/train.png\" alt=\"ic\u00f4ne train en noir et blanc\" \/><\/a><\/figure><p><!-- \/wp:image --><!-- wp:heading --><\/p><h2 class=\"wp-block-heading\">En train ou en bus<\/h2><p><!-- \/wp:heading --><\/p><\/div><p><!-- \/wp:group --><!-- wp:paragraph --><\/p><p>Castelnaudary est desservie par la <strong>gare SNCF<\/strong>, situ\u00e9e \u00e0 seulement 10 minutes \u00e0 pied du cin\u00e9ma.<br \/>Adresse de la gare :<br \/><strong>1 Place de la Gare, 11400 Castelnaudary<\/strong><br \/>Elle est accessible via les lignes de <a href=\"https:\/\/www.sncf-connect.com\/\" target=\"_blank\" rel=\"noopener\"><strong>trains TER Occitanie<\/strong><\/a> et plusieurs lignes de bus r\u00e9gionales.<\/p><p><!-- \/wp:paragraph --><!-- wp:group {\"layout\":{\"type\":\"flex\",\"flexWrap\":\"nowrap\"}} --><\/p><div class=\"wp-block-group\"><p><!-- wp:image {\"id\":5270,\"width\":\"45px\",\"height\":\"auto\",\"sizeSlug\":\"full\",\"linkDestination\":\"media\"} --><\/p><figure class=\"wp-block-image size-full is-resized\"><a href=\"https:\/\/cinemadautomne.fr\/wp-content\/uploads\/2025\/06\/wheelchair.png\"><img loading=\"lazy\" decoding=\"async\" width=\"512\" height=\"512\" class=\"wp-image-5270\" style=\"width: 45px; height: auto;\" src=\"https:\/\/cinemadautomne.fr\/wp-content\/uploads\/2025\/06\/wheelchair.png\" alt=\"ic\u00f4ne PMR en noir et blanc\" \/><\/a><\/figure><p><!-- \/wp:image --><!-- wp:heading --><\/p><h2 class=\"wp-block-heading\">Accessibilit\u00e9<\/h2><p><!-- \/wp:heading --><\/p><\/div><p><!-- \/wp:group --><!-- wp:paragraph --><\/p><p>Le cin\u00e9ma est <strong>accessible aux personnes \u00e0 mobilit\u00e9 r\u00e9duite<\/strong>. N\u2019h\u00e9sitez pas \u00e0 nous contacter \u00e0 l\u2019avance pour toute demande sp\u00e9cifique, afin que nous puissions vous accueillir dans les meilleures conditions.<\/p><p><!-- \/wp:paragraph --><!-- wp:heading --><\/p><h2 class=\"wp-block-heading\">Localisation<\/h2><p><!-- \/wp:heading --><!-- wp:paragraph --><\/p><p>Vous pouvez consulter la carte ci-dessous pour visualiser l\u2019emplacement exact du cin\u00e9ma.<\/p><p><!-- \/wp:paragraph --><!-- wp:shortcode --><\/p><p><div class=\"leaflet-map WPLeafletMap\" style=\"height:250px; width:100%;\"><\/div><script>\nwindow.WPLeafletMapPlugin = window.WPLeafletMapPlugin || [];\nwindow.WPLeafletMapPlugin.push(function WPLeafletMapShortcode() {\/*<script>*\/\nvar baseUrl = atob('aHR0cHM6Ly97c30udGlsZS5vcGVuc3RyZWV0bWFwLm9yZy97en0ve3h9L3t5fS5wbmc=');\nvar base = (!baseUrl && window.MQ) ?\n    window.MQ.mapLayer() : L.tileLayer(baseUrl,\n        L.Util.extend({}, {\n            detectRetina: 0,\n        },\n        {\"subdomains\":\"abc\",\"noWrap\":false,\"maxZoom\":19}        )\n    );\n    var options = L.Util.extend({}, {\n        layers: [base],\n        attributionControl: false\n    },\n    {\"zoomControl\":true,\"scrollWheelZoom\":true,\"doubleClickZoom\":false,\"fitBounds\":false,\"minZoom\":0,\"maxZoom\":19,\"maxBounds\":null,\"attribution\":\"<a href=\\\"http:\\\/\\\/leafletjs.com\\\" title=\\\"Une biblioth\\u00e8que JS pour des cartes interactives\\\">Leaflet<\\\/a>; \\u00a9 <a href=\\\"http:\\\/\\\/www.openstreetmap.org\\\/copyright\\\">OpenStreetMap<\\\/a> contributeurs\\\/contributrices\"},\n    {});\nwindow.WPLeafletMapPlugin.createMap(options).setView([43.3183,1.9567],15);});<\/script> <script>\nwindow.WPLeafletMapPlugin = window.WPLeafletMapPlugin || [];\nwindow.WPLeafletMapPlugin.push(function WPLeafletMarkerShortcode() {\/*<script>*\/\nvar map = window.WPLeafletMapPlugin.getCurrentMap();\nvar group = window.WPLeafletMapPlugin.getCurrentGroup();\nvar marker_options = window.WPLeafletMapPlugin.getIconOptions({});\nvar marker = L.marker(\n    [43.320949972818,1.9503898534461],\n    marker_options\n);\nvar is_image = map.is_image_map;\nif (marker_options.draggable) {\n    marker.on('dragend', function () {\n        var latlng = this.getLatLng();\n        var lat = latlng.lat;\n        var lng = latlng.lng;\n        if (is_image) {\n            console.log('leaflet-marker y=' + lat + ' x=' + lng);\n        } else {\n            console.log('leaflet-marker lat=' + lat + ' lng=' + lng);\n        }\n    });\n}\nmarker.addTo( group );\nmarker.bindPopup(window.WPLeafletMapPlugin.unescape(' Cin\u00e9ma V\u00e9o Castelnaudary \u2013 31 Boulevard Lapasset, 11400 Castelnaudary '));window.WPLeafletMapPlugin.markers.push( marker );\n        });<\/script><\/p><p><!-- \/wp:shortcode --><\/p>\t\t\t\t\t\t\t\t<\/div>\n\t\t\t\t\t<\/div>\n\t\t\t\t<\/div>\n\t\t\t\t<\/div>\n\t\t<!-- AddThis Advanced Settings generic via filter on the_content --><!-- AddThis Share Buttons generic via filter on the_content -->","protected":false},"excerpt":{"rendered":"<p>VENIR au Festival Cin\u00e9ma d\u2019Ici Le Festival Cin\u00e9ma d\u2019Ici se d\u00e9roule \u00e0 Castelnaudary, au c\u0153ur du Lauragais, dans la salle [&hellip;]<!-- AddThis Advanced Settings generic via filter on get_the_excerpt --><!-- AddThis Share Buttons generic via filter on get_the_excerpt --><\/p>\n","protected":false},"author":4,"featured_media":6302,"parent":5094,"menu_order":0,"comment_status":"closed","ping_status":"closed","template":"","meta":{"site-sidebar-layout":"default","site-content-layout":"","ast-site-content-layout":"default","site-content-style":"default","site-sidebar-style":"default","ast-global-header-display":"","ast-banner-title-visibility":"","ast-main-header-display":"","ast-hfb-above-header-display":"","ast-hfb-below-header-display":"","ast-hfb-mobile-header-display":"","site-post-title":"disabled","ast-breadcrumbs-content":"","ast-featured-img":"","footer-sml-layout":"","theme-transparent-header-meta":"","adv-header-id-meta":"","stick-header-meta":"","header-above-stick-meta":"","header-main-stick-meta":"","header-below-stick-meta":"","astra-migrate-meta-layouts":"default","ast-page-background-enabled":"default","ast-page-background-meta":{"desktop":{"background-color":"var(--ast-global-color-5)","background-image":"","background-repeat":"repeat","background-position":"center center","background-size":"auto","background-attachment":"scroll","background-type":"","background-media":"","overlay-type":"","overlay-color":"","overlay-opacity":"","overlay-gradient":""},"tablet":{"background-color":"","background-image":"","background-repeat":"repeat","background-position":"center center","background-size":"auto","background-attachment":"scroll","background-type":"","background-media":"","overlay-type":"","overlay-color":"","overlay-opacity":"","overlay-gradient":""},"mobile":{"background-color":"","background-image":"","background-repeat":"repeat","background-position":"center center","background-size":"auto","background-attachment":"scroll","background-type":"","background-media":"","overlay-type":"","overlay-color":"","overlay-opacity":"","overlay-gradient":""}},"ast-content-background-meta":{"desktop":{"background-color":"var(--ast-global-color-4)","background-image":"","background-repeat":"repeat","background-position":"center center","background-size":"auto","background-attachment":"scroll","background-type":"","background-media":"","overlay-type":"","overlay-color":"","overlay-opacity":"","overlay-gradient":""},"tablet":{"background-color":"var(--ast-global-color-4)","background-image":"","background-repeat":"repeat","background-position":"center center","background-size":"auto","background-attachment":"scroll","background-type":"","background-media":"","overlay-type":"","overlay-color":"","overlay-opacity":"","overlay-gradient":""},"mobile":{"background-color":"var(--ast-global-color-4)","background-image":"","background-repeat":"repeat","background-position":"center center","background-size":"auto","background-attachment":"scroll","background-type":"","background-media":"","overlay-type":"","overlay-color":"","overlay-opacity":"","overlay-gradient":""}},"footnotes":""},"class_list":["post-5096","page","type-page","status-publish","has-post-thumbnail","hentry"],"yoast_head":"<!-- This site is optimized with the Yoast SEO plugin v25.5 - https:\/\/yoast.com\/wordpress\/plugins\/seo\/ -->\n<title>Venir au festival - Festival Cin\u00e9ma d&#039;ici<\/title>\n<meta name=\"description\" content=\"Le Festival Cin\u00e9ma d\u2019Ici se d\u00e9roule \u00e0 Castelnaudary, au c\u0153ur du Lauragais, dans la salle de cin\u00e9ma partenaire : Cin\u00e9ma V\u00e9o.\" \/>\n<meta name=\"robots\" content=\"index, follow, max-snippet:-1, max-image-preview:large, max-video-preview:-1\" \/>\n<link rel=\"canonical\" href=\"https:\/\/cinemadautomne.fr\/?page_id=5096\" \/>\n<meta property=\"og:locale\" content=\"fr_FR\" \/>\n<meta property=\"og:type\" content=\"article\" \/>\n<meta property=\"og:title\" content=\"Venir au festival - Festival Cin\u00e9ma d&#039;ici\" \/>\n<meta property=\"og:description\" content=\"Le Festival Cin\u00e9ma d\u2019Ici se d\u00e9roule \u00e0 Castelnaudary, au c\u0153ur du Lauragais, dans la salle de cin\u00e9ma partenaire : Cin\u00e9ma V\u00e9o.\" \/>\n<meta property=\"og:url\" content=\"https:\/\/cinemadautomne.fr\/?page_id=5096\" \/>\n<meta property=\"og:site_name\" content=\"Festival Cin\u00e9ma d&#039;ici\" \/>\n<meta property=\"article:publisher\" content=\"https:\/\/www.facebook.com\/cinemadautomne\" \/>\n<meta property=\"article:modified_time\" content=\"2025-09-14T13:44:02+00:00\" \/>\n<meta property=\"og:image\" content=\"https:\/\/cinemadautomne.fr\/wp-content\/uploads\/2025\/09\/Festival-Cinema-DIci-13-09-25-08778.jpg\" \/>\n\t<meta property=\"og:image:width\" content=\"1600\" \/>\n\t<meta property=\"og:image:height\" content=\"1067\" \/>\n\t<meta property=\"og:image:type\" content=\"image\/jpeg\" \/>\n<meta name=\"twitter:card\" content=\"summary_large_image\" \/>\n<meta name=\"twitter:label1\" content=\"Dur\u00e9e de lecture estim\u00e9e\" \/>\n\t<meta name=\"twitter:data1\" content=\"2 minutes\" \/>\n<script type=\"application\/ld+json\" class=\"yoast-schema-graph\">{\"@context\":\"https:\/\/schema.org\",\"@graph\":[{\"@type\":\"WebPage\",\"@id\":\"https:\/\/cinemadautomne.fr\/?page_id=5096\",\"url\":\"https:\/\/cinemadautomne.fr\/?page_id=5096\",\"name\":\"Venir au festival - Festival Cin\u00e9ma d&#039;ici\",\"isPartOf\":{\"@id\":\"https:\/\/cinemadautomne.fr\/#website\"},\"primaryImageOfPage\":{\"@id\":\"https:\/\/cinemadautomne.fr\/?page_id=5096#primaryimage\"},\"image\":{\"@id\":\"https:\/\/cinemadautomne.fr\/?page_id=5096#primaryimage\"},\"thumbnailUrl\":\"https:\/\/cinemadautomne.fr\/wp-content\/uploads\/2025\/09\/Festival-Cinema-DIci-13-09-25-08778.jpg\",\"datePublished\":\"2025-04-27T10:46:48+00:00\",\"dateModified\":\"2025-09-14T13:44:02+00:00\",\"description\":\"Le Festival Cin\u00e9ma d\u2019Ici se d\u00e9roule \u00e0 Castelnaudary, au c\u0153ur du Lauragais, dans la salle de cin\u00e9ma partenaire : Cin\u00e9ma V\u00e9o.\",\"breadcrumb\":{\"@id\":\"https:\/\/cinemadautomne.fr\/?page_id=5096#breadcrumb\"},\"inLanguage\":\"fr-FR\",\"potentialAction\":[{\"@type\":\"ReadAction\",\"target\":[\"https:\/\/cinemadautomne.fr\/?page_id=5096\"]}]},{\"@type\":\"ImageObject\",\"inLanguage\":\"fr-FR\",\"@id\":\"https:\/\/cinemadautomne.fr\/?page_id=5096#primaryimage\",\"url\":\"https:\/\/cinemadautomne.fr\/wp-content\/uploads\/2025\/09\/Festival-Cinema-DIci-13-09-25-08778.jpg\",\"contentUrl\":\"https:\/\/cinemadautomne.fr\/wp-content\/uploads\/2025\/09\/Festival-Cinema-DIci-13-09-25-08778.jpg\",\"width\":1600,\"height\":1067,\"caption\":\"Festival Cin\u00e9ma d'Ici \u00e0 Castelnaudary\"},{\"@type\":\"BreadcrumbList\",\"@id\":\"https:\/\/cinemadautomne.fr\/?page_id=5096#breadcrumb\",\"itemListElement\":[{\"@type\":\"ListItem\",\"position\":1,\"name\":\"Accueil\",\"item\":\"https:\/\/cinemadautomne.fr\/\"},{\"@type\":\"ListItem\",\"position\":2,\"name\":\"Infos pratiques\",\"item\":\"https:\/\/cinemadautomne.fr\/?page_id=5094\"},{\"@type\":\"ListItem\",\"position\":3,\"name\":\"Venir au festival\"}]},{\"@type\":\"WebSite\",\"@id\":\"https:\/\/cinemadautomne.fr\/#website\",\"url\":\"https:\/\/cinemadautomne.fr\/\",\"name\":\"Festival Cin\u00e9ma d'ici\",\"description\":\"du 24 au 28 septembre \u00e0 Castelnaudary\",\"publisher\":{\"@id\":\"https:\/\/cinemadautomne.fr\/#organization\"},\"potentialAction\":[{\"@type\":\"SearchAction\",\"target\":{\"@type\":\"EntryPoint\",\"urlTemplate\":\"https:\/\/cinemadautomne.fr\/?s={search_term_string}\"},\"query-input\":{\"@type\":\"PropertyValueSpecification\",\"valueRequired\":true,\"valueName\":\"search_term_string\"}}],\"inLanguage\":\"fr-FR\"},{\"@type\":\"Organization\",\"@id\":\"https:\/\/cinemadautomne.fr\/#organization\",\"name\":\"Festival Cin\u00e9ma d'ici\",\"url\":\"https:\/\/cinemadautomne.fr\/\",\"logo\":{\"@type\":\"ImageObject\",\"inLanguage\":\"fr-FR\",\"@id\":\"https:\/\/cinemadautomne.fr\/#\/schema\/logo\/image\/\",\"url\":\"https:\/\/cinemadautomne.fr\/wp-content\/uploads\/2021\/09\/CinemaDAutomnedivers_LogoFinal_03LieDeVin_RVB_Plan-de-travail-1-e1631457910433.jpg\",\"contentUrl\":\"https:\/\/cinemadautomne.fr\/wp-content\/uploads\/2021\/09\/CinemaDAutomnedivers_LogoFinal_03LieDeVin_RVB_Plan-de-travail-1-e1631457910433.jpg\",\"width\":350,\"height\":223,\"caption\":\"Festival Cin\u00e9ma d'ici\"},\"image\":{\"@id\":\"https:\/\/cinemadautomne.fr\/#\/schema\/logo\/image\/\"},\"sameAs\":[\"https:\/\/www.facebook.com\/cinemadautomne\",\"https:\/\/www.instagram.com\/festivalcineautomne\/\"]}]}<\/script>\n<!-- \/ Yoast SEO plugin. -->","yoast_head_json":{"title":"Venir au festival - Festival Cin\u00e9ma d&#039;ici","description":"Le Festival Cin\u00e9ma d\u2019Ici se d\u00e9roule \u00e0 Castelnaudary, au c\u0153ur du Lauragais, dans la salle de cin\u00e9ma partenaire : Cin\u00e9ma V\u00e9o.","robots":{"index":"index","follow":"follow","max-snippet":"max-snippet:-1","max-image-preview":"max-image-preview:large","max-video-preview":"max-video-preview:-1"},"canonical":"https:\/\/cinemadautomne.fr\/?page_id=5096","og_locale":"fr_FR","og_type":"article","og_title":"Venir au festival - Festival Cin\u00e9ma d&#039;ici","og_description":"Le Festival Cin\u00e9ma d\u2019Ici se d\u00e9roule \u00e0 Castelnaudary, au c\u0153ur du Lauragais, dans la salle de cin\u00e9ma partenaire : Cin\u00e9ma V\u00e9o.","og_url":"https:\/\/cinemadautomne.fr\/?page_id=5096","og_site_name":"Festival Cin\u00e9ma d&#039;ici","article_publisher":"https:\/\/www.facebook.com\/cinemadautomne","article_modified_time":"2025-09-14T13:44:02+00:00","og_image":[{"width":1600,"height":1067,"url":"https:\/\/cinemadautomne.fr\/wp-content\/uploads\/2025\/09\/Festival-Cinema-DIci-13-09-25-08778.jpg","type":"image\/jpeg"}],"twitter_card":"summary_large_image","twitter_misc":{"Dur\u00e9e de lecture estim\u00e9e":"2 minutes"},"schema":{"@context":"https:\/\/schema.org","@graph":[{"@type":"WebPage","@id":"https:\/\/cinemadautomne.fr\/?page_id=5096","url":"https:\/\/cinemadautomne.fr\/?page_id=5096","name":"Venir au festival - Festival Cin\u00e9ma d&#039;ici","isPartOf":{"@id":"https:\/\/cinemadautomne.fr\/#website"},"primaryImageOfPage":{"@id":"https:\/\/cinemadautomne.fr\/?page_id=5096#primaryimage"},"image":{"@id":"https:\/\/cinemadautomne.fr\/?page_id=5096#primaryimage"},"thumbnailUrl":"https:\/\/cinemadautomne.fr\/wp-content\/uploads\/2025\/09\/Festival-Cinema-DIci-13-09-25-08778.jpg","datePublished":"2025-04-27T10:46:48+00:00","dateModified":"2025-09-14T13:44:02+00:00","description":"Le Festival Cin\u00e9ma d\u2019Ici se d\u00e9roule \u00e0 Castelnaudary, au c\u0153ur du Lauragais, dans la salle de cin\u00e9ma partenaire : Cin\u00e9ma V\u00e9o.","breadcrumb":{"@id":"https:\/\/cinemadautomne.fr\/?page_id=5096#breadcrumb"},"inLanguage":"fr-FR","potentialAction":[{"@type":"ReadAction","target":["https:\/\/cinemadautomne.fr\/?page_id=5096"]}]},{"@type":"ImageObject","inLanguage":"fr-FR","@id":"https:\/\/cinemadautomne.fr\/?page_id=5096#primaryimage","url":"https:\/\/cinemadautomne.fr\/wp-content\/uploads\/2025\/09\/Festival-Cinema-DIci-13-09-25-08778.jpg","contentUrl":"https:\/\/cinemadautomne.fr\/wp-content\/uploads\/2025\/09\/Festival-Cinema-DIci-13-09-25-08778.jpg","width":1600,"height":1067,"caption":"Festival Cin\u00e9ma d'Ici \u00e0 Castelnaudary"},{"@type":"BreadcrumbList","@id":"https:\/\/cinemadautomne.fr\/?page_id=5096#breadcrumb","itemListElement":[{"@type":"ListItem","position":1,"name":"Accueil","item":"https:\/\/cinemadautomne.fr\/"},{"@type":"ListItem","position":2,"name":"Infos pratiques","item":"https:\/\/cinemadautomne.fr\/?page_id=5094"},{"@type":"ListItem","position":3,"name":"Venir au festival"}]},{"@type":"WebSite","@id":"https:\/\/cinemadautomne.fr\/#website","url":"https:\/\/cinemadautomne.fr\/","name":"Festival Cin\u00e9ma d'ici","description":"du 24 au 28 septembre \u00e0 Castelnaudary","publisher":{"@id":"https:\/\/cinemadautomne.fr\/#organization"},"potentialAction":[{"@type":"SearchAction","target":{"@type":"EntryPoint","urlTemplate":"https:\/\/cinemadautomne.fr\/?s={search_term_string}"},"query-input":{"@type":"PropertyValueSpecification","valueRequired":true,"valueName":"search_term_string"}}],"inLanguage":"fr-FR"},{"@type":"Organization","@id":"https:\/\/cinemadautomne.fr\/#organization","name":"Festival Cin\u00e9ma d'ici","url":"https:\/\/cinemadautomne.fr\/","logo":{"@type":"ImageObject","inLanguage":"fr-FR","@id":"https:\/\/cinemadautomne.fr\/#\/schema\/logo\/image\/","url":"https:\/\/cinemadautomne.fr\/wp-content\/uploads\/2021\/09\/CinemaDAutomnedivers_LogoFinal_03LieDeVin_RVB_Plan-de-travail-1-e1631457910433.jpg","contentUrl":"https:\/\/cinemadautomne.fr\/wp-content\/uploads\/2021\/09\/CinemaDAutomnedivers_LogoFinal_03LieDeVin_RVB_Plan-de-travail-1-e1631457910433.jpg","width":350,"height":223,"caption":"Festival Cin\u00e9ma d'ici"},"image":{"@id":"https:\/\/cinemadautomne.fr\/#\/schema\/logo\/image\/"},"sameAs":["https:\/\/www.facebook.com\/cinemadautomne","https:\/\/www.instagram.com\/festivalcineautomne\/"]}]}},"_links":{"self":[{"href":"https:\/\/cinemadautomne.fr\/index.php?rest_route=\/wp\/v2\/pages\/5096","targetHints":{"allow":["GET"]}}],"collection":[{"href":"https:\/\/cinemadautomne.fr\/index.php?rest_route=\/wp\/v2\/pages"}],"about":[{"href":"https:\/\/cinemadautomne.fr\/index.php?rest_route=\/wp\/v2\/types\/page"}],"author":[{"embeddable":true,"href":"https:\/\/cinemadautomne.fr\/index.php?rest_route=\/wp\/v2\/users\/4"}],"replies":[{"embeddable":true,"href":"https:\/\/cinemadautomne.fr\/index.php?rest_route=%2Fwp%2Fv2%2Fcomments&post=5096"}],"version-history":[{"count":19,"href":"https:\/\/cinemadautomne.fr\/index.php?rest_route=\/wp\/v2\/pages\/5096\/revisions"}],"predecessor-version":[{"id":6304,"href":"https:\/\/cinemadautomne.fr\/index.php?rest_route=\/wp\/v2\/pages\/5096\/revisions\/6304"}],"up":[{"embeddable":true,"href":"https:\/\/cinemadautomne.fr\/index.php?rest_route=\/wp\/v2\/pages\/5094"}],"wp:featuredmedia":[{"embeddable":true,"href":"https:\/\/cinemadautomne.fr\/index.php?rest_route=\/wp\/v2\/media\/6302"}],"wp:attachment":[{"href":"https:\/\/cinemadautomne.fr\/index.php?rest_route=%2Fwp%2Fv2%2Fmedia&parent=5096"}],"curies":[{"name":"wp","href":"https:\/\/api.w.org\/{rel}","templated":true}]}}