{"id":5094,"date":"2025-04-27T10:46:48","date_gmt":"2025-04-27T10:46:48","guid":{"rendered":"https:\/\/cinemadautomne.fr\/?page_id=5094"},"modified":"2025-09-13T13:13:43","modified_gmt":"2025-09-13T13:13:43","slug":"infos-pratiques","status":"publish","type":"page","link":"https:\/\/cinemadautomne.fr\/?page_id=5094","title":{"rendered":"Infos pratiques"},"content":{"rendered":"\t\t<div data-elementor-type=\"wp-page\" data-elementor-id=\"5094\" class=\"elementor elementor-5094\">\n\t\t\t\t<div class=\"elementor-element elementor-element-5a20458 e-flex e-con-boxed e-con e-parent\" data-id=\"5a20458\" data-element_type=\"container\" data-settings=\"{&quot;shape_divider_top&quot;:&quot;mountains&quot;}\">\n\t\t\t\t\t<div class=\"e-con-inner\">\n\t\t\t\t<div class=\"elementor-shape elementor-shape-top\" aria-hidden=\"true\" data-negative=\"false\">\n\t\t\t<svg xmlns=\"http:\/\/www.w3.org\/2000\/svg\" viewBox=\"0 0 1000 100\" preserveAspectRatio=\"none\">\n\t<path class=\"elementor-shape-fill\" opacity=\"0.33\" d=\"M473,67.3c-203.9,88.3-263.1-34-320.3,0C66,119.1,0,59.7,0,59.7V0h1000v59.7 c0,0-62.1,26.1-94.9,29.3c-32.8,3.3-62.8-12.3-75.8-22.1C806,49.6,745.3,8.7,694.9,4.7S492.4,59,473,67.3z\"\/>\n\t<path class=\"elementor-shape-fill\" opacity=\"0.66\" d=\"M734,67.3c-45.5,0-77.2-23.2-129.1-39.1c-28.6-8.7-150.3-10.1-254,39.1 s-91.7-34.4-149.2,0C115.7,118.3,0,39.8,0,39.8V0h1000v36.5c0,0-28.2-18.5-92.1-18.5C810.2,18.1,775.7,67.3,734,67.3z\"\/>\n\t<path class=\"elementor-shape-fill\" d=\"M766.1,28.9c-200-57.5-266,65.5-395.1,19.5C242,1.8,242,5.4,184.8,20.6C128,35.8,132.3,44.9,89.9,52.5C28.6,63.7,0,0,0,0 h1000c0,0-9.9,40.9-83.6,48.1S829.6,47,766.1,28.9z\"\/>\n<\/svg>\t\t<\/div>\n\t\t\t\t<div class=\"elementor-element elementor-element-b977af4 elementor-widget elementor-widget-heading\" data-id=\"b977af4\" data-element_type=\"widget\" data-widget_type=\"heading.default\">\n\t\t\t\t\t<h1 class=\"elementor-heading-title elementor-size-default\">Infos pratiques<\/h1>\t\t\t\t<\/div>\n\t\t\t\t<div class=\"elementor-element elementor-element-32a97f0 elementor-widget elementor-widget-text-editor\" data-id=\"32a97f0\" data-element_type=\"widget\" data-widget_type=\"text-editor.default\">\n\t\t\t\t\t\t\t\t\t<p>Retrouvez toutes les informations pratiques pour nous rejoindre sur cette 12\u00e8me \u00e9dition d\u00e9di\u00e9e aux d\u00e9cors de cin\u00e9ma qui promet d&rsquo;\u00eatre \u00e9tonnante.<\/p>\t\t\t\t\t\t\t\t<\/div>\n\t\t\t\t\t<\/div>\n\t\t\t\t<\/div>\n\t\t<div class=\"elementor-element elementor-element-ee1a5c6 e-grid e-con-boxed e-con e-parent\" data-id=\"ee1a5c6\" data-element_type=\"container\">\n\t\t\t\t\t<div class=\"e-con-inner\">\n\t\t\t\t<div class=\"elementor-element elementor-element-92969c3 elementor-widget elementor-widget-image\" data-id=\"92969c3\" data-element_type=\"widget\" data-widget_type=\"image.default\">\n\t\t\t\t\t\t\t\t\t\t\t\t\t\t\t<img fetchpriority=\"high\" decoding=\"async\" width=\"960\" height=\"720\" src=\"https:\/\/cinemadautomne.fr\/wp-content\/uploads\/2025\/09\/IMG_20250911_164459-960x720.jpg\" class=\"attachment-large size-large wp-image-6283\" alt=\"Venir au festival Cin\u00e9ma d&#039;Ici\" srcset=\"https:\/\/cinemadautomne.fr\/wp-content\/uploads\/2025\/09\/IMG_20250911_164459-960x720.jpg 960w, https:\/\/cinemadautomne.fr\/wp-content\/uploads\/2025\/09\/IMG_20250911_164459-595x446.jpg 595w, https:\/\/cinemadautomne.fr\/wp-content\/uploads\/2025\/09\/IMG_20250911_164459-768x576.jpg 768w, https:\/\/cinemadautomne.fr\/wp-content\/uploads\/2025\/09\/IMG_20250911_164459-1536x1152.jpg 1536w, https:\/\/cinemadautomne.fr\/wp-content\/uploads\/2025\/09\/IMG_20250911_164459-2048x1536.jpg 2048w\" sizes=\"(max-width: 960px) 100vw, 960px\" \/>\t\t\t\t\t\t\t\t\t\t\t\t\t\t\t<\/div>\n\t\t\t\t<div class=\"elementor-element elementor-element-c9164c6 elementor-widget elementor-widget-image\" data-id=\"c9164c6\" data-element_type=\"widget\" data-widget_type=\"image.default\">\n\t\t\t\t\t\t\t\t\t\t\t\t\t\t\t<img decoding=\"async\" width=\"450\" height=\"450\" src=\"https:\/\/cinemadautomne.fr\/wp-content\/uploads\/2025\/09\/Attrape-ton-pass.jpg\" class=\"attachment-thumbnail size-thumbnail wp-image-6284\" alt=\"Pass festival Cin\u00e9ma D&#039;Ici\" \/>\t\t\t\t\t\t\t\t\t\t\t\t\t\t\t<\/div>\n\t\t\t\t\t<\/div>\n\t\t\t\t<\/div>\n\t\t<div class=\"elementor-element elementor-element-0feafa1 e-grid e-con-boxed e-con e-parent\" data-id=\"0feafa1\" data-element_type=\"container\">\n\t\t\t\t\t<div class=\"e-con-inner\">\n\t\t\t\t<div class=\"elementor-element elementor-element-6021f57 elementor-widget elementor-widget-text-editor\" data-id=\"6021f57\" data-element_type=\"widget\" data-widget_type=\"text-editor.default\">\n\t\t\t\t\t\t\t\t\t<h2>Comment venir au festival ?<\/h2><p>Situ\u00e9 entre Carcassonne et Toulouse, le festival est accessible en voiture, mais aussi en train !<\/p>\t\t\t\t\t\t\t\t<\/div>\n\t\t\t\t<div class=\"elementor-element elementor-element-0238c49 elementor-widget elementor-widget-text-editor\" data-id=\"0238c49\" data-element_type=\"widget\" data-widget_type=\"text-editor.default\">\n\t\t\t\t\t\t\t\t\t<h2>Attrape ton pass !<\/h2>\n<p>Achetez votre pass 5 jours pour profiter pleinement du festival ou optez pour un tarif \u00e0 la s\u00e9ance.<\/p>\t\t\t\t\t\t\t\t<\/div>\n\t\t\t\t<div class=\"elementor-element elementor-element-1347113 elementor-align-center elementor-widget elementor-widget-button\" data-id=\"1347113\" data-element_type=\"widget\" data-widget_type=\"button.default\">\n\t\t\t\t\t\t\t\t\t\t<a class=\"elementor-button elementor-button-link elementor-size-sm elementor-animation-grow\" href=\"https:\/\/cinemadautomne.fr\/?page_id=5096\">\n\t\t\t\t\t\t<span class=\"elementor-button-content-wrapper\">\n\t\t\t\t\t\t\t\t\t<span class=\"elementor-button-text\">Venir au festival<\/span>\n\t\t\t\t\t<\/span>\n\t\t\t\t\t<\/a>\n\t\t\t\t\t\t\t\t<\/div>\n\t\t\t\t<div class=\"elementor-element elementor-element-76abdce elementor-align-center elementor-widget elementor-widget-button\" data-id=\"76abdce\" data-element_type=\"widget\" data-widget_type=\"button.default\">\n\t\t\t\t\t\t\t\t\t\t<a class=\"elementor-button elementor-button-link elementor-size-sm elementor-animation-grow\" href=\"https:\/\/cinemadautomne.fr\/?page_id=5100\" id=\"https:\/\/cinemadautomne.fr\/?page_id=6194\">\n\t\t\t\t\t\t<span class=\"elementor-button-content-wrapper\">\n\t\t\t\t\t\t\t\t\t<span class=\"elementor-button-text\">TICKETS ET PASS<\/span>\n\t\t\t\t\t<\/span>\n\t\t\t\t\t<\/a>\n\t\t\t\t\t\t\t\t<\/div>\n\t\t\t\t\t<\/div>\n\t\t\t\t<\/div>\n\t\t\t\t<\/div>\n\t\t<!-- AddThis Advanced Settings generic via filter on the_content --><!-- AddThis Share Buttons generic via filter on the_content -->","protected":false},"excerpt":{"rendered":"<p>Infos pratiques Retrouvez toutes les informations pratiques pour nous rejoindre sur cette 12\u00e8me \u00e9dition d\u00e9di\u00e9e aux d\u00e9cors de cin\u00e9ma qui [&hellip;]<!-- AddThis Advanced Settings generic via filter on get_the_excerpt --><!-- AddThis Share Buttons generic via filter on get_the_excerpt --><\/p>\n","protected":false},"author":4,"featured_media":6211,"parent":0,"menu_order":0,"comment_status":"closed","ping_status":"closed","template":"","meta":{"site-sidebar-layout":"no-sidebar","site-content-layout":"","ast-site-content-layout":"full-width-container","site-content-style":"default","site-sidebar-style":"default","ast-global-header-display":"","ast-banner-title-visibility":"","ast-main-header-display":"","ast-hfb-above-header-display":"","ast-hfb-below-header-display":"","ast-hfb-mobile-header-display":"","site-post-title":"disabled","ast-breadcrumbs-content":"","ast-featured-img":"disabled","footer-sml-layout":"","theme-transparent-header-meta":"","adv-header-id-meta":"","stick-header-meta":"","header-above-stick-meta":"","header-main-stick-meta":"","header-below-stick-meta":"","astra-migrate-meta-layouts":"default","ast-page-background-enabled":"default","ast-page-background-meta":{"desktop":{"background-color":"var(--ast-global-color-5)","background-image":"","background-repeat":"repeat","background-position":"center center","background-size":"auto","background-attachment":"scroll","background-type":"","background-media":"","overlay-type":"","overlay-color":"","overlay-opacity":"","overlay-gradient":""},"tablet":{"background-color":"","background-image":"","background-repeat":"repeat","background-position":"center center","background-size":"auto","background-attachment":"scroll","background-type":"","background-media":"","overlay-type":"","overlay-color":"","overlay-opacity":"","overlay-gradient":""},"mobile":{"background-color":"","background-image":"","background-repeat":"repeat","background-position":"center center","background-size":"auto","background-attachment":"scroll","background-type":"","background-media":"","overlay-type":"","overlay-color":"","overlay-opacity":"","overlay-gradient":""}},"ast-content-background-meta":{"desktop":{"background-color":"var(--ast-global-color-4)","background-image":"","background-repeat":"repeat","background-position":"center center","background-size":"auto","background-attachment":"scroll","background-type":"","background-media":"","overlay-type":"","overlay-color":"","overlay-opacity":"","overlay-gradient":""},"tablet":{"background-color":"var(--ast-global-color-4)","background-image":"","background-repeat":"repeat","background-position":"center center","background-size":"auto","background-attachment":"scroll","background-type":"","background-media":"","overlay-type":"","overlay-color":"","overlay-opacity":"","overlay-gradient":""},"mobile":{"background-color":"var(--ast-global-color-4)","background-image":"","background-repeat":"repeat","background-position":"center center","background-size":"auto","background-attachment":"scroll","background-type":"","background-media":"","overlay-type":"","overlay-color":"","overlay-opacity":"","overlay-gradient":""}},"footnotes":""},"class_list":["post-5094","page","type-page","status-publish","has-post-thumbnail","hentry"],"yoast_head":"<!-- This site is optimized with the Yoast SEO plugin v25.5 - https:\/\/yoast.com\/wordpress\/plugins\/seo\/ -->\n<title>Infos pratiques - Festival Cin\u00e9ma d&#039;ici<\/title>\n<meta name=\"robots\" content=\"index, follow, max-snippet:-1, max-image-preview:large, max-video-preview:-1\" \/>\n<link rel=\"canonical\" href=\"https:\/\/cinemadautomne.fr\/?page_id=5094\" \/>\n<meta property=\"og:locale\" content=\"fr_FR\" \/>\n<meta property=\"og:type\" content=\"article\" \/>\n<meta property=\"og:title\" content=\"Infos pratiques - Festival Cin\u00e9ma d&#039;ici\" \/>\n<meta property=\"og:description\" content=\"Infos pratiques Retrouvez toutes les informations pratiques pour nous rejoindre sur cette 12\u00e8me \u00e9dition d\u00e9di\u00e9e aux d\u00e9cors de cin\u00e9ma qui [&hellip;]\" \/>\n<meta property=\"og:url\" content=\"https:\/\/cinemadautomne.fr\/?page_id=5094\" \/>\n<meta property=\"og:site_name\" content=\"Festival Cin\u00e9ma d&#039;ici\" \/>\n<meta property=\"article:publisher\" content=\"https:\/\/www.facebook.com\/cinemadautomne\" \/>\n<meta property=\"article:modified_time\" content=\"2025-09-13T13:13:43+00:00\" \/>\n<meta property=\"og:image\" content=\"https:\/\/cinemadautomne.fr\/wp-content\/uploads\/2025\/09\/CinemaD_ici_Bandeau2025_A3_Propositions1_02.jpg\" \/>\n\t<meta property=\"og:image:width\" content=\"1640\" \/>\n\t<meta property=\"og:image:height\" content=\"624\" \/>\n\t<meta property=\"og:image:type\" content=\"image\/jpeg\" \/>\n<meta name=\"twitter:card\" content=\"summary_large_image\" \/>\n<meta name=\"twitter:label1\" content=\"Dur\u00e9e de lecture estim\u00e9e\" \/>\n\t<meta name=\"twitter:data1\" content=\"1 minute\" \/>\n<script type=\"application\/ld+json\" class=\"yoast-schema-graph\">{\"@context\":\"https:\/\/schema.org\",\"@graph\":[{\"@type\":\"WebPage\",\"@id\":\"https:\/\/cinemadautomne.fr\/?page_id=5094\",\"url\":\"https:\/\/cinemadautomne.fr\/?page_id=5094\",\"name\":\"Infos pratiques - Festival Cin\u00e9ma d&#039;ici\",\"isPartOf\":{\"@id\":\"https:\/\/cinemadautomne.fr\/#website\"},\"primaryImageOfPage\":{\"@id\":\"https:\/\/cinemadautomne.fr\/?page_id=5094#primaryimage\"},\"image\":{\"@id\":\"https:\/\/cinemadautomne.fr\/?page_id=5094#primaryimage\"},\"thumbnailUrl\":\"https:\/\/cinemadautomne.fr\/wp-content\/uploads\/2025\/09\/CinemaD_ici_Bandeau2025_A3_Propositions1_02.jpg\",\"datePublished\":\"2025-04-27T10:46:48+00:00\",\"dateModified\":\"2025-09-13T13:13:43+00:00\",\"breadcrumb\":{\"@id\":\"https:\/\/cinemadautomne.fr\/?page_id=5094#breadcrumb\"},\"inLanguage\":\"fr-FR\",\"potentialAction\":[{\"@type\":\"ReadAction\",\"target\":[\"https:\/\/cinemadautomne.fr\/?page_id=5094\"]}]},{\"@type\":\"ImageObject\",\"inLanguage\":\"fr-FR\",\"@id\":\"https:\/\/cinemadautomne.fr\/?page_id=5094#primaryimage\",\"url\":\"https:\/\/cinemadautomne.fr\/wp-content\/uploads\/2025\/09\/CinemaD_ici_Bandeau2025_A3_Propositions1_02.jpg\",\"contentUrl\":\"https:\/\/cinemadautomne.fr\/wp-content\/uploads\/2025\/09\/CinemaD_ici_Bandeau2025_A3_Propositions1_02.jpg\",\"width\":1640,\"height\":624,\"caption\":\"Venir au Festival Cin\u00e9ma d'Ici\"},{\"@type\":\"BreadcrumbList\",\"@id\":\"https:\/\/cinemadautomne.fr\/?page_id=5094#breadcrumb\",\"itemListElement\":[{\"@type\":\"ListItem\",\"position\":1,\"name\":\"Accueil\",\"item\":\"https:\/\/cinemadautomne.fr\/\"},{\"@type\":\"ListItem\",\"position\":2,\"name\":\"Infos pratiques\"}]},{\"@type\":\"WebSite\",\"@id\":\"https:\/\/cinemadautomne.fr\/#website\",\"url\":\"https:\/\/cinemadautomne.fr\/\",\"name\":\"Festival Cin\u00e9ma d'ici\",\"description\":\"du 24 au 28 septembre \u00e0 Castelnaudary\",\"publisher\":{\"@id\":\"https:\/\/cinemadautomne.fr\/#organization\"},\"potentialAction\":[{\"@type\":\"SearchAction\",\"target\":{\"@type\":\"EntryPoint\",\"urlTemplate\":\"https:\/\/cinemadautomne.fr\/?s={search_term_string}\"},\"query-input\":{\"@type\":\"PropertyValueSpecification\",\"valueRequired\":true,\"valueName\":\"search_term_string\"}}],\"inLanguage\":\"fr-FR\"},{\"@type\":\"Organization\",\"@id\":\"https:\/\/cinemadautomne.fr\/#organization\",\"name\":\"Festival Cin\u00e9ma d'ici\",\"url\":\"https:\/\/cinemadautomne.fr\/\",\"logo\":{\"@type\":\"ImageObject\",\"inLanguage\":\"fr-FR\",\"@id\":\"https:\/\/cinemadautomne.fr\/#\/schema\/logo\/image\/\",\"url\":\"https:\/\/cinemadautomne.fr\/wp-content\/uploads\/2021\/09\/CinemaDAutomnedivers_LogoFinal_03LieDeVin_RVB_Plan-de-travail-1-e1631457910433.jpg\",\"contentUrl\":\"https:\/\/cinemadautomne.fr\/wp-content\/uploads\/2021\/09\/CinemaDAutomnedivers_LogoFinal_03LieDeVin_RVB_Plan-de-travail-1-e1631457910433.jpg\",\"width\":350,\"height\":223,\"caption\":\"Festival Cin\u00e9ma d'ici\"},\"image\":{\"@id\":\"https:\/\/cinemadautomne.fr\/#\/schema\/logo\/image\/\"},\"sameAs\":[\"https:\/\/www.facebook.com\/cinemadautomne\",\"https:\/\/www.instagram.com\/festivalcineautomne\/\"]}]}<\/script>\n<!-- \/ Yoast SEO plugin. -->","yoast_head_json":{"title":"Infos pratiques - Festival Cin\u00e9ma d&#039;ici","robots":{"index":"index","follow":"follow","max-snippet":"max-snippet:-1","max-image-preview":"max-image-preview:large","max-video-preview":"max-video-preview:-1"},"canonical":"https:\/\/cinemadautomne.fr\/?page_id=5094","og_locale":"fr_FR","og_type":"article","og_title":"Infos pratiques - Festival Cin\u00e9ma d&#039;ici","og_description":"Infos pratiques Retrouvez toutes les informations pratiques pour nous rejoindre sur cette 12\u00e8me \u00e9dition d\u00e9di\u00e9e aux d\u00e9cors de cin\u00e9ma qui [&hellip;]","og_url":"https:\/\/cinemadautomne.fr\/?page_id=5094","og_site_name":"Festival Cin\u00e9ma d&#039;ici","article_publisher":"https:\/\/www.facebook.com\/cinemadautomne","article_modified_time":"2025-09-13T13:13:43+00:00","og_image":[{"width":1640,"height":624,"url":"https:\/\/cinemadautomne.fr\/wp-content\/uploads\/2025\/09\/CinemaD_ici_Bandeau2025_A3_Propositions1_02.jpg","type":"image\/jpeg"}],"twitter_card":"summary_large_image","twitter_misc":{"Dur\u00e9e de lecture estim\u00e9e":"1 minute"},"schema":{"@context":"https:\/\/schema.org","@graph":[{"@type":"WebPage","@id":"https:\/\/cinemadautomne.fr\/?page_id=5094","url":"https:\/\/cinemadautomne.fr\/?page_id=5094","name":"Infos pratiques - Festival Cin\u00e9ma d&#039;ici","isPartOf":{"@id":"https:\/\/cinemadautomne.fr\/#website"},"primaryImageOfPage":{"@id":"https:\/\/cinemadautomne.fr\/?page_id=5094#primaryimage"},"image":{"@id":"https:\/\/cinemadautomne.fr\/?page_id=5094#primaryimage"},"thumbnailUrl":"https:\/\/cinemadautomne.fr\/wp-content\/uploads\/2025\/09\/CinemaD_ici_Bandeau2025_A3_Propositions1_02.jpg","datePublished":"2025-04-27T10:46:48+00:00","dateModified":"2025-09-13T13:13:43+00:00","breadcrumb":{"@id":"https:\/\/cinemadautomne.fr\/?page_id=5094#breadcrumb"},"inLanguage":"fr-FR","potentialAction":[{"@type":"ReadAction","target":["https:\/\/cinemadautomne.fr\/?page_id=5094"]}]},{"@type":"ImageObject","inLanguage":"fr-FR","@id":"https:\/\/cinemadautomne.fr\/?page_id=5094#primaryimage","url":"https:\/\/cinemadautomne.fr\/wp-content\/uploads\/2025\/09\/CinemaD_ici_Bandeau2025_A3_Propositions1_02.jpg","contentUrl":"https:\/\/cinemadautomne.fr\/wp-content\/uploads\/2025\/09\/CinemaD_ici_Bandeau2025_A3_Propositions1_02.jpg","width":1640,"height":624,"caption":"Venir au Festival Cin\u00e9ma d'Ici"},{"@type":"BreadcrumbList","@id":"https:\/\/cinemadautomne.fr\/?page_id=5094#breadcrumb","itemListElement":[{"@type":"ListItem","position":1,"name":"Accueil","item":"https:\/\/cinemadautomne.fr\/"},{"@type":"ListItem","position":2,"name":"Infos pratiques"}]},{"@type":"WebSite","@id":"https:\/\/cinemadautomne.fr\/#website","url":"https:\/\/cinemadautomne.fr\/","name":"Festival Cin\u00e9ma d'ici","description":"du 24 au 28 septembre \u00e0 Castelnaudary","publisher":{"@id":"https:\/\/cinemadautomne.fr\/#organization"},"potentialAction":[{"@type":"SearchAction","target":{"@type":"EntryPoint","urlTemplate":"https:\/\/cinemadautomne.fr\/?s={search_term_string}"},"query-input":{"@type":"PropertyValueSpecification","valueRequired":true,"valueName":"search_term_string"}}],"inLanguage":"fr-FR"},{"@type":"Organization","@id":"https:\/\/cinemadautomne.fr\/#organization","name":"Festival Cin\u00e9ma d'ici","url":"https:\/\/cinemadautomne.fr\/","logo":{"@type":"ImageObject","inLanguage":"fr-FR","@id":"https:\/\/cinemadautomne.fr\/#\/schema\/logo\/image\/","url":"https:\/\/cinemadautomne.fr\/wp-content\/uploads\/2021\/09\/CinemaDAutomnedivers_LogoFinal_03LieDeVin_RVB_Plan-de-travail-1-e1631457910433.jpg","contentUrl":"https:\/\/cinemadautomne.fr\/wp-content\/uploads\/2021\/09\/CinemaDAutomnedivers_LogoFinal_03LieDeVin_RVB_Plan-de-travail-1-e1631457910433.jpg","width":350,"height":223,"caption":"Festival Cin\u00e9ma d'ici"},"image":{"@id":"https:\/\/cinemadautomne.fr\/#\/schema\/logo\/image\/"},"sameAs":["https:\/\/www.facebook.com\/cinemadautomne","https:\/\/www.instagram.com\/festivalcineautomne\/"]}]}},"_links":{"self":[{"href":"https:\/\/cinemadautomne.fr\/index.php?rest_route=\/wp\/v2\/pages\/5094","targetHints":{"allow":["GET"]}}],"collection":[{"href":"https:\/\/cinemadautomne.fr\/index.php?rest_route=\/wp\/v2\/pages"}],"about":[{"href":"https:\/\/cinemadautomne.fr\/index.php?rest_route=\/wp\/v2\/types\/page"}],"author":[{"embeddable":true,"href":"https:\/\/cinemadautomne.fr\/index.php?rest_route=\/wp\/v2\/users\/4"}],"replies":[{"embeddable":true,"href":"https:\/\/cinemadautomne.fr\/index.php?rest_route=%2Fwp%2Fv2%2Fcomments&post=5094"}],"version-history":[{"count":39,"href":"https:\/\/cinemadautomne.fr\/index.php?rest_route=\/wp\/v2\/pages\/5094\/revisions"}],"predecessor-version":[{"id":6301,"href":"https:\/\/cinemadautomne.fr\/index.php?rest_route=\/wp\/v2\/pages\/5094\/revisions\/6301"}],"wp:featuredmedia":[{"embeddable":true,"href":"https:\/\/cinemadautomne.fr\/index.php?rest_route=\/wp\/v2\/media\/6211"}],"wp:attachment":[{"href":"https:\/\/cinemadautomne.fr\/index.php?rest_route=%2Fwp%2Fv2%2Fmedia&parent=5094"}],"curies":[{"name":"wp","href":"https:\/\/api.w.org\/{rel}","templated":true}]}}