{"id":5092,"date":"2025-04-27T10:46:48","date_gmt":"2025-04-27T10:46:48","guid":{"rendered":"https:\/\/cinemadautomne.fr\/?page_id=5092"},"modified":"2025-09-11T13:19:50","modified_gmt":"2025-09-11T13:19:50","slug":"partenaires","status":"publish","type":"page","link":"https:\/\/cinemadautomne.fr\/?page_id=5092","title":{"rendered":"Partenaires"},"content":{"rendered":"\t\t<div data-elementor-type=\"wp-page\" data-elementor-id=\"5092\" class=\"elementor elementor-5092\">\n\t\t\t\t<div class=\"elementor-element elementor-element-0bd5e80 e-flex e-con-boxed e-con e-parent\" data-id=\"0bd5e80\" data-element_type=\"container\">\n\t\t\t\t\t<div class=\"e-con-inner\">\n\t\t\t\t<div class=\"elementor-element elementor-element-508201d elementor-widget elementor-widget-heading\" data-id=\"508201d\" data-element_type=\"widget\" data-widget_type=\"heading.default\">\n\t\t\t\t\t<h1 class=\"elementor-heading-title elementor-size-default\">Nos partenaires<\/h1>\t\t\t\t<\/div>\n\t\t\t\t\t<\/div>\n\t\t\t\t<\/div>\n\t\t<div class=\"elementor-element elementor-element-021cb8b e-flex e-con-boxed e-con e-parent\" data-id=\"021cb8b\" data-element_type=\"container\">\n\t\t\t\t\t<div class=\"e-con-inner\">\n\t\t\t\t<div class=\"elementor-element elementor-element-6d00796 elementor-widget elementor-widget-image-gallery\" data-id=\"6d00796\" data-element_type=\"widget\" data-widget_type=\"image-gallery.default\">\n\t\t\t\t\t\t\t<div class=\"elementor-image-gallery\">\n\t\t\t<div id='gallery-1' class='gallery galleryid-5092 gallery-columns-4 gallery-size-full'><figure class='gallery-item'>\n\t\t\t<div class='gallery-icon landscape'>\n\t\t\t\t<a data-elementor-open-lightbox=\"yes\" data-elementor-lightbox-slideshow=\"6d00796\" data-elementor-lightbox-title=\"Pr\u00e9fet de la r\u00e9gion Occitanie\" data-e-action-hash=\"#elementor-action%3Aaction%3Dlightbox%26settings%3DeyJpZCI6NTgzNCwidXJsIjoiaHR0cHM6XC9cL2NpbmVtYWRhdXRvbW5lLmZyXC93cC1jb250ZW50XC91cGxvYWRzXC8yMDI1XC8wN1wvMy0yLnBuZyIsInNsaWRlc2hvdyI6IjZkMDA3OTYifQ%3D%3D\" href='https:\/\/cinemadautomne.fr\/wp-content\/uploads\/2025\/07\/3-2.png'><img fetchpriority=\"high\" decoding=\"async\" width=\"1000\" height=\"1000\" src=\"https:\/\/cinemadautomne.fr\/wp-content\/uploads\/2025\/07\/3-2.png\" class=\"attachment-full size-full\" alt=\"Pr\u00e9fet de la r\u00e9gion Occitanie logo\" aria-describedby=\"gallery-1-5834\" srcset=\"https:\/\/cinemadautomne.fr\/wp-content\/uploads\/2025\/07\/3-2.png 1000w, https:\/\/cinemadautomne.fr\/wp-content\/uploads\/2025\/07\/3-2-595x595.png 595w, https:\/\/cinemadautomne.fr\/wp-content\/uploads\/2025\/07\/3-2-960x960.png 960w, https:\/\/cinemadautomne.fr\/wp-content\/uploads\/2025\/07\/3-2-768x768.png 768w\" sizes=\"(max-width: 1000px) 100vw, 1000px\" \/><\/a>\n\t\t\t<\/div>\n\t\t\t\t<figcaption class='wp-caption-text gallery-caption' id='gallery-1-5834'>\n\t\t\t\tPr\u00e9fet de la r\u00e9gion Occitanie\n\t\t\t\t<\/figcaption><\/figure><figure class='gallery-item'>\n\t\t\t<div class='gallery-icon landscape'>\n\t\t\t\t<a data-elementor-open-lightbox=\"yes\" data-elementor-lightbox-slideshow=\"6d00796\" data-elementor-lightbox-title=\"La r\u00e9gion Occitanie\" data-e-action-hash=\"#elementor-action%3Aaction%3Dlightbox%26settings%3DeyJpZCI6NTgzMiwidXJsIjoiaHR0cHM6XC9cL2NpbmVtYWRhdXRvbW5lLmZyXC93cC1jb250ZW50XC91cGxvYWRzXC8yMDI1XC8wN1wvMS0yLnBuZyIsInNsaWRlc2hvdyI6IjZkMDA3OTYifQ%3D%3D\" href='https:\/\/cinemadautomne.fr\/wp-content\/uploads\/2025\/07\/1-2.png'><img decoding=\"async\" width=\"1000\" height=\"1000\" src=\"https:\/\/cinemadautomne.fr\/wp-content\/uploads\/2025\/07\/1-2.png\" class=\"attachment-full size-full\" alt=\"La r\u00e9gion Occitanie logo\" aria-describedby=\"gallery-1-5832\" srcset=\"https:\/\/cinemadautomne.fr\/wp-content\/uploads\/2025\/07\/1-2.png 1000w, https:\/\/cinemadautomne.fr\/wp-content\/uploads\/2025\/07\/1-2-595x595.png 595w, https:\/\/cinemadautomne.fr\/wp-content\/uploads\/2025\/07\/1-2-960x960.png 960w, https:\/\/cinemadautomne.fr\/wp-content\/uploads\/2025\/07\/1-2-768x768.png 768w\" sizes=\"(max-width: 1000px) 100vw, 1000px\" \/><\/a>\n\t\t\t<\/div>\n\t\t\t\t<figcaption class='wp-caption-text gallery-caption' id='gallery-1-5832'>\n\t\t\t\tLa r\u00e9gion Occitanie\n\t\t\t\t<\/figcaption><\/figure><figure class='gallery-item'>\n\t\t\t<div class='gallery-icon landscape'>\n\t\t\t\t<a data-elementor-open-lightbox=\"yes\" data-elementor-lightbox-slideshow=\"6d00796\" data-elementor-lightbox-title=\"Le d\u00e9partement de l&#039;Aude\" data-e-action-hash=\"#elementor-action%3Aaction%3Dlightbox%26settings%3DeyJpZCI6NTgzNSwidXJsIjoiaHR0cHM6XC9cL2NpbmVtYWRhdXRvbW5lLmZyXC93cC1jb250ZW50XC91cGxvYWRzXC8yMDI1XC8wN1wvNC0yLnBuZyIsInNsaWRlc2hvdyI6IjZkMDA3OTYifQ%3D%3D\" href='https:\/\/cinemadautomne.fr\/wp-content\/uploads\/2025\/07\/4-2.png'><img decoding=\"async\" width=\"1000\" height=\"1000\" src=\"https:\/\/cinemadautomne.fr\/wp-content\/uploads\/2025\/07\/4-2.png\" class=\"attachment-full size-full\" alt=\"Le d\u00e9partement de l&#039;Aude logo\" aria-describedby=\"gallery-1-5835\" srcset=\"https:\/\/cinemadautomne.fr\/wp-content\/uploads\/2025\/07\/4-2.png 1000w, https:\/\/cinemadautomne.fr\/wp-content\/uploads\/2025\/07\/4-2-595x595.png 595w, https:\/\/cinemadautomne.fr\/wp-content\/uploads\/2025\/07\/4-2-960x960.png 960w, https:\/\/cinemadautomne.fr\/wp-content\/uploads\/2025\/07\/4-2-768x768.png 768w\" sizes=\"(max-width: 1000px) 100vw, 1000px\" \/><\/a>\n\t\t\t<\/div>\n\t\t\t\t<figcaption class='wp-caption-text gallery-caption' id='gallery-1-5835'>\n\t\t\t\tLe d\u00e9partement de l&rsquo;Aude\n\t\t\t\t<\/figcaption><\/figure><figure class='gallery-item'>\n\t\t\t<div class='gallery-icon landscape'>\n\t\t\t\t<a data-elementor-open-lightbox=\"yes\" data-elementor-lightbox-slideshow=\"6d00796\" data-elementor-lightbox-title=\"Ville de Castelnaudary\" data-e-action-hash=\"#elementor-action%3Aaction%3Dlightbox%26settings%3DeyJpZCI6NTgzMywidXJsIjoiaHR0cHM6XC9cL2NpbmVtYWRhdXRvbW5lLmZyXC93cC1jb250ZW50XC91cGxvYWRzXC8yMDI1XC8wN1wvMi0yLnBuZyIsInNsaWRlc2hvdyI6IjZkMDA3OTYifQ%3D%3D\" href='https:\/\/cinemadautomne.fr\/wp-content\/uploads\/2025\/07\/2-2.png'><img loading=\"lazy\" decoding=\"async\" width=\"1000\" height=\"1000\" src=\"https:\/\/cinemadautomne.fr\/wp-content\/uploads\/2025\/07\/2-2.png\" class=\"attachment-full size-full\" alt=\"Ville de Castelnaudary logo\" aria-describedby=\"gallery-1-5833\" srcset=\"https:\/\/cinemadautomne.fr\/wp-content\/uploads\/2025\/07\/2-2.png 1000w, https:\/\/cinemadautomne.fr\/wp-content\/uploads\/2025\/07\/2-2-595x595.png 595w, https:\/\/cinemadautomne.fr\/wp-content\/uploads\/2025\/07\/2-2-960x960.png 960w, https:\/\/cinemadautomne.fr\/wp-content\/uploads\/2025\/07\/2-2-768x768.png 768w\" sizes=\"(max-width: 1000px) 100vw, 1000px\" \/><\/a>\n\t\t\t<\/div>\n\t\t\t\t<figcaption class='wp-caption-text gallery-caption' id='gallery-1-5833'>\n\t\t\t\tVille de Castelnaudary\n\t\t\t\t<\/figcaption><\/figure><figure class='gallery-item'>\n\t\t\t<div class='gallery-icon landscape'>\n\t\t\t\t<a data-elementor-open-lightbox=\"yes\" data-elementor-lightbox-slideshow=\"6d00796\" data-elementor-lightbox-title=\"Communaut\u00e9 de commune Castelnaudary\" data-e-action-hash=\"#elementor-action%3Aaction%3Dlightbox%26settings%3DeyJpZCI6NTg0MSwidXJsIjoiaHR0cHM6XC9cL2NpbmVtYWRhdXRvbW5lLmZyXC93cC1jb250ZW50XC91cGxvYWRzXC8yMDI1XC8wN1wvMTAtMi5wbmciLCJzbGlkZXNob3ciOiI2ZDAwNzk2In0%3D\" href='https:\/\/cinemadautomne.fr\/wp-content\/uploads\/2025\/07\/10-2.png'><img loading=\"lazy\" decoding=\"async\" width=\"1000\" height=\"1000\" src=\"https:\/\/cinemadautomne.fr\/wp-content\/uploads\/2025\/07\/10-2.png\" class=\"attachment-full size-full\" alt=\"Communaut\u00e9 de commune Castelnaudary logo\" aria-describedby=\"gallery-1-5841\" srcset=\"https:\/\/cinemadautomne.fr\/wp-content\/uploads\/2025\/07\/10-2.png 1000w, https:\/\/cinemadautomne.fr\/wp-content\/uploads\/2025\/07\/10-2-595x595.png 595w, https:\/\/cinemadautomne.fr\/wp-content\/uploads\/2025\/07\/10-2-960x960.png 960w, https:\/\/cinemadautomne.fr\/wp-content\/uploads\/2025\/07\/10-2-768x768.png 768w\" sizes=\"(max-width: 1000px) 100vw, 1000px\" \/><\/a>\n\t\t\t<\/div>\n\t\t\t\t<figcaption class='wp-caption-text gallery-caption' id='gallery-1-5841'>\n\t\t\t\tCommunaut\u00e9 de Communes Castelnaudary\n\t\t\t\t<\/figcaption><\/figure><figure class='gallery-item'>\n\t\t\t<div class='gallery-icon landscape'>\n\t\t\t\t<a data-elementor-open-lightbox=\"yes\" data-elementor-lightbox-slideshow=\"6d00796\" data-elementor-lightbox-title=\"Castelnaudary Tourisme\" data-e-action-hash=\"#elementor-action%3Aaction%3Dlightbox%26settings%3DeyJpZCI6NjIxOSwidXJsIjoiaHR0cHM6XC9cL2NpbmVtYWRhdXRvbW5lLmZyXC93cC1jb250ZW50XC91cGxvYWRzXC8yMDI1XC8wOVwvbG9nby1DVC5qcGciLCJzbGlkZXNob3ciOiI2ZDAwNzk2In0%3D\" href='https:\/\/cinemadautomne.fr\/wp-content\/uploads\/2025\/09\/logo-CT.jpg'><img loading=\"lazy\" decoding=\"async\" width=\"1000\" height=\"1000\" src=\"https:\/\/cinemadautomne.fr\/wp-content\/uploads\/2025\/09\/logo-CT.jpg\" class=\"attachment-full size-full\" alt=\"Castelnaudary Tourisme logo\" aria-describedby=\"gallery-1-6219\" srcset=\"https:\/\/cinemadautomne.fr\/wp-content\/uploads\/2025\/09\/logo-CT.jpg 1000w, https:\/\/cinemadautomne.fr\/wp-content\/uploads\/2025\/09\/logo-CT-595x595.jpg 595w, https:\/\/cinemadautomne.fr\/wp-content\/uploads\/2025\/09\/logo-CT-960x960.jpg 960w, https:\/\/cinemadautomne.fr\/wp-content\/uploads\/2025\/09\/logo-CT-768x768.jpg 768w\" sizes=\"(max-width: 1000px) 100vw, 1000px\" \/><\/a>\n\t\t\t<\/div>\n\t\t\t\t<figcaption class='wp-caption-text gallery-caption' id='gallery-1-6219'>\n\t\t\t\tCastelnaudary Tourisme\n\t\t\t\t<\/figcaption><\/figure><figure class='gallery-item'>\n\t\t\t<div class='gallery-icon landscape'>\n\t\t\t\t<a data-elementor-open-lightbox=\"yes\" data-elementor-lightbox-slideshow=\"6d00796\" data-elementor-lightbox-title=\"Centre national de la cin\u00e9matographie et de l&#039;image anim\u00e9e\" data-e-action-hash=\"#elementor-action%3Aaction%3Dlightbox%26settings%3DeyJpZCI6NTgzNiwidXJsIjoiaHR0cHM6XC9cL2NpbmVtYWRhdXRvbW5lLmZyXC93cC1jb250ZW50XC91cGxvYWRzXC8yMDI1XC8wN1wvNS0yLnBuZyIsInNsaWRlc2hvdyI6IjZkMDA3OTYifQ%3D%3D\" href='https:\/\/cinemadautomne.fr\/wp-content\/uploads\/2025\/07\/5-2.png'><img loading=\"lazy\" decoding=\"async\" width=\"1000\" height=\"1000\" src=\"https:\/\/cinemadautomne.fr\/wp-content\/uploads\/2025\/07\/5-2.png\" class=\"attachment-full size-full\" alt=\"Centre national de la cin\u00e9matographie et de l&#039;image anim\u00e9e logo\" aria-describedby=\"gallery-1-5836\" srcset=\"https:\/\/cinemadautomne.fr\/wp-content\/uploads\/2025\/07\/5-2.png 1000w, https:\/\/cinemadautomne.fr\/wp-content\/uploads\/2025\/07\/5-2-595x595.png 595w, https:\/\/cinemadautomne.fr\/wp-content\/uploads\/2025\/07\/5-2-960x960.png 960w, https:\/\/cinemadautomne.fr\/wp-content\/uploads\/2025\/07\/5-2-768x768.png 768w\" sizes=\"(max-width: 1000px) 100vw, 1000px\" \/><\/a>\n\t\t\t<\/div>\n\t\t\t\t<figcaption class='wp-caption-text gallery-caption' id='gallery-1-5836'>\n\t\t\t\tCentre National de la Cin\u00e9matographie et de l&rsquo;image anim\u00e9e\n\t\t\t\t<\/figcaption><\/figure><figure class='gallery-item'>\n\t\t\t<div class='gallery-icon landscape'>\n\t\t\t\t<a data-elementor-open-lightbox=\"yes\" data-elementor-lightbox-slideshow=\"6d00796\" data-elementor-lightbox-title=\"Occitanie film\" data-e-action-hash=\"#elementor-action%3Aaction%3Dlightbox%26settings%3DeyJpZCI6NTgzNywidXJsIjoiaHR0cHM6XC9cL2NpbmVtYWRhdXRvbW5lLmZyXC93cC1jb250ZW50XC91cGxvYWRzXC8yMDI1XC8wN1wvNi0yLnBuZyIsInNsaWRlc2hvdyI6IjZkMDA3OTYifQ%3D%3D\" href='https:\/\/cinemadautomne.fr\/wp-content\/uploads\/2025\/07\/6-2.png'><img loading=\"lazy\" decoding=\"async\" width=\"1000\" height=\"1000\" src=\"https:\/\/cinemadautomne.fr\/wp-content\/uploads\/2025\/07\/6-2.png\" class=\"attachment-full size-full\" alt=\"Occitanie film logo\" aria-describedby=\"gallery-1-5837\" srcset=\"https:\/\/cinemadautomne.fr\/wp-content\/uploads\/2025\/07\/6-2.png 1000w, https:\/\/cinemadautomne.fr\/wp-content\/uploads\/2025\/07\/6-2-595x595.png 595w, https:\/\/cinemadautomne.fr\/wp-content\/uploads\/2025\/07\/6-2-960x960.png 960w, https:\/\/cinemadautomne.fr\/wp-content\/uploads\/2025\/07\/6-2-768x768.png 768w\" sizes=\"(max-width: 1000px) 100vw, 1000px\" \/><\/a>\n\t\t\t<\/div>\n\t\t\t\t<figcaption class='wp-caption-text gallery-caption' id='gallery-1-5837'>\n\t\t\t\tOccitanie film\n\t\t\t\t<\/figcaption><\/figure><figure class='gallery-item'>\n\t\t\t<div class='gallery-icon landscape'>\n\t\t\t\t<a data-elementor-open-lightbox=\"yes\" data-elementor-lightbox-slideshow=\"6d00796\" data-elementor-lightbox-title=\"Cinephilae\" data-e-action-hash=\"#elementor-action%3Aaction%3Dlightbox%26settings%3DeyJpZCI6NTgzOCwidXJsIjoiaHR0cHM6XC9cL2NpbmVtYWRhdXRvbW5lLmZyXC93cC1jb250ZW50XC91cGxvYWRzXC8yMDI1XC8wN1wvNy0yLnBuZyIsInNsaWRlc2hvdyI6IjZkMDA3OTYifQ%3D%3D\" href='https:\/\/cinemadautomne.fr\/wp-content\/uploads\/2025\/07\/7-2.png'><img loading=\"lazy\" decoding=\"async\" width=\"1000\" height=\"1000\" src=\"https:\/\/cinemadautomne.fr\/wp-content\/uploads\/2025\/07\/7-2.png\" class=\"attachment-full size-full\" alt=\"Cinephilae logo\" aria-describedby=\"gallery-1-5838\" srcset=\"https:\/\/cinemadautomne.fr\/wp-content\/uploads\/2025\/07\/7-2.png 1000w, https:\/\/cinemadautomne.fr\/wp-content\/uploads\/2025\/07\/7-2-595x595.png 595w, https:\/\/cinemadautomne.fr\/wp-content\/uploads\/2025\/07\/7-2-960x960.png 960w, https:\/\/cinemadautomne.fr\/wp-content\/uploads\/2025\/07\/7-2-768x768.png 768w\" sizes=\"(max-width: 1000px) 100vw, 1000px\" \/><\/a>\n\t\t\t<\/div>\n\t\t\t\t<figcaption class='wp-caption-text gallery-caption' id='gallery-1-5838'>\n\t\t\t\tCinephilae\n\t\t\t\t<\/figcaption><\/figure><figure class='gallery-item'>\n\t\t\t<div class='gallery-icon landscape'>\n\t\t\t\t<a data-elementor-open-lightbox=\"yes\" data-elementor-lightbox-slideshow=\"6d00796\" data-elementor-lightbox-title=\"G.R.A.Ph.CMI\" data-e-action-hash=\"#elementor-action%3Aaction%3Dlightbox%26settings%3DeyJpZCI6NTg0MiwidXJsIjoiaHR0cHM6XC9cL2NpbmVtYWRhdXRvbW5lLmZyXC93cC1jb250ZW50XC91cGxvYWRzXC8yMDI1XC8wN1wvMTEucG5nIiwic2xpZGVzaG93IjoiNmQwMDc5NiJ9\" href='https:\/\/cinemadautomne.fr\/wp-content\/uploads\/2025\/07\/11.png'><img loading=\"lazy\" decoding=\"async\" width=\"1000\" height=\"1000\" src=\"https:\/\/cinemadautomne.fr\/wp-content\/uploads\/2025\/07\/11.png\" class=\"attachment-full size-full\" alt=\"G.R.A.Ph.CMI logo\" aria-describedby=\"gallery-1-5842\" srcset=\"https:\/\/cinemadautomne.fr\/wp-content\/uploads\/2025\/07\/11.png 1000w, https:\/\/cinemadautomne.fr\/wp-content\/uploads\/2025\/07\/11-595x595.png 595w, https:\/\/cinemadautomne.fr\/wp-content\/uploads\/2025\/07\/11-960x960.png 960w, https:\/\/cinemadautomne.fr\/wp-content\/uploads\/2025\/07\/11-768x768.png 768w\" sizes=\"(max-width: 1000px) 100vw, 1000px\" \/><\/a>\n\t\t\t<\/div>\n\t\t\t\t<figcaption class='wp-caption-text gallery-caption' id='gallery-1-5842'>\n\t\t\t\tG.R.A.Ph.CMI\n\t\t\t\t<\/figcaption><\/figure><figure class='gallery-item'>\n\t\t\t<div class='gallery-icon landscape'>\n\t\t\t\t<a data-elementor-open-lightbox=\"yes\" data-elementor-lightbox-slideshow=\"6d00796\" data-elementor-lightbox-title=\"Cin\u00e9 Clap\" data-e-action-hash=\"#elementor-action%3Aaction%3Dlightbox%26settings%3DeyJpZCI6NTg0MywidXJsIjoiaHR0cHM6XC9cL2NpbmVtYWRhdXRvbW5lLmZyXC93cC1jb250ZW50XC91cGxvYWRzXC8yMDI1XC8wN1wvMTIucG5nIiwic2xpZGVzaG93IjoiNmQwMDc5NiJ9\" href='https:\/\/cinemadautomne.fr\/wp-content\/uploads\/2025\/07\/12.png'><img loading=\"lazy\" decoding=\"async\" width=\"1000\" height=\"1000\" src=\"https:\/\/cinemadautomne.fr\/wp-content\/uploads\/2025\/07\/12.png\" class=\"attachment-full size-full\" alt=\"Cin\u00e9 Clap logo\" aria-describedby=\"gallery-1-5843\" srcset=\"https:\/\/cinemadautomne.fr\/wp-content\/uploads\/2025\/07\/12.png 1000w, https:\/\/cinemadautomne.fr\/wp-content\/uploads\/2025\/07\/12-595x595.png 595w, https:\/\/cinemadautomne.fr\/wp-content\/uploads\/2025\/07\/12-960x960.png 960w, https:\/\/cinemadautomne.fr\/wp-content\/uploads\/2025\/07\/12-768x768.png 768w\" sizes=\"(max-width: 1000px) 100vw, 1000px\" \/><\/a>\n\t\t\t<\/div>\n\t\t\t\t<figcaption class='wp-caption-text gallery-caption' id='gallery-1-5843'>\n\t\t\t\tCin\u00e9 Clap\n\t\t\t\t<\/figcaption><\/figure><figure class='gallery-item'>\n\t\t\t<div class='gallery-icon landscape'>\n\t\t\t\t<a data-elementor-open-lightbox=\"yes\" data-elementor-lightbox-slideshow=\"6d00796\" data-elementor-lightbox-title=\"La d\u00e9p\u00eache\" data-e-action-hash=\"#elementor-action%3Aaction%3Dlightbox%26settings%3DeyJpZCI6NTgzOSwidXJsIjoiaHR0cHM6XC9cL2NpbmVtYWRhdXRvbW5lLmZyXC93cC1jb250ZW50XC91cGxvYWRzXC8yMDI1XC8wN1wvOC0yLnBuZyIsInNsaWRlc2hvdyI6IjZkMDA3OTYifQ%3D%3D\" href='https:\/\/cinemadautomne.fr\/wp-content\/uploads\/2025\/07\/8-2.png'><img loading=\"lazy\" decoding=\"async\" width=\"1000\" height=\"1000\" src=\"https:\/\/cinemadautomne.fr\/wp-content\/uploads\/2025\/07\/8-2.png\" class=\"attachment-full size-full\" alt=\"La d\u00e9p\u00eache logo\" aria-describedby=\"gallery-1-5839\" srcset=\"https:\/\/cinemadautomne.fr\/wp-content\/uploads\/2025\/07\/8-2.png 1000w, https:\/\/cinemadautomne.fr\/wp-content\/uploads\/2025\/07\/8-2-595x595.png 595w, https:\/\/cinemadautomne.fr\/wp-content\/uploads\/2025\/07\/8-2-960x960.png 960w, https:\/\/cinemadautomne.fr\/wp-content\/uploads\/2025\/07\/8-2-768x768.png 768w\" sizes=\"(max-width: 1000px) 100vw, 1000px\" \/><\/a>\n\t\t\t<\/div>\n\t\t\t\t<figcaption class='wp-caption-text gallery-caption' id='gallery-1-5839'>\n\t\t\t\tLa D\u00e9p\u00eache\n\t\t\t\t<\/figcaption><\/figure>\n\t\t<\/div>\n\t\t<\/div>\n\t\t\t\t\t\t<\/div>\n\t\t\t\t\t<\/div>\n\t\t\t\t<\/div>\n\t\t\t\t<\/div>\n\t\t<!-- AddThis Advanced Settings generic via filter on the_content --><!-- AddThis Share Buttons generic via filter on the_content -->","protected":false},"excerpt":{"rendered":"<p>Nos partenaires Pr\u00e9fet de la r\u00e9gion Occitanie La r\u00e9gion Occitanie Le d\u00e9partement de l&rsquo;Aude Ville de Castelnaudary Communaut\u00e9 de Communes [&hellip;]<!-- AddThis Advanced Settings generic via filter on get_the_excerpt --><!-- AddThis Share Buttons generic via filter on get_the_excerpt --><\/p>\n","protected":false},"author":4,"featured_media":0,"parent":0,"menu_order":0,"comment_status":"closed","ping_status":"closed","template":"","meta":{"site-sidebar-layout":"no-sidebar","site-content-layout":"","ast-site-content-layout":"full-width-container","site-content-style":"default","site-sidebar-style":"default","ast-global-header-display":"","ast-banner-title-visibility":"","ast-main-header-display":"","ast-hfb-above-header-display":"","ast-hfb-below-header-display":"","ast-hfb-mobile-header-display":"","site-post-title":"disabled","ast-breadcrumbs-content":"","ast-featured-img":"disabled","footer-sml-layout":"","theme-transparent-header-meta":"","adv-header-id-meta":"","stick-header-meta":"","header-above-stick-meta":"","header-main-stick-meta":"","header-below-stick-meta":"","astra-migrate-meta-layouts":"default","ast-page-background-enabled":"default","ast-page-background-meta":{"desktop":{"background-color":"var(--ast-global-color-5)","background-image":"","background-repeat":"repeat","background-position":"center center","background-size":"auto","background-attachment":"scroll","background-type":"","background-media":"","overlay-type":"","overlay-color":"","overlay-opacity":"","overlay-gradient":""},"tablet":{"background-color":"","background-image":"","background-repeat":"repeat","background-position":"center center","background-size":"auto","background-attachment":"scroll","background-type":"","background-media":"","overlay-type":"","overlay-color":"","overlay-opacity":"","overlay-gradient":""},"mobile":{"background-color":"","background-image":"","background-repeat":"repeat","background-position":"center center","background-size":"auto","background-attachment":"scroll","background-type":"","background-media":"","overlay-type":"","overlay-color":"","overlay-opacity":"","overlay-gradient":""}},"ast-content-background-meta":{"desktop":{"background-color":"var(--ast-global-color-4)","background-image":"","background-repeat":"repeat","background-position":"center center","background-size":"auto","background-attachment":"scroll","background-type":"","background-media":"","overlay-type":"","overlay-color":"","overlay-opacity":"","overlay-gradient":""},"tablet":{"background-color":"var(--ast-global-color-4)","background-image":"","background-repeat":"repeat","background-position":"center center","background-size":"auto","background-attachment":"scroll","background-type":"","background-media":"","overlay-type":"","overlay-color":"","overlay-opacity":"","overlay-gradient":""},"mobile":{"background-color":"var(--ast-global-color-4)","background-image":"","background-repeat":"repeat","background-position":"center center","background-size":"auto","background-attachment":"scroll","background-type":"","background-media":"","overlay-type":"","overlay-color":"","overlay-opacity":"","overlay-gradient":""}},"footnotes":""},"class_list":["post-5092","page","type-page","status-publish","hentry"],"yoast_head":"<!-- This site is optimized with the Yoast SEO plugin v25.5 - https:\/\/yoast.com\/wordpress\/plugins\/seo\/ -->\n<title>Partenaires - Festival Cin\u00e9ma d&#039;ici<\/title>\n<meta name=\"robots\" content=\"index, follow, max-snippet:-1, max-image-preview:large, max-video-preview:-1\" \/>\n<link rel=\"canonical\" href=\"https:\/\/cinemadautomne.fr\/?page_id=5092\" \/>\n<meta property=\"og:locale\" content=\"fr_FR\" \/>\n<meta property=\"og:type\" content=\"article\" \/>\n<meta property=\"og:title\" content=\"Partenaires - Festival Cin\u00e9ma d&#039;ici\" \/>\n<meta property=\"og:description\" content=\"Nos partenaires Pr\u00e9fet de la r\u00e9gion Occitanie La r\u00e9gion Occitanie Le d\u00e9partement de l&rsquo;Aude Ville de Castelnaudary Communaut\u00e9 de Communes [&hellip;]\" \/>\n<meta property=\"og:url\" content=\"https:\/\/cinemadautomne.fr\/?page_id=5092\" \/>\n<meta property=\"og:site_name\" content=\"Festival Cin\u00e9ma d&#039;ici\" \/>\n<meta property=\"article:publisher\" content=\"https:\/\/www.facebook.com\/cinemadautomne\" \/>\n<meta property=\"article:modified_time\" content=\"2025-09-11T13:19:50+00:00\" \/>\n<meta property=\"og:image\" content=\"https:\/\/cinemadautomne.fr\/wp-content\/uploads\/2025\/07\/3-2.png\" \/>\n<meta name=\"twitter:card\" content=\"summary_large_image\" \/>\n<meta name=\"twitter:label1\" content=\"Dur\u00e9e de lecture estim\u00e9e\" \/>\n\t<meta name=\"twitter:data1\" content=\"3 minutes\" \/>\n<script type=\"application\/ld+json\" class=\"yoast-schema-graph\">{\"@context\":\"https:\/\/schema.org\",\"@graph\":[{\"@type\":\"WebPage\",\"@id\":\"https:\/\/cinemadautomne.fr\/?page_id=5092\",\"url\":\"https:\/\/cinemadautomne.fr\/?page_id=5092\",\"name\":\"Partenaires - Festival Cin\u00e9ma d&#039;ici\",\"isPartOf\":{\"@id\":\"https:\/\/cinemadautomne.fr\/#website\"},\"primaryImageOfPage\":{\"@id\":\"https:\/\/cinemadautomne.fr\/?page_id=5092#primaryimage\"},\"image\":{\"@id\":\"https:\/\/cinemadautomne.fr\/?page_id=5092#primaryimage\"},\"thumbnailUrl\":\"https:\/\/cinemadautomne.fr\/wp-content\/uploads\/2025\/07\/3-2.png\",\"datePublished\":\"2025-04-27T10:46:48+00:00\",\"dateModified\":\"2025-09-11T13:19:50+00:00\",\"breadcrumb\":{\"@id\":\"https:\/\/cinemadautomne.fr\/?page_id=5092#breadcrumb\"},\"inLanguage\":\"fr-FR\",\"potentialAction\":[{\"@type\":\"ReadAction\",\"target\":[\"https:\/\/cinemadautomne.fr\/?page_id=5092\"]}]},{\"@type\":\"ImageObject\",\"inLanguage\":\"fr-FR\",\"@id\":\"https:\/\/cinemadautomne.fr\/?page_id=5092#primaryimage\",\"url\":\"https:\/\/cinemadautomne.fr\/wp-content\/uploads\/2025\/07\/3-2.png\",\"contentUrl\":\"https:\/\/cinemadautomne.fr\/wp-content\/uploads\/2025\/07\/3-2.png\"},{\"@type\":\"BreadcrumbList\",\"@id\":\"https:\/\/cinemadautomne.fr\/?page_id=5092#breadcrumb\",\"itemListElement\":[{\"@type\":\"ListItem\",\"position\":1,\"name\":\"Accueil\",\"item\":\"https:\/\/cinemadautomne.fr\/\"},{\"@type\":\"ListItem\",\"position\":2,\"name\":\"Partenaires\"}]},{\"@type\":\"WebSite\",\"@id\":\"https:\/\/cinemadautomne.fr\/#website\",\"url\":\"https:\/\/cinemadautomne.fr\/\",\"name\":\"Festival Cin\u00e9ma d'ici\",\"description\":\"du 24 au 28 septembre \u00e0 Castelnaudary\",\"publisher\":{\"@id\":\"https:\/\/cinemadautomne.fr\/#organization\"},\"potentialAction\":[{\"@type\":\"SearchAction\",\"target\":{\"@type\":\"EntryPoint\",\"urlTemplate\":\"https:\/\/cinemadautomne.fr\/?s={search_term_string}\"},\"query-input\":{\"@type\":\"PropertyValueSpecification\",\"valueRequired\":true,\"valueName\":\"search_term_string\"}}],\"inLanguage\":\"fr-FR\"},{\"@type\":\"Organization\",\"@id\":\"https:\/\/cinemadautomne.fr\/#organization\",\"name\":\"Festival Cin\u00e9ma d'ici\",\"url\":\"https:\/\/cinemadautomne.fr\/\",\"logo\":{\"@type\":\"ImageObject\",\"inLanguage\":\"fr-FR\",\"@id\":\"https:\/\/cinemadautomne.fr\/#\/schema\/logo\/image\/\",\"url\":\"https:\/\/cinemadautomne.fr\/wp-content\/uploads\/2021\/09\/CinemaDAutomnedivers_LogoFinal_03LieDeVin_RVB_Plan-de-travail-1-e1631457910433.jpg\",\"contentUrl\":\"https:\/\/cinemadautomne.fr\/wp-content\/uploads\/2021\/09\/CinemaDAutomnedivers_LogoFinal_03LieDeVin_RVB_Plan-de-travail-1-e1631457910433.jpg\",\"width\":350,\"height\":223,\"caption\":\"Festival Cin\u00e9ma d'ici\"},\"image\":{\"@id\":\"https:\/\/cinemadautomne.fr\/#\/schema\/logo\/image\/\"},\"sameAs\":[\"https:\/\/www.facebook.com\/cinemadautomne\",\"https:\/\/www.instagram.com\/festivalcineautomne\/\"]}]}<\/script>\n<!-- \/ Yoast SEO plugin. -->","yoast_head_json":{"title":"Partenaires - Festival Cin\u00e9ma d&#039;ici","robots":{"index":"index","follow":"follow","max-snippet":"max-snippet:-1","max-image-preview":"max-image-preview:large","max-video-preview":"max-video-preview:-1"},"canonical":"https:\/\/cinemadautomne.fr\/?page_id=5092","og_locale":"fr_FR","og_type":"article","og_title":"Partenaires - Festival Cin\u00e9ma d&#039;ici","og_description":"Nos partenaires Pr\u00e9fet de la r\u00e9gion Occitanie La r\u00e9gion Occitanie Le d\u00e9partement de l&rsquo;Aude Ville de Castelnaudary Communaut\u00e9 de Communes [&hellip;]","og_url":"https:\/\/cinemadautomne.fr\/?page_id=5092","og_site_name":"Festival Cin\u00e9ma d&#039;ici","article_publisher":"https:\/\/www.facebook.com\/cinemadautomne","article_modified_time":"2025-09-11T13:19:50+00:00","og_image":[{"url":"https:\/\/cinemadautomne.fr\/wp-content\/uploads\/2025\/07\/3-2.png","type":"","width":"","height":""}],"twitter_card":"summary_large_image","twitter_misc":{"Dur\u00e9e de lecture estim\u00e9e":"3 minutes"},"schema":{"@context":"https:\/\/schema.org","@graph":[{"@type":"WebPage","@id":"https:\/\/cinemadautomne.fr\/?page_id=5092","url":"https:\/\/cinemadautomne.fr\/?page_id=5092","name":"Partenaires - Festival Cin\u00e9ma d&#039;ici","isPartOf":{"@id":"https:\/\/cinemadautomne.fr\/#website"},"primaryImageOfPage":{"@id":"https:\/\/cinemadautomne.fr\/?page_id=5092#primaryimage"},"image":{"@id":"https:\/\/cinemadautomne.fr\/?page_id=5092#primaryimage"},"thumbnailUrl":"https:\/\/cinemadautomne.fr\/wp-content\/uploads\/2025\/07\/3-2.png","datePublished":"2025-04-27T10:46:48+00:00","dateModified":"2025-09-11T13:19:50+00:00","breadcrumb":{"@id":"https:\/\/cinemadautomne.fr\/?page_id=5092#breadcrumb"},"inLanguage":"fr-FR","potentialAction":[{"@type":"ReadAction","target":["https:\/\/cinemadautomne.fr\/?page_id=5092"]}]},{"@type":"ImageObject","inLanguage":"fr-FR","@id":"https:\/\/cinemadautomne.fr\/?page_id=5092#primaryimage","url":"https:\/\/cinemadautomne.fr\/wp-content\/uploads\/2025\/07\/3-2.png","contentUrl":"https:\/\/cinemadautomne.fr\/wp-content\/uploads\/2025\/07\/3-2.png"},{"@type":"BreadcrumbList","@id":"https:\/\/cinemadautomne.fr\/?page_id=5092#breadcrumb","itemListElement":[{"@type":"ListItem","position":1,"name":"Accueil","item":"https:\/\/cinemadautomne.fr\/"},{"@type":"ListItem","position":2,"name":"Partenaires"}]},{"@type":"WebSite","@id":"https:\/\/cinemadautomne.fr\/#website","url":"https:\/\/cinemadautomne.fr\/","name":"Festival Cin\u00e9ma d'ici","description":"du 24 au 28 septembre \u00e0 Castelnaudary","publisher":{"@id":"https:\/\/cinemadautomne.fr\/#organization"},"potentialAction":[{"@type":"SearchAction","target":{"@type":"EntryPoint","urlTemplate":"https:\/\/cinemadautomne.fr\/?s={search_term_string}"},"query-input":{"@type":"PropertyValueSpecification","valueRequired":true,"valueName":"search_term_string"}}],"inLanguage":"fr-FR"},{"@type":"Organization","@id":"https:\/\/cinemadautomne.fr\/#organization","name":"Festival Cin\u00e9ma d'ici","url":"https:\/\/cinemadautomne.fr\/","logo":{"@type":"ImageObject","inLanguage":"fr-FR","@id":"https:\/\/cinemadautomne.fr\/#\/schema\/logo\/image\/","url":"https:\/\/cinemadautomne.fr\/wp-content\/uploads\/2021\/09\/CinemaDAutomnedivers_LogoFinal_03LieDeVin_RVB_Plan-de-travail-1-e1631457910433.jpg","contentUrl":"https:\/\/cinemadautomne.fr\/wp-content\/uploads\/2021\/09\/CinemaDAutomnedivers_LogoFinal_03LieDeVin_RVB_Plan-de-travail-1-e1631457910433.jpg","width":350,"height":223,"caption":"Festival Cin\u00e9ma d'ici"},"image":{"@id":"https:\/\/cinemadautomne.fr\/#\/schema\/logo\/image\/"},"sameAs":["https:\/\/www.facebook.com\/cinemadautomne","https:\/\/www.instagram.com\/festivalcineautomne\/"]}]}},"_links":{"self":[{"href":"https:\/\/cinemadautomne.fr\/index.php?rest_route=\/wp\/v2\/pages\/5092","targetHints":{"allow":["GET"]}}],"collection":[{"href":"https:\/\/cinemadautomne.fr\/index.php?rest_route=\/wp\/v2\/pages"}],"about":[{"href":"https:\/\/cinemadautomne.fr\/index.php?rest_route=\/wp\/v2\/types\/page"}],"author":[{"embeddable":true,"href":"https:\/\/cinemadautomne.fr\/index.php?rest_route=\/wp\/v2\/users\/4"}],"replies":[{"embeddable":true,"href":"https:\/\/cinemadautomne.fr\/index.php?rest_route=%2Fwp%2Fv2%2Fcomments&post=5092"}],"version-history":[{"count":18,"href":"https:\/\/cinemadautomne.fr\/index.php?rest_route=\/wp\/v2\/pages\/5092\/revisions"}],"predecessor-version":[{"id":6222,"href":"https:\/\/cinemadautomne.fr\/index.php?rest_route=\/wp\/v2\/pages\/5092\/revisions\/6222"}],"wp:attachment":[{"href":"https:\/\/cinemadautomne.fr\/index.php?rest_route=%2Fwp%2Fv2%2Fmedia&parent=5092"}],"curies":[{"name":"wp","href":"https:\/\/api.w.org\/{rel}","templated":true}]}}