{"id":5076,"date":"2025-04-27T10:46:48","date_gmt":"2025-04-27T10:46:48","guid":{"rendered":"https:\/\/cinemadautomne.fr\/?page_id=5076"},"modified":"2025-09-14T13:53:14","modified_gmt":"2025-09-14T13:53:14","slug":"festival","status":"publish","type":"page","link":"https:\/\/cinemadautomne.fr\/?page_id=5076","title":{"rendered":"Festival"},"content":{"rendered":"\t\t<div data-elementor-type=\"wp-page\" data-elementor-id=\"5076\" class=\"elementor elementor-5076\">\n\t\t\t\t<div class=\"elementor-element elementor-element-bc47dc4 e-con-full e-flex e-con e-parent\" data-id=\"bc47dc4\" data-element_type=\"container\" data-settings=\"{&quot;background_background&quot;:&quot;classic&quot;}\">\n\t\t\t\t<div class=\"elementor-element elementor-element-dc93c53 elementor-widget elementor-widget-heading\" data-id=\"dc93c53\" data-element_type=\"widget\" data-widget_type=\"heading.default\">\n\t\t\t\t\t<h2 class=\"elementor-heading-title elementor-size-default\">Festival cin\u00e9ma d'ici<\/h2>\t\t\t\t<\/div>\n\t\t\t\t<div class=\"elementor-element elementor-element-52e15f2 elementor-widget elementor-widget-text-editor\" data-id=\"52e15f2\" data-element_type=\"widget\" data-widget_type=\"text-editor.default\">\n\t\t\t\t\t\t\t\t\t<p>Le rendez-vous du cin\u00e9ma tourn\u00e9 en Occitanie<\/p>\t\t\t\t\t\t\t\t<\/div>\n\t\t\t\t<\/div>\n\t\t<div class=\"elementor-element elementor-element-290f47c e-con-full e-flex e-con e-parent\" data-id=\"290f47c\" data-element_type=\"container\">\n\t\t\t\t<div class=\"elementor-element elementor-element-e3f9d08 elementor-widget elementor-widget-heading\" data-id=\"e3f9d08\" data-element_type=\"widget\" data-widget_type=\"heading.default\">\n\t\t\t\t\t<h2 class=\"elementor-heading-title elementor-size-default\"><a href=\"https:\/\/cinemadautomne.fr\/?page_id=5080\" target=\"_blank\">Pr\u00e9sentation du festival<\/a><\/h2>\t\t\t\t<\/div>\n\t\t\t\t<div class=\"elementor-element elementor-element-2b47e80 elementor-widget__width-initial elementor-widget elementor-widget-text-editor\" data-id=\"2b47e80\" data-element_type=\"widget\" data-widget_type=\"text-editor.default\">\n\t\t\t\t\t\t\t\t\t<p>Depuis plus de dix ans, le <strong><a href=\"https:\/\/cinemadautomne.fr\/?page_id=5080\" target=\"_blank\" rel=\"noopener\">Festival Cin\u00e9ma d\u2019Ici<\/a><\/strong> rend hommage au cin\u00e9ma enracin\u00e9 dans notre territoire. <br \/>Organis\u00e9 chaque mois de <strong>septembre \u00e0 Castelnaudary<\/strong>, il met en lumi\u00e8re les <strong>\u0153uvres tourn\u00e9es, \u00e9crites ou produites en Occitanie<\/strong>, en donnant la parole aux cin\u00e9astes et talents d\u2019ici.<\/p>\t\t\t\t\t\t\t\t<\/div>\n\t\t\t\t<\/div>\n\t\t<div class=\"elementor-element elementor-element-33fc2b8 e-flex e-con-boxed e-con e-parent\" data-id=\"33fc2b8\" data-element_type=\"container\">\n\t\t\t\t\t<div class=\"e-con-inner\">\n\t\t\t\t<div class=\"elementor-element elementor-element-e24900a elementor-widget elementor-widget-text-editor\" data-id=\"e24900a\" data-element_type=\"widget\" data-widget_type=\"text-editor.default\">\n\t\t\t\t\t\t\t\t\t<p><strong>Nos objectifs :<\/strong><\/p><ul><li><strong>Favoriser<\/strong> <strong>l\u2019acc\u00e8s<\/strong> \u00e0 des films de qualit\u00e9 tourn\u00e9s en Occitanie<\/li><li><strong>Encourager les rencontres<\/strong> entre professionnels du cin\u00e9ma et le public<\/li><li><strong>Stimuler la cr\u00e9ativit\u00e9<\/strong> \u00e0 travers des ateliers et parcours p\u00e9dagogiques<\/li><li><strong>Cr\u00e9er des liens<\/strong> interg\u00e9n\u00e9rationnels et culturels<\/li><li><strong>Promouvoir la fr\u00e9quentation<\/strong> des salles de cin\u00e9ma<\/li><li><strong>Valoriser les partenariats<\/strong> locaux et associatifs<\/li><\/ul>\t\t\t\t\t\t\t\t<\/div>\n\t\t\t\t<div class=\"elementor-element elementor-element-a7505a3 elementor-widget elementor-widget-image\" data-id=\"a7505a3\" data-element_type=\"widget\" data-widget_type=\"image.default\">\n\t\t\t\t\t\t\t\t\t\t\t\t\t\t\t<img fetchpriority=\"high\" decoding=\"async\" width=\"595\" height=\"842\" src=\"https:\/\/cinemadautomne.fr\/wp-content\/uploads\/2025\/06\/CinemaDici-2025_AfficheA3_VisuelOK_page-0001-595x842.jpg\" class=\"attachment-medium size-medium wp-image-5356\" alt=\"Festival Cin\u00e9ma d&#039;ici \u00e0 Castelnaudary\" srcset=\"https:\/\/cinemadautomne.fr\/wp-content\/uploads\/2025\/06\/CinemaDici-2025_AfficheA3_VisuelOK_page-0001-595x842.jpg 595w, https:\/\/cinemadautomne.fr\/wp-content\/uploads\/2025\/06\/CinemaDici-2025_AfficheA3_VisuelOK_page-0001-960x1358.jpg 960w, https:\/\/cinemadautomne.fr\/wp-content\/uploads\/2025\/06\/CinemaDici-2025_AfficheA3_VisuelOK_page-0001-768x1086.jpg 768w, https:\/\/cinemadautomne.fr\/wp-content\/uploads\/2025\/06\/CinemaDici-2025_AfficheA3_VisuelOK_page-0001-1086x1536.jpg 1086w, https:\/\/cinemadautomne.fr\/wp-content\/uploads\/2025\/06\/CinemaDici-2025_AfficheA3_VisuelOK_page-0001-1448x2048.jpg 1448w, https:\/\/cinemadautomne.fr\/wp-content\/uploads\/2025\/06\/CinemaDici-2025_AfficheA3_VisuelOK_page-0001.jpg 1754w\" sizes=\"(max-width: 595px) 100vw, 595px\" \/>\t\t\t\t\t\t\t\t\t\t\t\t\t\t\t<\/div>\n\t\t\t\t\t<\/div>\n\t\t\t\t<\/div>\n\t\t<div class=\"elementor-element elementor-element-c5f0968 e-con-full e-flex e-con e-parent\" data-id=\"c5f0968\" data-element_type=\"container\" data-settings=\"{&quot;background_background&quot;:&quot;classic&quot;}\">\n\t\t\t\t<div class=\"elementor-element elementor-element-93d35c2 elementor-widget elementor-widget-text-editor\" data-id=\"93d35c2\" data-element_type=\"widget\" data-widget_type=\"text-editor.default\">\n\t\t\t\t\t\t\t\t\t<p><strong>Le Festival Cin\u00e9ma d\u2019Ici, c\u2019est aussi une atmosph\u00e8re chaleureuse : des projections en pr\u00e9sence des \u00e9quipes, des d\u00e9bats, des avant-premi\u00e8res, et des animations festives&#8230;<\/strong><\/p><p><strong>Un moment de partage, \u00e0 taille humaine, port\u00e9 par des b\u00e9n\u00e9voles passionn\u00e9s.<\/strong><\/p>\t\t\t\t\t\t\t\t<\/div>\n\t\t\t\t<\/div>\n\t\t<div class=\"elementor-element elementor-element-c423699 e-con-full e-flex e-con e-parent\" data-id=\"c423699\" data-element_type=\"container\" data-settings=\"{&quot;shape_divider_top&quot;:&quot;mountains&quot;}\">\n\t\t\t\t<div class=\"elementor-shape elementor-shape-top\" aria-hidden=\"true\" data-negative=\"false\">\n\t\t\t<svg xmlns=\"http:\/\/www.w3.org\/2000\/svg\" viewBox=\"0 0 1000 100\" preserveAspectRatio=\"none\">\n\t<path class=\"elementor-shape-fill\" opacity=\"0.33\" d=\"M473,67.3c-203.9,88.3-263.1-34-320.3,0C66,119.1,0,59.7,0,59.7V0h1000v59.7 c0,0-62.1,26.1-94.9,29.3c-32.8,3.3-62.8-12.3-75.8-22.1C806,49.6,745.3,8.7,694.9,4.7S492.4,59,473,67.3z\"\/>\n\t<path class=\"elementor-shape-fill\" opacity=\"0.66\" d=\"M734,67.3c-45.5,0-77.2-23.2-129.1-39.1c-28.6-8.7-150.3-10.1-254,39.1 s-91.7-34.4-149.2,0C115.7,118.3,0,39.8,0,39.8V0h1000v36.5c0,0-28.2-18.5-92.1-18.5C810.2,18.1,775.7,67.3,734,67.3z\"\/>\n\t<path class=\"elementor-shape-fill\" d=\"M766.1,28.9c-200-57.5-266,65.5-395.1,19.5C242,1.8,242,5.4,184.8,20.6C128,35.8,132.3,44.9,89.9,52.5C28.6,63.7,0,0,0,0 h1000c0,0-9.9,40.9-83.6,48.1S829.6,47,766.1,28.9z\"\/>\n<\/svg>\t\t<\/div>\n\t\t\t\t<\/div>\n\t\t<div class=\"elementor-element elementor-element-e0b6a85 e-flex e-con-boxed e-con e-parent\" data-id=\"e0b6a85\" data-element_type=\"container\">\n\t\t\t\t\t<div class=\"e-con-inner\">\n\t\t\t\t<div class=\"elementor-element elementor-element-f7be637 elementor-position-top elementor-widget elementor-widget-image-box\" data-id=\"f7be637\" data-element_type=\"widget\" data-widget_type=\"image-box.default\">\n\t\t\t\t\t<div class=\"elementor-image-box-wrapper\"><figure class=\"elementor-image-box-img\"><img decoding=\"async\" width=\"512\" height=\"512\" src=\"https:\/\/cinemadautomne.fr\/wp-content\/uploads\/2025\/07\/ecran-de-cinema1.png\" class=\"attachment-full size-full wp-image-5663\" alt=\"ic\u00f4ne salle de cin\u00e9ma\" srcset=\"https:\/\/cinemadautomne.fr\/wp-content\/uploads\/2025\/07\/ecran-de-cinema1.png 512w, https:\/\/cinemadautomne.fr\/wp-content\/uploads\/2025\/07\/elementor\/thumbs\/ecran-de-cinema1-r8f86nqt0xejhh1cq5srq5xbob36p0fbh5k3r8pins.png 300w, https:\/\/cinemadautomne.fr\/wp-content\/uploads\/2025\/07\/elementor\/thumbs\/ecran-de-cinema1-r8f86nqvgmzephctjzj3ybm1qzig0iur8qqg21nyq0.png 500w\" sizes=\"(max-width: 512px) 100vw, 512px\" \/><\/figure><div class=\"elementor-image-box-content\"><h3 class=\"elementor-image-box-title\">Ceci est le titre<\/h3><p class=\"elementor-image-box-description\">28 projections en 2024<\/p><\/div><\/div>\t\t\t\t<\/div>\n\t\t\t\t<div class=\"elementor-element elementor-element-264113e elementor-position-top elementor-widget elementor-widget-image-box\" data-id=\"264113e\" data-element_type=\"widget\" data-widget_type=\"image-box.default\">\n\t\t\t\t\t<div class=\"elementor-image-box-wrapper\"><figure class=\"elementor-image-box-img\"><img decoding=\"async\" width=\"512\" height=\"512\" src=\"https:\/\/cinemadautomne.fr\/wp-content\/uploads\/2025\/07\/bobine-de-film2.png\" class=\"attachment-full size-full wp-image-5664\" alt=\"ic\u00f4ne bobine de film\" \/><\/figure><div class=\"elementor-image-box-content\"><h3 class=\"elementor-image-box-title\">Ceci est le titre<\/h3><p class=\"elementor-image-box-description\">16 longs m\u00e9trages<\/p><\/div><\/div>\t\t\t\t<\/div>\n\t\t\t\t<div class=\"elementor-element elementor-element-51d0baa elementor-position-top elementor-widget elementor-widget-image-box\" data-id=\"51d0baa\" data-element_type=\"widget\" data-widget_type=\"image-box.default\">\n\t\t\t\t\t<div class=\"elementor-image-box-wrapper\"><figure class=\"elementor-image-box-img\"><img loading=\"lazy\" decoding=\"async\" width=\"512\" height=\"512\" src=\"https:\/\/cinemadautomne.fr\/wp-content\/uploads\/2025\/07\/cinema1.png\" class=\"attachment-full size-full wp-image-5662\" alt=\"ic\u00f4ne clap de cin\u00e9ma\" \/><\/figure><div class=\"elementor-image-box-content\"><h3 class=\"elementor-image-box-title\">Ceci est le titre<\/h3><p class=\"elementor-image-box-description\">23 courts m\u00e9trages<\/p><\/div><\/div>\t\t\t\t<\/div>\n\t\t\t\t<div class=\"elementor-element elementor-element-8b8b220 elementor-position-top elementor-widget elementor-widget-image-box\" data-id=\"8b8b220\" data-element_type=\"widget\" data-widget_type=\"image-box.default\">\n\t\t\t\t\t<div class=\"elementor-image-box-wrapper\"><figure class=\"elementor-image-box-img\"><img loading=\"lazy\" decoding=\"async\" width=\"512\" height=\"512\" src=\"https:\/\/cinemadautomne.fr\/wp-content\/uploads\/2025\/07\/les-spectateurs1.png\" class=\"attachment-full size-full wp-image-5661\" alt=\"ic\u00f4ne spectateurs salle de cin\u00e9ma\" \/><\/figure><div class=\"elementor-image-box-content\"><h3 class=\"elementor-image-box-title\">Ceci est le titre<\/h3><p class=\"elementor-image-box-description\">Plus de 5000 spectateurs<\/p><\/div><\/div>\t\t\t\t<\/div>\n\t\t\t\t\t<\/div>\n\t\t\t\t<\/div>\n\t\t<div class=\"elementor-element elementor-element-021c1c2 e-con-full e-flex e-con e-parent\" data-id=\"021c1c2\" data-element_type=\"container\">\n\t\t\t\t<div class=\"elementor-element elementor-element-a6f9944 elementor-widget elementor-widget-heading\" data-id=\"a6f9944\" data-element_type=\"widget\" data-widget_type=\"heading.default\">\n\t\t\t\t\t<h2 class=\"elementor-heading-title elementor-size-default\">En savoir plus sur l'\u00e9dition 2025<\/h2>\t\t\t\t<\/div>\n\t\t\t\t<div class=\"elementor-element elementor-element-7f9f381 elementor-align-center elementor-widget elementor-widget-button\" data-id=\"7f9f381\" data-element_type=\"widget\" data-widget_type=\"button.default\">\n\t\t\t\t\t\t\t\t\t\t<a class=\"elementor-button elementor-button-link elementor-size-sm\" href=\"https:\/\/cinemadautomne.fr\/?page_id=6019\">\n\t\t\t\t\t\t<span class=\"elementor-button-content-wrapper\">\n\t\t\t\t\t\t\t\t\t<span class=\"elementor-button-text\">Programmation<\/span>\n\t\t\t\t\t<\/span>\n\t\t\t\t\t<\/a>\n\t\t\t\t\t\t\t\t<\/div>\n\t\t\t\t<\/div>\n\t\t\t\t<\/div>\n\t\t<!-- AddThis Advanced Settings generic via filter on the_content --><!-- AddThis Share Buttons generic via filter on the_content -->","protected":false},"excerpt":{"rendered":"<p>Festival cin\u00e9ma d&rsquo;ici Le rendez-vous du cin\u00e9ma tourn\u00e9 en Occitanie Pr\u00e9sentation du festival Depuis plus de dix ans, le Festival [&hellip;]<!-- AddThis Advanced Settings generic via filter on get_the_excerpt --><!-- AddThis Share Buttons generic via filter on get_the_excerpt --><\/p>\n","protected":false},"author":4,"featured_media":6308,"parent":0,"menu_order":0,"comment_status":"closed","ping_status":"closed","template":"","meta":{"site-sidebar-layout":"default","site-content-layout":"","ast-site-content-layout":"default","site-content-style":"default","site-sidebar-style":"default","ast-global-header-display":"","ast-banner-title-visibility":"","ast-main-header-display":"","ast-hfb-above-header-display":"","ast-hfb-below-header-display":"","ast-hfb-mobile-header-display":"","site-post-title":"disabled","ast-breadcrumbs-content":"","ast-featured-img":"","footer-sml-layout":"","theme-transparent-header-meta":"","adv-header-id-meta":"","stick-header-meta":"","header-above-stick-meta":"","header-main-stick-meta":"","header-below-stick-meta":"","astra-migrate-meta-layouts":"default","ast-page-background-enabled":"default","ast-page-background-meta":{"desktop":{"background-color":"var(--ast-global-color-5)","background-image":"","background-repeat":"repeat","background-position":"center center","background-size":"auto","background-attachment":"scroll","background-type":"","background-media":"","overlay-type":"","overlay-color":"","overlay-opacity":"","overlay-gradient":""},"tablet":{"background-color":"","background-image":"","background-repeat":"repeat","background-position":"center center","background-size":"auto","background-attachment":"scroll","background-type":"","background-media":"","overlay-type":"","overlay-color":"","overlay-opacity":"","overlay-gradient":""},"mobile":{"background-color":"","background-image":"","background-repeat":"repeat","background-position":"center center","background-size":"auto","background-attachment":"scroll","background-type":"","background-media":"","overlay-type":"","overlay-color":"","overlay-opacity":"","overlay-gradient":""}},"ast-content-background-meta":{"desktop":{"background-color":"var(--ast-global-color-4)","background-image":"","background-repeat":"repeat","background-position":"center center","background-size":"auto","background-attachment":"scroll","background-type":"","background-media":"","overlay-type":"","overlay-color":"","overlay-opacity":"","overlay-gradient":""},"tablet":{"background-color":"var(--ast-global-color-4)","background-image":"","background-repeat":"repeat","background-position":"center center","background-size":"auto","background-attachment":"scroll","background-type":"","background-media":"","overlay-type":"","overlay-color":"","overlay-opacity":"","overlay-gradient":""},"mobile":{"background-color":"var(--ast-global-color-4)","background-image":"","background-repeat":"repeat","background-position":"center center","background-size":"auto","background-attachment":"scroll","background-type":"","background-media":"","overlay-type":"","overlay-color":"","overlay-opacity":"","overlay-gradient":""}},"footnotes":""},"class_list":["post-5076","page","type-page","status-publish","has-post-thumbnail","hentry"],"yoast_head":"<!-- This site is optimized with the Yoast SEO plugin v25.5 - https:\/\/yoast.com\/wordpress\/plugins\/seo\/ -->\n<title>Festival - Festival Cin\u00e9ma d&#039;ici<\/title>\n<meta name=\"description\" content=\"Le festival Cin\u00e9ma d\u2019Ici, c\u2019est une histoire d\u2019affection singuli\u00e8re entre un territoire particuli\u00e8rement cin\u00e9-g\u00e9nique, des personnes qui y font des films, qui les produisent ou qui les portent.\" \/>\n<meta name=\"robots\" content=\"index, follow, max-snippet:-1, max-image-preview:large, max-video-preview:-1\" \/>\n<link rel=\"canonical\" href=\"https:\/\/cinemadautomne.fr\/?page_id=5076\" \/>\n<meta property=\"og:locale\" content=\"fr_FR\" \/>\n<meta property=\"og:type\" content=\"article\" \/>\n<meta property=\"og:title\" content=\"Festival - Festival Cin\u00e9ma d&#039;ici\" \/>\n<meta property=\"og:description\" content=\"Le festival Cin\u00e9ma d\u2019Ici, c\u2019est une histoire d\u2019affection singuli\u00e8re entre un territoire particuli\u00e8rement cin\u00e9-g\u00e9nique, des personnes qui y font des films, qui les produisent ou qui les portent.\" \/>\n<meta property=\"og:url\" content=\"https:\/\/cinemadautomne.fr\/?page_id=5076\" \/>\n<meta property=\"og:site_name\" content=\"Festival Cin\u00e9ma d&#039;ici\" \/>\n<meta property=\"article:publisher\" content=\"https:\/\/www.facebook.com\/cinemadautomne\" \/>\n<meta property=\"article:modified_time\" content=\"2025-09-14T13:53:14+00:00\" \/>\n<meta property=\"og:image\" content=\"https:\/\/cinemadautomne.fr\/wp-content\/uploads\/2025\/09\/Festival-Cinema-DIci-13-09-25-08779-960x1440.jpg\" \/>\n\t<meta property=\"og:image:width\" content=\"960\" \/>\n\t<meta property=\"og:image:height\" content=\"1440\" \/>\n\t<meta property=\"og:image:type\" content=\"image\/jpeg\" \/>\n<meta name=\"twitter:card\" content=\"summary_large_image\" \/>\n<meta name=\"twitter:label1\" content=\"Dur\u00e9e de lecture estim\u00e9e\" \/>\n\t<meta name=\"twitter:data1\" content=\"3 minutes\" \/>\n<script type=\"application\/ld+json\" class=\"yoast-schema-graph\">{\"@context\":\"https:\/\/schema.org\",\"@graph\":[{\"@type\":\"WebPage\",\"@id\":\"https:\/\/cinemadautomne.fr\/?page_id=5076\",\"url\":\"https:\/\/cinemadautomne.fr\/?page_id=5076\",\"name\":\"Festival - Festival Cin\u00e9ma d&#039;ici\",\"isPartOf\":{\"@id\":\"https:\/\/cinemadautomne.fr\/#website\"},\"primaryImageOfPage\":{\"@id\":\"https:\/\/cinemadautomne.fr\/?page_id=5076#primaryimage\"},\"image\":{\"@id\":\"https:\/\/cinemadautomne.fr\/?page_id=5076#primaryimage\"},\"thumbnailUrl\":\"https:\/\/cinemadautomne.fr\/wp-content\/uploads\/2025\/09\/Festival-Cinema-DIci-13-09-25-08779.jpg\",\"datePublished\":\"2025-04-27T10:46:48+00:00\",\"dateModified\":\"2025-09-14T13:53:14+00:00\",\"description\":\"Le festival Cin\u00e9ma d\u2019Ici, c\u2019est une histoire d\u2019affection singuli\u00e8re entre un territoire particuli\u00e8rement cin\u00e9-g\u00e9nique, des personnes qui y font des films, qui les produisent ou qui les portent.\",\"breadcrumb\":{\"@id\":\"https:\/\/cinemadautomne.fr\/?page_id=5076#breadcrumb\"},\"inLanguage\":\"fr-FR\",\"potentialAction\":[{\"@type\":\"ReadAction\",\"target\":[\"https:\/\/cinemadautomne.fr\/?page_id=5076\"]}]},{\"@type\":\"ImageObject\",\"inLanguage\":\"fr-FR\",\"@id\":\"https:\/\/cinemadautomne.fr\/?page_id=5076#primaryimage\",\"url\":\"https:\/\/cinemadautomne.fr\/wp-content\/uploads\/2025\/09\/Festival-Cinema-DIci-13-09-25-08779.jpg\",\"contentUrl\":\"https:\/\/cinemadautomne.fr\/wp-content\/uploads\/2025\/09\/Festival-Cinema-DIci-13-09-25-08779.jpg\",\"width\":1600,\"height\":2400,\"caption\":\"Festival Cin\u00e9ma d'Ici\"},{\"@type\":\"BreadcrumbList\",\"@id\":\"https:\/\/cinemadautomne.fr\/?page_id=5076#breadcrumb\",\"itemListElement\":[{\"@type\":\"ListItem\",\"position\":1,\"name\":\"Accueil\",\"item\":\"https:\/\/cinemadautomne.fr\/\"},{\"@type\":\"ListItem\",\"position\":2,\"name\":\"Festival\"}]},{\"@type\":\"WebSite\",\"@id\":\"https:\/\/cinemadautomne.fr\/#website\",\"url\":\"https:\/\/cinemadautomne.fr\/\",\"name\":\"Festival Cin\u00e9ma d'ici\",\"description\":\"du 24 au 28 septembre \u00e0 Castelnaudary\",\"publisher\":{\"@id\":\"https:\/\/cinemadautomne.fr\/#organization\"},\"potentialAction\":[{\"@type\":\"SearchAction\",\"target\":{\"@type\":\"EntryPoint\",\"urlTemplate\":\"https:\/\/cinemadautomne.fr\/?s={search_term_string}\"},\"query-input\":{\"@type\":\"PropertyValueSpecification\",\"valueRequired\":true,\"valueName\":\"search_term_string\"}}],\"inLanguage\":\"fr-FR\"},{\"@type\":\"Organization\",\"@id\":\"https:\/\/cinemadautomne.fr\/#organization\",\"name\":\"Festival Cin\u00e9ma d'ici\",\"url\":\"https:\/\/cinemadautomne.fr\/\",\"logo\":{\"@type\":\"ImageObject\",\"inLanguage\":\"fr-FR\",\"@id\":\"https:\/\/cinemadautomne.fr\/#\/schema\/logo\/image\/\",\"url\":\"https:\/\/cinemadautomne.fr\/wp-content\/uploads\/2021\/09\/CinemaDAutomnedivers_LogoFinal_03LieDeVin_RVB_Plan-de-travail-1-e1631457910433.jpg\",\"contentUrl\":\"https:\/\/cinemadautomne.fr\/wp-content\/uploads\/2021\/09\/CinemaDAutomnedivers_LogoFinal_03LieDeVin_RVB_Plan-de-travail-1-e1631457910433.jpg\",\"width\":350,\"height\":223,\"caption\":\"Festival Cin\u00e9ma d'ici\"},\"image\":{\"@id\":\"https:\/\/cinemadautomne.fr\/#\/schema\/logo\/image\/\"},\"sameAs\":[\"https:\/\/www.facebook.com\/cinemadautomne\",\"https:\/\/www.instagram.com\/festivalcineautomne\/\"]}]}<\/script>\n<!-- \/ Yoast SEO plugin. -->","yoast_head_json":{"title":"Festival - Festival Cin\u00e9ma d&#039;ici","description":"Le festival Cin\u00e9ma d\u2019Ici, c\u2019est une histoire d\u2019affection singuli\u00e8re entre un territoire particuli\u00e8rement cin\u00e9-g\u00e9nique, des personnes qui y font des films, qui les produisent ou qui les portent.","robots":{"index":"index","follow":"follow","max-snippet":"max-snippet:-1","max-image-preview":"max-image-preview:large","max-video-preview":"max-video-preview:-1"},"canonical":"https:\/\/cinemadautomne.fr\/?page_id=5076","og_locale":"fr_FR","og_type":"article","og_title":"Festival - Festival Cin\u00e9ma d&#039;ici","og_description":"Le festival Cin\u00e9ma d\u2019Ici, c\u2019est une histoire d\u2019affection singuli\u00e8re entre un territoire particuli\u00e8rement cin\u00e9-g\u00e9nique, des personnes qui y font des films, qui les produisent ou qui les portent.","og_url":"https:\/\/cinemadautomne.fr\/?page_id=5076","og_site_name":"Festival Cin\u00e9ma d&#039;ici","article_publisher":"https:\/\/www.facebook.com\/cinemadautomne","article_modified_time":"2025-09-14T13:53:14+00:00","og_image":[{"width":960,"height":1440,"url":"https:\/\/cinemadautomne.fr\/wp-content\/uploads\/2025\/09\/Festival-Cinema-DIci-13-09-25-08779-960x1440.jpg","type":"image\/jpeg"}],"twitter_card":"summary_large_image","twitter_misc":{"Dur\u00e9e de lecture estim\u00e9e":"3 minutes"},"schema":{"@context":"https:\/\/schema.org","@graph":[{"@type":"WebPage","@id":"https:\/\/cinemadautomne.fr\/?page_id=5076","url":"https:\/\/cinemadautomne.fr\/?page_id=5076","name":"Festival - Festival Cin\u00e9ma d&#039;ici","isPartOf":{"@id":"https:\/\/cinemadautomne.fr\/#website"},"primaryImageOfPage":{"@id":"https:\/\/cinemadautomne.fr\/?page_id=5076#primaryimage"},"image":{"@id":"https:\/\/cinemadautomne.fr\/?page_id=5076#primaryimage"},"thumbnailUrl":"https:\/\/cinemadautomne.fr\/wp-content\/uploads\/2025\/09\/Festival-Cinema-DIci-13-09-25-08779.jpg","datePublished":"2025-04-27T10:46:48+00:00","dateModified":"2025-09-14T13:53:14+00:00","description":"Le festival Cin\u00e9ma d\u2019Ici, c\u2019est une histoire d\u2019affection singuli\u00e8re entre un territoire particuli\u00e8rement cin\u00e9-g\u00e9nique, des personnes qui y font des films, qui les produisent ou qui les portent.","breadcrumb":{"@id":"https:\/\/cinemadautomne.fr\/?page_id=5076#breadcrumb"},"inLanguage":"fr-FR","potentialAction":[{"@type":"ReadAction","target":["https:\/\/cinemadautomne.fr\/?page_id=5076"]}]},{"@type":"ImageObject","inLanguage":"fr-FR","@id":"https:\/\/cinemadautomne.fr\/?page_id=5076#primaryimage","url":"https:\/\/cinemadautomne.fr\/wp-content\/uploads\/2025\/09\/Festival-Cinema-DIci-13-09-25-08779.jpg","contentUrl":"https:\/\/cinemadautomne.fr\/wp-content\/uploads\/2025\/09\/Festival-Cinema-DIci-13-09-25-08779.jpg","width":1600,"height":2400,"caption":"Festival Cin\u00e9ma d'Ici"},{"@type":"BreadcrumbList","@id":"https:\/\/cinemadautomne.fr\/?page_id=5076#breadcrumb","itemListElement":[{"@type":"ListItem","position":1,"name":"Accueil","item":"https:\/\/cinemadautomne.fr\/"},{"@type":"ListItem","position":2,"name":"Festival"}]},{"@type":"WebSite","@id":"https:\/\/cinemadautomne.fr\/#website","url":"https:\/\/cinemadautomne.fr\/","name":"Festival Cin\u00e9ma d'ici","description":"du 24 au 28 septembre \u00e0 Castelnaudary","publisher":{"@id":"https:\/\/cinemadautomne.fr\/#organization"},"potentialAction":[{"@type":"SearchAction","target":{"@type":"EntryPoint","urlTemplate":"https:\/\/cinemadautomne.fr\/?s={search_term_string}"},"query-input":{"@type":"PropertyValueSpecification","valueRequired":true,"valueName":"search_term_string"}}],"inLanguage":"fr-FR"},{"@type":"Organization","@id":"https:\/\/cinemadautomne.fr\/#organization","name":"Festival Cin\u00e9ma d'ici","url":"https:\/\/cinemadautomne.fr\/","logo":{"@type":"ImageObject","inLanguage":"fr-FR","@id":"https:\/\/cinemadautomne.fr\/#\/schema\/logo\/image\/","url":"https:\/\/cinemadautomne.fr\/wp-content\/uploads\/2021\/09\/CinemaDAutomnedivers_LogoFinal_03LieDeVin_RVB_Plan-de-travail-1-e1631457910433.jpg","contentUrl":"https:\/\/cinemadautomne.fr\/wp-content\/uploads\/2021\/09\/CinemaDAutomnedivers_LogoFinal_03LieDeVin_RVB_Plan-de-travail-1-e1631457910433.jpg","width":350,"height":223,"caption":"Festival Cin\u00e9ma d'ici"},"image":{"@id":"https:\/\/cinemadautomne.fr\/#\/schema\/logo\/image\/"},"sameAs":["https:\/\/www.facebook.com\/cinemadautomne","https:\/\/www.instagram.com\/festivalcineautomne\/"]}]}},"_links":{"self":[{"href":"https:\/\/cinemadautomne.fr\/index.php?rest_route=\/wp\/v2\/pages\/5076","targetHints":{"allow":["GET"]}}],"collection":[{"href":"https:\/\/cinemadautomne.fr\/index.php?rest_route=\/wp\/v2\/pages"}],"about":[{"href":"https:\/\/cinemadautomne.fr\/index.php?rest_route=\/wp\/v2\/types\/page"}],"author":[{"embeddable":true,"href":"https:\/\/cinemadautomne.fr\/index.php?rest_route=\/wp\/v2\/users\/4"}],"replies":[{"embeddable":true,"href":"https:\/\/cinemadautomne.fr\/index.php?rest_route=%2Fwp%2Fv2%2Fcomments&post=5076"}],"version-history":[{"count":34,"href":"https:\/\/cinemadautomne.fr\/index.php?rest_route=\/wp\/v2\/pages\/5076\/revisions"}],"predecessor-version":[{"id":6269,"href":"https:\/\/cinemadautomne.fr\/index.php?rest_route=\/wp\/v2\/pages\/5076\/revisions\/6269"}],"wp:featuredmedia":[{"embeddable":true,"href":"https:\/\/cinemadautomne.fr\/index.php?rest_route=\/wp\/v2\/media\/6308"}],"wp:attachment":[{"href":"https:\/\/cinemadautomne.fr\/index.php?rest_route=%2Fwp%2Fv2%2Fmedia&parent=5076"}],"curies":[{"name":"wp","href":"https:\/\/api.w.org\/{rel}","templated":true}]}}